{"id":790,"date":"2018-04-26T19:26:10","date_gmt":"2018-04-26T17:26:10","guid":{"rendered":"http:\/\/francoiscaillat.com\/?page_id=790"},"modified":"2025-11-15T11:42:17","modified_gmt":"2025-11-15T10:42:17","slug":"aragon-malraux-drieux-la-rochelle-dune-guerre-a-lautre","status":"publish","type":"page","link":"https:\/\/francoiscaillat.com\/index.php\/entretiens-portraits\/aragon-malraux-drieux-la-rochelle-dune-guerre-a-lautre\/","title":{"rendered":"Aragon, Malraux, Drieux La Rochelle &#8211; D&rsquo;une guerre \u00e0 l&rsquo;autre"},"content":{"rendered":"<p>[et_pb_section fb_built=\u00a0\u00bb1&Prime; admin_label=\u00a0\u00bbPhoto Banni\u00e8re haut\u00a0\u00bb _builder_version=\u00a0\u00bb4.16&Prime; background_image=\u00a0\u00bbhttp:\/\/francoiscaillat.com\/wp-content\/uploads\/2018\/04\/Bannie\u0300reAragon.png\u00a0\u00bb global_colors_info=\u00a0\u00bb{}\u00a0\u00bb][et_pb_row column_structure=\u00a0\u00bb1_2,1_2&Prime; _builder_version=\u00a0\u00bb4.16&Prime; global_colors_info=\u00a0\u00bb{}\u00a0\u00bb][et_pb_column type=\u00a0\u00bb1_2&Prime; _builder_version=\u00a0\u00bb4.16&Prime; custom_padding=\u00a0\u00bb|||\u00a0\u00bb global_colors_info=\u00a0\u00bb{}\u00a0\u00bb custom_padding__hover=\u00a0\u00bb|||\u00a0\u00bb][\/et_pb_column][et_pb_column type=\u00a0\u00bb1_2&Prime; _builder_version=\u00a0\u00bb4.16&Prime; custom_padding=\u00a0\u00bb|||\u00a0\u00bb global_colors_info=\u00a0\u00bb{}\u00a0\u00bb custom_padding__hover=\u00a0\u00bb|||\u00a0\u00bb][et_pb_text admin_label=\u00a0\u00bbTitre Film\u00a0\u00bb _builder_version=\u00a0\u00bb4.16&Prime; text_font=\u00a0\u00bb|700|||||||\u00a0\u00bb text_text_color=\u00a0\u00bb#4c4c4c\u00a0\u00bb text_font_size=\u00a0\u00bb24px\u00a0\u00bb header_font=\u00a0\u00bbLato|900|||||||\u00a0\u00bb header_font_size=\u00a0\u00bb43px\u00a0\u00bb text_orientation=\u00a0\u00bbright\u00a0\u00bb background_layout=\u00a0\u00bbdark\u00a0\u00bb custom_margin=\u00a0\u00bb80px||60px|\u00a0\u00bb custom_padding=\u00a0\u00bb15px||10px|\u00a0\u00bb filter_sepia=\u00a0\u00bb8%\u00a0\u00bb mix_blend_mode=\u00a0\u00bboverlay\u00a0\u00bb animation_style=\u00a0\u00bbfade\u00a0\u00bb animation_duration=\u00a0\u00bb1200ms\u00a0\u00bb animation_delay=\u00a0\u00bb50ms\u00a0\u00bb text_text_shadow_style=\u00a0\u00bbpreset1&Prime; text_text_shadow_horizontal_length=\u00a0\u00bb0.03em\u00a0\u00bb saved_tabs=\u00a0\u00bball\u00a0\u00bb global_colors_info=\u00a0\u00bb{}\u00a0\u00bb]<\/p>\n<h1>Aragon, Malraux, \u00a0 \u00a0 Drieu La Rochelle<\/h1>\n<h1>\u2014 d&rsquo;une guerre \u00e0 l&rsquo;autre<\/h1>\n<p>[\/et_pb_text][\/et_pb_column][\/et_pb_row][\/et_pb_section][et_pb_section fb_built=\u00a0\u00bb1&Prime; _builder_version=\u00a0\u00bb4.16&Prime; custom_margin=\u00a0\u00bb13px|||\u00a0\u00bb custom_padding=\u00a0\u00bb13px|||\u00a0\u00bb global_colors_info=\u00a0\u00bb{}\u00a0\u00bb][et_pb_row column_structure=\u00a0\u00bb1_4,3_4&Prime; module_id=\u00a0\u00bbsynopsis_esp\u00a0\u00bb _builder_version=\u00a0\u00bb4.16&Prime; global_colors_info=\u00a0\u00bb{}\u00a0\u00bb][et_pb_column type=\u00a0\u00bb1_4&Prime; _builder_version=\u00a0\u00bb4.16&Prime; custom_padding=\u00a0\u00bb|||\u00a0\u00bb custom_css_main_element=\u00a0\u00bbz-index:1000000000 !important;\u00a0\u00bb global_colors_info=\u00a0\u00bb{}\u00a0\u00bb custom_padding__hover=\u00a0\u00bb|||\u00a0\u00bb][et_pb_text admin_label=\u00a0\u00bbSous-menu film\u00a0\u00bb module_id=\u00a0\u00bbstickymenufilm\u00a0\u00bb _builder_version=\u00a0\u00bb4.16&Prime; text_text_color=\u00a0\u00bb#000000&Prime; text_line_height=\u00a0\u00bb1.9em\u00a0\u00bb link_text_color=\u00a0\u00bb#000000&Prime; background_color=\u00a0\u00bbrgba(244,244,244,0.87)\u00a0\u00bb custom_padding=\u00a0\u00bb10px|10px|10px|10px\u00a0\u00bb global_colors_info=\u00a0\u00bb{}\u00a0\u00bb]<\/p>\n<h3>Aragon, Malraux, \u00a0 Drieu La Rochelle <em>\u2014 d&rsquo;une guerre \u00e0 l&rsquo;autre<\/em><\/h3>\n<p><a href=\"#synopsis\">Synopsis<br \/><\/a><a href=\"#extrait\">Extrait du film<br \/><\/a><a href=\"#fichetech\">Fiche Technique<\/a><br \/><a href=\"#apropos\">\u00c0 propos du film<br \/><\/a><a href=\"#depuis\">Depuis le film<\/a><br \/><a href=\"#photos\">Photos<br \/><\/a><a href=\"#contact\">Contacts et liens<\/a><a href=\"#apropos\"><br \/><\/a><a href=\"#presse\">Dans la presse<\/a><span class=\"s1\"><a href=\"#depuis\"><br \/><\/a><\/span><span class=\"s1\"><a href=\"#eng-esp\">Engl. \/ Esp. \/ Ital.<\/a><\/span><span class=\"s1\"><br \/><\/span><\/p>\n<p>[\/et_pb_text][\/et_pb_column][et_pb_column type=\u00a0\u00bb3_4&Prime; _builder_version=\u00a0\u00bb4.16&Prime; custom_padding=\u00a0\u00bb|||\u00a0\u00bb global_colors_info=\u00a0\u00bb{}\u00a0\u00bb custom_padding__hover=\u00a0\u00bb|||\u00a0\u00bb][et_pb_divider show_divider=\u00a0\u00bboff\u00a0\u00bb _builder_version=\u00a0\u00bb4.16&Prime; background_color=\u00a0\u00bbrgba(244,244,244,0.87)\u00a0\u00bb height=\u00a0\u00bb16px\u00a0\u00bb global_colors_info=\u00a0\u00bb{}\u00a0\u00bb][\/et_pb_divider][et_pb_text admin_label=\u00a0\u00bbExtraits critiques presse\u00a0\u00bb _builder_version=\u00a0\u00bb4.16&Prime; global_colors_info=\u00a0\u00bb{}\u00a0\u00bb]<\/p>\n<p class=\"p1\"><i>Film remarquable qui cerne\u00a0la dualit\u00e9 entre le verbe et l\u2019action.<\/i> <span class=\"s2\">TELERAMA<\/span><span class=\"s3\"><br \/>\n<\/span><i>Un film au commentaire serr\u00e9, sans fioriture, compos\u00e9 uniquement d\u2019images d\u2019archives.<\/i> <span class=\"s2\">LE FIGARO<\/span><span class=\"s3\"><br \/>\n<\/span><i>Le commentaire, magnifiquement dit par Jacques Bonnaff\u00e9, nous plonge dans l\u2019enfance douloureuse du XXe si\u00e8cle. <\/i><span class=\"s2\">LE PELERIN<\/span><\/p>\n<p>[\/et_pb_text][et_pb_text admin_label=\u00a0\u00bbSynopsis\u00a0\u00bb module_id=\u00a0\u00bbsynopsis\u00a0\u00bb _builder_version=\u00a0\u00bb4.16&Prime; global_colors_info=\u00a0\u00bb{}\u00a0\u00bb]<\/p>\n<header class=\"entry-header\">\n<h2><\/h2>\n<h2 class=\"page-title\">Synopsis<\/h2>\n<p>&nbsp;<\/p>\n<\/header>\n<div class=\"entry-content\">\n<p class=\"p1\">Ce film documentaire, construit \u00e0 base d\u2019archives, raconte l\u2019effervescence de l\u2019entre-deux-guerres, h\u00e9sitant entre le communisme et le fascisme, puis oscillant du pacifisme au bellicisme.<br \/>\nEn suivant l\u2019itin\u00e9raire de trois intellectuels, amis proches devenus bient\u00f4t adversaires politiques\u00a0\u2013 Pierre Drieu La Rochelle, Louis Aragon, Andr\u00e9 Malraux\u00a0\u2013 il nous r\u00e9v\u00e8le une \u00e9poque troubl\u00e9e, propice aux choix extr\u00eames.<br \/>\nUn film sur l\u2019engagement et la mont\u00e9e de p\u00e9rils dans les ann\u00e9es 1930<\/p>\n<\/div>\n<p>[\/et_pb_text][\/et_pb_column][\/et_pb_row][et_pb_row column_structure=\u00a0\u00bb1_4,3_4&Prime; _builder_version=\u00a0\u00bb4.16&Prime; background_size=\u00a0\u00bbinitial\u00a0\u00bb background_position=\u00a0\u00bbtop_left\u00a0\u00bb background_repeat=\u00a0\u00bbrepeat\u00a0\u00bb global_colors_info=\u00a0\u00bb{}\u00a0\u00bb][et_pb_column type=\u00a0\u00bb1_4&Prime; _builder_version=\u00a0\u00bb4.16&Prime; custom_padding=\u00a0\u00bb|||\u00a0\u00bb global_colors_info=\u00a0\u00bb{}\u00a0\u00bb custom_padding__hover=\u00a0\u00bb|||\u00a0\u00bb][\/et_pb_column][et_pb_column type=\u00a0\u00bb3_4&Prime; _builder_version=\u00a0\u00bb4.16&Prime; custom_padding=\u00a0\u00bb|||\u00a0\u00bb global_colors_info=\u00a0\u00bb{}\u00a0\u00bb custom_padding__hover=\u00a0\u00bb|||\u00a0\u00bb][et_pb_divider color=\u00a0\u00bb#ffffff\u00a0\u00bb _builder_version=\u00a0\u00bb4.16&Prime; background_color=\u00a0\u00bbrgba(244,244,244,0.87)\u00a0\u00bb height=\u00a0\u00bb16px\u00a0\u00bb global_colors_info=\u00a0\u00bb{}\u00a0\u00bb][\/et_pb_divider][\/et_pb_column][\/et_pb_row][et_pb_row column_structure=\u00a0\u00bb1_4,3_4&Prime; _builder_version=\u00a0\u00bb4.16&Prime; global_colors_info=\u00a0\u00bb{}\u00a0\u00bb][et_pb_column type=\u00a0\u00bb1_4&Prime; _builder_version=\u00a0\u00bb4.16&Prime; custom_padding=\u00a0\u00bb|||\u00a0\u00bb global_colors_info=\u00a0\u00bb{}\u00a0\u00bb custom_padding__hover=\u00a0\u00bb|||\u00a0\u00bb][\/et_pb_column][et_pb_column type=\u00a0\u00bb3_4&Prime; _builder_version=\u00a0\u00bb4.16&Prime; custom_padding=\u00a0\u00bb|||\u00a0\u00bb global_colors_info=\u00a0\u00bb{}\u00a0\u00bb custom_padding__hover=\u00a0\u00bb|||\u00a0\u00bb][et_pb_text admin_label=\u00a0\u00bbExtrait du film (titre)\u00a0\u00bb module_id=\u00a0\u00bbextrait\u00a0\u00bb _builder_version=\u00a0\u00bb4.16&Prime; global_colors_info=\u00a0\u00bb{}\u00a0\u00bb]<\/p>\n<h2>Extrait du film<\/h2>\n<p>[\/et_pb_text][et_pb_video admin_label=\u00a0\u00bbfilm\u00a0\u00bb _builder_version=\u00a0\u00bb4.16&Prime; global_colors_info=\u00a0\u00bb{}\u00a0\u00bb][\/et_pb_video][\/et_pb_column][\/et_pb_row][et_pb_row column_structure=\u00a0\u00bb1_4,3_4&Prime; _builder_version=\u00a0\u00bb4.16&Prime; background_size=\u00a0\u00bbinitial\u00a0\u00bb background_position=\u00a0\u00bbtop_left\u00a0\u00bb background_repeat=\u00a0\u00bbrepeat\u00a0\u00bb global_colors_info=\u00a0\u00bb{}\u00a0\u00bb][et_pb_column type=\u00a0\u00bb1_4&Prime; _builder_version=\u00a0\u00bb4.16&Prime; custom_padding=\u00a0\u00bb|||\u00a0\u00bb global_colors_info=\u00a0\u00bb{}\u00a0\u00bb custom_padding__hover=\u00a0\u00bb|||\u00a0\u00bb][\/et_pb_column][et_pb_column type=\u00a0\u00bb3_4&Prime; _builder_version=\u00a0\u00bb4.16&Prime; custom_padding=\u00a0\u00bb|||\u00a0\u00bb global_colors_info=\u00a0\u00bb{}\u00a0\u00bb custom_padding__hover=\u00a0\u00bb|||\u00a0\u00bb][et_pb_divider color=\u00a0\u00bb#ffffff\u00a0\u00bb _builder_version=\u00a0\u00bb4.16&Prime; background_color=\u00a0\u00bbrgba(244,244,244,0.87)\u00a0\u00bb height=\u00a0\u00bb16px\u00a0\u00bb global_colors_info=\u00a0\u00bb{}\u00a0\u00bb][\/et_pb_divider][\/et_pb_column][\/et_pb_row][et_pb_row column_structure=\u00a0\u00bb1_4,3_4&Prime; module_id=\u00a0\u00bbfichetech_esp\u00a0\u00bb _builder_version=\u00a0\u00bb4.16&Prime; global_colors_info=\u00a0\u00bb{}\u00a0\u00bb][et_pb_column type=\u00a0\u00bb1_4&Prime; _builder_version=\u00a0\u00bb4.16&Prime; custom_padding=\u00a0\u00bb|||\u00a0\u00bb global_colors_info=\u00a0\u00bb{}\u00a0\u00bb custom_padding__hover=\u00a0\u00bb|||\u00a0\u00bb][\/et_pb_column][et_pb_column type=\u00a0\u00bb3_4&Prime; _builder_version=\u00a0\u00bb4.16&Prime; custom_padding=\u00a0\u00bb|||\u00a0\u00bb global_colors_info=\u00a0\u00bb{}\u00a0\u00bb custom_padding__hover=\u00a0\u00bb|||\u00a0\u00bb][et_pb_text admin_label=\u00a0\u00bbFiche technique\u00a0\u00bb module_id=\u00a0\u00bbfichetech\u00a0\u00bb _builder_version=\u00a0\u00bb4.21.0&Prime; link_text_color=\u00a0\u00bb#7a7a7a\u00a0\u00bb global_colors_info=\u00a0\u00bb{}\u00a0\u00bb]<\/p>\n<header class=\"entry-header\">\n<h2 class=\"page-title\">Fiche technique<\/h2>\n<p>&nbsp;<\/p>\n<p class=\"p1\"><b>\u00ab ARAGON, MALRAUX, DRIEU LA ROCHELLE : D&rsquo;UNE GUERRE A L&rsquo;AUTRE \u00bb<\/b><\/p>\n<p class=\"p1\">Sc\u00e9nario et r\u00e9alisation\u00a0: <strong>Fran\u00e7ois Caillat<br \/><\/strong><br \/>R\u00e9cit dit par<strong> <a href=\"https:\/\/fr.wikipedia.org\/wiki\/Jacques_Bonnaff%C3%A9\">Jacques Bonnaff\u00e9<\/a><\/strong><\/p>\n<p class=\"p1\">Montage : <strong>Martine Bouquin<\/strong><br \/>Musique originale\u00a0: <strong>Baptiste Bouquin<\/strong><\/p>\n<p class=\"p1\">Production\u00a0: Ina (<strong>Sylvie Cazin<\/strong>), France 3 (<strong>Florence Coppey<\/strong>, <strong>Dana Hastie<\/strong>r)<br \/>En coproduction avec Images et Compagnie (<strong>Am\u00e9lie Juan<\/strong>)<br \/>Avec la participation du Centre national du cin\u00e9ma et de l\u2019image anim\u00e9e<br \/>Avec le soutien de la PROCIREP \u2013 Soci\u00e9t\u00e9 des Producteurs, et de l\u2019ANGOA<\/p>\n<p class=\"p1\">55 minutes, France 3, 2012<\/p>\n<p class=\"p1\">Premi\u00e8re diffusion\u00a0: 8 octobre 2012 France 3<\/p>\n<p class=\"p1\">ISAN n\u00b0 0000-0003-0169-0000-4-0000-0000-P<\/p>\n<\/header>\n<div class=\"entry-content\"><\/div>\n<p>[\/et_pb_text][\/et_pb_column][\/et_pb_row][et_pb_row column_structure=\u00a0\u00bb1_4,3_4&Prime; _builder_version=\u00a0\u00bb4.16&Prime; background_size=\u00a0\u00bbinitial\u00a0\u00bb background_position=\u00a0\u00bbtop_left\u00a0\u00bb background_repeat=\u00a0\u00bbrepeat\u00a0\u00bb global_colors_info=\u00a0\u00bb{}\u00a0\u00bb][et_pb_column type=\u00a0\u00bb1_4&Prime; _builder_version=\u00a0\u00bb4.16&Prime; custom_padding=\u00a0\u00bb|||\u00a0\u00bb global_colors_info=\u00a0\u00bb{}\u00a0\u00bb custom_padding__hover=\u00a0\u00bb|||\u00a0\u00bb][\/et_pb_column][et_pb_column type=\u00a0\u00bb3_4&Prime; _builder_version=\u00a0\u00bb4.16&Prime; custom_padding=\u00a0\u00bb|||\u00a0\u00bb global_colors_info=\u00a0\u00bb{}\u00a0\u00bb custom_padding__hover=\u00a0\u00bb|||\u00a0\u00bb][et_pb_divider show_divider=\u00a0\u00bboff\u00a0\u00bb _builder_version=\u00a0\u00bb4.16&Prime; background_color=\u00a0\u00bbrgba(244,244,244,0.87)\u00a0\u00bb height=\u00a0\u00bb16px\u00a0\u00bb global_colors_info=\u00a0\u00bb{}\u00a0\u00bb][\/et_pb_divider][\/et_pb_column][\/et_pb_row][et_pb_row column_structure=\u00a0\u00bb1_4,3_4&Prime; _builder_version=\u00a0\u00bb4.16&Prime; background_size=\u00a0\u00bbinitial\u00a0\u00bb background_position=\u00a0\u00bbtop_left\u00a0\u00bb background_repeat=\u00a0\u00bbrepeat\u00a0\u00bb global_colors_info=\u00a0\u00bb{}\u00a0\u00bb][et_pb_column type=\u00a0\u00bb1_4&Prime; _builder_version=\u00a0\u00bb4.16&Prime; custom_padding=\u00a0\u00bb|||\u00a0\u00bb global_colors_info=\u00a0\u00bb{}\u00a0\u00bb custom_padding__hover=\u00a0\u00bb|||\u00a0\u00bb][\/et_pb_column][et_pb_column type=\u00a0\u00bb3_4&Prime; _builder_version=\u00a0\u00bb4.16&Prime; custom_padding=\u00a0\u00bb|||\u00a0\u00bb global_colors_info=\u00a0\u00bb{}\u00a0\u00bb custom_padding__hover=\u00a0\u00bb|||\u00a0\u00bb][et_pb_text admin_label=\u00a0\u00bb\u00c0 propos du film (titre)\u00a0\u00bb module_id=\u00a0\u00bbapropos\u00a0\u00bb _builder_version=\u00a0\u00bb4.16&Prime; global_colors_info=\u00a0\u00bb{}\u00a0\u00bb]<\/p>\n<h2>\u00c0 propos du film<\/h2>\n<p>[\/et_pb_text][et_pb_toggle title=\u00a0\u00bbPACIFISME ET ANTIFASCISME DANS LES ANN\u00c9ES 1930&Prime; open_toggle_background_color=\u00a0\u00bbrgba(244,244,244,0.87)\u00a0\u00bb closed_toggle_background_color=\u00a0\u00bbrgba(244,244,244,0.87)\u00a0\u00bb admin_label=\u00a0\u00bb\u00c0 propos du film (texte)\u00a0\u00bb _builder_version=\u00a0\u00bb4.21.0&Prime; title_level=\u00a0\u00bbh3&Prime; title_font=\u00a0\u00bb|600|||||||\u00a0\u00bb global_colors_info=\u00a0\u00bb{}\u00a0\u00bb]<\/p>\n<p class=\"p2\" style=\"text-align: justify;\">.<b><br \/>PROLOGUE<br \/><\/b><b>Les Ann\u00e9es 1920 : Une paix fran\u00e7aise.<\/b><\/p>\n<p class=\"p2\">En 1918, les soldats qui rentrent de la guerre oscillent entre la r\u00e9volte et le d\u00e9go\u00fbt.<\/p>\n<p class=\"p2\">L\u2019\u00e9pouvantable conflit a d\u00e9consid\u00e9r\u00e9 toutes les valeurs qui le portaient : la respectabilit\u00e9 bourgeoise, le patriotisme assassin, les pr\u00e9tentions morales. Comment croire encore \u00e0 toute cette hi\u00e9rarchie de caciques belliqueux et g\u00e9n\u00e9raux galonn\u00e9s qui ont organis\u00e9 \u00ab la grande boucherie \u00bb ?<br \/>Louis Aragon, engag\u00e9 en 1916, trois fois enseveli sous les bombes, revient plein de haine pour l\u2019ordre \u00e9tabli. Avec Andr\u00e9 Breton, qu\u2019il a rencontr\u00e9 sur le front, il s\u2019engage dans le Dada\u00efsme aux c\u00f4t\u00e9s de Tristan Tzara.<br \/>La harangue, l\u2019insulte et la provocation leur semblent les meilleures armes pour accabler le vieux monde qui a failli.<\/p>\n<p class=\"p2\">Pierre Drieu la Rochelle, lui aussi, a \u00e9t\u00e9 bless\u00e9 trois fois. En 14, il se d\u00e9finissait comme \u00ab germanophile et anglomane\u00a0\u00bb au retour de voyages europ\u00e9ens qui l\u2019avaient \u00e9bloui.\u00a0Quatre ans plus tard, il rejoint la vie civile avec un sentiment de d\u00e9go\u00fbt et d\u2019impuissance. Il a v\u00e9cu la guerre comme une vaste duperie qui ruine tous les espoirs\u00a0\u2013 m\u00eame les plus h\u00e9ro\u00efques. \u00ab\u00a0Les pantalons rouges et pas de canons. Et pas de mitrailleuses non plus. Nous \u00e9tions un foutu peuple\u00a0\u00bb.<\/p>\n<p class=\"p2\">C\u2019est ce foutu peuple qui a gagn\u00e9 la guerre.<br \/>Apr\u00e8s quarante ans d\u2019humiliations (d\u00e9faite de 1870 et annexion allemande de l\u2019Alsace-Moselle), la France tient enfin sa revanche.<br \/>L\u2019ennemi h\u00e9r\u00e9ditaire est d\u00e9fait. La nation c\u00e9l\u00e8bre son retour triomphal sur la sc\u00e8ne europ\u00e9enne.<\/p>\n<p class=\"p2\">Les conditions de l\u2019armistice sont tr\u00e8s dures. C\u2019est une paix de vainqueur.<br \/>Les Fran\u00e7ais se montrent intransigeants, formulant des revendications irr\u00e9alistes que les Alli\u00e9s tentent en vain de temp\u00e9rer. Elles concernent le d\u00e9sarmement du vaincu et les r\u00e9parations financi\u00e8res.<br \/>Les n\u00e9gociations vont durer plusieurs ann\u00e9es.<\/p>\n<p class=\"p2\">Les exigences fran\u00e7aises sont \u00e0 la mesure de l\u2019\u00e9preuve pass\u00e9e. Le pays a perdu 1,3 million de tu\u00e9s et disparus. Les bless\u00e9s sont innombrables. Les r\u00e9gions nord sont d\u00e9vast\u00e9es.<\/p>\n<p class=\"p2\">Pour conjurer un tel d\u00e9sastre, les Poilus sont consacr\u00e9s h\u00e9ros. La France officielle \u00e9l\u00e8ve partout des monuments.\u00a0C\u2019est l\u2019heure de la d\u00e9ploration.<\/p>\n<p class=\"p2\">L\u2019horreur quotidienne des combats est relat\u00e9e par des rescap\u00e9s comme Roland Dorgel\u00e8s, qui a publi\u00e9 \u00ab\u00a0Les Croix de bois\u00a0\u00bb en 1919. Trois ans plus t\u00f4t, en pleine bataille, Henri Barbusse avait publi\u00e9 \u00ab\u00a0Le Feu\u00a0\u00bb.<br \/>Ces deux \u00e9crivains se proclament d\u00e9sormais pacifistes.<\/p>\n<p class=\"p2\">Durant ces ann\u00e9es d\u2019apr\u00e8s-guerre, l\u2019effroi l\u2019emporte sur l\u2019indignation. La peur reste palpable. On comprend mal la barbarie qui s\u2019est accomplie.<br \/>Aragon et Drieu la Rochelle, jeunes \u00e9crivains r\u00e9calcitrants aux sanglots, mettent toute leur flamme \u00e0 d\u00e9tester ce monde mal fait.<br \/>Aragon, apr\u00e8s le dada\u00efsme, fonde le surr\u00e9aliste aux c\u00f4t\u00e9s de Breton.<br \/>Drieu la Rochelle, d\u00e9j\u00e0 attir\u00e9 par Dada, c\u00f4toie aussi le surr\u00e9alisme. Il se lie d\u2019une vive amiti\u00e9 avec Aragon.<br \/>Les deux hommes manient le verbe avec ardeur. Ils se veulent litt\u00e9rateurs engag\u00e9s, sans savoir vers quels extr\u00eames se tourner. Drieu s\u2019int\u00e9resse \u00e0 l\u2019Action Fran\u00e7aise, Aragon lorgne plut\u00f4t vers les communistes.<\/p>\n<p class=\"p2\">Apr\u00e8s les c\u00e9l\u00e9brations h\u00e9ro\u00efques vient le temps d\u2019un pacifisme plus serein.<br \/>Au milieu des ann\u00e9es 1920, les signes de d\u00e9tente se multiplient entre les anciens bellig\u00e9rants\u00a0: les Fran\u00e7ais \u00e9vacuent la Ruhr, la Conf\u00e9rence de Locarno garantit quelques fronti\u00e8res, l\u2019Allemagne est admise \u00e0 la Soci\u00e9t\u00e9 des Nations. On parle enfin de s\u00e9curit\u00e9 collective.<br \/>L\u2019apog\u00e9e est atteinte en 1928 avec un projet de paix perp\u00e9tuelle sign\u00e9 par soixante-trois Etats. Le Pacte Briand-Kellog met la guerre \u00ab\u00a0hors-la-loi\u00a0\u00bb.<\/p>\n<p class=\"p2\">Le pacifisme correspond aux aspirations profondes des Fran\u00e7ais.<br \/>Il est unanime dans la population et dans tous les partis politiques. Il existe m\u00eame dans l\u2019arm\u00e9e\u00a0puisque l\u2019Allemagne ne menace plus.<\/p>\n<p class=\"p2\">Ce d\u00e9sir de paix n\u2019\u00e9lude pas les affrontements politiques, ni les coups de boutoir des nouvelles g\u00e9n\u00e9rations.<br \/>En 1927, Aragon entra\u00eene ses amis surr\u00e9alistes au Parti communiste. Il a l\u2019espoir de r\u00e9unir les deux projets avant-gardistes. Le PCF de cette \u00e9poque est un parti marginal, porteur de th\u00e8ses extr\u00eames.<br \/>Aragon cherche un r\u00e9pondant politique \u00e0 ses turbulences litt\u00e9raires.<\/p>\n<p class=\"p2\">Aragon, cette m\u00eame ann\u00e9e, se f\u00e2che avec son ami Drieu la Rochelle. C\u2019est \u00e0 cause d\u2019un article malveillant, ou d\u2019une femme partag\u00e9e, on ne sait pas trop mais leurs chemins divergent soudain.<br \/>Bient\u00f4t, la politique les rendra ennemis.<\/p>\n<p class=\"p2\">Aragon rompt avec Drieu, mais Drieu se lie avec Malraux.<br \/>Andr\u00e9 Malraux, \u00e2g\u00e9 de vingt-six ans, a \u00e9chapp\u00e9 \u00e0 la Grande Guerre et d\u00e9bute dans la litt\u00e9rature. C\u2019est un esprit brillant et un homme s\u00e9duisant comme Drieu. Une longue amiti\u00e9 d\u00e9bute entre les deux \u00e9crivains.<br \/>Elle ne se d\u00e9mentira jamais, malgr\u00e9 les diff\u00e9rends politiques.<\/p>\n<p class=\"p2\">Drieu r\u00e9fl\u00e9chit \u00e0 des solutions pour sortir la France de sa torpeur morale et \u00e9viter une nouvelle guerre.<br \/>Il se rapproche de la gauche du Parti Radical, puis fraie avec les milieux patronaux de droite du Redressement Fran\u00e7ais. Il oscille dans le balancier politique fran\u00e7ais parce que son vrai credo est europ\u00e9en.<br \/>Dans <i>Gen\u00e8ve ou Moscou<\/i> (1928), il d\u00e9fend une position supra-nationale qui d\u00e9passerait les \u00e9go\u00efsmes guerriers. \u00ab\u00a0Mon c\u0153ur, nourri de Goethe et de Dosto\u00efevski, filoute les douanes, trahit les drapeaux, se trompe de timbre-poste dans ses lettres d\u2019amour. Je veux \u00eatre grand et achever le monument europ\u00e9en pour la plus grande gloire du monde\u00a0\u00bb.<\/p>\n<p class=\"p2\">L\u2019Europe souhait\u00e9e par Drieu semble alors un espoir possible.<br \/>La paix s\u2019est install\u00e9e durablement.<br \/>L\u2019Allemagne d\u00e9sarm\u00e9e ne menace plus. La France accepte que son ancien ennemi revienne dans l\u2019ar\u00e8ne internationale, \u00e0 condition qu\u2019il s\u2019acquitte de ses r\u00e9parations. La dette est grande et doit \u00eatre re-\u00e9chelonn\u00e9e, mais des plans successifs sont propos\u00e9s pour un r\u00e8glement final.<\/p>\n<p class=\"p2\">La d\u00e9cennie d\u2019apr\u00e8s-guerre s\u2019ach\u00e8ve ainsi sur des querelles financi\u00e8res. L\u2019heure est \u00e0 la conciliation, l\u2019\u00e9ventualit\u00e9 d\u2019un conflit n\u2019a jamais \u00e9t\u00e9 aussi lointaine. Et si le Parlement d\u00e9cide de construire une\u00a0\u00ab\u00a0Ligne Maginot\u00a0\u00bb \u00e0 l\u2019est du pays, c\u2019est dans un geste purement d\u00e9fensif. La Ligne sera une cl\u00f4ture de protection pour d\u00e9courager un possible agresseur.<br \/>De fait, l\u2019arm\u00e9e est impr\u00e9par\u00e9e \u00e0 un conflit\u00a0: le mat\u00e9riel est obsol\u00e8te, les stocks inexistants, et l\u2019industrie inapte \u00e0 la fabrication d\u2019armes.<\/p>\n<p class=\"p2\">Qu\u2019importe, puisque le sentiment de paix l\u2019emporte de tous c\u00f4t\u00e9s.<br \/>C\u2019est un souhait profond de l\u2019\u00e9poque.<\/p>\n<p class=\"p2\"><b>\u00a0<\/b><\/p>\n<p class=\"p2\"><b>LES ANNEES\u00a0<\/b><b> 1930 : LA MONTEE DES PERILS<br \/><\/b><\/p>\n<p class=\"p2\"><b>Se r\u00e9unir contre la guerre.<\/b><\/p>\n<p>Au d\u00e9but des ann\u00e9es 1930, Drieu la Rochelle poursuit son r\u00eave europ\u00e9en. Il publie <i>L\u2019Europe contre les patries<\/i>, qui donne la vision d\u2019un continent li\u00e9 par-del\u00e0 les antagonismes des nations. Son projet est humaniste, de sensibilit\u00e9 socialiste.<br \/>Il imagine une Europe grande et libre.<\/p>\n<p class=\"p2\">L\u2019Europe n\u2019en est pas encore l\u00e0, mais les tentatives se multiplient.<\/p>\n<p class=\"p2\">Une \u00ab\u00a0Conf\u00e9rence du D\u00e9sarmement\u00a0\u00bb s\u2019ouvre \u00e0 Gen\u00e8ve en f\u00e9vrier 32. Elle r\u00e9unit les anciens bellig\u00e9rants et les membres de la Soci\u00e9t\u00e9 des Nations.<br \/>Il s\u2019agit de garantir la s\u00e9curit\u00e9 collective en Europe. Mais l\u2019Allemagne manifeste de nouvelles ambitions.<\/p>\n<p class=\"p2\">Apr\u00e8s 1918, l\u2019Allemagne avait c\u00e9d\u00e9 aux exigences des Alli\u00e9s de renoncer \u00e0 son arm\u00e9e. Elle n\u2019avait plus droit qu\u2019\u00e0 cent mille soldats, sans aviation ni mat\u00e9riel lourd. Elle avait accept\u00e9 puisqu\u2019elle \u00e9tait vaincue.<br \/>Il n\u2019en va plus de m\u00eame au d\u00e9but de cette d\u00e9cennie 1930.<br \/>L\u2019Allemagne a rejoint le concert des nations et retrouv\u00e9 une l\u00e9gitimit\u00e9. Elle demande qu\u2019on lui autorise une arm\u00e9e limit\u00e9e\u00a0; ou sinon, qu\u2019on d\u00e9sarme de concert tous les Etats europ\u00e9ens\u00a0\u2013 en particulier les Fran\u00e7ais.<br \/>Elle r\u00e9clame une \u00e9galit\u00e9 des droits et des devoirs.<\/p>\n<p class=\"p2\">Les Fran\u00e7ais sont pr\u00eats \u00e0 n\u00e9gocier, mais en position de force. Ils exigent que leur s\u00e9curit\u00e9 soit d\u2019abord assur\u00e9e. Le d\u00e9sarmement viendra apr\u00e8s.<\/p>\n<p class=\"p2\">La Conf\u00e9rence va de difficult\u00e9s en rebuffades. Les Allemands la quittent puis reviennent. Les positions semblent inconciliables et les capitales sont suspendues aux coups de th\u00e9\u00e2tre des diplomates.<br \/>C\u2019est la grande affaire du moment.<\/p>\n<p class=\"p2\">\u00c0 Paris, les intellectuels se mobilisent.<br \/>Aragon et Malraux se joignent aux efforts de la nouvelle \u00ab\u00a0Association des Ecrivains et Artistes R\u00e9volutionnaires\u00a0\u00bb (AEAR), fond\u00e9e par le communiste Barbusse.<br \/>L\u2019Association est pilot\u00e9e en sous-main par le PCF, mais elle affiche des sensibilit\u00e9s politiques diverses. Elle r\u00e9unit les intellectuels sur le th\u00e8me f\u00e9d\u00e9rateur de la Paix. L\u2019\u00e9largissement de la lutte aux non-communistes permet d\u2019agglom\u00e9rer les figures prestigieuses de l\u2019\u00e9poque.<br \/>Malraux devient l\u2019un des repr\u00e9sentants des \u00ab\u00a0compagnons de route\u00a0\u00bb.<\/p>\n<p class=\"p2\">Aragon est communiste depuis plusieurs ann\u00e9es. Il est all\u00e9 en URSS avec sa nouvelle femme, Elsa Triolet, et il en a rapport\u00e9 un po\u00e8me provocateur, <i>Front Rouge\u00a0<\/i>: \u00ab\u00a0Descendez les flics\/ Camarades\/ Descendez les flics (\u2026)\/ Feu sur L\u00e9on Blum\/ Feu sur Boncourt Frossard D\u00e9at\/ Feu sur les ours savants de la social-d\u00e9mocratie\u2026\u00a0\u00bb<br \/>Le po\u00e8te d\u00e9sormais militant a abandonn\u00e9 la verve surr\u00e9aliste. Ses amis du groupe, Breton en t\u00eate, ne vont pas tarder \u00e0 l\u2019excommunier. Qu\u2019importe, sa nouvelle foi est au Parti.<\/p>\n<p class=\"p2\">Aragon, avec le PCF, s\u2019accorde aux directives de Moscou\u00a0: lutter pour la paix, en soutenant d\u2019abord l\u2019URSS menac\u00e9e de \u00ab\u00a0guerre imp\u00e9rialiste\u00a0\u00bb par l\u2019Europe\u00a0; d\u00e9noncer la \u00ab\u00a0fascisation\u00a0\u00bb des d\u00e9mocraties bourgeoises\u00a0; combattre sans merci la social-d\u00e9mocratie\u00a0\u2013 en France\u00a0: la SFIO socialiste de Blum.<br \/>Au sein du PCF, un homme r\u00e9cuse pourtant cette ligne frontale et souhaite une alliance avec les partis de gauche\u00a0: Jacques Doriot, d\u00e9put\u00e9-maire de St-Denis, h\u00e9ros de l\u2019Internationale Communiste.<br \/>Il bataille, mais se fait circonscrire.<\/p>\n<p class=\"p2\">Deux mois apr\u00e8s la cr\u00e9ation de l\u2019association AEAR, un appel para\u00eet dans <i>L\u2019Humanit\u00e9<\/i>, appelant \u00e0 la tenue d\u2019un \u00ab\u00a0Congr\u00e8s contre la guerre\u00a0\u00bb.<\/p>\n<p class=\"p2\">L\u2019appel veut \u00ab\u00a0susciter une grande \u0153uvre de ralliement, une vague de fond contre la guerre recommen\u00e7ante\u00a0\u00bb.<br \/>Le Congr\u00e8s s\u2019ouvre \u00e0 Amsterdam en ao\u00fbt 32 et se poursuit en juin 33 \u00e0 Paris, salle Pleyel, par un \u00ab\u00a0Congr\u00e8s europ\u00e9en contre le fascisme et la guerre\u00a0\u00bb (les deux s\u2019unifient en \u00ab\u00a0Congr\u00e8s Amsterdam-Pleyel\u00a0\u00bb).<\/p>\n<p class=\"p2\">Les communistes, l\u00e0 encore, sont les vrais artisans du mouvement. Et pour eux, l\u2019antifascisme vise d\u2019abord les partis sociaux-d\u00e9mocrates\u00a0; et les menaces de guerre restent imputables aux d\u00e9mocraties bellicistes.<br \/>Les intellectuels pacifistes qui participent \u00e0 ce mouvement supportent mal une telle distorsion de leurs objectifs. Un antifascisme si partisan ne pla\u00eet pas \u00e0 tous, les ralliements sont souvent laborieux. Mais la cause de la paix vaut bien quelques messes\u2026.<\/p>\n<p class=\"p2\">Aragon est sur tous les fronts. Il cro\u00eet dans la hi\u00e9rarchie du Parti et entre \u00e0 <i>L\u2019Humanit\u00e9<\/i>. Il devient aussi secr\u00e9taire de r\u00e9daction de la nouvelle revue <i>Commune<\/i>, \u00e9dit\u00e9e par l\u2019association AEAR.<\/p>\n<p class=\"p2\">Malraux participe \u00e9galement \u00e0 l\u2019aventure.<br \/>Lors de la premi\u00e8re r\u00e9union de l\u2019association AEAR, il prononce un discours pour d\u00e9fendre Dimitrov, accus\u00e9 \u00e0 Berlin d\u2019avoir incendi\u00e9 le Reichstag.<\/p>\n<p class=\"p2\">On est au d\u00e9but 1933.<br \/>Hitler vient d\u2019acc\u00e9der l\u00e9galement au pouvoir.<br \/>En cette p\u00e9riode o\u00f9 tous les Europ\u00e9ens s\u2019efforcent de croire \u00e0 la paix, la menace nazie n\u2019est pas encore tr\u00e8s perceptible. Hitler est regard\u00e9 comme un aventurier, son r\u00e9gime incapable de d\u00e9clencher une guerre.<br \/>La revendication de paix semble encore une attitude possible, efficace.<\/p>\n<p class=\"p2\">Pourtant, tr\u00e8s vite, la nouvelle Allemagne va transformer les relations internationales\u00a0: elle quitte la SDN, puis la Conf\u00e9rence du D\u00e9sarmement, elle rompt les pourparlers avec la France et se r\u00e9arme clandestinement.<\/p>\n<p class=\"p2\"><b><br \/>Un danger fasciste pour la France\u00a0?<\/b><\/p>\n<p class=\"p2\">Quelques semaines apr\u00e8s les \u00e9meutes de f\u00e9vrier 34, Drieu la Rochelle proclame dans la revue <i>La Lutte des jeunes<\/i> qu\u2019il est \u00e0 la fois \u00ab\u00a0socialiste\u00a0\u00bb et \u00ab\u00a0fasciste\u00a0\u00bb. Il voudrait rassembler tous les r\u00e9volutionnaires trahis, de gauche comme de droite, afin de lutter contre \u00ab\u00a0la d\u00e9cadence mat\u00e9rialiste des soci\u00e9t\u00e9s modernes\u00a0\u00bb.<\/p>\n<p class=\"p2\">Il publie bient\u00f4t un essai, <i>Socialisme fasciste<\/i>, o\u00f9 il pr\u00f4ne \u00ab\u00a0une politique de gauche avec des hommes de droite\u00a0\u00bb. Il esp\u00e8re briser les carcans et r\u00e9nover le d\u00e9bat id\u00e9ologique fran\u00e7ais. Il poursuit sa d\u00e9nonciation, d\u00e9but\u00e9e plusieurs ann\u00e9es auparavant, de la m\u00e9diocrit\u00e9 de la soci\u00e9t\u00e9 de son temps.<\/p>\n<p class=\"p2\">C\u2019est sur de telles injonctions que se reconnaissent les \u00e9meutiers qui participent \u00e0 la journ\u00e9e du 6 f\u00e9vrier 34. Ils d\u00e9noncent un r\u00e9gime politique corrompu, ils parlent d\u2019\u00e9coeurement et veulent r\u00e9g\u00e9n\u00e9rer la nation.<br \/>Peut-on pour autant parler d\u2019un mouvement homog\u00e8ne\u00a0?<\/p>\n<p class=\"p2\">On trouve r\u00e9unis, place de la Concorde, des manifestants anim\u00e9s de credo les plus divers\u00a0: Croix-de-Feu du colonel de la Rocque (nationaliste et patriote), camelots de l\u2019Action Fran\u00e7aise de Charles Maurras (royaliste pacifiste), militants du Faisceau de Georges Valois (fasciste historique, quoique f\u00e2ch\u00e9 avec Mussolini)\u2026<\/p>\n<p class=\"p2\">On d\u00e9couvre surtout, dans cette manifestation tr\u00e8s mal organis\u00e9e, l\u2019effet d\u2019une d\u00e9composition\u00a0politique qui commence \u00e0 s\u2019op\u00e9rer.<br \/>Ce qui r\u00e9unit ces manifestants, c\u2019est l\u2019anti-parlementarisme, le sentiment que la d\u00e9mocratie est impuissante \u00e0 r\u00e9soudre les probl\u00e8mes du jour.<\/p>\n<p class=\"p2\">En France, la revendication \u00ab\u00a0fasciste\u00a0\u00bb est une mani\u00e8re de d\u00e9consid\u00e9rer la classe politique, de lui d\u00e9nier toute comp\u00e9tence. C\u2019est l\u2019occasion, pour les dirigeants d\u2019extr\u00eame-droite et leurs nombreux militants, de rejeter des partis traditionnels, avec leurs suppos\u00e9es combinaisons, leurs voleurs et leurs assassins.<br \/>Au-del\u00e0, il n\u2019y a pas grand-chose. Rien qui s\u2019apparente aux programmes structur\u00e9s des r\u00e9gimes mussolinien ou nazi. Ni revendication belliciste ni projet conqu\u00e9rant. Aucun texte annonciateur qui fasse office de politique de gouvernement\u00a0\u2013 si d\u2019aventure ces mouvements venaient au pouvoir.<br \/>Ce que les fascistes fran\u00e7ais copient chez leurs voisins europ\u00e9ens, c\u2019est le recours \u00e0 l\u2019ordre, \u00e0 la force, \u00e0 l\u2019autorit\u00e9. Ils admirent surtout l\u2019uniforme et le port du menton. Comme eux, ils aimeraient faire une r\u00e9volution morale qui chasserait les escrocs du Palais-Bourbon.<\/p>\n<p class=\"p2\">Drieu la Rochelle, qui souhaite emprunter \u00e0 la fois au socialisme et au fascisme pour refondre la morale politique, se situe dans cette mouvance.<br \/>Il refl\u00e8te une d\u00e9saffection pour la gouvernance des partis.<\/p>\n<p class=\"p2\">Cette crise de confiance existe aussi \u00e0 gauche.<\/p>\n<p class=\"p2\">Au sein de la SFIO socialiste, les \u00ab\u00a0n\u00e9os\u00a0\u00bb invoquent la r\u00e9ussite fasciste en Europe pour moderniser le vieux socialisme \u00e0 la fran\u00e7aise.<br \/>Le Congr\u00e8s du parti qui se tient \u00e0 la Mutualit\u00e9 en juillet 1933 est l\u2019occasion d\u2019un projet de renouvellement dogmatique, emmen\u00e9 par Marcel D\u00e9at et quelques d\u00e9put\u00e9s. Les \u00ab\u00a0n\u00e9os\u00a0\u00bb combattent le d\u00e9calage entre le discours socialiste traditionnel et la menace fasciste. Aussi proposent-ils de b\u00e2tir un \u00ab\u00a0r\u00e9gime interm\u00e9diaire\u00a0\u00bb capable de prendre de vitesse l\u2019adversaire.<br \/>Le programme tient en trois mots\u00a0: \u00ab\u00a0Ordre, autorit\u00e9, nation\u00a0\u00bb\u2026<\/p>\n<p class=\"p2\">Cette confusion se retrouve chez les radicaux. Gaston Bergery, le jeune espoir du parti, part fonder un nouveau mouvement, le Front Commun, avec des dissidents venus d\u2019autres horizons. Il veut, lui aussi, emprunter certains caract\u00e8res au fascisme pour mieux le combattre\u2026<\/p>\n<p class=\"p2\">En 34, \u00ab\u00a0le\u00a0fascisme\u00a0\u00bb est devenu une r\u00e9f\u00e9rence oblig\u00e9e.<br \/>Il a mille t\u00eates que chacun croit reconna\u00eetre et utilise \u00e0 son gr\u00e9. Il sert de mod\u00e8le ou de repoussoir. On l\u2019exalte ou on l\u2019ex\u00e8cre.<br \/>Dans tous les cas, il agit comme un puissant stimulant.<\/p>\n<p class=\"p2\">\u2026 Et du coup, il s\u2019invite fermement dans le d\u00e9bat pacifiste.<\/p>\n<p class=\"p2\">D\u00e9sormais il faut penser l\u2019un, mais sans oublier l\u2019autre\u00a0: on ne peut plus \u00eatre pacifiste sans \u00eatre antifasciste.<\/p>\n<p class=\"p2\">L\u2019articulation, pourtant, n\u2019est pas si simple. Car l\u2019extr\u00eame-droite fran\u00e7aise, on le verra, peut se montrer aussi pacifiste que la gauche\u2026<\/p>\n<p class=\"p2\"><b><br \/>Les r\u00e9ponses de la gauche au fascisme.<\/b><\/p>\n<p class=\"p2\">\u00c0 Paris, un Comit\u00e9 de Vigilance des Intellectuels Antifascistes, CVIA, se cr\u00e9e \u00e0 la suite des \u00e9meutes de la Concorde. Les promoteurs sont proches des trois partis de gauche\u00a0\u2013 SFIO socialiste, Parti radical, PCF\u00a0\u2013 mais le Comit\u00e9 en reste ind\u00e9pendant.<br \/>Le texte fondateur est un manifeste adress\u00e9 \u00ab\u00a0Aux Travailleurs\u00a0\u00bb. Son succ\u00e8s est imm\u00e9diat, il recueille des milliers de signatures.<\/p>\n<p class=\"p2\">Partout en France, des rassemblements sont organis\u00e9s et des p\u00e9titions lanc\u00e9es pour r\u00e9pondre \u00e0 la d\u00e9monstration de force de l\u2019extr\u00eame-droite.<\/p>\n<p class=\"p2\">Aragon s\u2019implique avec les communistes. R\u00e9dacteur \u00e0 <i>L\u2019Humanit\u00e9<\/i>, il accompagne au printemps 34 le changement de cap politique du PCF.<br \/>\u00c0 Moscou, l\u2019Internationale Communiste a d\u00e9cid\u00e9 une nouvelle ligne. Apr\u00e8s la tactique frontale, qui excluait toute alliance avec les autres partis de gauche, un rapprochement est maintenant conseill\u00e9. Le jeu parlementaire est accept\u00e9.<br \/>En juillet, Maurice Thorez signe avec la SFIO socialiste un pacte d\u2019unit\u00e9 d\u2019action. En octobre, il demande officiellement \u00e0 la SFIO d\u2019envisager la constitution d\u2019un \u00ab\u00a0Front Populaire pour le pain et la libert\u00e9 contre le fascisme et la guerre\u00a0\u00bb. Le Parti radical est, lui aussi, convi\u00e9.<\/p>\n<p class=\"p2\">C\u2019est le grand tournant du PCF.<\/p>\n<p class=\"p2\">D\u00e9sormais le pacifisme ne combat plus \u00ab\u00a0l\u2019imp\u00e9rialisme\u00a0\u00bb des d\u00e9mocraties bellicistes\u00a0; et l\u2019antifascisme ne vise plus le \u00ab\u00a0social-fascisme\u00a0\u00bb des partis de gauche. L\u2019ennemi se situe clairement \u00e0 droite, et dans les dictatures.<br \/>L\u2019antifascisme de masse est n\u00e9. Il est maintenant d\u00e9mocratique et repose sur des alliances \u00e9largies.<\/p>\n<p class=\"p2\">Le nouveau \u00ab\u00a0Front Populaire\u00a0\u00bb a de beaux jours devant lui.<\/p>\n<p class=\"p2\">Aragon a trouv\u00e9 sa vraie famille dans ce Parti Communiste qui sort de son isolement et devient un p\u00f4le reconnu de la d\u00e9mocratie fran\u00e7aise.<br \/>Thorez est son nouveau mentor.<\/p>\n<p class=\"p2\">\u00c0 l\u2019\u00e9t\u00e9 34, Aragon part pour Moscou. Il y rejoint Malraux.<\/p>\n<p class=\"p2\">Malraux est devenu c\u00e9l\u00e8bre depuis qu\u2019il a re\u00e7u le Prix Goncourt 1933 pour <i>La Condition humaine<\/i>. Depuis, on fait appel \u00e0 lui pour toutes les causes.<\/p>\n<p class=\"p2\">En janvier, il est all\u00e9 avec Gide \u00e0 Berlin pour demander la lib\u00e9ration de Dimitrov, emprisonn\u00e9 par les nazis.<br \/>Avec Gide, il retrouve maintenant Aragon \u00e0 Moscou.<br \/>Les \u00e9crivains fran\u00e7ais assistent au Congr\u00e8s des Ecrivains Sovi\u00e9tiques. Ils \u00e9coutent Jdanov \u00e9laborer la nouvelle doctrine du r\u00e9alisme socialiste. Ils discourent sur la culture au service des travailleurs.<br \/>Malraux prononce son discours\u00a0: \u00ab\u00a0L\u2019art est une conqu\u00eate\u00a0\u00bb.<\/p>\n<p class=\"p2\">Malraux reste ensuite en URSS, o\u00f9 il voyage avec sa femme Clara.<br \/>Il donne des entretiens \u00e0 la <i>Pravda<\/i>, il rencontre Staline. L\u2019\u00e9crivain compagnon de route des communistes se compla\u00eet dans la ligne officielle.<\/p>\n<p class=\"p2\">Au printemps suivant, Malraux retrouve ses amis pour le \u00ab\u00a0Congr\u00e8s international des \u00e9crivains pour la d\u00e9fense de la Culture\u00a0\u00bb, qui se tient qui au Palais de la Mutualit\u00e9 de Paris.<br \/>Le Congr\u00e8s est organis\u00e9 par l\u2019AEAR\u00a0\u2013 l\u2019Association des \u00c9crivains et Artistes R\u00e9volutionnaires, qu\u2019on avait vu fond\u00e9e \u00e0 Paris en 1932. Il r\u00e9unit des intellectuels venus du monde entier\u00a0: Malraux et Aragon c\u00f4toient Huxley, Brecht et Tolsto\u00ef.<\/p>\n<p class=\"p2\">Durant ce congr\u00e8s, on parle essentiellement de culture.<\/p>\n<p class=\"p2\">Les congressistes se demandent si la culture peut servir de rempart \u00e0 la guerre. Ils parlent de \u00ab\u00a0barbarie fasciste\u00a0\u00bb, concluent \u00e0 l\u2019impossibilit\u00e9 de parler de \u00ab\u00a0culture national-socialiste\u00a0\u00bb\u00a0; et certains se demandent m\u00eame si la litt\u00e9rature ne doit pas avoir d\u00e9sormais pour fonction de d\u00e9voiler au monde le v\u00e9ritable visage du Troisi\u00e8me Reich.<br \/>La litt\u00e9rature se retrouve prise dans les filets de l\u2019antifascisme. Comme le pacifisme.<\/p>\n<p class=\"p2\">Aragon croise ici, et pour la derni\u00e8re fois, ses anciens amis surr\u00e9alistes. Breton est venu \u00e0 la Mutualit\u00e9. Il veut utiliser la tribune du Congr\u00e8s pour d\u00e9noncer le stalinisme.<br \/>On le met \u00e0 l\u2019\u00e9cart.<\/p>\n<p class=\"p2\">Pour beaucoup, devant la menace fasciste, l\u2019URSS doit \u00eatre pr\u00e9serv\u00e9e des critiques.<\/p>\n<p class=\"p2\">Pendant ce temps, Drieu la Rochelle continue de r\u00eaver d\u2019une Europe au-dessus des nations, o\u00f9 se croiserait le meilleur des id\u00e9ologies.<br \/>Le stalinisme lui semble \u00ab\u00a0un demi-socialisme\u00a0\u00bb. Le fascisme lui semble aussi \u00ab\u00a0un demi-socialisme, fragile certes, mais combien prometteur\u00a0!\u00a0\u00bb<\/p>\n<p class=\"p2\">D\u00e9but septembre, il assiste \u00e0 Nuremberg au congr\u00e8s du parti nazi.<\/p>\n<p class=\"p2\"><b><br \/>Fascisme et guerre \u00e0 l\u2019italienne.<\/b><\/p>\n<p class=\"p2\">\u00c0 son retour d\u2019Allemagne, d\u00e9but octobre 34, Drieu la Rochelle signe un texte \u00ab\u00a0Pour la d\u00e9fense de l\u2019Occident et la paix en Europe\u00a0\u00bb.<br \/>Le manifeste, publi\u00e9 dans le journal <i>Le Temps<\/i>, soutient les vis\u00e9es de l\u2019Italie en Ethiopie. En effet, depuis le d\u00e9but de l\u2019ann\u00e9e, Mussolini revendique et promet d\u2019annexer. Il s\u2019imagine nouvel empereur romain.<\/p>\n<p class=\"p2\">La posture martiale du Duce ne d\u00e9plait aux nombreux signataires qu\u2019on trouve aux c\u00f4t\u00e9s de Drieu. Ce sont tous des dirigeants ou intellectuels\u00a0de droite\u00a0: Maurras, Valois, Marcel Aym\u00e9, Robert Brasillach\u2026<br \/>Le texte d\u00e9nonce \u00ab\u00a0la dangereuse fiction de l\u2019\u00e9galit\u00e9 absolue entre toutes les nations\u00a0\u00bb, \u00ab\u00a0le faux universalisme juridique qui met sur un pied d\u2019\u00e9galit\u00e9 le sup\u00e9rieur et l\u2019inf\u00e9rieur, le civilis\u00e9 et le barbare\u00a0\u00bb.<br \/>Il d\u00e9crit l\u2019Ethiopie comme \u00ab\u00a0un amalgame de tribus incultes\u00a0\u00bb et soutient Mussolini pour \u00e9viter \u00ab\u00a0un attentat irr\u00e9missible contre la civilisation d\u2019Occident\u00a0\u00bb.<\/p>\n<p class=\"p2\">La r\u00e9action des intellectuels de gauche ne tarde pas.<\/p>\n<p class=\"p2\">Aragon et Malraux signent un texte dans le journal <i>L\u2019\u0153uvre<\/i>, en compagnie de Romain Roland, Gide, et 8500 membres du Comit\u00e9 de Vigilance des Intellectuels Antifascistes (CVIA).<br \/>Les \u00e9crivains, en r\u00e9ponse aux litt\u00e9rateurs de droite, s\u2019\u00e9tonnent \u00ab\u00a0de trouver sous des plumes fran\u00e7aises l\u2019affirmation de l\u2019in\u00e9galit\u00e9 des races humaines\u00a0\u00bb. Ils demandent au gouvernement de rester fid\u00e8le \u00e0 la SDN et de pr\u00e9server la paix menac\u00e9e par les vis\u00e9es italiennes.<\/p>\n<p class=\"p2\">Ce texte de gauche\u00a0\u2013 comme celui de droite qui exige \u00ab la d\u00e9fense de l\u2019Occident\u00a0\u00bb\u00a0\u2013 \u00e9clairent la nature du d\u00e9bat qui agite les esprits en ces ann\u00e9es 1934\/35. On disserte sur l\u2019\u00e9galit\u00e9\u00a0\u2013 ou l\u2019in\u00e9galit\u00e9\u00a0\u2013 des races et des nations, on parle de civilisation et de barbarie, on r\u00e9fl\u00e9chit \u00e0 une possible d\u00e9finition de l\u2019esprit occidental. Et l\u2019\u00e9ventualit\u00e9 d\u2019une guerre est analys\u00e9e dans le prisme de ces th\u00e8ses.<br \/>Le d\u00e9bat reste encore largement culturel. Il n\u2019est pas encore pris sous la mitraille. Ce temps viendra bient\u00f4t.<\/p>\n<p class=\"p2\">Pour autant, c\u2019est une guerre bien r\u00e9elle qui d\u00e9bute en Ethiopie.<br \/>\u00c0 la fin 1935, un incident de fronti\u00e8re entre l\u2019Erythr\u00e9e et l\u2019Ethiopie donne \u00e0 Mussolini le pr\u00e9texte attendu pour son intervention. Refusant les recommandations de la SDN et l\u2019arbitrage franco-anglais, il engage les op\u00e9rations militaires.<\/p>\n<p class=\"p2\"><b><br \/>Les grands choix de 36.<\/b><\/p>\n<p class=\"p2\">En mai 36, Aragon participe avec son parti \u00e0 la victoire \u00e9lectorale du Front Populaire. Thorez incarne la nouvelle strat\u00e9gie d\u2019alliance des communistes avec les d\u00e9mocrates de gauches, socialistes et radicaux. Le PCF reste toutefois \u00e0 l\u2019ext\u00e9rieur du gouvernement Blum.<\/p>\n<p class=\"p2\">Drieu la Rochelle f\u00eate, lui aussi, sa propre conversion politique. Il adh\u00e8re au nouveau Parti Populaire Fran\u00e7ais, PPF, que cr\u00e9e alors Jacques Doriot. Il devient membre du comit\u00e9 central et \u00e9ditorialiste renomm\u00e9 de son journal <i>L\u2019Emancipation Nationale<\/i>.<\/p>\n<p class=\"p2\">Doriot, l\u2019\u00e9toile montante du Parti Communiste, s\u2019en est fait exclure apr\u00e8s une suite de divergences croissantes. Il avait pr\u00e9conis\u00e9 trop t\u00f4t la strat\u00e9gie de front populaire, quand Moscou n\u2019en voulait pas. Il s\u2019est ensuite affront\u00e9 avec Thorez sur la question des alliances. Il d\u00e9nonce maintenant un nouveau communisme \u00ab\u00a0belliciste\u00a0\u00bb.<br \/>Son attirance pour les id\u00e9ologies autoritaires de droite semble in\u00e9luctable.<\/p>\n<p class=\"p2\">Doriot est devenu le ren\u00e9gat du PCF, mais son ascension se poursuit avec le PPF de mani\u00e8re spectaculaire.<\/p>\n<p class=\"p2\">Drieu la Rochelle a trouv\u00e9 son mentor. Il \u00e9crit un essai laudateur\u00a0: <i>Doriot ou la vie d\u2019un ouvrier fran\u00e7ais.<\/i><\/p>\n<p class=\"p2\">\u00c0 l\u2019autre bout de l\u2019\u00e9chiquier politique, Aragon loue les succ\u00e8s de Thorez.<\/p>\n<p class=\"p2\">Drieu avec Doriot, Aragon avec Thorez : les deux \u00e9crivains, amis intimes dix plus t\u00f4t, sont devenus d\u2019irr\u00e9ductibles ennemis.<br \/>Aragon est maintenant est du c\u00f4t\u00e9 du pouvoir qui dirige le pays.<\/p>\n<p class=\"p2\">\u00c0 l\u2019\u00e9t\u00e9 36, le Front Populaire est mis en \u00e9moi par la r\u00e9bellion franquiste.<br \/>D\u00e9j\u00e0, trois mois plus t\u00f4t, l\u2019occupation de la Rh\u00e9nanie par l\u2019Allemagne avait alarm\u00e9 les partisans de la paix\u00a0\u2013 d\u2019autant que la France n\u2019avait pas r\u00e9agi \u00e0 cette entorse aux r\u00e8glements de 1918.<br \/>L\u2019inqui\u00e9tude s\u2019\u00e9tait poursuivie en mai, avec l\u2019entr\u00e9e des troupes italiennes \u00e0 Addis-Abeba.<br \/>Des bruits de botte r\u00e9sonnent maintenant dans trois pays limitrophes de la France\u00a0\u2013 Allemagne, Italie, Espagne.<\/p>\n<p class=\"p2\">Au sein du gouvernement, des graves dissensions surgissent \u00e0 propos de l\u2019Espagne. Les premiers succ\u00e8s de Franco mettent les dirigeants pieds au mur. Faut-il intervenir pour aider la r\u00e9publique espagnole\u00a0?<\/p>\n<p class=\"p2\">Les radicaux sont, dans leur majorit\u00e9, hostiles \u00e0 toute intervention.<\/p>\n<p class=\"p2\">Les socialistes de la SFIO, eux-m\u00eames divis\u00e9s, temporisent. L\u00e9on Blum penche pour un soutien limit\u00e9, puis se r\u00e9sout \u00e0 une neutralit\u00e9 g\u00e9n\u00e9rale. Il propose un accord de \u00ab\u00a0non-intervention\u00a0\u00bb qui sera accept\u00e9 par vingt-cinq pays, dont l\u2019Allemagne et l\u2019Italie.<br \/>Le 6 septembre 36, Blum prononce un c\u00e9l\u00e8bre discours (Luna Park) pour justifier sa politique : \u00ab Dites-vous que cette conduite qu\u2019on nous reproche (\u2026) a peut-\u00eatre, \u00e0 une ou des heures particuli\u00e8rement critiques, \u00e9cart\u00e9 de l\u2019Europe le danger d\u2019une conflagration g\u00e9n\u00e9rale. \u00bb<\/p>\n<p class=\"p2\">Aragon, comme tous les communistes, exige une aide militaire.<br \/>D\u00e8s le mois d\u2019ao\u00fbt, Thorez a lanc\u00e9 sa campagne \u00ab\u00a0Des canons, des avions pour l\u2019Espagne\u00a0!\u00a0\u00bb Le Parti met bient\u00f4t en place l\u2019organisation des Brigades Internationales, dont la cr\u00e9ation a \u00e9t\u00e9 d\u00e9cid\u00e9e par le Komintern.<\/p>\n<p class=\"p2\">La poursuite de la guerre, et l\u2019arriv\u00e9e d\u2019une aide massive de Hitler et Mussolini \u00e0 la r\u00e9bellion, ravivent les contradictions de la gauche.<\/p>\n<p class=\"p2\">Une dissociation commence \u00e0 s\u2019op\u00e9rer entre pacifistes et antifascistes.<\/p>\n<p class=\"p2\">Les premiers\u00a0d\u00e9noncent l\u2019antifascisme comme une nouvelle forme de nationalisme ou de bellicisme. Ils voient l\u2019influence de Moscou et ne veulent pas se laisser entra\u00eener Ils pr\u00f4nent la non-intervention en Espagne et r\u00e9pugnent \u00e0 une confrontation directe avec l\u2019Allemagne hitl\u00e9rienne.<br \/>Ce courant r\u00e9unit les radicaux, et une partie des socialistes derri\u00e8re Paul Faure.\u00a0Les pacifistes int\u00e9graux se recrutent aussi dans le monde associatif et syndical, notamment au puissant SNI (Syndicat des Instituteurs).<\/p>\n<p class=\"p2\">Les antifascistes, \u00e0 l\u2019inverse, pr\u00f4nent le combat, m\u00eame militaire, comme seul moyen de sauver la d\u00e9mocratie. C\u2019est la position du PCF, de fractions de la SFIO, du syndicat CGT, et des intellectuels qui ont quitt\u00e9 le CVIA (Comit\u00e9 de Vigilance des Intellectuels Antifascistes).<\/p>\n<p class=\"p2\">Chez les intellectuels, en effet, les divergences ne sont pas moindres. Au CVIA les d\u00e9bats montrent la difficult\u00e9 de conjuguer un antifascisme de combat avec le type de pacifisme pratiqu\u00e9 jusqu\u2019alors.<br \/>Les d\u00e9chirements portent sur l\u2019Espagne et sur l\u2019Allemagne\u00a0\u2013 une partie du Comit\u00e9 r\u00e9clamant la fermet\u00e9 face \u00e0 Hitler, m\u00eame au prix d\u2019une guerre.<br \/>Le CVIA ne r\u00e9siste pas \u00e0 ces antagonismes. Une fraction de militants s\u2019en va, emmen\u00e9e par Langevin, co-fondateur du mouvement.<\/p>\n<p class=\"p2\">Malraux n\u2019a pas ces \u00e9tats d\u2019\u00e2me.<br \/>L\u2019\u00e9crivain choisit d\u2019autres tribunes que les congr\u00e8s. D\u00e8s juillet 36, il a tout laiss\u00e9 pour rallier la R\u00e9publique espagnole.<br \/>Sur place, il cr\u00e9\u00e9e l\u2019escadrille Espa\u00f1a, avec le concours d\u2019aviateurs b\u00e9n\u00e9voles, aussi casse-cou que lui. Il participe aux bombardements de Medellin et d\u2019Olmedo. Pendant six mois, il vit une exp\u00e9rience intense, qui lui inspirera son roman <i>L\u2019espoir<\/i>.<\/p>\n<p class=\"p2\">L\u2019arriv\u00e9e en Espagne des Brigades Internationales, au d\u00e9but 1937, puis la reprise en main de l\u2019arm\u00e9e r\u00e9publicaine par les conseillers sovi\u00e9tiques, met un terme \u00e0 cette aventure. Malraux est \u00e9cart\u00e9 de ses responsabilit\u00e9s et redevient un \u00e9crivain sans fusil.<\/p>\n<p class=\"p2\">Malraux a prouv\u00e9, durant ces quelques mois, ce que signifiait la notion d\u2019intellectuel engag\u00e9. Mais par les temps qui viennent, il vaut mieux agir sous le couvert des partis.<\/p>\n<p class=\"p2\">Malraux, combattant solitaire, h\u00e9ros romantique, c\u00e8de devant le poids des appareils. Son confr\u00e8re communiste Aragon ne risque pas un tel sort\u00a0\u2013 sauf \u00e0 d\u00e9plaire \u00e0 Staline, mais il s\u2019en garde bien.<\/p>\n<p class=\"p2\"><b><br \/>Au risque de l\u2019Espagne.<\/b><\/p>\n<p class=\"p2\">Malraux est revenu \u00e0 Paris \u00e9crire son roman <i>L\u2019Espoir<\/i>, inspir\u00e9 de l\u2019aventure espagnole.<\/p>\n<p class=\"p2\">Aragon entre au comit\u00e9 directeur de <i>Commune<\/i>, \u00ab\u00a0revue litt\u00e9raire fran\u00e7aise pour la d\u00e9fense de la culture\u00a0\u00bb, qui veut mobiliser pour la d\u00e9fense de la R\u00e9publique espagnole.<\/p>\n<p class=\"p2\">En d\u00e9cembre, la revue publie une \u00ab\u00a0D\u00e9claration des intellectuels r\u00e9publicains au sujet des \u00e9v\u00e9nements d\u2019Espagne\u00a0\u00bb.<br \/>Aragon et les co-signataires lancent un appel \u00ab\u00a0\u00e0 l\u2019opinion fran\u00e7aise et \u00e0 la conscience universelle\u00a0\u00bb. Ils d\u00e9plorent l\u2019aide apport\u00e9e par l\u2019Allemagne et l\u2019Italie aux Franquistes, malgr\u00e9 l\u2019accord international. Ils rappellent qu\u2019ils avaient accept\u00e9 la non-intervention pour emp\u00eacher la division fatale de l\u2019Europe en deux camps. Ils demandent maintenant au gouvernement fran\u00e7ais de r\u00e9tablir des relations (au moins commerciales) avec la r\u00e9publique espagnole.<br \/>\u00ab\u00a0La neutralit\u00e9 ne doit pas \u00eatre une duperie\u00a0\u00bb.<\/p>\n<p class=\"p2\">Tous les m\u00e9tiers intellectuels et artistiques\u00a0ont sign\u00e9\u00a0: l\u2019architecte Le Corbusier, le cin\u00e9aste Marcel Carn\u00e9, le compositeur Georges Auric\u2026 et m\u00eame Tristan Tzara\u00a0:\u00a0le fondateur du dada\u00efsme a rejoint son ex-comparse Aragon pour secourir l\u2019Espagne.<\/p>\n<p class=\"p2\">Aragon et Tzara se retrouvent quelques mois plus tard au deuxi\u00e8me Congr\u00e8s de \u00ab\u00a0l\u2019Association internationale des Ecrivains pour la D\u00e9fense de la Culture\u00a0\u00bb, qui se tient \u00e0 Valence et Madrid.<\/p>\n<p class=\"p2\">Cette Association avait \u00e9t\u00e9 cr\u00e9\u00e9e \u00e0 Paris, lors d\u2019un pr\u00e9c\u00e9dent Congr\u00e8s en 1935. C\u2019est maintenant en Espagne, lieu symbolique s\u2019il en est, que se retrouve au d\u00e9but de l\u2019\u00e9t\u00e9 37 toute l\u2019intelligentsia antifasciste mondiale.<\/p>\n<p class=\"p2\">En deux ans, pourtant, la tonalit\u00e9 a bien chang\u00e9. Le congr\u00e8s de 1935 \u00e9tait travers\u00e9 par une r\u00e9flexion existentielle sur l\u2019engagement pour la paix. L\u2019espoir existait encore que la guerre soit \u00e9cart\u00e9e. Le pacifisme pr\u00e9valait sur l\u2019antifascisme.<br \/>En 1937, c\u2019est un \u00ab congr\u00e8s en guerre \u00bb, affirmant son soutien au camp r\u00e9publicain. Les discours sont combatifs, tr\u00e8s politiques, adress\u00e9s \u00e0 un public souvent compos\u00e9 de soldats. On n\u2019y parle plus d\u2019humanisme ou de culture, mais d\u2019un ennemi mortel auquel chacun doit faire face.<br \/>Les intellectuels, pour la premi\u00e8re fois, sont sur la ligne de front.<br \/>C\u2019est l\u2019antifascisme par les armes.<\/p>\n<p class=\"p2\">La pr\u00e9diction lanc\u00e9e par Malraux au pr\u00e9c\u00e9dent congr\u00e8s de 1935 se trouve maintenant v\u00e9rifi\u00e9e\u00a0:\u00a0\u00ab <i>Camarades de<\/i> <i>mon \u00e2ge, vous ne mourrez peut-\u00eatre pas de la guerre, mais vous ne mourrez pas sans avoir<\/i> <i>vu la guerre\u00a0\u00bb<\/i>\u2026<\/p>\n<p class=\"p2\">Malraux est venu assister, lui aussi, \u00e0 ce congr\u00e8s espagnol.<br \/>Il part ensuite s\u00e9journer dans les Pyr\u00e9n\u00e9es avec son amour secret, Josette Clotis.<\/p>\n<p class=\"p2\">Malraux continue de correspondre avec Drieu la Rochelle. Les deux \u00e9crivains restent tr\u00e8s li\u00e9s, malgr\u00e9 leurs parcours divergents.<br \/>Et l\u2019Espagne devient un fort motif de discorde.<\/p>\n<p class=\"p2\">Drieu ach\u00e8ve alors la r\u00e9daction de son roman <i>Gilles<\/i>. Le h\u00e9ros, double de l\u2019auteur, incarne une g\u00e9n\u00e9ration intellectuelle aux prises avec l\u2019\u00e9poque.<br \/>En 1937, justement, Gilles part s\u2019engager aux c\u00f4t\u00e9s des Franquistes.<\/p>\n<p class=\"p2\"><i>Gilles<\/i> contre <i>L\u2019Espoir<\/i>.<br \/>Drieu et Malraux, par h\u00e9ros interpos\u00e9s, se font la guerre d\u2019Espagne.<\/p>\n<p class=\"p2\">Quelque temps apr\u00e8s le congr\u00e8s de Valence-Madrid, Drieu la Rochelle signe un appel publi\u00e9 dans <i>Occident<\/i>, bimensuel franco-espagnol.<br \/>Le texte s\u2019intitule\u00a0: \u00ab\u00a0Manifeste aux intellectuels espagnols\u00a0\u00bb. Il affirme sa solidarit\u00e9 avec la culture espagnole, menac\u00e9e \u00ab\u00a0d\u2019engloutissement\u00a0\u00bb par le communisme international.<br \/>\u00ab\u00a0Nous ne pouvons faire autrement que de souhaiter le triomphe en Espagne de ce qui repr\u00e9sente actuellement la civilisation contre la barbarie, l\u2019ordre et la justice contre la violence, la tradition contre la destruction, les garanties de la personne contre l\u2019arbitraire (\u2026) Notre but est de montrer aux peuples et aux gouvernements que la vraie France et la vraie Espagne sont et restent unies.\u00a0\u00bb<\/p>\n<p class=\"p2\">Les signataires, bien qu\u2019ils d\u00e9clarent\u00a0\u00ab\u00a0Nous nous pla\u00e7ons au-dessus de toute politique\u00a0\u00bb, sont clairement situ\u00e9s \u00e0 droite.<br \/>Aux c\u00f4t\u00e9s de Drieu, on trouve les \u00e9crivains L\u00e9on Daudet et Paul Claudel, mais aussi Charles Maurras et quelques figures qui deviendront c\u00e9l\u00e8bres sous la Collaboration, comme Abel Bonnard ou Philippe Henriot.<br \/>Le th\u00e8me f\u00e9d\u00e9rateur est l\u2019anti-communisme.<\/p>\n<p class=\"p2\">Drieu la Rochelle est pleinement engag\u00e9 dans ce camp.<br \/>Il publie <i>Avec Doriot<\/i>, nouvel essai sur son mentor du PPF.<\/p>\n<p class=\"p2\"><b><br \/>Munich, les derniers beaux jours du pacifisme.<\/b><\/p>\n<p class=\"p2\">En octobre 38, un mois apr\u00e8s les accords de Munich qui ont abandonn\u00e9 les Sud\u00e8tes \u00e0 Hitler, Drieu la Rochelle \u00e9crit\u00a0: \u00ab\u00a0Vivre plus vite et plus fort, cela s\u2019appelle aujourd\u2019hui \u00eatre fasciste\u00a0\u00bb.<\/p>\n<p class=\"p2\">Le fascisme invoqu\u00e9 par Drieu la Rochelle, celui qu\u2019il appelle de ses v\u0153ux, c\u2019est un fascisme fran\u00e7ais adoss\u00e9 sur une Allemagne victorieuse, apte \u00e0 pacifier l\u2019Europe, \u00e0 la r\u00e9g\u00e9n\u00e9rer.<br \/>Une nouvelle culture pourrait na\u00eetre \u00e0 ce prix-l\u00e0.<\/p>\n<p class=\"p2\">En 38, ils ne sont pas nombreux \u00e0 penser comme Drieu.<br \/>La plupart cherchent au contraire une solution pour contrer l\u2019ascension de Hitler, avec ou sans la guerre. De pr\u00e9f\u00e9rence sans.<br \/>Et tous ont consenti\u00a0\u2013 ou applaudi\u00a0\u2013 aux accords de Munich.<\/p>\n<p class=\"p2\">Tous, sauf les communistes.<\/p>\n<p class=\"p2\">Aragon, avec le PCF, d\u00e9nonce les accords sign\u00e9s par Daladier. Il demande que les d\u00e9mocraties occidentales s\u2019unissent \u00e0 l\u2019URSS pour s\u2019opposer \u00e0 l\u2019expansionnisme nazi.<br \/>La position anti-munichoise du Parti Communiste lui vaut d\u2019\u00eatre trait\u00e9 de\u00a0\u00ab\u00a0fauteur de guerre\u00a0\u00bb par les autres mouvements, de gauche comme de droite. De fait, dans le champ politique fran\u00e7ais, c\u2019est le seul parti qui d\u00e9fende une position tranch\u00e9e\u00a0: aucune paix possible avec le fascisme.<\/p>\n<p class=\"p2\">Chez tous les autres, Munich accentue les contradictions. C\u2019est le point de tension extr\u00eame entre le pacifisme et l\u2019antifascisme, requalifi\u00e9 d\u00e9sormais en anti-hitl\u00e9risme. C\u2019est le dernier moment o\u00f9 les deux combats, les deux pens\u00e9es co-existent encore\u00a0\u2013 quoique difficilement\u00a0\u2013 dans les appareils et dans les esprits.<br \/>Ensuite, il faudra faire un choix.<\/p>\n<p class=\"p2\">Tous les partis sont pris dans la tourmente.<\/p>\n<p class=\"p2\">Le Parti radical, parti de Daladier au pouvoir, est divis\u00e9 entre les pacifistes et les partisans de la fermet\u00e9.<br \/>Les uns veulent l\u2019apaisement et d\u00e9noncent le \u00ab\u00a0bellicisme d\u00e9magogique\u00a0\u00bb des communistes\u00a0; les autres pensent qu\u2019un r\u00e9pit est n\u00e9cessaire parce que le pays n\u2019est pas encore pr\u00eat \u00e0 faire la guerre.<br \/>Ils sont tous munichois, mais pour des raisons oppos\u00e9es.<\/p>\n<p class=\"p2\">La SFIO socialiste\u00a0est, elle aussi, \u00e9cartel\u00e9e.<br \/>Une tendance, derri\u00e8re Paul Faure, accompagne son pacifisme traditionnel d\u2019un anticommunisme virulent.<br \/>L\u2019autre, derri\u00e8re L\u00e9on Blum, pousse le parti \u00e0 la fermet\u00e9.<br \/>Les deux camps s\u2019accusent d\u2019\u00ab\u00a0antifascisme belliqueux\u00a0\u00bb et de \u00ab pacifisme b\u00ealant \u00bb, la scission est \u00e9vit\u00e9e de justesse.<\/p>\n<p class=\"p2\">Le clivage se retrouve dans les syndicats, notamment \u00e0 la CGT, o\u00f9 les uns veulent organiser un front antifasciste, quand les autres r\u00e9sument ainsi leur pacifisme int\u00e9gral\u00a0: \u00ab\u00a0Plut\u00f4t la servitude que la guerre. Parce que la servitude, on en sort\u00a0; et que la guerre, on n\u2019en revient pas\u00a0\u00bb\u2026<\/p>\n<p class=\"p2\">La droite nationaliste est, elle aussi, nou\u00e9e de contradictions.<\/p>\n<p class=\"p2\">En septembre 38, juste avant Munich, une manchette barrait la premi\u00e8re page du journal de l\u2019Action Fran\u00e7aise\u00a0: \u00ab\u00a0A bas la guerre\u00a0!\u00a0\u00bb<br \/>Maurras, germanophobe par tradition, reste pourtant pacifiste. Mais il d\u00e9nonce le d\u00e9sarmement du pays, dont il rend la gauche responsable.<\/p>\n<p class=\"p2\">Au Parti Social Fran\u00e7ais (PSF, premier parti de France, qui a remplac\u00e9 le mouvement dissous des Croix-de-Feu), le Colonel de la Rocque est hostile \u00e0 Hitler et crie son patriotisme. Mais il pr\u00f4ne, lui aussi, la prudence.<\/p>\n<p class=\"p2\">On n\u2019en finirait pas d\u2019\u00e9num\u00e9rer les contradictions des partis politiques. La ligne de partage ne recouvre pas l\u2019opposition droite\/gauche. Elle traverse tous les camps, pour des motifs divers.<\/p>\n<p class=\"p2\">Un seul point commun peut r\u00e9unir les partisans inconditionnels de la paix, de droite comme de gauche : l\u2019anticommunisme. Cette dimension est tr\u00e8s pr\u00e9sente dans le consentement munichois. Pour certains dirigeants, cela va jusqu\u2019au calcul risqu\u00e9\u00a0: sauver la paix \u00e0 tout prix, quitte \u00e0 abandonner l\u2019Europe centrale \u00e0 Hitler, permettra de faire obstacle \u00e0 l\u2019URSS.<\/p>\n<p class=\"p2\">Aragon et ses amis, qualifi\u00e9s de \u00ab\u00a0moscoutaires\u00a0\u00bb, deviennent en cette fin 1938 l\u2019objet de la vindicte publique.<br \/>L\u2019\u00e9chec d\u2019une tentative de gr\u00e8ve g\u00e9n\u00e9rale accentue l\u2019isolement du PCF. La r\u00e9pression polici\u00e8re et patronale qui s\u2019ensuit sonne le glas des acquis du Front Populaire.<\/p>\n<p class=\"p2\">Aragon et tous les \u00ab\u00a0camarades\u00a0\u00bb voient s\u2019\u00e9loigner les espoirs de 36.<\/p>\n<p class=\"p2\"><b><br \/>Veill\u00e9e d\u2019armes.<\/b><\/p>\n<p class=\"p2\">Le 23 ao\u00fbt 39, Aragon \u00e9crit dans le quotidien communiste <i>Ce soir, <\/i>dont il est le r\u00e9dacteur en chef. Son \u00e9ditorial r\u00e9pond \u00e0 la nouvelle stup\u00e9fiante qui vient de tomber\u00a0sur les t\u00e9l\u00e9scripteurs\u00a0: la signature d\u2019un pacte militaire entre l\u2019URSS et l\u2019Allemagne nazie.<br \/>\u00ab\u00a0Silence \u00e0 la meute antisovi\u00e9tique\u00a0!, s\u2019exclame Aragon. Le pacte de non-agression avec l\u2019Allemagne, impos\u00e9 \u00e0 Hitler, c\u2019est le triomphe de la volont\u00e9 de paix sovi\u00e9tique.\u00a0\u00bb<\/p>\n<p class=\"p2\">Aragon, comme tout militant du PCF, doit pourtant \u00eatre \u00e9branl\u00e9 par ce pacte qui reconfigure soudain les analyses. Comment expliquer l\u2019alliance du Parti fr\u00e8re avec le fascisme combattu depuis des ann\u00e9es\u00a0? Pourquoi ne pas avoir \u00e9t\u00e9 m\u00eame pr\u00e9venu\u00a0?<\/p>\n<p class=\"p2\">L\u2019\u00e9moi au sein du PCF devient furie \u00e0 l\u2019ext\u00e9rieur. Tous d\u00e9noncent un coup de poignard dans le dos du patriotisme fran\u00e7ais.<br \/>L\u2019hallali est aussit\u00f4t sonn\u00e9 contre les communistes.<br \/>Le journal d\u2019Aragon est saisi. Toute la presse communiste est interdite de publication. Le PCF est mis hors la loi et ses d\u00e9put\u00e9s d\u00e9poss\u00e9d\u00e9s de leurs mandats. Plusieurs dirigeants sont emprisonn\u00e9s.<br \/>Aragon se r\u00e9fugie \u00e0 l\u2019ambassade du Chili chez son ami, le po\u00e8te Neruda.<\/p>\n<p class=\"p2\">Quelques jours plus tard, quand l\u2019Allemagne attaque la Pologne, la France d\u00e9clare la guerre.<\/p>\n<p class=\"p2\">C\u2019est la conclusion logique des derniers mois.<br \/>En mars, les troupes allemandes \u00e9taient entr\u00e9es \u00e0 Prague pour d\u00e9pecer la Tch\u00e9coslovaquie. Depuis, la France avait renonc\u00e9 \u00e0 toute conciliation avec Hitler. L\u2019heure n\u2019\u00e9tait plus \u00e0 la volont\u00e9 de paix.<br \/>Apr\u00e8s la signature en ao\u00fbt du pacte germano-sovi\u00e9tique, la d\u00e9termination allemande a repris. Et le jeu des alliances a fait le reste.<\/p>\n<p class=\"p2\">D\u00e9sormais, la certitude d\u2019un affrontement n\u2019\u00e9chappe plus \u00e0 personne.<br \/>Pour d\u00e9fendre encore la paix, il n\u2019y a plus qu\u2019une poign\u00e9e de pacifistes irr\u00e9ductibles et le PCF d\u00e9fait.<\/p>\n<p class=\"p2\">Les communistes, malgr\u00e9 leur sentiment, ne veulent pas d\u00e9serter.<br \/>Aragon, mobilis\u00e9 comme m\u00e9decin-auxiliaire, rejoint aussit\u00f4t son r\u00e9giment.<\/p>\n<p>Il se fond dans la cohorte des millions de Fran\u00e7ais r\u00e9sign\u00e9s.<\/p>\n<p class=\"p2\">Malraux, \u00e0 l\u2019inverse, \u00e9prouve des difficult\u00e9s \u00e0 se faire accepter comme engag\u00e9 volontaire. On finit par l\u2019incorporer en novembre dans une unit\u00e9 de chars, \u00e0 Provins.<\/p>\n<p class=\"p2\">Pour les deux hommes, la conclusion est am\u00e8re. Pendant dix ans, ils ont lutt\u00e9 pour la paix et contre le fascisme. Ils ont maintenant la guerre. Et ils auront bient\u00f4t le nazisme.<\/p>\n<p class=\"p2\">Le troisi\u00e8me homme, Drieu la Rochelle, est le seul heureux d\u2019entre eux.<br \/>Il attendait la guerre pour d\u00e9gager l\u2019horizon. Il souhaite maintenant que la tourmente fasse enfin surgir une culture purifi\u00e9e.<\/p>\n<p class=\"p2\"><b>\u00a0<\/b><\/p>\n<p class=\"p2\">Epilogue\u00a0: <b>LA PAIX ALLEMANDE<\/b><\/p>\n<p class=\"p2\"><b><\/b><\/p>\n<p class=\"p2\"><b>\u00a0<\/b>La France est d\u00e9faite en quelques semaines de mai 40.<\/p>\n<p class=\"p2\">Aragon, avant d\u2019\u00eatre fait prisonnier, s\u2019est bien battu. Il est d\u00e9cor\u00e9 de la Croix de guerre et de la m\u00e9daille militaire.<\/p>\n<p class=\"p2\">Malraux, lui aussi, est fait prisonnier. Sa guerre a \u00e9t\u00e9 br\u00e8ve et absurde\u00a0: \u00ab\u00a0Nos chars de Provins \u00e9taient hors d\u2019\u00e9tat de nous porter hors du polygone d\u2019entra\u00eenement. En mai nous avons fait mouvement \u00e0 pied\u00a0(\u2026) et le 16, nous \u00e9tions faits prisonniers comme des fantassins.\u00a0\u00bb<br \/>En mati\u00e8re de blind\u00e9s, les strat\u00e8ges n\u2019avaient pas suivi les conseils avis\u00e9s du commandant De Gaulle. Malraux aura l\u2019occasion d\u2019en reparler plus tard avec le G\u00e9n\u00e9ral\u2026<\/p>\n<p class=\"p2\">Malraux et Aragon parviennent \u00e0 \u00e9viter la captivit\u00e9 en Allemagne.<\/p>\n<p class=\"p2\">Ils vont se r\u00e9fugier en zone libre\u00a0: Malraux dans le sud-ouest, Aragon sur la C\u00f4te d\u2019Azur.<br \/>Ils vivent une p\u00e9riode attentiste, comme tant d\u2019autres Fran\u00e7ais. C\u2019est le d\u00e9but du Mar\u00e9chalisme, dont peu pr\u00e9voient la d\u00e9rive ultra-r\u00e9actionnaire.<\/p>\n<p class=\"p2\">Aragon \u00e9crit et publie. Il subit les contradictions de son parti.<br \/>Le PCF vit une situation paralysante : Thorez est \u00e0 Moscou \u2013 en paix avec l\u2019Allemagne \u2013 et l\u2019appareil d\u00e9nonce officiellement la \u00ab guerre imp\u00e9rialiste \u00bb qui a men\u00e9 la France \u00e0 la d\u00e9faite ; mais simultan\u00e9ment, des militants communistes accomplissent en territoire occup\u00e9 des actes de sabotage.<\/p>\n<p class=\"p2\">Mais l\u2019heure n\u2019est pas encore \u00e0 l\u2019affrontement.<br \/>Le Reich est triomphant. En France, le mot \u00ab\u00a0paix\u00a0\u00bb a retrouv\u00e9 tout son lustre. C\u2019est la paix des vainqueurs, accept\u00e9e par Vichy en expiation des \u00ab\u00a0mensonges qui ont fait tant de mal \u00bb. C\u2019est la <i>Pax germanica<\/i> souhait\u00e9e par les authentiques fascistes, les jeunes id\u00e9ologues de <i>Je suis partout<\/i> (Brasillach, Rebatet, Cousteau), ou les adeptes d\u2019une culture europ\u00e9enne renouvel\u00e9e sous direction allemande, comme Drieu la Rochelle.<\/p>\n<p class=\"p2\">Depuis la d\u00e9faite, Drieu la Rochelle a vu ses espoirs exauc\u00e9s. Il a pris la direction de la prestigieuse NRF\u00a0\u2013 o\u00f9 il publie notamment <i>Les voyageurs de l\u2019Imp\u00e9riale<\/i> d\u2019Aragon. Il \u00e9crit aussi dans des journaux collaborateurs et vante la situation pr\u00e9sente\u00a0: le \u00ab socialisme fasciste\u00a0\u00bb.<\/p>\n<p class=\"p2\">\u00c0 l\u2019automne 41, il entreprend un \u00ab Voyage en Allemagne \u00bb avec quelques \u00e9crivains engag\u00e9s : Brasillach, Chardonne, Jouhandeau. Le voyage, pilot\u00e9 par la Propaganda nazie, comporte un s\u00e9jour dans la ville de Goethe et une entrevue avec le Dr Goebbels.<br \/>Drieu et ses amis offrent leur talent \u00e0 la nouvelle culture continentale. Pour eux, l\u2019Europe a trouv\u00e9 son centre de gravit\u00e9 avec l\u2019Allemagne nazie.<\/p>\n<p class=\"p2\">C\u2019est vrai que, jusqu\u2019en 1942, l\u2019Europe semble avoir trouv\u00e9 son ma\u00eetre.<\/p>\n<p class=\"p2\">Les combats d\u2019avant-guerre semblent loin. L\u2019antifascisme, le pacifisme\u2026<\/p>\n<p class=\"p2\">Drieu la Rochelle poursuit son amiti\u00e9 avec Malraux.<br \/>Les deux hommes se rencontrent \u00e0 Paris. Drieu accepte d\u2019\u00eatre le parrain du gar\u00e7on que Malraux a eu avec Josette Clotis.<\/p>\n<p class=\"p2\">Drieu refuse en revanche de poursuivre l\u2019\u00e9dition d\u2019Aragon \u00e0 la NRF. Les contacts sont rompus, l\u2019\u00e9crivain communiste a pris le virage de son parti. Depuis l\u2019invasion de l\u2019URSS par l\u2019Allemagne, le PCF clandestin pr\u00f4ne la r\u00e9sistance arm\u00e9e.<br \/>Aragon devient le po\u00e8te partisan, l\u2019\u00e9crivain des combattants.<\/p>\n<p class=\"p2\">Le conflit est maintenant clair et les lignes se reforment\u00a0: la paix signifie l\u2019abdication devant l\u2019ennemi, le combat doit reprendre.<\/p>\n<p class=\"p2\">Dans toute l\u2019Europe, le grand tournant de la guerre se joue en 1942\/43.<\/p>\n<p class=\"p2\">Pour Aragon,\u00a0la lutte anti-nazie ravive le credo de l\u2019antifascisme\u00a0\u2013 celui du Front Populaire et de la guerre d\u2019Espagne. Le po\u00e8te chante sur tous les tons l\u2019engagement militant, de <i>La Patrie des cent visages <\/i>\u00e0<i> La Chanson du franc-tireur<\/i>.<br \/>Il organise clandestinement la R\u00e9sistance dans les milieux intellectuels.<\/p>\n<p class=\"p2\">Malraux retrouve aussi son esprit insoumis d\u2019avant-guerre.<br \/>Il noue des contacts avec la R\u00e9sistance d\u00e8s l\u2019automne 43. Il rejoint bient\u00f4t le maquis et prend le nom de \u00ab\u00a0Colonel Berger\u00a0\u00bb.<\/p>\n<p class=\"p2\">\u00c0 Paris, Drieu commence \u00e0 \u00e9prouver quelques d\u00e9sillusions. Il doute que le nazisme m\u00e8ne au socialisme esp\u00e9r\u00e9 et confie \u00e0 son Journal une admiration secr\u00e8te pour Staline\u2026<\/p>\n<p class=\"p2\">La vie romanesque de Malraux ne se ralentit pas.<br \/>En juillet 44, il est arr\u00eat\u00e9 par les soldats allemands lors d\u2019un mitraillage, emprisonn\u00e9 et malmen\u00e9, puis lib\u00e9r\u00e9 par un coup de force des maquisards du groupe Jean-Pierre Vernant.<br \/>En septembre, il prend la direction d\u2019une \u00ab Brigade ind\u00e9pendante d\u2019Alsace-Lorraine \u00bb cr\u00e9\u00e9e par un groupe d\u2019Alsaciens men\u00e9s par un ex-militant de l\u2019Action Fran\u00e7aise\u2026<br \/>Il part alors combattre pour la lib\u00e9ration de l\u2019Est de la France, d\u00e9butant ici un long chemin aux c\u00f4t\u00e9s du G\u00e9n\u00e9ral De Gaulle.<\/p>\n<p class=\"p2\">Le couple Malraux\/De Gaulle, qui en \u00e9tonnera plus d\u2019un, trouve sa source dans cette \u00e9poque h\u00e9ro\u00efque de la guerre.<br \/>Malraux restera fid\u00e8le au G\u00e9n\u00e9ral jusqu\u2019\u00e0 sa mort.<\/p>\n<p class=\"p2\">Le 15 mars 45, la Brigade Malraux est dissoute pour \u00eatre incorpor\u00e9e aux arm\u00e9es r\u00e9guli\u00e8res alli\u00e9es.<br \/>Ce m\u00eame jour, \u00e0 Paris, Drieu la Rochelle se suicide.<br \/>Drieu \u00e9tait recherch\u00e9 pour faits de collaboration et risquait l\u2019ex\u00e9cution. Il avait refus\u00e9 une offre de Malraux, dispos\u00e9 \u00e0 l\u2019aider.<\/p>\n<p class=\"p2\">Drieu la Rochelle dispara\u00eet un mois apr\u00e8s la mort de Doriot, le chef du PPF auquel il avait offert sa plume et son admiration.<br \/>Doriot meurt sous uniforme allemand, encore nourri de projets.<br \/>Drieu se tue sans aucune illusion.<\/p>\n<p class=\"p2\">Aragon, quant \u00e0 lui, est revenu \u00e0 la vie civile d\u00e8s la Lib\u00e9ration de Paris. Il retrouve bient\u00f4t Thorez, rentr\u00e9 de Moscou et remis \u00e0 la t\u00eate du PCF.<br \/>L\u2019\u00e9crivain est promu po\u00e8te officiel des combattants de l\u2019ombre.<\/p>\n<p class=\"p2\">Une nouvelle \u00e9poque commence.<br \/>De nos trois \u00e9crivains, il n\u2019en reste plus que deux.<br \/>Leur vie apr\u00e8s 1945 aura peu de points communs avec ce qui s\u2019\u00e9tait pass\u00e9 avant-guerre.<\/p>\n<p class=\"p3\" style=\"text-align: right;\">Fran\u00e7ois Caillat<\/p>\n<p>[\/et_pb_toggle][\/et_pb_column][\/et_pb_row][et_pb_row column_structure=\u00a0\u00bb1_4,3_4&Prime; _builder_version=\u00a0\u00bb4.16&Prime; background_size=\u00a0\u00bbinitial\u00a0\u00bb background_position=\u00a0\u00bbtop_left\u00a0\u00bb background_repeat=\u00a0\u00bbrepeat\u00a0\u00bb global_colors_info=\u00a0\u00bb{}\u00a0\u00bb][et_pb_column type=\u00a0\u00bb1_4&Prime; _builder_version=\u00a0\u00bb4.16&Prime; custom_padding=\u00a0\u00bb|||\u00a0\u00bb global_colors_info=\u00a0\u00bb{}\u00a0\u00bb custom_padding__hover=\u00a0\u00bb|||\u00a0\u00bb][\/et_pb_column][et_pb_column type=\u00a0\u00bb3_4&Prime; _builder_version=\u00a0\u00bb4.16&Prime; custom_padding=\u00a0\u00bb|||\u00a0\u00bb global_colors_info=\u00a0\u00bb{}\u00a0\u00bb custom_padding__hover=\u00a0\u00bb|||\u00a0\u00bb][et_pb_divider show_divider=\u00a0\u00bboff\u00a0\u00bb _builder_version=\u00a0\u00bb4.16&Prime; background_color=\u00a0\u00bbrgba(244,244,244,0.87)\u00a0\u00bb height=\u00a0\u00bb16px\u00a0\u00bb global_colors_info=\u00a0\u00bb{}\u00a0\u00bb][\/et_pb_divider][\/et_pb_column][\/et_pb_row][et_pb_row column_structure=\u00a0\u00bb1_4,3_4&Prime; _builder_version=\u00a0\u00bb4.16&Prime; background_size=\u00a0\u00bbinitial\u00a0\u00bb background_position=\u00a0\u00bbtop_left\u00a0\u00bb background_repeat=\u00a0\u00bbrepeat\u00a0\u00bb global_colors_info=\u00a0\u00bb{}\u00a0\u00bb][et_pb_column type=\u00a0\u00bb1_4&Prime; _builder_version=\u00a0\u00bb4.16&Prime; custom_padding=\u00a0\u00bb|||\u00a0\u00bb global_colors_info=\u00a0\u00bb{}\u00a0\u00bb custom_padding__hover=\u00a0\u00bb|||\u00a0\u00bb][\/et_pb_column][et_pb_column type=\u00a0\u00bb3_4&Prime; _builder_version=\u00a0\u00bb4.16&Prime; custom_padding=\u00a0\u00bb|||\u00a0\u00bb global_colors_info=\u00a0\u00bb{}\u00a0\u00bb custom_padding__hover=\u00a0\u00bb|||\u00a0\u00bb][\/et_pb_column][\/et_pb_row][et_pb_row column_structure=\u00a0\u00bb1_4,3_4&Prime; _builder_version=\u00a0\u00bb4.16&Prime; background_size=\u00a0\u00bbinitial\u00a0\u00bb background_position=\u00a0\u00bbtop_left\u00a0\u00bb background_repeat=\u00a0\u00bbrepeat\u00a0\u00bb global_colors_info=\u00a0\u00bb{}\u00a0\u00bb][et_pb_column type=\u00a0\u00bb1_4&Prime; _builder_version=\u00a0\u00bb4.16&Prime; custom_padding=\u00a0\u00bb|||\u00a0\u00bb global_colors_info=\u00a0\u00bb{}\u00a0\u00bb custom_padding__hover=\u00a0\u00bb|||\u00a0\u00bb][\/et_pb_column][et_pb_column type=\u00a0\u00bb3_4&Prime; _builder_version=\u00a0\u00bb4.16&Prime; custom_padding=\u00a0\u00bb|||\u00a0\u00bb global_colors_info=\u00a0\u00bb{}\u00a0\u00bb custom_padding__hover=\u00a0\u00bb|||\u00a0\u00bb][et_pb_text admin_label=\u00a0\u00bbDepuis le film (titre)\u00a0\u00bb module_id=\u00a0\u00bbdepuis\u00a0\u00bb _builder_version=\u00a0\u00bb4.16&Prime; global_colors_info=\u00a0\u00bb{}\u00a0\u00bb]<\/p>\n<h2>Depuis le film<\/h2>\n<p>[\/et_pb_text][et_pb_toggle title=\u00a0\u00bbprojections et diffusions\u00a0\u00bb open_toggle_background_color=\u00a0\u00bbrgba(244,244,244,0.87)\u00a0\u00bb closed_toggle_background_color=\u00a0\u00bbrgba(244,244,244,0.87)\u00a0\u00bb admin_label=\u00a0\u00bbDepuis le film (texte)\u00a0\u00bb _builder_version=\u00a0\u00bb4.16&Prime; title_level=\u00a0\u00bbh3&Prime; title_font=\u00a0\u00bb|600|||||||\u00a0\u00bb global_colors_info=\u00a0\u00bb{}\u00a0\u00bb](remplissage en cours)<br \/>\n[\/et_pb_toggle][\/et_pb_column][\/et_pb_row][et_pb_row column_structure=\u00a0\u00bb1_4,3_4&Prime; _builder_version=\u00a0\u00bb4.16&Prime; background_size=\u00a0\u00bbinitial\u00a0\u00bb background_position=\u00a0\u00bbtop_left\u00a0\u00bb background_repeat=\u00a0\u00bbrepeat\u00a0\u00bb global_colors_info=\u00a0\u00bb{}\u00a0\u00bb][et_pb_column type=\u00a0\u00bb1_4&Prime; _builder_version=\u00a0\u00bb4.16&Prime; custom_padding=\u00a0\u00bb|||\u00a0\u00bb global_colors_info=\u00a0\u00bb{}\u00a0\u00bb custom_padding__hover=\u00a0\u00bb|||\u00a0\u00bb][\/et_pb_column][et_pb_column type=\u00a0\u00bb3_4&Prime; _builder_version=\u00a0\u00bb4.16&Prime; custom_padding=\u00a0\u00bb|||\u00a0\u00bb global_colors_info=\u00a0\u00bb{}\u00a0\u00bb custom_padding__hover=\u00a0\u00bb|||\u00a0\u00bb][et_pb_divider show_divider=\u00a0\u00bboff\u00a0\u00bb _builder_version=\u00a0\u00bb4.16&Prime; background_color=\u00a0\u00bbrgba(244,244,244,0.87)\u00a0\u00bb height=\u00a0\u00bb16px\u00a0\u00bb global_colors_info=\u00a0\u00bb{}\u00a0\u00bb][\/et_pb_divider][\/et_pb_column][\/et_pb_row][et_pb_row column_structure=\u00a0\u00bb1_4,3_4&Prime; module_id=\u00a0\u00bbphotos_esp\u00a0\u00bb _builder_version=\u00a0\u00bb4.16&Prime; global_colors_info=\u00a0\u00bb{}\u00a0\u00bb][et_pb_column type=\u00a0\u00bb1_4&Prime; _builder_version=\u00a0\u00bb4.16&Prime; custom_padding=\u00a0\u00bb|||\u00a0\u00bb global_colors_info=\u00a0\u00bb{}\u00a0\u00bb custom_padding__hover=\u00a0\u00bb|||\u00a0\u00bb][\/et_pb_column][et_pb_column type=\u00a0\u00bb3_4&Prime; _builder_version=\u00a0\u00bb4.16&Prime; custom_padding=\u00a0\u00bb|||\u00a0\u00bb global_colors_info=\u00a0\u00bb{}\u00a0\u00bb custom_padding__hover=\u00a0\u00bb|||\u00a0\u00bb][et_pb_text admin_label=\u00a0\u00bbPhotos\u00a0\u00bb module_id=\u00a0\u00bbphotos\u00a0\u00bb _builder_version=\u00a0\u00bb4.16&Prime; global_colors_info=\u00a0\u00bb{}\u00a0\u00bb]<\/p>\n<h2 class=\"page-title\">Photos<\/h2>\n<p>[\/et_pb_text][et_pb_gallery gallery_ids=\u00a0\u00bb1031&Prime; posts_number=\u00a0\u00bb25&Prime; show_title_and_caption=\u00a0\u00bboff\u00a0\u00bb zoom_icon_color=\u00a0\u00bb#2ea3f2&Prime; _builder_version=\u00a0\u00bb4.27.4&Prime; hover_enabled=\u00a0\u00bb0&Prime; pagination_font_size_tablet=\u00a0\u00bb51&Prime; pagination_line_height_tablet=\u00a0\u00bb2&Prime; global_colors_info=\u00a0\u00bb{}\u00a0\u00bb sticky_enabled=\u00a0\u00bb0&Prime;][\/et_pb_gallery][\/et_pb_column][\/et_pb_row][et_pb_row column_structure=\u00a0\u00bb1_4,3_4&Prime; _builder_version=\u00a0\u00bb4.16&Prime; background_size=\u00a0\u00bbinitial\u00a0\u00bb background_position=\u00a0\u00bbtop_left\u00a0\u00bb background_repeat=\u00a0\u00bbrepeat\u00a0\u00bb global_colors_info=\u00a0\u00bb{}\u00a0\u00bb][et_pb_column type=\u00a0\u00bb1_4&Prime; _builder_version=\u00a0\u00bb4.16&Prime; custom_padding=\u00a0\u00bb|||\u00a0\u00bb global_colors_info=\u00a0\u00bb{}\u00a0\u00bb custom_padding__hover=\u00a0\u00bb|||\u00a0\u00bb][\/et_pb_column][et_pb_column type=\u00a0\u00bb3_4&Prime; _builder_version=\u00a0\u00bb4.16&Prime; custom_padding=\u00a0\u00bb|||\u00a0\u00bb global_colors_info=\u00a0\u00bb{}\u00a0\u00bb custom_padding__hover=\u00a0\u00bb|||\u00a0\u00bb][et_pb_divider show_divider=\u00a0\u00bboff\u00a0\u00bb _builder_version=\u00a0\u00bb4.16&Prime; background_color=\u00a0\u00bbrgba(244,244,244,0.87)\u00a0\u00bb height=\u00a0\u00bb16px\u00a0\u00bb global_colors_info=\u00a0\u00bb{}\u00a0\u00bb][\/et_pb_divider][\/et_pb_column][\/et_pb_row][et_pb_row column_structure=\u00a0\u00bb1_4,3_4&Prime; _builder_version=\u00a0\u00bb4.16&Prime; background_size=\u00a0\u00bbinitial\u00a0\u00bb background_position=\u00a0\u00bbtop_left\u00a0\u00bb background_repeat=\u00a0\u00bbrepeat\u00a0\u00bb global_colors_info=\u00a0\u00bb{}\u00a0\u00bb][et_pb_column type=\u00a0\u00bb1_4&Prime; _builder_version=\u00a0\u00bb4.16&Prime; custom_padding=\u00a0\u00bb|||\u00a0\u00bb global_colors_info=\u00a0\u00bb{}\u00a0\u00bb custom_padding__hover=\u00a0\u00bb|||\u00a0\u00bb][\/et_pb_column][et_pb_column type=\u00a0\u00bb3_4&Prime; _builder_version=\u00a0\u00bb4.16&Prime; custom_padding=\u00a0\u00bb|||\u00a0\u00bb global_colors_info=\u00a0\u00bb{}\u00a0\u00bb custom_padding__hover=\u00a0\u00bb|||\u00a0\u00bb][et_pb_text admin_label=\u00a0\u00bbContacts et liens\u00a0\u00bb module_id=\u00a0\u00bbcontact\u00a0\u00bb _builder_version=\u00a0\u00bb4.21.0&Prime; link_text_color=\u00a0\u00bb#919191&Prime; global_colors_info=\u00a0\u00bb{}\u00a0\u00bb]<\/p>\n<h2>Contacts et liens\u00a0: production, diffusion, distribution<\/h2>\n<p>&nbsp;<\/p>\n<p><strong>Supports disponibles \u00e0 la programmation\u00a0<\/strong>:<br \/>Beta num, DVD, liens<\/p>\n<p><strong>Distribution du film\u00a0:<br \/><\/strong>Tempo Films<\/p>\n<p><strong>Location du film<\/strong> pour s\u00e9ances collectives (secteur culturel)\u00a0:<br \/>Contact : tempofilmsprod@gmail.com<\/p>\n<p><strong>Edition DVD<br \/><\/strong>France T\u00e9l\u00e9vision<\/p>\n<p><strong>DVD<\/strong> pour usage priv\u00e9 :<br \/>Contact : tempofilmsprod@gmail.com<\/p>\n<p><a href=\"mailto:cinema.documentaire@laposte.net\"><u><\/u><\/a><\/p>\n<p>[\/et_pb_text][\/et_pb_column][\/et_pb_row][et_pb_row column_structure=\u00a0\u00bb1_4,3_4&Prime; _builder_version=\u00a0\u00bb4.16&Prime; background_size=\u00a0\u00bbinitial\u00a0\u00bb background_position=\u00a0\u00bbtop_left\u00a0\u00bb background_repeat=\u00a0\u00bbrepeat\u00a0\u00bb global_colors_info=\u00a0\u00bb{}\u00a0\u00bb][et_pb_column type=\u00a0\u00bb1_4&Prime; _builder_version=\u00a0\u00bb4.16&Prime; custom_padding=\u00a0\u00bb|||\u00a0\u00bb global_colors_info=\u00a0\u00bb{}\u00a0\u00bb custom_padding__hover=\u00a0\u00bb|||\u00a0\u00bb][\/et_pb_column][et_pb_column type=\u00a0\u00bb3_4&Prime; _builder_version=\u00a0\u00bb4.16&Prime; custom_padding=\u00a0\u00bb|||\u00a0\u00bb global_colors_info=\u00a0\u00bb{}\u00a0\u00bb custom_padding__hover=\u00a0\u00bb|||\u00a0\u00bb][et_pb_divider show_divider=\u00a0\u00bboff\u00a0\u00bb _builder_version=\u00a0\u00bb4.16&Prime; background_color=\u00a0\u00bbrgba(244,244,244,0.87)\u00a0\u00bb height=\u00a0\u00bb16px\u00a0\u00bb global_colors_info=\u00a0\u00bb{}\u00a0\u00bb][\/et_pb_divider][\/et_pb_column][\/et_pb_row][et_pb_row column_structure=\u00a0\u00bb1_4,3_4&Prime; _builder_version=\u00a0\u00bb4.16&Prime; background_size=\u00a0\u00bbinitial\u00a0\u00bb background_position=\u00a0\u00bbtop_left\u00a0\u00bb background_repeat=\u00a0\u00bbrepeat\u00a0\u00bb global_colors_info=\u00a0\u00bb{}\u00a0\u00bb][et_pb_column type=\u00a0\u00bb1_4&Prime; _builder_version=\u00a0\u00bb4.16&Prime; custom_padding=\u00a0\u00bb|||\u00a0\u00bb global_colors_info=\u00a0\u00bb{}\u00a0\u00bb custom_padding__hover=\u00a0\u00bb|||\u00a0\u00bb][\/et_pb_column][et_pb_column type=\u00a0\u00bb3_4&Prime; _builder_version=\u00a0\u00bb4.16&Prime; custom_padding=\u00a0\u00bb|||\u00a0\u00bb global_colors_info=\u00a0\u00bb{}\u00a0\u00bb custom_padding__hover=\u00a0\u00bb|||\u00a0\u00bb][et_pb_text admin_label=\u00a0\u00bbDans la presse (titre)\u00a0\u00bb module_id=\u00a0\u00bbpresse\u00a0\u00bb _builder_version=\u00a0\u00bb4.16&Prime; global_colors_info=\u00a0\u00bb{}\u00a0\u00bb]<\/p>\n<h2>Dans la presse<\/h2>\n<p>[\/et_pb_text][et_pb_text admin_label=\u00a0\u00bbCritique journal\u00a0\u00bb _builder_version=\u00a0\u00bb4.16&Prime; header_2_font=\u00a0\u00bb||on||||||\u00a0\u00bb background_color=\u00a0\u00bbrgba(244,244,244,0.87)\u00a0\u00bb custom_padding=\u00a0\u00bb30px|30px|30px|30px\u00a0\u00bb global_colors_info=\u00a0\u00bb{}\u00a0\u00bb]<\/p>\n<h3>Journal<\/h3>\n<p>(remplissage en cours)<br \/>\n[\/et_pb_text][\/et_pb_column][\/et_pb_row][et_pb_row column_structure=\u00a0\u00bb1_4,3_4&Prime; _builder_version=\u00a0\u00bb4.16&Prime; background_size=\u00a0\u00bbinitial\u00a0\u00bb background_position=\u00a0\u00bbtop_left\u00a0\u00bb background_repeat=\u00a0\u00bbrepeat\u00a0\u00bb global_colors_info=\u00a0\u00bb{}\u00a0\u00bb][et_pb_column type=\u00a0\u00bb1_4&Prime; _builder_version=\u00a0\u00bb4.16&Prime; custom_padding=\u00a0\u00bb|||\u00a0\u00bb global_colors_info=\u00a0\u00bb{}\u00a0\u00bb custom_padding__hover=\u00a0\u00bb|||\u00a0\u00bb][\/et_pb_column][et_pb_column type=\u00a0\u00bb3_4&Prime; _builder_version=\u00a0\u00bb4.16&Prime; custom_padding=\u00a0\u00bb|||\u00a0\u00bb global_colors_info=\u00a0\u00bb{}\u00a0\u00bb custom_padding__hover=\u00a0\u00bb|||\u00a0\u00bb][et_pb_divider show_divider=\u00a0\u00bboff\u00a0\u00bb _builder_version=\u00a0\u00bb4.16&Prime; background_color=\u00a0\u00bbrgba(244,244,244,0.87)\u00a0\u00bb height=\u00a0\u00bb16px\u00a0\u00bb global_colors_info=\u00a0\u00bb{}\u00a0\u00bb][\/et_pb_divider][\/et_pb_column][\/et_pb_row][et_pb_row column_structure=\u00a0\u00bb1_4,3_4&Prime; _builder_version=\u00a0\u00bb4.16&Prime; background_size=\u00a0\u00bbinitial\u00a0\u00bb background_position=\u00a0\u00bbtop_left\u00a0\u00bb background_repeat=\u00a0\u00bbrepeat\u00a0\u00bb global_colors_info=\u00a0\u00bb{}\u00a0\u00bb][et_pb_column type=\u00a0\u00bb1_4&Prime; _builder_version=\u00a0\u00bb4.16&Prime; custom_padding=\u00a0\u00bb|||\u00a0\u00bb global_colors_info=\u00a0\u00bb{}\u00a0\u00bb custom_padding__hover=\u00a0\u00bb|||\u00a0\u00bb][\/et_pb_column][et_pb_column type=\u00a0\u00bb3_4&Prime; _builder_version=\u00a0\u00bb4.16&Prime; custom_padding=\u00a0\u00bb|||\u00a0\u00bb global_colors_info=\u00a0\u00bb{}\u00a0\u00bb custom_padding__hover=\u00a0\u00bb|||\u00a0\u00bb][et_pb_text admin_label=\u00a0\u00bbEnglish \/ Espa\u00f1ol (titre)\u00a0\u00bb module_id=\u00a0\u00bbeng-esp\u00a0\u00bb _builder_version=\u00a0\u00bb4.16&Prime; global_colors_info=\u00a0\u00bb{}\u00a0\u00bb]<\/p>\n<h2>English \/ Espa\u00f1ol \/ Italiano<\/h2>\n<p>[\/et_pb_text][et_pb_tabs admin_label=\u00a0\u00bbEnglish \/ Espa\u00f1ol (r\u00e9sum\u00e9s)\u00a0\u00bb _builder_version=\u00a0\u00bb4.16&Prime; global_colors_info=\u00a0\u00bb{}\u00a0\u00bb][et_pb_tab title=\u00a0\u00bbENGLISH\u00a0\u00bb _builder_version=\u00a0\u00bb4.16&Prime; global_colors_info=\u00a0\u00bb{}\u00a0\u00bb](en cours)<br \/>\n[\/et_pb_tab][et_pb_tab title=\u00a0\u00bbESPA\u00d1OL\u00a0\u00bb _builder_version=\u00a0\u00bb4.16&Prime; global_colors_info=\u00a0\u00bb{}\u00a0\u00bb](en cours)<br \/>\n[\/et_pb_tab][et_pb_tab title=\u00a0\u00bbITALIANO\u00a0\u00bb _builder_version=\u00a0\u00bb4.16&Prime; _module_preset=\u00a0\u00bbdefault\u00a0\u00bb global_colors_info=\u00a0\u00bb{}\u00a0\u00bb]<\/p>\n<p>Lorem ipsum<\/p>\n<p>[\/et_pb_tab][\/et_pb_tabs][\/et_pb_column][\/et_pb_row][et_pb_row column_structure=\u00a0\u00bb1_4,3_4&Prime; _builder_version=\u00a0\u00bb4.16&Prime; background_size=\u00a0\u00bbinitial\u00a0\u00bb background_position=\u00a0\u00bbtop_left\u00a0\u00bb background_repeat=\u00a0\u00bbrepeat\u00a0\u00bb global_colors_info=\u00a0\u00bb{}\u00a0\u00bb][et_pb_column type=\u00a0\u00bb1_4&Prime; _builder_version=\u00a0\u00bb4.16&Prime; custom_padding=\u00a0\u00bb|||\u00a0\u00bb global_colors_info=\u00a0\u00bb{}\u00a0\u00bb custom_padding__hover=\u00a0\u00bb|||\u00a0\u00bb][\/et_pb_column][et_pb_column type=\u00a0\u00bb3_4&Prime; _builder_version=\u00a0\u00bb4.16&Prime; custom_padding=\u00a0\u00bb|||\u00a0\u00bb global_colors_info=\u00a0\u00bb{}\u00a0\u00bb custom_padding__hover=\u00a0\u00bb|||\u00a0\u00bb][et_pb_divider show_divider=\u00a0\u00bboff\u00a0\u00bb _builder_version=\u00a0\u00bb4.16&Prime; background_color=\u00a0\u00bbrgba(244,244,244,0.87)\u00a0\u00bb height=\u00a0\u00bb16px\u00a0\u00bb global_colors_info=\u00a0\u00bb{}\u00a0\u00bb][\/et_pb_divider][\/et_pb_column][\/et_pb_row][\/et_pb_section]<\/p>\n","protected":false},"excerpt":{"rendered":"<p>Aragon, Malraux, \u00a0 \u00a0 Drieu La Rochelle \u2014 d&rsquo;une guerre \u00e0 l&rsquo;autre Aragon, Malraux, \u00a0 Drieu La Rochelle \u2014 d&rsquo;une guerre \u00e0 l&rsquo;autre SynopsisExtrait du filmFiche Technique\u00c0 propos du filmDepuis le filmPhotosContacts et liensDans la presseEngl. \/ Esp. \/ Ital.Film remarquable qui cerne\u00a0la dualit\u00e9 entre le verbe et l\u2019action. TELERAMA Un film au commentaire serr\u00e9, [&hellip;]<\/p>\n","protected":false},"author":2,"featured_media":0,"parent":34,"menu_order":0,"comment_status":"closed","ping_status":"closed","template":"","meta":{"_et_pb_use_builder":"on","_et_pb_old_content":"","_et_gb_content_width":"","footnotes":""},"class_list":["post-790","page","type-page","status-publish","hentry"],"_links":{"self":[{"href":"https:\/\/francoiscaillat.com\/index.php\/wp-json\/wp\/v2\/pages\/790","targetHints":{"allow":["GET"]}}],"collection":[{"href":"https:\/\/francoiscaillat.com\/index.php\/wp-json\/wp\/v2\/pages"}],"about":[{"href":"https:\/\/francoiscaillat.com\/index.php\/wp-json\/wp\/v2\/types\/page"}],"author":[{"embeddable":true,"href":"https:\/\/francoiscaillat.com\/index.php\/wp-json\/wp\/v2\/users\/2"}],"replies":[{"embeddable":true,"href":"https:\/\/francoiscaillat.com\/index.php\/wp-json\/wp\/v2\/comments?post=790"}],"version-history":[{"count":11,"href":"https:\/\/francoiscaillat.com\/index.php\/wp-json\/wp\/v2\/pages\/790\/revisions"}],"predecessor-version":[{"id":7379,"href":"https:\/\/francoiscaillat.com\/index.php\/wp-json\/wp\/v2\/pages\/790\/revisions\/7379"}],"up":[{"embeddable":true,"href":"https:\/\/francoiscaillat.com\/index.php\/wp-json\/wp\/v2\/pages\/34"}],"wp:attachment":[{"href":"https:\/\/francoiscaillat.com\/index.php\/wp-json\/wp\/v2\/media?parent=790"}],"curies":[{"name":"wp","href":"https:\/\/api.w.org\/{rel}","templated":true}]}}