{"id":786,"date":"2018-04-26T19:25:11","date_gmt":"2018-04-26T17:25:11","guid":{"rendered":"http:\/\/francoiscaillat.com\/?page_id=786"},"modified":"2025-11-15T11:43:19","modified_gmt":"2025-11-15T10:43:19","slug":"jmg-le-clezio-entre-les-mondes","status":"publish","type":"page","link":"https:\/\/francoiscaillat.com\/index.php\/entretiens-portraits\/jmg-le-clezio-entre-les-mondes\/","title":{"rendered":"JMG Le Cl\u00e9zio, entre les mondes"},"content":{"rendered":"<p>[et_pb_section fb_built=\u00a0\u00bb1&Prime; admin_label=\u00a0\u00bbPhoto Banni\u00e8re haut\u00a0\u00bb _builder_version=\u00a0\u00bb4.16&Prime; background_image=\u00a0\u00bbhttps:\/\/francoiscaillat.com\/wp-content\/uploads\/2018\/04\/Bannie\u0300reClezio.png\u00a0\u00bb global_colors_info=\u00a0\u00bb{}\u00a0\u00bb][et_pb_row column_structure=\u00a0\u00bb1_2,1_2&Prime; _builder_version=\u00a0\u00bb4.16&Prime; global_colors_info=\u00a0\u00bb{}\u00a0\u00bb][et_pb_column type=\u00a0\u00bb1_2&Prime; _builder_version=\u00a0\u00bb4.16&Prime; custom_padding=\u00a0\u00bb|||\u00a0\u00bb global_colors_info=\u00a0\u00bb{}\u00a0\u00bb custom_padding__hover=\u00a0\u00bb|||\u00a0\u00bb][\/et_pb_column][et_pb_column type=\u00a0\u00bb1_2&Prime; _builder_version=\u00a0\u00bb4.16&Prime; custom_padding=\u00a0\u00bb|||\u00a0\u00bb global_colors_info=\u00a0\u00bb{}\u00a0\u00bb custom_padding__hover=\u00a0\u00bb|||\u00a0\u00bb][\/et_pb_column][\/et_pb_row][et_pb_row _builder_version=\u00a0\u00bb4.16&Prime; global_colors_info=\u00a0\u00bb{}\u00a0\u00bb][et_pb_column type=\u00a0\u00bb4_4&Prime; _builder_version=\u00a0\u00bb4.16&Prime; custom_padding=\u00a0\u00bb|||\u00a0\u00bb global_colors_info=\u00a0\u00bb{}\u00a0\u00bb custom_padding__hover=\u00a0\u00bb|||\u00a0\u00bb][\/et_pb_column][\/et_pb_row][et_pb_row _builder_version=\u00a0\u00bb4.16&Prime; background_size=\u00a0\u00bbinitial\u00a0\u00bb background_position=\u00a0\u00bbtop_left\u00a0\u00bb background_repeat=\u00a0\u00bbrepeat\u00a0\u00bb global_colors_info=\u00a0\u00bb{}\u00a0\u00bb][et_pb_column type=\u00a0\u00bb4_4&Prime; _builder_version=\u00a0\u00bb4.16&Prime; custom_padding=\u00a0\u00bb|||\u00a0\u00bb global_colors_info=\u00a0\u00bb{}\u00a0\u00bb custom_padding__hover=\u00a0\u00bb|||\u00a0\u00bb][\/et_pb_column][\/et_pb_row][et_pb_row column_structure=\u00a0\u00bb2_3,1_3&Prime; _builder_version=\u00a0\u00bb4.16&Prime; background_size=\u00a0\u00bbinitial\u00a0\u00bb background_position=\u00a0\u00bbtop_left\u00a0\u00bb background_repeat=\u00a0\u00bbrepeat\u00a0\u00bb global_colors_info=\u00a0\u00bb{}\u00a0\u00bb][et_pb_column type=\u00a0\u00bb2_3&Prime; _builder_version=\u00a0\u00bb4.16&Prime; custom_padding=\u00a0\u00bb|||\u00a0\u00bb global_colors_info=\u00a0\u00bb{}\u00a0\u00bb custom_padding__hover=\u00a0\u00bb|||\u00a0\u00bb][et_pb_text admin_label=\u00a0\u00bbTitre Film\u00a0\u00bb _builder_version=\u00a0\u00bb4.16&Prime; text_font=\u00a0\u00bb|700|||||||\u00a0\u00bb text_text_color=\u00a0\u00bb#4c4c4c\u00a0\u00bb text_font_size=\u00a0\u00bb24px\u00a0\u00bb header_font=\u00a0\u00bbLato|900|||||||\u00a0\u00bb header_font_size=\u00a0\u00bb43px\u00a0\u00bb background_layout=\u00a0\u00bbdark\u00a0\u00bb custom_margin=\u00a0\u00bb80px||60px|\u00a0\u00bb custom_padding=\u00a0\u00bb15px||10px|\u00a0\u00bb filter_sepia=\u00a0\u00bb8%\u00a0\u00bb mix_blend_mode=\u00a0\u00bboverlay\u00a0\u00bb animation_style=\u00a0\u00bbfade\u00a0\u00bb animation_duration=\u00a0\u00bb1200ms\u00a0\u00bb animation_delay=\u00a0\u00bb50ms\u00a0\u00bb text_text_shadow_style=\u00a0\u00bbpreset1&Prime; text_text_shadow_horizontal_length=\u00a0\u00bb0.03em\u00a0\u00bb saved_tabs=\u00a0\u00bball\u00a0\u00bb global_colors_info=\u00a0\u00bb{}\u00a0\u00bb]<\/p>\n<h1>JMG Le Cl\u00e9zio, entre les mondes<\/h1>\n<p>[\/et_pb_text][\/et_pb_column][et_pb_column type=\u00a0\u00bb1_3&Prime; _builder_version=\u00a0\u00bb4.16&Prime; custom_padding=\u00a0\u00bb|||\u00a0\u00bb global_colors_info=\u00a0\u00bb{}\u00a0\u00bb custom_padding__hover=\u00a0\u00bb|||\u00a0\u00bb][\/et_pb_column][\/et_pb_row][\/et_pb_section][et_pb_section fb_built=\u00a0\u00bb1&Prime; _builder_version=\u00a0\u00bb4.16&Prime; custom_margin=\u00a0\u00bb13px|||\u00a0\u00bb custom_padding=\u00a0\u00bb13px|||\u00a0\u00bb global_colors_info=\u00a0\u00bb{}\u00a0\u00bb][et_pb_row column_structure=\u00a0\u00bb1_4,3_4&Prime; module_id=\u00a0\u00bbsynopsis_esp\u00a0\u00bb _builder_version=\u00a0\u00bb4.16&Prime; global_colors_info=\u00a0\u00bb{}\u00a0\u00bb][et_pb_column type=\u00a0\u00bb1_4&Prime; _builder_version=\u00a0\u00bb4.16&Prime; custom_padding=\u00a0\u00bb|||\u00a0\u00bb custom_css_main_element=\u00a0\u00bbz-index:1000000000 !important;\u00a0\u00bb global_colors_info=\u00a0\u00bb{}\u00a0\u00bb custom_padding__hover=\u00a0\u00bb|||\u00a0\u00bb][et_pb_text admin_label=\u00a0\u00bbSous-menu film\u00a0\u00bb module_id=\u00a0\u00bbstickymenufilm\u00a0\u00bb _builder_version=\u00a0\u00bb4.16&Prime; text_text_color=\u00a0\u00bb#000000&Prime; text_line_height=\u00a0\u00bb1.9em\u00a0\u00bb link_text_color=\u00a0\u00bb#000000&Prime; background_color=\u00a0\u00bbrgba(244,244,244,0.87)\u00a0\u00bb custom_padding=\u00a0\u00bb10px|10px|10px|10px\u00a0\u00bb global_colors_info=\u00a0\u00bb{}\u00a0\u00bb]<\/p>\n<h2>JMG Le Cl\u00e9zio, entre les mondes<\/h2>\n<p><a href=\"#synopsis\">Synopsis<br \/><\/a><a href=\"#extrait\">Extraits du film<br \/><\/a><a href=\"#fichetech\">Fiche technique<\/a><a href=\"#entretien\"><br \/><\/a><a href=\"#vupar\">Auto-portrait<\/a><br \/><a href=\"#photos\">Photos<br \/><\/a><a href=\"#contact\">Contacts et liens<\/a><a href=\"#apropos\"><br \/><\/a><a href=\"#presse\">Dans la presse<\/a><span class=\"s1\"><a href=\"#depuis\"><br \/><\/a><\/span><span class=\"s1\"><a href=\"#eng-esp\">Engl. \/ Esp. \/ Ital.<\/a><\/span><span class=\"s1\"><br \/><\/span><\/p>\n<p>[\/et_pb_text][\/et_pb_column][et_pb_column type=\u00a0\u00bb3_4&Prime; _builder_version=\u00a0\u00bb4.16&Prime; custom_padding=\u00a0\u00bb|||\u00a0\u00bb global_colors_info=\u00a0\u00bb{}\u00a0\u00bb custom_padding__hover=\u00a0\u00bb|||\u00a0\u00bb][et_pb_divider show_divider=\u00a0\u00bboff\u00a0\u00bb _builder_version=\u00a0\u00bb4.16&Prime; background_color=\u00a0\u00bbrgba(244,244,244,0.87)\u00a0\u00bb height=\u00a0\u00bb16px\u00a0\u00bb global_colors_info=\u00a0\u00bb{}\u00a0\u00bb][\/et_pb_divider][et_pb_text admin_label=\u00a0\u00bbExtraits critiques presse\u00a0\u00bb _builder_version=\u00a0\u00bb4.16&Prime; global_colors_info=\u00a0\u00bb{}\u00a0\u00bb]<\/p>\n<p class=\"p1\"><i>Une belle r\u00e9alisation, qui rend hommage \u00e0 un romancier \u00e0 la fois reconnu et m\u00e9connu. <\/i><span class=\"s1\">Le Monde<br \/>\n<\/span><i>Un moment tr\u00e8s intense aupr\u00e8s de l\u2019\u00e9crivain Jean-Marie Le Cl\u00e9zio. Un voyage inspir\u00e9.<\/i> <span class=\"s1\">T\u00e9l\u00e9rama<br \/>\n<\/span><i>Un portrait mosa\u00efque d\u2019une grande beaut\u00e9 visuelle.<\/i> <span class=\"s1\">Le P\u00e9lerin<\/span><\/p>\n<p>[\/et_pb_text][et_pb_text admin_label=\u00a0\u00bbSynopsis\u00a0\u00bb module_id=\u00a0\u00bbsynopsis\u00a0\u00bb _builder_version=\u00a0\u00bb4.16&Prime; global_colors_info=\u00a0\u00bb{}\u00a0\u00bb]<\/p>\n<header class=\"entry-header\">\n<h2><\/h2>\n<h2 class=\"page-title\">Synopsis<\/h2>\n<p>&nbsp;<\/p>\n<\/header>\n<div class=\"entry-content\">\n<p class=\"p1\">Jean-Marie Gustave Le Cl\u00e9zio, Prix Nobel de litt\u00e9rature 2008, passe sa vie \u00e0 sillonner le monde. Ses livres sont des traces qu\u2019il laisse de lui-m\u00eame.\u00a0Il \u00ab voyage en litt\u00e9rature\u00a0\u00bb.<\/p>\n<p class=\"p1\">Tourn\u00e9 en Cor\u00e9e du Sud, au Mexique et en Bretagne, compos\u00e9 d\u2019\u00e9vocations et d\u2019entretiens, ce documentaire de 52 minutes \u00ab\u00a0JMG Le Cl\u00e9zio, <i>entre les mondes\u00a0<\/i>\u00bb entrem\u00eale paysages, villes, nature et mots. Il porte la parole d\u2019un grand \u00e9crivain qui parcourt les continents depuis un demi-si\u00e8cle pour d\u00e9noncer une plan\u00e8te bless\u00e9e, porter la voix des peuples disparus et des cultures opprim\u00e9es.<\/p>\n<\/div>\n<p>[\/et_pb_text][\/et_pb_column][\/et_pb_row][et_pb_row column_structure=\u00a0\u00bb1_4,3_4&Prime; _builder_version=\u00a0\u00bb4.16&Prime; background_size=\u00a0\u00bbinitial\u00a0\u00bb background_position=\u00a0\u00bbtop_left\u00a0\u00bb background_repeat=\u00a0\u00bbrepeat\u00a0\u00bb global_colors_info=\u00a0\u00bb{}\u00a0\u00bb][et_pb_column type=\u00a0\u00bb1_4&Prime; _builder_version=\u00a0\u00bb4.16&Prime; custom_padding=\u00a0\u00bb|||\u00a0\u00bb global_colors_info=\u00a0\u00bb{}\u00a0\u00bb custom_padding__hover=\u00a0\u00bb|||\u00a0\u00bb][\/et_pb_column][et_pb_column type=\u00a0\u00bb3_4&Prime; _builder_version=\u00a0\u00bb4.16&Prime; custom_padding=\u00a0\u00bb|||\u00a0\u00bb global_colors_info=\u00a0\u00bb{}\u00a0\u00bb custom_padding__hover=\u00a0\u00bb|||\u00a0\u00bb][et_pb_divider color=\u00a0\u00bb#ffffff\u00a0\u00bb _builder_version=\u00a0\u00bb4.16&Prime; background_color=\u00a0\u00bbrgba(244,244,244,0.87)\u00a0\u00bb height=\u00a0\u00bb16px\u00a0\u00bb global_colors_info=\u00a0\u00bb{}\u00a0\u00bb][\/et_pb_divider][\/et_pb_column][\/et_pb_row][et_pb_row column_structure=\u00a0\u00bb1_4,3_4&Prime; _builder_version=\u00a0\u00bb4.16&Prime; global_colors_info=\u00a0\u00bb{}\u00a0\u00bb][et_pb_column type=\u00a0\u00bb1_4&Prime; _builder_version=\u00a0\u00bb4.16&Prime; custom_padding=\u00a0\u00bb|||\u00a0\u00bb global_colors_info=\u00a0\u00bb{}\u00a0\u00bb custom_padding__hover=\u00a0\u00bb|||\u00a0\u00bb][\/et_pb_column][et_pb_column type=\u00a0\u00bb3_4&Prime; _builder_version=\u00a0\u00bb4.16&Prime; custom_padding=\u00a0\u00bb|||\u00a0\u00bb global_colors_info=\u00a0\u00bb{}\u00a0\u00bb custom_padding__hover=\u00a0\u00bb|||\u00a0\u00bb][et_pb_text admin_label=\u00a0\u00bbExtrait du film (titre)\u00a0\u00bb module_id=\u00a0\u00bbextrait\u00a0\u00bb _builder_version=\u00a0\u00bb4.16&Prime; global_colors_info=\u00a0\u00bb{}\u00a0\u00bb]<\/p>\n<h2>Extraits du film<\/h2>\n<p>[\/et_pb_text][et_pb_video src=\u00a0\u00bbhttps:\/\/vimeo.com\/568155231&Prime; admin_label=\u00a0\u00bbExtrait 1&Prime; _builder_version=\u00a0\u00bb4.16&Prime; _module_preset=\u00a0\u00bbdefault\u00a0\u00bb global_colors_info=\u00a0\u00bb{}\u00a0\u00bb][\/et_pb_video][et_pb_video src=\u00a0\u00bbhttps:\/\/www.youtube.com\/watch?v=BhilIHCAZ2o\u00a0\u00bb admin_label=\u00a0\u00bbExtrait 2&Prime; _builder_version=\u00a0\u00bb4.16&Prime; global_colors_info=\u00a0\u00bb{}\u00a0\u00bb][\/et_pb_video][\/et_pb_column][\/et_pb_row][et_pb_row column_structure=\u00a0\u00bb1_4,3_4&Prime; _builder_version=\u00a0\u00bb4.16&Prime; background_size=\u00a0\u00bbinitial\u00a0\u00bb background_position=\u00a0\u00bbtop_left\u00a0\u00bb background_repeat=\u00a0\u00bbrepeat\u00a0\u00bb global_colors_info=\u00a0\u00bb{}\u00a0\u00bb][et_pb_column type=\u00a0\u00bb1_4&Prime; _builder_version=\u00a0\u00bb4.16&Prime; custom_padding=\u00a0\u00bb|||\u00a0\u00bb global_colors_info=\u00a0\u00bb{}\u00a0\u00bb custom_padding__hover=\u00a0\u00bb|||\u00a0\u00bb][\/et_pb_column][et_pb_column type=\u00a0\u00bb3_4&Prime; _builder_version=\u00a0\u00bb4.16&Prime; custom_padding=\u00a0\u00bb|||\u00a0\u00bb global_colors_info=\u00a0\u00bb{}\u00a0\u00bb custom_padding__hover=\u00a0\u00bb|||\u00a0\u00bb][et_pb_divider color=\u00a0\u00bb#ffffff\u00a0\u00bb _builder_version=\u00a0\u00bb4.16&Prime; background_color=\u00a0\u00bbrgba(244,244,244,0.87)\u00a0\u00bb height=\u00a0\u00bb16px\u00a0\u00bb global_colors_info=\u00a0\u00bb{}\u00a0\u00bb][\/et_pb_divider][\/et_pb_column][\/et_pb_row][et_pb_row column_structure=\u00a0\u00bb1_4,3_4&Prime; module_id=\u00a0\u00bbfichetech_esp\u00a0\u00bb _builder_version=\u00a0\u00bb4.16&Prime; global_colors_info=\u00a0\u00bb{}\u00a0\u00bb][et_pb_column type=\u00a0\u00bb1_4&Prime; _builder_version=\u00a0\u00bb4.16&Prime; custom_padding=\u00a0\u00bb|||\u00a0\u00bb global_colors_info=\u00a0\u00bb{}\u00a0\u00bb custom_padding__hover=\u00a0\u00bb|||\u00a0\u00bb][\/et_pb_column][et_pb_column type=\u00a0\u00bb3_4&Prime; _builder_version=\u00a0\u00bb4.16&Prime; custom_padding=\u00a0\u00bb|||\u00a0\u00bb global_colors_info=\u00a0\u00bb{}\u00a0\u00bb custom_padding__hover=\u00a0\u00bb|||\u00a0\u00bb][et_pb_text admin_label=\u00a0\u00bbFiche technique\u00a0\u00bb module_id=\u00a0\u00bbfichetech\u00a0\u00bb _builder_version=\u00a0\u00bb4.16&Prime; link_text_color=\u00a0\u00bb#7a7a7a\u00a0\u00bb global_colors_info=\u00a0\u00bb{}\u00a0\u00bb]<\/p>\n<header class=\"entry-header\">\n<h2 class=\"page-title\">Fiche technique<\/h2>\n<p>&nbsp;<\/p>\n<p class=\"p1\">Titre original\u00a0: \u00ab\u00a0<b>J.M.G. LE CLEZIO, entre les mondes\u00a0<\/b>\u00bb<br \/>52\u2019, couleur, st\u00e9r\u00e9o, 2008, France<\/p>\n<p class=\"p1\">Auteurs\u00a0: Fran\u00e7ois Caillat, Antoine de Gaudemar<br \/>R\u00e9alisateur\u00a0: Fran\u00e7ois Caillat<\/p>\n<p class=\"p1\">Image\u00a0: Isabelle Razavet<br \/>Son\u00a0: Francisco Camino, Graciela Barrault<br \/>Assistante (Mexique) : Silvia Radelli<\/p>\n<p class=\"p1\">Montage\u00a0: Martine Bouquin<br \/>Mixage\u00a0: Francisco Camino<br \/>Etalonnage\u00a0: R\u00e9mi Berge<\/p>\n<p class=\"p1\">Coproduction\u00a0:<br \/>The factory (Frank Eskenazy, Hortense Quitard)<br \/>Ina (Christophe Barreyre,\u00a0Sylvie Cazin)<br \/>France 5 (Pierre Block de Friberg, Carlos Pinsky, C\u00e9line Gandner, Philippe Le More)<\/p>\n<p class=\"p1\">Avec le soutien de :<br \/>Centre National de la Cin\u00e9matographie, Procirep \u2013 Soci\u00e9t\u00e9 des Producteurs et de l\u2019ANGOA<\/p>\n<p class=\"p1\">Lieux de tournage\u00a0:<br \/>France (Bretagne), Cor\u00e9e du Sud (S\u00e9oul, Jeju), Mexique (Yucatan)<\/p>\n<p class=\"p1\">Format de tournage\u00a0: DVC PRO HD \/ HDVD, super 8<\/p>\n<p class=\"p1\">Premi\u00e8re diffusion\u00a0: France 5, vendredi 11 avril 2008<\/p>\n<p class=\"p1\"><b>Supports disponibles \u00e0 la programmation<\/b><br \/>Beta Num, DVD<br \/>16\/9<\/p>\n<p class=\"p1\"><b>Langue disponible :<\/b> Fran\u00e7ais<\/p>\n<p class=\"p1\"><b>Distribution, diffusion du film<br \/><\/b>Tempo Films<br \/>Contact\u00a0: <a href=\"mailto:tempofilmsprod@gmail.com\"><span class=\"s1\">tempofilmsprod@gmail.com<\/span><\/a><\/p>\n<p class=\"p1\"><b>Location du film<\/b> pour s\u00e9ances collectives (secteur culturel)\u00a0:<br \/><a href=\"mailto:cinema.documentaire@laposte.net\"><span class=\"s1\">Tempo Films<br \/>Contact\u00a0: <\/span><\/a><a href=\"mailto:tempofilmsprod@gmail.com\">tempofilmsprod@gmail.com<\/a><\/p>\n<p class=\"p1\"><b>Edition DVD<br \/><\/b>France T\u00e9l\u00e9visions<\/p>\n<p class=\"p1\"><b>DVD<\/b> pour usage priv\u00e9 :<br \/><a href=\"mailto:tempofilmsprod@gmail.com\"><span class=\"s1\">Tempo Films<br \/>Contact\u00a0: <\/span><\/a><a href=\"mailto:tempofilmsprod@gmail.com\">tempofilmsprod@gmail.com<\/a><\/p>\n<\/header>\n<div class=\"entry-content\">.<strong><br \/>Num\u00e9ro ISAN<\/strong> :<br \/><span>0000-0001-E4EB-0000-0-0000-0000-3<\/span><\/div>\n<div><\/div>\n<p>[\/et_pb_text][\/et_pb_column][\/et_pb_row][et_pb_row column_structure=\u00a0\u00bb1_4,3_4&Prime; _builder_version=\u00a0\u00bb4.16&Prime; background_size=\u00a0\u00bbinitial\u00a0\u00bb background_position=\u00a0\u00bbtop_left\u00a0\u00bb background_repeat=\u00a0\u00bbrepeat\u00a0\u00bb global_colors_info=\u00a0\u00bb{}\u00a0\u00bb][et_pb_column type=\u00a0\u00bb1_4&Prime; _builder_version=\u00a0\u00bb4.16&Prime; custom_padding=\u00a0\u00bb|||\u00a0\u00bb global_colors_info=\u00a0\u00bb{}\u00a0\u00bb custom_padding__hover=\u00a0\u00bb|||\u00a0\u00bb][\/et_pb_column][et_pb_column type=\u00a0\u00bb3_4&Prime; _builder_version=\u00a0\u00bb4.16&Prime; custom_padding=\u00a0\u00bb|||\u00a0\u00bb global_colors_info=\u00a0\u00bb{}\u00a0\u00bb custom_padding__hover=\u00a0\u00bb|||\u00a0\u00bb][et_pb_divider show_divider=\u00a0\u00bboff\u00a0\u00bb _builder_version=\u00a0\u00bb4.16&Prime; background_color=\u00a0\u00bbrgba(244,244,244,0.87)\u00a0\u00bb height=\u00a0\u00bb16px\u00a0\u00bb global_colors_info=\u00a0\u00bb{}\u00a0\u00bb][\/et_pb_divider][\/et_pb_column][\/et_pb_row][et_pb_row column_structure=\u00a0\u00bb1_4,3_4&Prime; _builder_version=\u00a0\u00bb4.16&Prime; background_size=\u00a0\u00bbinitial\u00a0\u00bb background_position=\u00a0\u00bbtop_left\u00a0\u00bb background_repeat=\u00a0\u00bbrepeat\u00a0\u00bb global_colors_info=\u00a0\u00bb{}\u00a0\u00bb][et_pb_column type=\u00a0\u00bb1_4&Prime; _builder_version=\u00a0\u00bb4.16&Prime; custom_padding=\u00a0\u00bb|||\u00a0\u00bb global_colors_info=\u00a0\u00bb{}\u00a0\u00bb custom_padding__hover=\u00a0\u00bb|||\u00a0\u00bb][\/et_pb_column][et_pb_column type=\u00a0\u00bb3_4&Prime; _builder_version=\u00a0\u00bb4.16&Prime; custom_padding=\u00a0\u00bb|||\u00a0\u00bb global_colors_info=\u00a0\u00bb{}\u00a0\u00bb custom_padding__hover=\u00a0\u00bb|||\u00a0\u00bb][et_pb_text admin_label=\u00a0\u00bbAuto-portrait (titre)\u00a0\u00bb module_id=\u00a0\u00bbvupar\u00a0\u00bb _builder_version=\u00a0\u00bb4.16&Prime; global_colors_info=\u00a0\u00bb{}\u00a0\u00bb]<\/p>\n<h2>Auto-portrait<\/h2>\n<p>[\/et_pb_text][et_pb_toggle title=\u00a0\u00bbJ&rsquo;AI COMMENCE A ECRIRE DES LIVRES&#8230;\u00a0\u00bb open_toggle_background_color=\u00a0\u00bbrgba(244,244,244,0.87)\u00a0\u00bb closed_toggle_background_color=\u00a0\u00bbrgba(244,244,244,0.87)\u00a0\u00bb admin_label=\u00a0\u00bbJ&rsquo;ai commenc\u00e9 par \u00e9crire des livres&#8230; (texte)\u00a0\u00bb _builder_version=\u00a0\u00bb4.16&Prime; title_level=\u00a0\u00bbh3&Prime; title_font=\u00a0\u00bb|600|||||||\u00a0\u00bb global_colors_info=\u00a0\u00bb{}\u00a0\u00bb]<\/p>\n<p class=\"p1\">\u00ab J\u2019ai commenc\u00e9 \u00e0 \u00e9crire des livres en pensant que ce qu\u2019il fallait, c\u2019\u00e9tait \u00e9crire des histoires\u2026 Puis j\u2019ai continu\u00e9 en pensant qu\u2019il fallait \u00e9crire des id\u00e9es\u2026 Ensuite, qu\u2019il fallait d\u00e9crire des personnages\u2026 Et maintenant, je ne sais plus pourquoi j\u2019\u00e9cris.<br \/> Peut-\u00eatre que j\u2019\u00e9cris simplement pour faire de la musique avec les mots.<br \/> Pour comprendre qui je suis et qui sont les autres.\u00a0\u00bb<\/p>\n<p class=\"p2\">Jean-Marie Le Cl\u00e9zio<\/p>\n<p>[\/et_pb_toggle][\/et_pb_column][\/et_pb_row][et_pb_row column_structure=\u00a0\u00bb1_4,3_4&Prime; _builder_version=\u00a0\u00bb4.16&Prime; background_size=\u00a0\u00bbinitial\u00a0\u00bb background_position=\u00a0\u00bbtop_left\u00a0\u00bb background_repeat=\u00a0\u00bbrepeat\u00a0\u00bb global_colors_info=\u00a0\u00bb{}\u00a0\u00bb][et_pb_column type=\u00a0\u00bb1_4&Prime; _builder_version=\u00a0\u00bb4.16&Prime; custom_padding=\u00a0\u00bb|||\u00a0\u00bb global_colors_info=\u00a0\u00bb{}\u00a0\u00bb custom_padding__hover=\u00a0\u00bb|||\u00a0\u00bb][\/et_pb_column][et_pb_column type=\u00a0\u00bb3_4&Prime; _builder_version=\u00a0\u00bb4.16&Prime; custom_padding=\u00a0\u00bb|||\u00a0\u00bb global_colors_info=\u00a0\u00bb{}\u00a0\u00bb custom_padding__hover=\u00a0\u00bb|||\u00a0\u00bb][et_pb_divider show_divider=\u00a0\u00bboff\u00a0\u00bb _builder_version=\u00a0\u00bb4.16&Prime; background_color=\u00a0\u00bbrgba(244,244,244,0.87)\u00a0\u00bb height=\u00a0\u00bb16px\u00a0\u00bb global_colors_info=\u00a0\u00bb{}\u00a0\u00bb][\/et_pb_divider][\/et_pb_column][\/et_pb_row][et_pb_row column_structure=\u00a0\u00bb1_4,3_4&Prime; module_id=\u00a0\u00bbphotos_esp\u00a0\u00bb _builder_version=\u00a0\u00bb4.16&Prime; global_colors_info=\u00a0\u00bb{}\u00a0\u00bb][et_pb_column type=\u00a0\u00bb1_4&Prime; _builder_version=\u00a0\u00bb4.16&Prime; custom_padding=\u00a0\u00bb|||\u00a0\u00bb global_colors_info=\u00a0\u00bb{}\u00a0\u00bb custom_padding__hover=\u00a0\u00bb|||\u00a0\u00bb][\/et_pb_column][et_pb_column type=\u00a0\u00bb3_4&Prime; _builder_version=\u00a0\u00bb4.16&Prime; custom_padding=\u00a0\u00bb|||\u00a0\u00bb global_colors_info=\u00a0\u00bb{}\u00a0\u00bb custom_padding__hover=\u00a0\u00bb|||\u00a0\u00bb][et_pb_text admin_label=\u00a0\u00bbPhotos\u00a0\u00bb module_id=\u00a0\u00bbphotos\u00a0\u00bb _builder_version=\u00a0\u00bb4.16&Prime; global_colors_info=\u00a0\u00bb{}\u00a0\u00bb]<\/p>\n<h2 class=\"page-title\">Photos<\/h2>\n<p>[\/et_pb_text][et_pb_gallery gallery_ids=\u00a0\u00bb1037&Prime; posts_number=\u00a0\u00bb25&Prime; show_title_and_caption=\u00a0\u00bboff\u00a0\u00bb zoom_icon_color=\u00a0\u00bb#2ea3f2&Prime; _builder_version=\u00a0\u00bb4.27.4&Prime; hover_enabled=\u00a0\u00bb0&Prime; pagination_font_size_tablet=\u00a0\u00bb51&Prime; pagination_line_height_tablet=\u00a0\u00bb2&Prime; global_colors_info=\u00a0\u00bb{}\u00a0\u00bb sticky_enabled=\u00a0\u00bb0&Prime;][\/et_pb_gallery][\/et_pb_column][\/et_pb_row][et_pb_row column_structure=\u00a0\u00bb1_4,3_4&Prime; _builder_version=\u00a0\u00bb4.16&Prime; background_size=\u00a0\u00bbinitial\u00a0\u00bb background_position=\u00a0\u00bbtop_left\u00a0\u00bb background_repeat=\u00a0\u00bbrepeat\u00a0\u00bb global_colors_info=\u00a0\u00bb{}\u00a0\u00bb][et_pb_column type=\u00a0\u00bb1_4&Prime; _builder_version=\u00a0\u00bb4.16&Prime; custom_padding=\u00a0\u00bb|||\u00a0\u00bb global_colors_info=\u00a0\u00bb{}\u00a0\u00bb custom_padding__hover=\u00a0\u00bb|||\u00a0\u00bb][\/et_pb_column][et_pb_column type=\u00a0\u00bb3_4&Prime; _builder_version=\u00a0\u00bb4.16&Prime; custom_padding=\u00a0\u00bb|||\u00a0\u00bb global_colors_info=\u00a0\u00bb{}\u00a0\u00bb custom_padding__hover=\u00a0\u00bb|||\u00a0\u00bb][et_pb_divider show_divider=\u00a0\u00bboff\u00a0\u00bb _builder_version=\u00a0\u00bb4.16&Prime; background_color=\u00a0\u00bbrgba(244,244,244,0.87)\u00a0\u00bb height=\u00a0\u00bb16px\u00a0\u00bb global_colors_info=\u00a0\u00bb{}\u00a0\u00bb][\/et_pb_divider][\/et_pb_column][\/et_pb_row][et_pb_row column_structure=\u00a0\u00bb1_4,3_4&Prime; _builder_version=\u00a0\u00bb4.16&Prime; background_size=\u00a0\u00bbinitial\u00a0\u00bb background_position=\u00a0\u00bbtop_left\u00a0\u00bb background_repeat=\u00a0\u00bbrepeat\u00a0\u00bb global_colors_info=\u00a0\u00bb{}\u00a0\u00bb][et_pb_column type=\u00a0\u00bb1_4&Prime; _builder_version=\u00a0\u00bb4.16&Prime; custom_padding=\u00a0\u00bb|||\u00a0\u00bb global_colors_info=\u00a0\u00bb{}\u00a0\u00bb custom_padding__hover=\u00a0\u00bb|||\u00a0\u00bb][\/et_pb_column][et_pb_column type=\u00a0\u00bb3_4&Prime; _builder_version=\u00a0\u00bb4.16&Prime; custom_padding=\u00a0\u00bb|||\u00a0\u00bb global_colors_info=\u00a0\u00bb{}\u00a0\u00bb custom_padding__hover=\u00a0\u00bb|||\u00a0\u00bb][et_pb_text admin_label=\u00a0\u00bbContacts et liens\u00a0\u00bb module_id=\u00a0\u00bbcontact\u00a0\u00bb _builder_version=\u00a0\u00bb4.16&Prime; link_text_color=\u00a0\u00bb#919191&Prime; global_colors_info=\u00a0\u00bb{}\u00a0\u00bb]<\/p>\n<h2>Contacts et liens\u00a0: production, diffusion, distribution<\/h2>\n<p>&nbsp;<\/p>\n<p>\u00a0\u00bb <strong>JMG LE CLEZIO, entre les mondes<\/strong> \u00a0\u00bb \u00a0(52\u2019)<\/p>\n<p>Supports disponibles\u00a0: Beta num, DVD\/ fichiers<\/p>\n<p><strong>Distribution, diffusion du film\u00a0:<br \/> <\/strong>Tempo Films<br \/> Contact\u00a0: tempofilmsprod@gmail.com<\/p>\n<p><strong>Location du film<\/strong> pour s\u00e9ances collectives (secteur culturel)\u00a0:<br \/><a href=\"mailto:cinema.documentaire@laposte.net\">Tempo Films<br \/> Contact\u00a0: tempofilmsprod@gmail.com<\/a><\/p>\n<p><strong>DVD<\/strong> pour usage priv\u00e9\u00a0:<br \/><a href=\"mailto:cinema.documentaire@laposte.net\">Tempo Films<br \/> Contact\u00a0: tempofilmsprod@gmail.com<\/a><\/p>\n<p>&nbsp;<\/p>\n<p>[\/et_pb_text][\/et_pb_column][\/et_pb_row][et_pb_row column_structure=\u00a0\u00bb1_4,3_4&Prime; _builder_version=\u00a0\u00bb4.16&Prime; background_size=\u00a0\u00bbinitial\u00a0\u00bb background_position=\u00a0\u00bbtop_left\u00a0\u00bb background_repeat=\u00a0\u00bbrepeat\u00a0\u00bb global_colors_info=\u00a0\u00bb{}\u00a0\u00bb][et_pb_column type=\u00a0\u00bb1_4&Prime; _builder_version=\u00a0\u00bb4.16&Prime; custom_padding=\u00a0\u00bb|||\u00a0\u00bb global_colors_info=\u00a0\u00bb{}\u00a0\u00bb custom_padding__hover=\u00a0\u00bb|||\u00a0\u00bb][\/et_pb_column][et_pb_column type=\u00a0\u00bb3_4&Prime; _builder_version=\u00a0\u00bb4.16&Prime; custom_padding=\u00a0\u00bb|||\u00a0\u00bb global_colors_info=\u00a0\u00bb{}\u00a0\u00bb custom_padding__hover=\u00a0\u00bb|||\u00a0\u00bb][et_pb_divider show_divider=\u00a0\u00bboff\u00a0\u00bb _builder_version=\u00a0\u00bb4.16&Prime; background_color=\u00a0\u00bbrgba(244,244,244,0.87)\u00a0\u00bb height=\u00a0\u00bb16px\u00a0\u00bb global_colors_info=\u00a0\u00bb{}\u00a0\u00bb][\/et_pb_divider][\/et_pb_column][\/et_pb_row][et_pb_row column_structure=\u00a0\u00bb1_4,3_4&Prime; _builder_version=\u00a0\u00bb4.16&Prime; background_size=\u00a0\u00bbinitial\u00a0\u00bb background_position=\u00a0\u00bbtop_left\u00a0\u00bb background_repeat=\u00a0\u00bbrepeat\u00a0\u00bb global_colors_info=\u00a0\u00bb{}\u00a0\u00bb][et_pb_column type=\u00a0\u00bb1_4&Prime; _builder_version=\u00a0\u00bb4.16&Prime; custom_padding=\u00a0\u00bb|||\u00a0\u00bb global_colors_info=\u00a0\u00bb{}\u00a0\u00bb custom_padding__hover=\u00a0\u00bb|||\u00a0\u00bb][\/et_pb_column][et_pb_column type=\u00a0\u00bb3_4&Prime; _builder_version=\u00a0\u00bb4.16&Prime; custom_padding=\u00a0\u00bb|||\u00a0\u00bb global_colors_info=\u00a0\u00bb{}\u00a0\u00bb custom_padding__hover=\u00a0\u00bb|||\u00a0\u00bb][et_pb_text admin_label=\u00a0\u00bbDans la presse (titre)\u00a0\u00bb module_id=\u00a0\u00bbpresse\u00a0\u00bb _builder_version=\u00a0\u00bb4.16&Prime; global_colors_info=\u00a0\u00bb{}\u00a0\u00bb]<\/p>\n<h2>Dans la presse<\/h2>\n<p>[\/et_pb_text][et_pb_text admin_label=\u00a0\u00bbCritique journal\u00a0\u00bb _builder_version=\u00a0\u00bb4.16&Prime; header_2_font=\u00a0\u00bb||on||||||\u00a0\u00bb background_color=\u00a0\u00bbrgba(244,244,244,0.87)\u00a0\u00bb custom_padding=\u00a0\u00bb30px|30px|30px|30px\u00a0\u00bb global_colors_info=\u00a0\u00bb{}\u00a0\u00bb]<\/p>\n<p class=\"p1\">Un moment tr\u00e8s intense aupr\u00e8s de l\u2019\u00e9crivain Jean-Marie Le Cl\u00e9zio, qui voyage du Mexique \u00e0 la Cor\u00e9e du Sud et \u00e0 la Bretagne, o\u00f9 il \u00e9prouve la \u00ab\u00a0diversit\u00e9 du monde\u00a0\u00bb (\u2026)\u00a0Parce que la vie de l\u2019\u00e9crivain est plac\u00e9e sous le signe du d\u00e9placement, le beau film que lui consacrent Fran\u00e7ois Caillat et Antoine de Gaudemar, dans le cadre de la collection \u201cEmpreintes\u201d, est \u00e0 cette aune\u00a0: mobile, ancr\u00e9 dans quelques-uns des paysages o\u00f9 Le Cl\u00e9zio a fait, ou fait encore, l\u2019exp\u00e9rience volontaire de la \u00ab\u00a0diversit\u00e9 du monde\u00a0\u00bb (\u2026)\u00a0R\u00e9solument non- biographique, ce documentaire donne largement la parole \u00e0 l\u2019\u00e9crivain, r\u00e9serv\u00e9 et songeur, d\u2019une dignit\u00e9 aust\u00e8re magnifique, et dont la voix grave \u00e9gr\u00e8ne sans emphase un credo po\u00e9tique et humaniste d\u2019une rare intensit\u00e9 (\u2026) En laissant s\u2019\u00e9panouir la parole de Le Cl\u00e9zio, Fran\u00e7ois Caillat et Antoine de Gaudemar brossent le portrait tout en finesse d\u2019un \u00e9crivain voyageur.<br \/>\nTELERAMA, 02\/4\/2008<\/p>\n<p class=\"p1\">Une belle r\u00e9alisation, qui rend hommage \u00e0 un romancier \u00e0 la fois reconnu et m\u00e9connu.\u00a0Le documentaire repose uniquement sur les paroles de Le Cl\u00e9zio et les images de paysages qu\u2019il \u00e9voque, film\u00e9s avec une douceur qui fait \u00e9cho \u00e0 la sienne. De temps \u00e0 autre, une voix f\u00e9minine lit un bref extrait de l\u2019un de ses romans.<br \/>\nLE MONDE, 07\/4\/2008<\/p>\n<p class=\"p1\">Patchwork po\u00e9tique de r\u00e9flexions, d\u2019extraits de livres et d\u2019images, ce documentaire \u00e0 l\u2019esth\u00e9tique soign\u00e9e p\u00e9n\u00e8tre au c\u0153ur de sa g\u00e9ographie personnelle.<br \/>\nLA CROIX, 12\/4\/2008<\/p>\n<p class=\"p1\">Un portrait saisissant d\u2019un homme curieux de la vie.<br \/>\nDIRECT SOIR, 11\/4\/2008<\/p>\n<p class=\"p1\">Un portrait d\u2019une grande subtilit\u00e9.<br \/>\nTELE POCHE, du 27\/3 au 2\/4\/2008<\/p>\n<p class=\"p1\">Un portrait subtil qui m\u00eale voyage et litt\u00e9rature avec r\u00e9ussite.<br \/>\nTV GRANDES CHAINES, du 27\/3 au 2\/4\/2008<\/p>\n<p class=\"p1\">Port\u00e9e par une r\u00e9alisation tout en retenue, la sagesse de l\u2019\u00e9crivain fait mouche. Et nous embarque pour une belle travers\u00e9e litt\u00e9raire.<br \/>\nLa vie.fr, 03\/4\/2008<\/p>\n<p class=\"p1\">Un portrait mosa\u00efque, d\u2019une grande beaut\u00e9 visuelle, rythm\u00e9 par des extraits de ses romans.<br \/>\nPELERIN, 03\/4\/2008<\/p>\n<p>[\/et_pb_text][\/et_pb_column][\/et_pb_row][et_pb_row column_structure=\u00a0\u00bb1_4,3_4&Prime; _builder_version=\u00a0\u00bb4.16&Prime; background_size=\u00a0\u00bbinitial\u00a0\u00bb background_position=\u00a0\u00bbtop_left\u00a0\u00bb background_repeat=\u00a0\u00bbrepeat\u00a0\u00bb global_colors_info=\u00a0\u00bb{}\u00a0\u00bb][et_pb_column type=\u00a0\u00bb1_4&Prime; _builder_version=\u00a0\u00bb4.16&Prime; custom_padding=\u00a0\u00bb|||\u00a0\u00bb global_colors_info=\u00a0\u00bb{}\u00a0\u00bb custom_padding__hover=\u00a0\u00bb|||\u00a0\u00bb][\/et_pb_column][et_pb_column type=\u00a0\u00bb3_4&Prime; _builder_version=\u00a0\u00bb4.16&Prime; custom_padding=\u00a0\u00bb|||\u00a0\u00bb global_colors_info=\u00a0\u00bb{}\u00a0\u00bb custom_padding__hover=\u00a0\u00bb|||\u00a0\u00bb][et_pb_divider show_divider=\u00a0\u00bboff\u00a0\u00bb _builder_version=\u00a0\u00bb4.16&Prime; background_color=\u00a0\u00bbrgba(244,244,244,0.87)\u00a0\u00bb height=\u00a0\u00bb16px\u00a0\u00bb global_colors_info=\u00a0\u00bb{}\u00a0\u00bb][\/et_pb_divider][\/et_pb_column][\/et_pb_row][et_pb_row column_structure=\u00a0\u00bb1_4,3_4&Prime; _builder_version=\u00a0\u00bb4.16&Prime; background_size=\u00a0\u00bbinitial\u00a0\u00bb background_position=\u00a0\u00bbtop_left\u00a0\u00bb background_repeat=\u00a0\u00bbrepeat\u00a0\u00bb global_colors_info=\u00a0\u00bb{}\u00a0\u00bb][et_pb_column type=\u00a0\u00bb1_4&Prime; _builder_version=\u00a0\u00bb4.16&Prime; custom_padding=\u00a0\u00bb|||\u00a0\u00bb global_colors_info=\u00a0\u00bb{}\u00a0\u00bb custom_padding__hover=\u00a0\u00bb|||\u00a0\u00bb][\/et_pb_column][et_pb_column type=\u00a0\u00bb3_4&Prime; _builder_version=\u00a0\u00bb4.16&Prime; custom_padding=\u00a0\u00bb|||\u00a0\u00bb global_colors_info=\u00a0\u00bb{}\u00a0\u00bb custom_padding__hover=\u00a0\u00bb|||\u00a0\u00bb][et_pb_text admin_label=\u00a0\u00bbEnglish \/ Espa\u00f1ol (titre)\u00a0\u00bb module_id=\u00a0\u00bbeng-esp\u00a0\u00bb _builder_version=\u00a0\u00bb4.16&Prime; global_colors_info=\u00a0\u00bb{}\u00a0\u00bb]<\/p>\n<h2>English \/ Espa\u00f1ol \/ Italiano<\/h2>\n<p>[\/et_pb_text][et_pb_tabs admin_label=\u00a0\u00bbEnglish \/ Espa\u00f1ol (r\u00e9sum\u00e9s)\u00a0\u00bb _builder_version=\u00a0\u00bb4.16&Prime; global_colors_info=\u00a0\u00bb{}\u00a0\u00bb][et_pb_tab title=\u00a0\u00bbENGLISH\u00a0\u00bb _builder_version=\u00a0\u00bb4.16&Prime; global_colors_info=\u00a0\u00bb{}\u00a0\u00bb]<\/p>\n<p class=\"p1\">Made up of journeys, encounters and awakenings, Fran\u00e7ois Caillat and Antoine de Gaudemar\u2019s film blends together landscapes, towns, nature and words \u2013 those of a writer who has been roaming the continents for half a century. The film shows a free and lucid man who, for years, described a wounded planet\u00a0; a multi-talented writer whose personal quest led him to discover many other cultures.<\/p>\n<p class=\"p1\">Filmed in South Korea, Mexico and Brittany, J.M.G Le Cl\u00e9zio, somewhere in between is a subtle, intimate film about an exceptional writer.<\/p>\n<p class=\"p1\">J.M.G Le Cl\u00e9zio was awarded the Nobel prize in Literature on the 9th of october 2008.<\/p>\n<p class=\"p1\">&#8230; &#8230; &#8230;<\/p>\n<p>Le Cl\u00e9zio (2008 Nobel Prize) has published over 50 books. <br \/>He was born in Niza, his mother in Britain, and his father in England. They lived in Africa and Mauricio Island. Le Clezio had a way with words. He answers as if he writes. Here\u2019s some fragments chosen at random : \u201cThe only way to know the world\u2019s diversity is living it. Dictionaries are insufficient. Geography classes are not enough. Maps on Internet don\u2019t have the answers (&#8230;) there are strong cities. Mexico City is very powerful. After a year in Thailand I got to know Mexico. Little by little I discovered that it\u2019s the most different place from all I have seen. I discovered a new dimension in life, in thought, in art (&#8230;) how might the world have been without this catastrophe ? if the Spaniards instead of wiping out the Aztec empire, had developed a humane encounter, an exchange guided by persuasion. In 1621 Mexico City crashed and there were 264 thousand deaths. The Europeans wanted to conquer, seize land, have slaves, and impose their system to the whole world. Africa and Asia\u2019s colonization\u2019s were the same\u201d. <br \/>Fran\u00e7ois Caillat and Antoine de Gaudemar travel together guided by the author\u2019s words. They followed him all around the world in his poetic style. This is a film of movement. It\u2019s a work of symbols that go by : trees, railroads, bridges, and oceans. It\u2019s a film about recalling. It\u2019s a film about sounds, Koreans, Bretons and Mexicans. It\u2019s about subway, distant whistling, and electrical train engines that sigh. \u201cI like to go forward\u201d-says the author &#8211; I don\u2019t like nostalgia. I like to see what\u2019s behind the hill\u201d.<\/p>\n<p class=\"p1\">[\/et_pb_tab][et_pb_tab title=\u00a0\u00bbESPA\u00d1OL\u00a0\u00bb _builder_version=\u00a0\u00bb4.16&Prime; global_colors_info=\u00a0\u00bb{}\u00a0\u00bb]<\/p>\n<p>Le Cl\u00e9zio (Premio Nobel 2008) ha publicado m\u00e1s de 50 libros.<\/p>\n<p>\u00c9l naci\u00f3 en Niza, su madre en Breta\u00f1a, su padre en Inglaterra. Vivieron en en \u00c1frica y en la Isla Mauricio. Le Cl\u00e9zio tiene el don de la palabra. Responde como si escribiera. He aqu\u00ed algunos extractos aproximados sacados al azar : \u201cLa \u00fanica manera de conocer la diversidad del mundo es vivi\u00e9ndola. Los diccionarios no son suficientes. Las clases de geograf\u00eda no son suficientes. Los mapas de Internet tampoco dan la respuesta (&#8230;) Hay ciudades muy fuertes. La ciudad de M\u00e9xico es muy poderosa. Despu\u00e9s de haber estado un a\u00f1o en Tailandia conoc\u00ed M\u00e9xico. Poquito a poquito descubr\u00ed otra dimensi\u00f3n de la vida, del pensamiento, del arte (&#8230;) \u00bfC\u00f3mo habr\u00eda sido el mundo si esta cat\u00e1strofe no hubiera ocurrido? Si en lugar de aniquilar el imperio azteca los espa\u00f1oles hubieran desarrollado un encuentro humano, un intercambio guiado por la persuasi\u00f3n. En 1621 la ciudad de M\u00e9xico cay\u00f3 y hubo 264 mil muertos. Los europeos quer\u00edan conquistar, apropiarse de las tierras, hacer esclavos, imponer su sistema al mundo entero. La colonizaci\u00f3n del \u00c1frica, del Asia, son lo mismo\u201d.<\/p>\n<p>Los realizadores Fran\u00e7ois Caillat y Antoine de Gaudemar viajan guiados por las palabras del escritor. Lo siguen por todo el mundo son su estilo po\u00e9tico. Es una pel\u00edcula de movimiento. Es una obra de s\u00edmbolos que pasan, \u00e1rboles, ferrocarriles, puentes, oc\u00e9anos. Es una pel\u00edcula de evocaciones. Es una obra de sonidos coreanos, bretones y mexicanos. De trenes subterr\u00e1neos, de silbatos lejanos, de locomotoras el\u00e9ctricas que suspiran. \u201cMe gusta ir hacia delante &#8211; dice el escritor -. No me gusta la nostalgia. Me gusta mirar lo que hay detr\u00e1s de la colina.\u201d<\/p>\n<p>&#8230; &#8230; &#8230; &#8230;<\/p>\n<p>El revelador cine de Fran\u00e7ois Caillat<\/p>\n<p>El realizador franc\u00e9s es uno de los invitados estelares del encuentro. En nuestro pa\u00eds se exhibe, entre otros, su documental sobre el Premio Nobel Le Cl\u00e9zio.<\/p>\n<p>\u201cLe Cl\u00e9zio me debe su Premio Nobel a m\u00ed\u00a0\u00bb, bromea Fran\u00e7ois Caillat. EL cineasta franc\u00e9s es uno de los invitados estelares al 15\u00b0 Festival Internacional de Documentales (Fidocs) que se desarrollar\u00e1 hasta este domingo en Santiago. Como parte de esta visita, ha guiado las proyecciones de varios de sus filmes, uno de ellos sobre el autor de \u00ab\u00a0El africano\u00a0\u00bb.<br \/> \u00ab\u00a0Le Cl\u00e9zio es cosmopolita, un n\u00f3made. Pertenece a varias culturas ya que pas\u00f3 largas etapas de su vida fuera de Europa. Convivi\u00f3, por ejemplo, con pueblos ind\u00edgenas americanos. En este documental, m\u00e1s que dar cuenta del escrito, me interes\u00f3 retratarlo como profeta y portavoz de los pueblos desaparecidos. Su obra, por lo dem\u00e1s, es una defensa de quienes sufren esta opresi\u00f3n\u00a0\u00bb, agrega Caillat sobre este trabajo que se exhibir\u00e1 el domingo, a las 11:00 horas, en Lastarria 90.<br \/> Y puntualiza que fue todo un acierto rodar esta cinta seis meses antes de la obtenci\u00f3n de su Nobel de Literatura. \u00ab\u00a0Actualmente es un superstar. Pero m\u00e1s all\u00e1 de ese estatus que le confiri\u00f3 el premio, hoy habr\u00eda sido imposible filmar esta pel\u00edcula y recorrer todos los lugares en que transcurre, entre M\u00e9xico y Corea\u00a0\u00bb.<br \/> Ma\u00f1ana, tambi\u00e9n en Lastarria 90, se exhibir\u00e1n \u00ab\u00a0Julia Kristeva, extra\u00f1a extranjera\u00a0\u00bb (19:30 horas) y \u00ab\u00a0Tres soldados alemanes\u00a0\u00bb (15:30 horas). Este \u00faltimo, a trav\u00e9s del hallazgo del cuerpo de un militar germano, aborda el tema de la identidad y los cambios de nacionalidad, tras la ocupaci\u00f3n alemana en Francia en la segunda Guerra Mundial.<\/p>\n<p><em>El Mercurio <\/em><br \/> <em>por Maureen Lennon Zaninovic <\/em><br \/> <em>24 juin 2011<\/em><\/p>\n<p>[\/et_pb_tab][et_pb_tab title=\u00a0\u00bbITALIANO\u00a0\u00bb _builder_version=\u00a0\u00bb4.16&Prime; _module_preset=\u00a0\u00bbdefault\u00a0\u00bb global_colors_info=\u00a0\u00bb{}\u00a0\u00bb]<\/p>\n<p>Lorem ipsum<\/p>\n<p>[\/et_pb_tab][\/et_pb_tabs][\/et_pb_column][\/et_pb_row][\/et_pb_section]<\/p>\n","protected":false},"excerpt":{"rendered":"<p>JMG Le Cl\u00e9zio, entre les mondes JMG Le Cl\u00e9zio, entre les mondes SynopsisExtraits du filmFiche techniqueAuto-portraitPhotosContacts et liensDans la presseEngl. \/ Esp. \/ Ital.Une belle r\u00e9alisation, qui rend hommage \u00e0 un romancier \u00e0 la fois reconnu et m\u00e9connu. Le Monde Un moment tr\u00e8s intense aupr\u00e8s de l\u2019\u00e9crivain Jean-Marie Le Cl\u00e9zio. Un voyage inspir\u00e9. T\u00e9l\u00e9rama Un [&hellip;]<\/p>\n","protected":false},"author":2,"featured_media":0,"parent":34,"menu_order":0,"comment_status":"closed","ping_status":"closed","template":"","meta":{"_et_pb_use_builder":"on","_et_pb_old_content":"","_et_gb_content_width":"","footnotes":""},"class_list":["post-786","page","type-page","status-publish","hentry"],"_links":{"self":[{"href":"https:\/\/francoiscaillat.com\/index.php\/wp-json\/wp\/v2\/pages\/786","targetHints":{"allow":["GET"]}}],"collection":[{"href":"https:\/\/francoiscaillat.com\/index.php\/wp-json\/wp\/v2\/pages"}],"about":[{"href":"https:\/\/francoiscaillat.com\/index.php\/wp-json\/wp\/v2\/types\/page"}],"author":[{"embeddable":true,"href":"https:\/\/francoiscaillat.com\/index.php\/wp-json\/wp\/v2\/users\/2"}],"replies":[{"embeddable":true,"href":"https:\/\/francoiscaillat.com\/index.php\/wp-json\/wp\/v2\/comments?post=786"}],"version-history":[{"count":1,"href":"https:\/\/francoiscaillat.com\/index.php\/wp-json\/wp\/v2\/pages\/786\/revisions"}],"predecessor-version":[{"id":7381,"href":"https:\/\/francoiscaillat.com\/index.php\/wp-json\/wp\/v2\/pages\/786\/revisions\/7381"}],"up":[{"embeddable":true,"href":"https:\/\/francoiscaillat.com\/index.php\/wp-json\/wp\/v2\/pages\/34"}],"wp:attachment":[{"href":"https:\/\/francoiscaillat.com\/index.php\/wp-json\/wp\/v2\/media?parent=786"}],"curies":[{"name":"wp","href":"https:\/\/api.w.org\/{rel}","templated":true}]}}