{"id":4071,"date":"2021-11-09T17:23:33","date_gmt":"2021-11-09T16:23:33","guid":{"rendered":"https:\/\/francoiscaillat.com\/?page_id=4071"},"modified":"2025-12-11T13:30:38","modified_gmt":"2025-12-11T12:30:38","slug":"edouard-louis","status":"publish","type":"page","link":"https:\/\/francoiscaillat.com\/index.php\/entretiens-portraits\/edouard-louis\/","title":{"rendered":"\u00c9douard Louis"},"content":{"rendered":"<p>[et_pb_section fb_built=\u00a0\u00bb1&Prime; admin_label=\u00a0\u00bbPhoto Banni\u00e8re haut\u00a0\u00bb _builder_version=\u00a0\u00bb4.16&Prime; background_image=\u00a0\u00bbhttps:\/\/francoiscaillat.com\/wp-content\/uploads\/2021\/11\/E\u0301douard-Louis.png\u00a0\u00bb background_position=\u00a0\u00bbtop_center\u00a0\u00bb global_colors_info=\u00a0\u00bb{}\u00a0\u00bb][et_pb_row column_structure=\u00a0\u00bb1_2,1_2&Prime; _builder_version=\u00a0\u00bb4.16&Prime; global_colors_info=\u00a0\u00bb{}\u00a0\u00bb][et_pb_column type=\u00a0\u00bb1_2&Prime; _builder_version=\u00a0\u00bb4.16&Prime; custom_padding=\u00a0\u00bb|||\u00a0\u00bb global_colors_info=\u00a0\u00bb{}\u00a0\u00bb custom_padding__hover=\u00a0\u00bb|||\u00a0\u00bb][\/et_pb_column][et_pb_column type=\u00a0\u00bb1_2&Prime; _builder_version=\u00a0\u00bb4.16&Prime; custom_padding=\u00a0\u00bb|||\u00a0\u00bb global_colors_info=\u00a0\u00bb{}\u00a0\u00bb custom_padding__hover=\u00a0\u00bb|||\u00a0\u00bb][\/et_pb_column][\/et_pb_row][et_pb_row _builder_version=\u00a0\u00bb4.16&Prime; _module_preset=\u00a0\u00bbdefault\u00a0\u00bb global_colors_info=\u00a0\u00bb{}\u00a0\u00bb][et_pb_column type=\u00a0\u00bb4_4&Prime; _builder_version=\u00a0\u00bb4.16&Prime; _module_preset=\u00a0\u00bbdefault\u00a0\u00bb global_colors_info=\u00a0\u00bb{}\u00a0\u00bb][\/et_pb_column][\/et_pb_row][et_pb_row _builder_version=\u00a0\u00bb4.16&Prime; _module_preset=\u00a0\u00bbdefault\u00a0\u00bb global_colors_info=\u00a0\u00bb{}\u00a0\u00bb][et_pb_column type=\u00a0\u00bb4_4&Prime; _builder_version=\u00a0\u00bb4.16&Prime; _module_preset=\u00a0\u00bbdefault\u00a0\u00bb global_colors_info=\u00a0\u00bb{}\u00a0\u00bb][\/et_pb_column][\/et_pb_row][et_pb_row _builder_version=\u00a0\u00bb4.16&Prime; _module_preset=\u00a0\u00bbdefault\u00a0\u00bb global_colors_info=\u00a0\u00bb{}\u00a0\u00bb][et_pb_column type=\u00a0\u00bb4_4&Prime; _builder_version=\u00a0\u00bb4.16&Prime; _module_preset=\u00a0\u00bbdefault\u00a0\u00bb global_colors_info=\u00a0\u00bb{}\u00a0\u00bb][\/et_pb_column][\/et_pb_row][et_pb_row column_structure=\u00a0\u00bb1_3,1_3,1_3&Prime; _builder_version=\u00a0\u00bb4.16&Prime; _module_preset=\u00a0\u00bbdefault\u00a0\u00bb global_colors_info=\u00a0\u00bb{}\u00a0\u00bb][et_pb_column type=\u00a0\u00bb1_3&Prime; _builder_version=\u00a0\u00bb4.16&Prime; _module_preset=\u00a0\u00bbdefault\u00a0\u00bb global_colors_info=\u00a0\u00bb{}\u00a0\u00bb][et_pb_text admin_label=\u00a0\u00bbTitre Film\u00a0\u00bb _builder_version=\u00a0\u00bb4.21.0&Prime; text_font=\u00a0\u00bb|700|||||||\u00a0\u00bb text_text_color=\u00a0\u00bb#4c4c4c\u00a0\u00bb text_font_size=\u00a0\u00bb24px\u00a0\u00bb header_font=\u00a0\u00bbLato|900|||||||\u00a0\u00bb header_font_size=\u00a0\u00bb43px\u00a0\u00bb text_orientation=\u00a0\u00bbright\u00a0\u00bb background_layout=\u00a0\u00bbdark\u00a0\u00bb module_alignment=\u00a0\u00bbleft\u00a0\u00bb custom_margin=\u00a0\u00bb80px||0px|0px|false|false\u00a0\u00bb custom_padding=\u00a0\u00bb15px||0px|0px|false|false\u00a0\u00bb filter_sepia=\u00a0\u00bb8%\u00a0\u00bb mix_blend_mode=\u00a0\u00bboverlay\u00a0\u00bb animation_style=\u00a0\u00bbfade\u00a0\u00bb animation_duration=\u00a0\u00bb1200ms\u00a0\u00bb animation_delay=\u00a0\u00bb50ms\u00a0\u00bb text_text_shadow_style=\u00a0\u00bbpreset1&Prime; text_text_shadow_horizontal_length=\u00a0\u00bb0.03em\u00a0\u00bb saved_tabs=\u00a0\u00bball\u00a0\u00bb global_colors_info=\u00a0\u00bb{}\u00a0\u00bb]<\/p>\n<h1>\u00c9douard Louis, ou la transformation<\/h1>\n<p>[\/et_pb_text][\/et_pb_column][et_pb_column type=\u00a0\u00bb1_3&Prime; _builder_version=\u00a0\u00bb4.16&Prime; _module_preset=\u00a0\u00bbdefault\u00a0\u00bb global_colors_info=\u00a0\u00bb{}\u00a0\u00bb][\/et_pb_column][et_pb_column type=\u00a0\u00bb1_3&Prime; _builder_version=\u00a0\u00bb4.16&Prime; _module_preset=\u00a0\u00bbdefault\u00a0\u00bb global_colors_info=\u00a0\u00bb{}\u00a0\u00bb][\/et_pb_column][\/et_pb_row][\/et_pb_section][et_pb_section fb_built=\u00a0\u00bb1&Prime; _builder_version=\u00a0\u00bb4.16&Prime; custom_margin=\u00a0\u00bb13px|||\u00a0\u00bb custom_padding=\u00a0\u00bb13px|||\u00a0\u00bb global_colors_info=\u00a0\u00bb{}\u00a0\u00bb][et_pb_row column_structure=\u00a0\u00bb1_4,3_4&Prime; module_id=\u00a0\u00bbsynopsis_esp\u00a0\u00bb _builder_version=\u00a0\u00bb4.21.0&Prime; global_colors_info=\u00a0\u00bb{}\u00a0\u00bb][et_pb_column type=\u00a0\u00bb1_4&Prime; _builder_version=\u00a0\u00bb4.16&Prime; custom_padding=\u00a0\u00bb|||\u00a0\u00bb custom_css_main_element=\u00a0\u00bbz-index:1000000000 !important;\u00a0\u00bb global_colors_info=\u00a0\u00bb{}\u00a0\u00bb custom_padding__hover=\u00a0\u00bb|||\u00a0\u00bb][et_pb_text admin_label=\u00a0\u00bbSous-menu film\u00a0\u00bb module_id=\u00a0\u00bbstickymenufilm\u00a0\u00bb _builder_version=\u00a0\u00bb4.21.0&Prime; text_text_color=\u00a0\u00bb#000000&Prime; text_line_height=\u00a0\u00bb1.9em\u00a0\u00bb link_text_color=\u00a0\u00bb#000000&Prime; background_color=\u00a0\u00bbrgba(244,244,244,0.87)\u00a0\u00bb custom_padding=\u00a0\u00bb10px|10px|10px|10px\u00a0\u00bb global_colors_info=\u00a0\u00bb{}\u00a0\u00bb]<\/p>\n<h2>\u00c9douard Louis, ou la transformation<\/h2>\n<p><a href=\"#synopsis\">synopsis<br \/><\/a><a href=\"#extrait\">bande-annonce du film<br \/><\/a><a href=\"#fichetech\">fiche technique<\/a><br \/><a href=\"#apropos\"><em>La transformation<\/em><br \/><\/a><a href=\"#depuis\">Autour du film<\/a><br \/><a href=\"#photos\">Photos<br \/><\/a><a href=\"#contact\">Contacts et liens<\/a><a href=\"#apropos\"><br \/><\/a><a href=\"#presse\">Dans la presse<\/a><span class=\"s1\"><a href=\"#depuis\"><br \/><\/a><\/span><span class=\"s1\"><a href=\"#eng-esp\">Engl. \/ Esp. \/ Ital.<\/a><\/span><span class=\"s1\"><br \/><\/span><\/p>\n<p>[\/et_pb_text][\/et_pb_column][et_pb_column type=\u00a0\u00bb3_4&Prime; _builder_version=\u00a0\u00bb4.16&Prime; custom_padding=\u00a0\u00bb|||\u00a0\u00bb global_colors_info=\u00a0\u00bb{}\u00a0\u00bb custom_padding__hover=\u00a0\u00bb|||\u00a0\u00bb][et_pb_divider color=\u00a0\u00bb#ffffff\u00a0\u00bb _builder_version=\u00a0\u00bb4.16&Prime; background_color=\u00a0\u00bbrgba(244,244,244,0.87)\u00a0\u00bb height=\u00a0\u00bb16px\u00a0\u00bb global_colors_info=\u00a0\u00bb{}\u00a0\u00bb][\/et_pb_divider][et_pb_text admin_label=\u00a0\u00bbsynospis\u00a0\u00bb _builder_version=\u00a0\u00bb4.27.4&Prime; global_colors_info=\u00a0\u00bb{}\u00a0\u00bb]<\/p>\n<p><strong><span class=\"s2\"><span class=\"s2\" style=\"box-sizing: border-box; margin: 0px; padding: 0px; border: 0px; outline: 0px; font-size: 17px; vertical-align: baseline; background-color: transparent; caret-color: #666666; color: #666666; font-family: 'Open Sans', Arial, sans-serif; font-style: normal; font-variant-caps: normal; font-weight: 500; letter-spacing: normal; orphans: auto; text-align: left; text-indent: 0px; text-transform: none; white-space: normal; widows: auto; word-spacing: 0px; -webkit-text-size-adjust: auto; -webkit-text-stroke-width: 0px; text-decoration: none;\"><strong>Edouard Louis<\/strong> &#8211; apr\u00e8s Julia Kristeva, Michel Foucault, JMG Le Cl\u00e9zio ou Peter Sloterdijk &#8211; est le nouveau venu dans la s\u00e9rie de films que Fran\u00e7ois Caillat consacre \u00e0 des \u00e9crivains et intellectuels. <\/span><\/span><\/strong><\/p>\n<p><span class=\"s2\" style=\"box-sizing: border-box; margin: 0px; padding: 0px; border: 0px; outline: 0px; font-size: 17px; vertical-align: baseline; background-color: transparent; caret-color: #666666; color: #666666; font-family: 'Open Sans', Arial, sans-serif; font-style: normal; font-variant-caps: normal; font-weight: 500; letter-spacing: normal; orphans: auto; text-align: left; text-indent: 0px; text-transform: none; white-space: normal; widows: auto; word-spacing: 0px; -webkit-text-size-adjust: auto; -webkit-text-stroke-width: 0px; text-decoration: none;\">Le film a \u00e9t\u00e9 pr\u00e9sent\u00e9 en <\/span><span class=\"s2\" style=\"box-sizing: border-box; margin: 0px; padding: 0px; border: 0px; outline: 0px; font-size: 17px; vertical-align: baseline; background-color: transparent; caret-color: #666666; color: #666666; font-family: 'Open Sans', Arial, sans-serif; font-style: normal; font-variant-caps: normal; font-weight: 500; letter-spacing: normal; orphans: auto; text-align: left; text-indent: 0px; text-transform: none; white-space: normal; widows: auto; word-spacing: 0px; -webkit-text-size-adjust: auto; -webkit-text-stroke-width: 0px; text-decoration: none;\">avant-premi\u00e8re au Cin\u00e9ma du R\u00e9el (Paris), puis dans diff\u00e9rents festivals internationaux de documentaire comme CPH:DOCS (Copenhague), Visions du R\u00e9el (Nyon, Suisse), <\/span><span class=\"s2\" style=\"box-sizing: border-box; margin: 0px; padding: 0px; border: 0px; outline: 0px; font-size: 17px; vertical-align: baseline; background-color: transparent; caret-color: #666666; color: #666666; font-family: 'Open Sans', Arial, sans-serif; font-style: normal; font-variant-caps: normal; font-weight: 500; letter-spacing: normal; orphans: auto; text-align: left; text-indent: 0px; text-transform: none; white-space: normal; widows: auto; word-spacing: 0px; -webkit-text-size-adjust: auto; -webkit-text-stroke-width: 0px; text-decoration: none;\">ou JI<\/span><span class=\"s2\" style=\"box-sizing: border-box; margin: 0px; padding: 0px; border: 0px; outline: 0px; font-size: 17px; vertical-align: baseline; background-color: transparent; caret-color: #666666; color: #666666; font-family: 'Open Sans', Arial, sans-serif; font-style: normal; font-variant-caps: normal; font-weight: 500; letter-spacing: normal; orphans: auto; text-align: left; text-indent: 0px; text-transform: none; white-space: normal; widows: auto; word-spacing: 0px; -webkit-text-size-adjust: auto; -webkit-text-stroke-width: 0px; text-decoration: none;\">-hlava (R\u00e9publique tch\u00e8que).<br \/><\/span><span class=\"s2\" style=\"box-sizing: border-box; margin: 0px; padding: 0px; border: 0px; outline: 0px; font-size: 17px; vertical-align: baseline; background-color: transparent; caret-color: #666666; color: #666666; font-family: 'Open Sans', Arial, sans-serif; font-style: normal; font-variant-caps: normal; font-weight: 500; letter-spacing: normal; orphans: auto; text-align: left; text-indent: 0px; text-transform: none; white-space: normal; widows: auto; word-spacing: 0px; -webkit-text-size-adjust: auto; -webkit-text-stroke-width: 0px; text-decoration: none;\">Il est sorti en salles en novembre 23 et distribu\u00e9 \u00e0 l&rsquo;international.<\/span><\/p>\n<p><span class=\"s2\" style=\"box-sizing: border-box; margin: 0px; padding: 0px; border: 0px; outline: 0px; font-size: 17px; vertical-align: baseline; background-color: transparent; caret-color: #666666; color: #666666; font-family: 'Open Sans', Arial, sans-serif; font-style: normal; font-variant-caps: normal; font-weight: 500; letter-spacing: normal; orphans: auto; text-align: left; text-indent: 0px; text-transform: none; white-space: normal; widows: auto; word-spacing: 0px; -webkit-text-size-adjust: auto; -webkit-text-stroke-width: 0px; text-decoration: none;\">Titre anglais : <em>The Many Lives of Edouard Louis<\/em><\/span><\/p>\n<p><strong>Le film est disponible en streaming sur diff\u00e9rentes plate-formes<\/strong><\/p>\n<p>&nbsp;<\/p>\n<p><span class=\"s2\" style=\"box-sizing: border-box; margin: 0px; padding: 0px; border: 0px; outline: 0px; font-size: 17px; vertical-align: baseline; background-color: transparent; caret-color: #666666; color: #666666; font-family: 'Open Sans', Arial, sans-serif; font-style: normal; font-variant-caps: normal; font-weight: 500; letter-spacing: normal; orphans: auto; text-align: left; text-indent: 0px; text-transform: none; white-space: normal; widows: auto; word-spacing: 0px; -webkit-text-size-adjust: auto; -webkit-text-stroke-width: 0px; text-decoration: none;\"><\/span><\/p>\n<p style=\"text-align: center;\"><span class=\"s2\" style=\"box-sizing: border-box; margin: 0px; padding: 0px; border: 0px; outline: 0px; font-size: 17px; vertical-align: baseline; background-color: transparent; caret-color: #666666; color: #666666; font-family: 'Open Sans', Arial, sans-serif; font-style: normal; font-variant-caps: normal; font-weight: 500; letter-spacing: normal; orphans: auto; text-align: left; text-indent: 0px; text-transform: none; white-space: normal; widows: auto; word-spacing: 0px; -webkit-text-size-adjust: auto; -webkit-text-stroke-width: 0px; text-decoration: none;\">SYNOPSIS<\/span><\/p>\n<p><strong><span class=\"s2\" style=\"box-sizing: border-box; margin: 0px; padding: 0px; border: 0px; outline: 0px; font-size: 17px; vertical-align: baseline; background-color: transparent; caret-color: #666666; color: #666666; font-family: 'Open Sans', Arial, sans-serif; font-style: normal; font-variant-caps: normal; letter-spacing: normal; text-align: left; text-indent: 0px; text-transform: none; white-space: normal; word-spacing: 0px; -moz-text-size-adjust: auto; -webkit-text-stroke-width: 0px; text-decoration: none;\"><em>\u201cEdouard Louis, ou la transformation\u201d<\/em><\/span><\/strong><span class=\"s2\" style=\"box-sizing: border-box; margin: 0px; padding: 0px; border: 0px; outline: 0px; font-size: 17px; vertical-align: baseline; background-color: transparent; caret-color: #666666; color: #666666; font-family: 'Open Sans', Arial, sans-serif; font-style: normal; font-variant-caps: normal; letter-spacing: normal; text-align: left; text-indent: 0px; text-transform: none; white-space: normal; word-spacing: 0px; -moz-text-size-adjust: auto; -webkit-text-stroke-width: 0px; text-decoration: none;\"><em> raconte la m\u00e9tamorphose d&rsquo;un gar\u00e7on, issu d\u2019un milieu sous-prol\u00e9taire picard, en star de la vie culturelle fran\u00e7aise.<br \/>Edouard Louis, devenu en quelques ann\u00e9es l\u2019\u00e9crivain porte-parole d\u2019une g\u00e9n\u00e9ration, engage chacun de nous \u00e0 faire de la transformation permanente un nouveau mode d\u2019existence.<\/em><\/span><\/p>\n<p><strong> <\/strong><\/p>\n<p><strong><\/strong><\/p>\n<p><strong> <\/strong><\/p>\n<p><strong><\/strong><strong><span class=\"s2\"><span class=\"s2\" style=\"box-sizing: border-box; margin: 0px; padding: 0px; border: 0px; outline: 0px; font-size: 17px; vertical-align: baseline; background-color: transparent; caret-color: #666666; color: #666666; font-family: 'Open Sans', Arial, sans-serif; font-style: normal; font-variant-caps: normal; font-weight: 500; letter-spacing: normal; orphans: auto; text-align: left; text-indent: 0px; text-transform: none; white-space: normal; widows: auto; word-spacing: 0px; -webkit-text-size-adjust: auto; -webkit-text-stroke-width: 0px; text-decoration: none;\"><\/span><\/span><\/strong><\/p>\n<p class=\"p1\"><strong> <\/strong><\/p>\n<p><strong><\/strong><\/p>\n<p>[\/et_pb_text][\/et_pb_column][\/et_pb_row][et_pb_row column_structure=\u00a0\u00bb1_4,3_4&Prime; _builder_version=\u00a0\u00bb4.16&Prime; background_size=\u00a0\u00bbinitial\u00a0\u00bb background_position=\u00a0\u00bbtop_left\u00a0\u00bb background_repeat=\u00a0\u00bbrepeat\u00a0\u00bb global_colors_info=\u00a0\u00bb{}\u00a0\u00bb][et_pb_column type=\u00a0\u00bb1_4&Prime; _builder_version=\u00a0\u00bb4.16&Prime; custom_padding=\u00a0\u00bb|||\u00a0\u00bb global_colors_info=\u00a0\u00bb{}\u00a0\u00bb custom_padding__hover=\u00a0\u00bb|||\u00a0\u00bb][\/et_pb_column][et_pb_column type=\u00a0\u00bb3_4&Prime; _builder_version=\u00a0\u00bb4.16&Prime; custom_padding=\u00a0\u00bb|||\u00a0\u00bb global_colors_info=\u00a0\u00bb{}\u00a0\u00bb custom_padding__hover=\u00a0\u00bb|||\u00a0\u00bb][et_pb_divider color=\u00a0\u00bb#ffffff\u00a0\u00bb _builder_version=\u00a0\u00bb4.16&Prime; background_color=\u00a0\u00bbrgba(244,244,244,0.87)\u00a0\u00bb height=\u00a0\u00bb16px\u00a0\u00bb global_colors_info=\u00a0\u00bb{}\u00a0\u00bb][\/et_pb_divider][et_pb_text admin_label=\u00a0\u00bbpr\u00e9sentation\u00a0\u00bb _builder_version=\u00a0\u00bb4.21.0&Prime; global_colors_info=\u00a0\u00bb{}\u00a0\u00bb]<\/p>\n<p style=\"text-align: center;\"><strong>PRESENTATION<\/strong><br \/><em>Interview par<\/em> AlloCin\u00e9<\/p>\n<p><em>.<br \/>Comment est n\u00e9 le projet d&rsquo;Edouard Louis ou la transformation ?<\/em><br \/>J\u2019ai eu envie de travailler sur l\u2019id\u00e9e de transformation, en racontant la trajectoire d\u2019Edouard Louis, jeune et prolixe, dans lequel toute une g\u00e9n\u00e9ration semble se retrouver. J\u2019avais connu Edouard Louis \u00e0 l\u2019occasion d\u2019un pr\u00e9c\u00e9dent film, \u201dFoucault contre lui-m\u00eame\u201d, il m\u2019avait second\u00e9 pour \u00e9crire un sc\u00e9nario sur le philosophe o\u00f9 l\u2019on parlait d\u00e9j\u00e0 de transformation. Cette fois-ci, c\u2019est lui qui est l\u2019objet du film. \u201cEdouard Louis, ou la transformation\u201d est mon sixi\u00e8me documentaire sur des \u00e9crivains et penseurs.<\/p>\n<p><em>Vous filmez Edouard Louis sur sc\u00e8ne. On ne lui connaissait pas ses talents de performer.<\/em><br \/>\u201cPerformer\u201d, je ne sais pas, mais acteur, oui. Il a toujours souhait\u00e9 le devenir. D\u00e8s son enfance il jouait dans les spectacles amateurs de son village. Ensuite il a fait le lyc\u00e9e \u00e0 Amiens en section Th\u00e9\u00e2tre. C\u2019est donc un d\u00e9sir ancien. Le grand saut, c\u2019est lorsque le metteur en sc\u00e8ne allemand Thomas Ostermeier a mont\u00e9 au th\u00e9\u00e2tre son r\u00e9cit autobiographique \u201cQui a tu\u00e9 mon p\u00e8re\u201d. Edouard Louis a \u00e9t\u00e9 choisi pour jouer son propre r\u00f4le et je trouve qu\u2019il s\u2019en tire tr\u00e8s bien. D\u2019autant qu\u2019il y a l\u00e0 une mise en ab\u00eeme assez \u00e9tonnante\u00a0: l\u2019auteur, l\u2019acteur et le sujet du r\u00e9cit sont confondus.<\/p>\n<p><em>Edouard Louis est l&rsquo;incarnation du transfuge de classe, une \u00e9tiquette qui simplifie l&rsquo;\u00e9crivain et l&rsquo;enferme dans une image fig\u00e9e. Dans votre film, vous vous attachez \u00e0 le montrer vivant, joyeux, parfois dr\u00f4le&#8230;<\/em><br \/>Oui, c\u2019\u00e9tait exactement mon projet. Donner \u00e0 une pens\u00e9e qui a d\u00e9j\u00e0 bien circul\u00e9 (cinq livres en moins de dix ans) un cadre tr\u00e8s vivant. Un corps, un visage, des regards, un s\u00e9rieux plein de vie. Je voulais filmer quelqu\u2019un qui parle devant nous, qui se d\u00e9voile, qui \u00e9labore progressivement des id\u00e9es avec des h\u00e9sitations, des silences. Parfois il y a des moments dr\u00f4les et impr\u00e9vus, c\u2019est tout le contraire d\u2019un discours programm\u00e9, calibr\u00e9, attendu. Edouard Louis appara\u00eet dans ce film alerte et chaleureux parce qu\u2019il prend le pas sur sa pens\u00e9e. Il existe soudain devant nous.<\/p>\n<p><em>Qu&rsquo;est-ce qui vous a donn\u00e9 envie de vous int\u00e9resser \u00e0 Edouard Louis ? Est-ce cet extrait de \u201cEn finir avec Eddy Bellegueule\u201d : \u00ab\u00a0De mon enfance je n&rsquo;ai aucun souvenir heureux. Je ne veux pas dire que jamais, durant ces ann\u00e9es, je n&rsquo;ai \u00e9prouv\u00e9 un sentiment de bonheur ou de joie. Simplement la souffrance est totalitaire : tout ce qui n&rsquo;entre pas dans son syst\u00e8me, elle le fait dispara\u00eetre.\u00a0\u00bb ?<\/em><br \/>Non, la souffrance ne m\u2019attire pas sp\u00e9cialement, ni comme individu ni comme r\u00e9alisateur. Je suis plus sensible \u00e0 l\u2019enthousiasme, aux espoirs, aux projets li\u00e9s aux dispositions cr\u00e9atives de l\u2019humain. L\u2019id\u00e9e de \u201cLa transformation\u201d (ce qui est le sujet et le titre du film) me pla\u00eet beaucoup. C\u2019est l\u2019id\u00e9e d\u2019un avenir possible, \u00e0 choisir, promouvoir et parfois exiger. Edouard Louis parle d\u2019une <em>r\u00e9invention de soi<\/em>. J\u2019y trouve une forme d\u2019optimisme n\u00e9cessaire.<\/p>\n<p><em>Envisagez-vous de prolonger l&rsquo;exp\u00e9rience avec Edouard Louis ?<br \/><\/em>Cette exp\u00e9rience \u00e9tait un film, c\u2019est-\u00e0-dire une rencontre, un travail partag\u00e9, une envie commune sur un temps limit\u00e9. On a fabriqu\u00e9 ensemble un objet \u201c\u00e0 voir et entendre\u201d. L\u2019objet est maintenant l\u00e0, termin\u00e9. Chacun reprend sa course.<\/p>\n<p><strong> <\/strong><\/p>\n<p><strong><\/strong><\/p>\n<p><strong> <\/strong><\/p>\n<p><strong><\/strong><strong><span class=\"s2\"><span class=\"s2\" style=\"box-sizing: border-box; margin: 0px; padding: 0px; border: 0px; outline: 0px; font-size: 17px; vertical-align: baseline; background-color: transparent; caret-color: #666666; color: #666666; font-family: 'Open Sans', Arial, sans-serif; font-style: normal; font-variant-caps: normal; font-weight: 500; letter-spacing: normal; orphans: auto; text-align: left; text-indent: 0px; text-transform: none; white-space: normal; widows: auto; word-spacing: 0px; -webkit-text-size-adjust: auto; -webkit-text-stroke-width: 0px; text-decoration: none;\"><\/span><\/span><\/strong><\/p>\n<p class=\"p1\"><strong> <\/strong><\/p>\n<p><strong><\/strong><\/p>\n<p>[\/et_pb_text][\/et_pb_column][\/et_pb_row][et_pb_row column_structure=\u00a0\u00bb1_4,3_4&Prime; _builder_version=\u00a0\u00bb4.16&Prime; global_colors_info=\u00a0\u00bb{}\u00a0\u00bb][et_pb_column type=\u00a0\u00bb1_4&Prime; _builder_version=\u00a0\u00bb4.16&Prime; custom_padding=\u00a0\u00bb|||\u00a0\u00bb global_colors_info=\u00a0\u00bb{}\u00a0\u00bb custom_padding__hover=\u00a0\u00bb|||\u00a0\u00bb][\/et_pb_column][et_pb_column type=\u00a0\u00bb3_4&Prime; _builder_version=\u00a0\u00bb4.16&Prime; custom_padding=\u00a0\u00bb|||\u00a0\u00bb global_colors_info=\u00a0\u00bb{}\u00a0\u00bb custom_padding__hover=\u00a0\u00bb|||\u00a0\u00bb][et_pb_video admin_label=\u00a0\u00bbfilm\u00a0\u00bb _builder_version=\u00a0\u00bb4.21.0&Prime; global_colors_info=\u00a0\u00bb{}\u00a0\u00bb][\/et_pb_video][\/et_pb_column][\/et_pb_row][et_pb_row column_structure=\u00a0\u00bb1_4,3_4&Prime; _builder_version=\u00a0\u00bb4.16&Prime; background_size=\u00a0\u00bbinitial\u00a0\u00bb background_position=\u00a0\u00bbtop_left\u00a0\u00bb background_repeat=\u00a0\u00bbrepeat\u00a0\u00bb global_colors_info=\u00a0\u00bb{}\u00a0\u00bb][et_pb_column type=\u00a0\u00bb1_4&Prime; _builder_version=\u00a0\u00bb4.16&Prime; custom_padding=\u00a0\u00bb|||\u00a0\u00bb global_colors_info=\u00a0\u00bb{}\u00a0\u00bb custom_padding__hover=\u00a0\u00bb|||\u00a0\u00bb][\/et_pb_column][et_pb_column type=\u00a0\u00bb3_4&Prime; _builder_version=\u00a0\u00bb4.16&Prime; custom_padding=\u00a0\u00bb|||\u00a0\u00bb global_colors_info=\u00a0\u00bb{}\u00a0\u00bb custom_padding__hover=\u00a0\u00bb|||\u00a0\u00bb][et_pb_divider color=\u00a0\u00bb#ffffff\u00a0\u00bb _builder_version=\u00a0\u00bb4.16&Prime; background_color=\u00a0\u00bbrgba(244,244,244,0.87)\u00a0\u00bb height=\u00a0\u00bb16px\u00a0\u00bb global_colors_info=\u00a0\u00bb{}\u00a0\u00bb][\/et_pb_divider][et_pb_text admin_label=\u00a0\u00bbBande-annonce du film (titre)\u00a0\u00bb module_id=\u00a0\u00bbextrait\u00a0\u00bb _builder_version=\u00a0\u00bb4.21.0&Prime; global_colors_info=\u00a0\u00bb{}\u00a0\u00bb]<\/p>\n<h2>Bande-annonce du film<\/h2>\n<p>[\/et_pb_text][et_pb_video src=\u00a0\u00bbhttps:\/\/www.youtube.com\/watch?v=MF0dw9B6lko&#038;t=91s\u00a0\u00bb _builder_version=\u00a0\u00bb4.21.0&Prime; _module_preset=\u00a0\u00bbdefault\u00a0\u00bb global_colors_info=\u00a0\u00bb{}\u00a0\u00bb][\/et_pb_video][\/et_pb_column][\/et_pb_row][et_pb_row column_structure=\u00a0\u00bb1_4,3_4&Prime; module_id=\u00a0\u00bbfichetech_esp\u00a0\u00bb _builder_version=\u00a0\u00bb4.16&Prime; global_colors_info=\u00a0\u00bb{}\u00a0\u00bb][et_pb_column type=\u00a0\u00bb1_4&Prime; _builder_version=\u00a0\u00bb4.16&Prime; custom_padding=\u00a0\u00bb|||\u00a0\u00bb global_colors_info=\u00a0\u00bb{}\u00a0\u00bb custom_padding__hover=\u00a0\u00bb|||\u00a0\u00bb][\/et_pb_column][et_pb_column type=\u00a0\u00bb3_4&Prime; _builder_version=\u00a0\u00bb4.16&Prime; custom_padding=\u00a0\u00bb|||\u00a0\u00bb global_colors_info=\u00a0\u00bb{}\u00a0\u00bb custom_padding__hover=\u00a0\u00bb|||\u00a0\u00bb][et_pb_text admin_label=\u00a0\u00bbFiche technique\u00a0\u00bb module_id=\u00a0\u00bbfichetech\u00a0\u00bb _builder_version=\u00a0\u00bb4.21.0&Prime; link_text_color=\u00a0\u00bb#7a7a7a\u00a0\u00bb global_colors_info=\u00a0\u00bb{}\u00a0\u00bb]<\/p>\n<header class=\"entry-header\">\n<h2 class=\"page-title\">Fiche technique<\/h2>\n<p><strong>Edouard Louis, ou la tranformation<br \/><\/strong><em>The Many Lives of Edouard Louis <\/p>\n<p><\/em><strong><\/strong><strong><\/strong>Un film de Fran\u00e7ois Caillat<strong><br \/><\/strong>72 minutes. Couleur. France. 2022<\/p>\n<p>Avec :<br \/><strong>\u00c9douard Louis<\/strong><\/p>\n<p><em>Image\u00a0:<\/em><br \/>Jean-Baptiste Delahaye<br \/>Laurent F\u00e9nart<\/p>\n<p><em>Son\u00a0:<\/em><br \/>Jean-Marie Daleux, Stephan Bauer<br \/>Christian Vignal, D\u00e9borah Drelon<\/p>\n<p><em>Direction de production\u00a0:<\/em><br \/>Hortense Quitard<\/p>\n<p><em>assist\u00e9e de :<\/em><br \/>Pauline Caillat, Edm\u00e9e Doroszlai<br \/>Orianne Barbaux, C\u00e9cile Guionnet<\/p>\n<p><em>Montage\u00a0:<\/em><br \/>Emmanuel Manzano<\/p>\n<p><em>assist\u00e9 de :<\/em><br \/>Raphaelle Irace, Salom\u00e9 Emmelin<\/p>\n<p><em>Etalonnage :<\/em><br \/>Axelle Gonay<\/p>\n<p><em>Mixage :<\/em><br \/>Christian Cartier<br \/>A<span>uditorium de mixage Le Fresnoy<\/span><\/p>\n<p><em>Mises en sc\u00e8ne th\u00e9\u00e2tre :<\/em><br \/>Jessica Gazon<br \/>Laurent Hatat et Emma Gustafsson<br \/>Stanislas Nordey<br \/>Thomas Ostermeier<\/p>\n<p><span><\/span><span><\/span><em>Une coproduction :<\/em><\/p>\n<p><span>Tempo films<br \/>Jacqueline Sigaar<br \/>Hortense Quitard<\/span><\/p>\n<p>Acqua alta<br \/><span>Christophe Gougeon<br \/><\/span><span><\/span><span><\/span><span><\/span><span><\/span><\/p>\n<p><span>Le Fresnoy &#8211; Studio national des arts contemporains<\/span><\/p>\n<p>Pictanovo<br \/><span>avec le soutien de la R\u00e9gion Hauts-de-France<br \/><\/span><span>et en partenariat avec le CNC<\/span><\/p>\n<p>DDN Lille<\/p>\n<p><span>avec le soutien :<br \/><\/span><span>du Centre national du cin\u00e9ma et de l\u2019image anim\u00e9e<br \/><\/span><span>de la Procirep \u2013 Soci\u00e9t\u00e9 des Producteurs<br \/>de L\u2019Angoa<\/span><\/p>\n<p>ISAN 0000-0005-8CDA-0000-C-0000-0000-1<\/p>\n<p><span><\/span><\/p>\n<\/header>\n<div class=\"entry-content\"><\/div>\n<p>[\/et_pb_text][\/et_pb_column][\/et_pb_row][et_pb_row column_structure=\u00a0\u00bb1_4,3_4&Prime; _builder_version=\u00a0\u00bb4.16&Prime; background_size=\u00a0\u00bbinitial\u00a0\u00bb background_position=\u00a0\u00bbtop_left\u00a0\u00bb background_repeat=\u00a0\u00bbrepeat\u00a0\u00bb global_colors_info=\u00a0\u00bb{}\u00a0\u00bb][et_pb_column type=\u00a0\u00bb1_4&Prime; _builder_version=\u00a0\u00bb4.16&Prime; custom_padding=\u00a0\u00bb|||\u00a0\u00bb global_colors_info=\u00a0\u00bb{}\u00a0\u00bb custom_padding__hover=\u00a0\u00bb|||\u00a0\u00bb][\/et_pb_column][et_pb_column type=\u00a0\u00bb3_4&Prime; _builder_version=\u00a0\u00bb4.16&Prime; custom_padding=\u00a0\u00bb|||\u00a0\u00bb global_colors_info=\u00a0\u00bb{}\u00a0\u00bb custom_padding__hover=\u00a0\u00bb|||\u00a0\u00bb][et_pb_divider color=\u00a0\u00bb#ffffff\u00a0\u00bb _builder_version=\u00a0\u00bb4.16&Prime; background_color=\u00a0\u00bbrgba(244,244,244,0.87)\u00a0\u00bb height=\u00a0\u00bb16px\u00a0\u00bb global_colors_info=\u00a0\u00bb{}\u00a0\u00bb][\/et_pb_divider][\/et_pb_column][\/et_pb_row][et_pb_row column_structure=\u00a0\u00bb1_4,3_4&Prime; _builder_version=\u00a0\u00bb4.16&Prime; background_size=\u00a0\u00bbinitial\u00a0\u00bb background_position=\u00a0\u00bbtop_left\u00a0\u00bb background_repeat=\u00a0\u00bbrepeat\u00a0\u00bb global_colors_info=\u00a0\u00bb{}\u00a0\u00bb][et_pb_column type=\u00a0\u00bb1_4&Prime; _builder_version=\u00a0\u00bb4.16&Prime; custom_padding=\u00a0\u00bb|||\u00a0\u00bb global_colors_info=\u00a0\u00bb{}\u00a0\u00bb custom_padding__hover=\u00a0\u00bb|||\u00a0\u00bb][\/et_pb_column][et_pb_column type=\u00a0\u00bb3_4&Prime; _builder_version=\u00a0\u00bb4.16&Prime; custom_padding=\u00a0\u00bb|||\u00a0\u00bb global_colors_info=\u00a0\u00bb{}\u00a0\u00bb custom_padding__hover=\u00a0\u00bb|||\u00a0\u00bb][et_pb_text admin_label=\u00a0\u00bbLa transformation (titre)\u00a0\u00bb module_id=\u00a0\u00bbapropos\u00a0\u00bb _builder_version=\u00a0\u00bb4.16&Prime; global_colors_info=\u00a0\u00bb{}\u00a0\u00bb]<\/p>\n<h2><em>La transformation<\/em><\/h2>\n<p>[\/et_pb_text][et_pb_toggle title=\u00a0\u00bbUNE RELATION ANCIENNE AVEC EDOUARD LOUIS\u00a0\u00bb open_toggle_background_color=\u00a0\u00bbrgba(244,244,244,0.87)\u00a0\u00bb closed_toggle_background_color=\u00a0\u00bbrgba(244,244,244,0.87)\u00a0\u00bb admin_label=\u00a0\u00bbUNE RELATION ANCIENNE AVEC EDOUARD LOUIS (texte)\u00a0\u00bb _builder_version=\u00a0\u00bb4.21.0&Prime; title_level=\u00a0\u00bbh3&Prime; title_font=\u00a0\u00bb|600|||||||\u00a0\u00bb global_colors_info=\u00a0\u00bb{}\u00a0\u00bb]<\/p>\n<div class=\"page\" title=\"Page 4\">\n<div class=\"layoutArea\">\n<div class=\"column\">\n<p><span style=\"font-size: 12.000000pt; font-family: 'Verdana';\">J\u2019ai connu E\u0301douard Louis, en 2012, a\u0300 l\u2019e\u0301poque ou\u0300 il re\u0301digeait le manuscrit de son premier roman, <\/span><span style=\"font-size: 12.000000pt; font-family: 'Verdana'; font-style: italic;\">En finir avec Eddy Bellegueule<\/span><span style=\"font-size: 12.000000pt; font-family: 'Verdana';\">. <\/span><\/p>\n<p><span style=\"font-size: 12.000000pt; font-family: 'Verdana';\">Dans cette autobiographie re\u0301flexive, le jeune homme racontait sa jeunesse dans un village de\u0301favorise\u0301 de Picardie et abordait plus largement la question de la violence sociale. E\u0301douard Louis, alias Eddy Bellegueule, racontait ce qu\u2019aucun autre e\u0301crivain franc\u0327ais ne semblait alors en mesure de faire : il parlait du peuple, de la condition sous-prole\u0301tarise\u0301e de populations oublie\u0301es (en Picardie et ailleurs), du sentiment d\u2019exclusion qui les habite, de leurs pense\u0301es et mode de vie (de\u0301classement et solidarite\u0301 sociale, mais aussi homophobie, machisme et xe\u0301nophobie rampante). Six ans avant le mouvement des Gilets Jaunes, il racontait une France tenue sous le boisseau. <\/span><\/p>\n<p><span style=\"font-size: 12.000000pt; font-family: 'Verdana';\">E\u0301douard Louis pouvait en parler parce qu\u2019il l\u2019avait ve\u0301cu sur place, dans sa propre famille, et qu\u2019il avait fait depuis un bond social vertigineux le menant a\u0300 l\u2019E\u0301cole Normale Supe\u0301rieure et au statut d\u2019apprenti-romancier.<br \/>Il le pouvait aussi parce qu\u2019il doublait son re\u0301cit personnel d\u2019une analyse the\u0301orique, largement nourrie par la pense\u0301e de Pierre Bourdieu, et qu\u2019il travaillait en relation avec un petit groupe d\u2019intellectuels qui le guidaient et l\u2019inspiraient &#8211; parmi lesquels Didier Eribon, sociologue a\u0300 l\u2019Universite\u0301 d\u2019Amiens, et Geoffroy de Lagasnerie, jeune philosophe auteur de plusieurs ouvrages sur Michel Foucault. <\/span><\/p>\n<p><span style=\"font-size: 12.000000pt; font-family: 'Verdana';\">Ce sont ceux-la\u0300 que j\u2019ai connus et co\u0302toye\u0301s pour mon film <\/span><span style=\"font-size: 12.000000pt; font-family: 'Verdana'; font-style: italic;\">Foucault contre lui-me\u0302me<\/span><span style=\"font-size: 12.000000pt; font-family: 'Verdana';\">, un 52\u2019 unitaire produit par Arte et diffuse\u0301 au printemps 2014. Pour e\u0301crire ce film, j\u2019avais pris comme \u201cconseiller\u201d un jeune normalien dont on m\u2019avait recommande\u0301 la pertinence the\u0301orique. Ce garc\u0327on e\u0301tait E\u0301douard Louis et cela se passait une anne\u0301e avant la sortie de son premier roman. Celui qui s\u2019appelait encore Eddy Bellegueule e\u0301tait un inconnu, mais je de\u0301couvrais chez lui une re\u0301flexion, une maturite\u0301 de pense\u0301e, qui me paraissaient inhabituelles pour un garc\u0327on de vingt-deux ans. <\/span><span style=\"font-size: 12.000000pt; font-family: 'Verdana';\">Tre\u0300s naturellement, en travaillant avec lui, ses camarades de pense\u0301e Didier Eribon et Geoffroy de Lagasnerie se sont retrouve\u0301s dans mon projet, en compagnie d\u2019Arlette Farge et de Georges Didi-Huberman. Et nous avons conc\u0327u ensemble le film sur Michel Foucault.<\/span><\/p>\n<p>Ce qui m\u2019a beaucoup frappe\u0301, a\u0300 cette e\u0301poque, c\u2019est la manie\u0300re dont E\u0301douard Louis avait modifie\u0301 le cours de son existence pour arriver la\u0300 ou\u0300 je le rencontrais. Je voyais un intellectuel et il me parlait de son enfance dans un milieu quasi-analphabe\u0300te. J\u2019e\u0301coutais un discoureur avise\u0301 et il me de\u0301crivait un village ou\u0300 les saouleries a\u0300 la bie\u0300re et les romances te\u0301le\u0301vise\u0301es formaient le c\u0153ur de l\u2019existence.<br \/>Quand son livre <span style=\"font-size: 12.000000pt; font-family: 'Verdana'; font-style: italic;\">En finir avec Eddy Bellegueule <\/span><span style=\"font-size: 12.000000pt; font-family: 'Verdana';\">est paru peu apre\u0300s, j\u2019ai mieux compris le milieu d\u2019origine. Mais l\u2019auteur ne racontait pas comment il en e\u0301tait sorti.<br \/>Le second texte, <\/span><span style=\"font-size: 12.000000pt; font-family: 'Verdana'; font-style: italic;\">Histoire de la violence<\/span><span style=\"font-size: 12.000000pt; font-family: 'Verdana';\">, situe\u0301 a\u0300 Paris, ne m\u2019en a pas fourni davantage les clefs. Apre\u0300s avoir raconte\u0301 un \u201cavant\u201d, l\u2019e\u0301crivain racontait maintenant un \u201capre\u0300s\u201d. Mais il ne disait pas comment la transformation avait pu s\u2019ope\u0301rer de l\u2019un a\u0300 l\u2019autre.<br \/>Le troisie\u0300me texte, <\/span><span style=\"font-size: 12.000000pt; font-family: 'Verdana'; font-style: italic;\">Qui a tue\u0301 mon pe\u0300re<\/span><span style=\"font-size: 12.000000pt; font-family: 'Verdana';\">, n\u2019a pas donne\u0301 non plus la moindre explication.<\/span><\/p>\n<p>Or c\u2019est bien cette transformation qui m\u2019inte\u0301ressait le plus. Je voulais savoir comment une telle me\u0301tamorphose avait pu porter un jeune sous- prole\u0301taire picard au statut naissant de star des me\u0301dias. Mais je restais seul avec mes interrogations.<\/p>\n<\/div>\n<\/div>\n<\/div>\n<div class=\"page\" title=\"Page 5\">\n<div class=\"layoutArea\">\n<div class=\"column\">\n<p><span style=\"font-size: 12.000000pt; font-family: 'Verdana';\">E\u0301douard Louis, dans nos conversations prive\u0301es, me donnait certes quelques pistes. Cela semblait se passer a\u0300 Amiens, durant quatre anne\u0301es passe\u0301es au lyce\u0301e et a\u0300 la faculte\u0301 de Picardie. Il y avait la\u0300, entre le de\u0301part du village d\u2019Hallencourt et l\u2019arrive\u0301e a\u0300 Paris, une pe\u0301riode charnie\u0300re a\u0300 la fin des anne\u0301es 2000 qui semblait cruciale. Mais il n\u2019en e\u0301crivait rien dans ses textes et s\u2019y re\u0301fe\u0301rait rarement dans ses interviews. Il se contentait de citer cette e\u0301tape a\u0300 Amiens sans entrer dans le de\u0301tail. <\/span><\/p>\n<p><span style=\"font-size: 12.000000pt; font-family: 'Verdana';\">Les anne\u0301es sont passe\u0301es et cela me semblait tre\u0300s e\u0301trange que cet adepte de Pierre Bourdieu (capital culturel et de\u0301terminisme social) ne saisisse pas l\u2019occasion de faire une analyse circonstancie\u0301e de son propre cas. Car son itine\u0301raire m\u2019apparaissait tre\u0300s significatif, en contre-exemple bourdieusien. A travers E\u0301douard Louis, on de\u0301couvre une manie\u0300re de se transformer, de quitter sa condition sociale originelle, de changer de milieu culturel, de devenir un intellectuel dans la France du XXIe\u0300me sie\u0300cle ordinairement plus favorable aux e\u0301lites de naissance. On voit comment un jeune homme mal ne\u0301 re\u0301ussit, de manie\u0300re tout a\u0300 fait surprenante, a\u0300 e\u0301chapper aux classements qui lui e\u0301taient destine\u0301s. <\/span><\/p>\n<p><span style=\"font-size: 12.000000pt; font-family: 'Verdana';\">Or il bien faut reconnai\u0302tre que ce cheminement rejoint une pre\u0301occupation tre\u0300s actuelle. La transformation apparai\u0302t aujourd\u2019hui comme une des clefs de la modernite\u0301. Il faut entendre ici transformation au sens de \u201ctraverser\u201d, casser les codes fige\u0301s, de\u0301laisser les normes, admettre l\u2019alte\u0301rite\u0301 totale sous forme de me\u0301lange ou de renouveau. En re\u0301sume\u0301 : se transporter ailleurs.<\/span><\/p>\n<p>Le vocabulaire contemporain est traverse\u0301 de tels impe\u0301ratifs : transfuge, transclasse, transgenre, transhumanite\u0301&#8230; Tout ce qui traverse et fissure les cate\u0301gories issues de l\u2019ancien humanisme occidental ; tout ce qui peut fonder une nouvelle approche de l\u2019humain &#8211; et, par-dela\u0300, du vivant.<\/p>\n<p>De nombreux de\u0301bats tournent actuellement autour de cette question, en France comme a\u0300 l\u2019e\u0301tranger. La re\u0301flexion est mene\u0301e dans des colloques universitaires ou lors d\u2019actions militantes me\u0301diatise\u0301es. Elle est souvent anime\u0301e par des auteurs de grande notorie\u0301te\u0301. C\u2019est le nouveau champ d\u2019e\u0301tudes de ce de\u0301but de XXIe\u0300me sie\u0300cle.<\/p>\n<p><span style=\"font-size: 12.000000pt; font-family: 'Verdana';\">Voila\u0300 l\u2019horizon dans lequel surgit ce projet de film : <\/span><span style=\"font-size: 12.000000pt; font-family: 'Verdana'; font-style: italic;\">E\u0301douard Louis, ou la transformation. <\/span><\/p>\n<\/div>\n<\/div>\n<\/div>\n<p>[\/et_pb_toggle][et_pb_toggle title=\u00a0\u00bbCOMMENT DEVIENT-ON TRANSFUGE DE CLASSE ?\u00a0\u00bb open_toggle_background_color=\u00a0\u00bbrgba(244,244,244,0.87)\u00a0\u00bb closed_toggle_background_color=\u00a0\u00bbrgba(244,244,244,0.87)\u00a0\u00bb admin_label=\u00a0\u00bb COMMENT DEVIENT-ON TRANSFUGE DE CLASSE ? (texte)\u00a0\u00bb _builder_version=\u00a0\u00bb4.21.0&Prime; title_level=\u00a0\u00bbh3&Prime; title_font=\u00a0\u00bb|600|||||||\u00a0\u00bb global_colors_info=\u00a0\u00bb{}\u00a0\u00bb]<\/p>\n<p><em>(texte de Fran\u00e7ois Caillat, figurant dans le projet initial de film)<br \/>.<br \/><\/em><\/p>\n<p>La force d\u2019un \u00e9crivain est souvent le m\u00e9lange subtil entre un personnage et une \u0153uvre. Qu\u2019on songe \u00e0 Proust, C\u00e9line ou Duras, ces auteurs conjuguent une forte personnalit\u00e9 et une \u00e9criture nouvelle. Raconter la naissance d\u2019un \u00e9crivain revient alors \u00e0 s\u2019aventurer sur un double front, ce bin\u00f4me que la tradition appelait \u201cla vie et l\u2019\u0153uvre\u201d, avec l\u2019in\u00e9vitable question : comment l\u2019une a-t-elle marqu\u00e9 l\u2019autre ?<\/p>\n<p>Dans le cas d\u2019\u00c9douard Louis, la t\u00e2che est rendue plus int\u00e9ressante parce que l\u2019auteur se r\u00e9fl\u00e9chit d\u00e9lib\u00e9r\u00e9ment dans son \u0153uvre. Il la suscite, l\u2019accompagne, la commente. Il se met en sc\u00e8ne \u00e0 la fois comme acteur et dramaturge. Il s\u2019en m\u00eale jusque dans ses plus intimes d\u00e9tails.<\/p>\n<p>\u00c9douard Louis est un auteur cr\u00e9atif et critique. Il na\u00eet comme romancier et se prolonge comme analyste. Il fait le r\u00e9cit de sa vie (en Picardie, \u00e0 Paris) et il la transforme en objet de pens\u00e9e. Il parle des classes populaires\u00a0dont il est issu et il se sert de son v\u00e9cu pour analyser la violence sociale.<\/p>\n<p>Il n\u2019est certes pas le seul \u00e0 m\u00ealer biographie et r\u00e9flexion &#8211; la litt\u00e9rature contemporaine en pr\u00e9sente plusieurs autres exemples : Annie Ernaux, Emmanuel Carr\u00e8re, Didier Eribon, etc. Mais \u00c9douard Louis est le premier \u00e0 accomplir un si grand saut ; \u00e0 traverser le gouffre qui s\u00e9pare un enfant du sous-prol\u00e9tariat picard, o\u00f9 la d\u00e9possession \u00e9tait telle que les ouvriers sont per\u00e7us comme des privil\u00e9gi\u00e9s, au jeune normalien f\u00eat\u00e9 d\u00e8s son premier roman, traduit dans de nombreux pays. Il est l\u2019exemple incarn\u00e9 de <em>l\u2019\u00e9cart critique<\/em>.<\/p>\n<p>Cet \u00e9cart, c\u2019est ce qui permet de qualifier \u00c9douard Louis d\u2019<em>\u00e9crivain transfuge. <\/em>Il est n\u00e9 quelque part, il s\u2019en est d\u00e9tach\u00e9 par l\u2019\u00e9criture, il y retourne par l\u2019\u00e9criture. Il peut faire ce mouvement d\u2019aller-retour, d\u2019un monde \u00e0 l\u2019autre, entre milieux populaires et \u00e9lites intellectuelles. Il parle avec justesse de son milieu social parce qu\u2019il en vient\u00a0; il en parle avec force parce qu\u2019il a acquis les mots pour l\u2019exprimer.<\/p>\n<p>L\u2019\u00e9crivain transfuge, c\u2019est celui qui peut raconter le monde muet dont il vient.<\/p>\n<p>Mais comment parler du monde d\u2019o\u00f9 l\u2019on vient ? Peut-on partir sans trahir ? Comment l\u2019\u00e9criture na\u00eet-elle d\u2019une d\u00e9chirure .<\/p>\n<p><strong>\u00ab J\u2019ai tout fait pour rester. \u00bb<\/p>\n<p><\/strong><\/p>\n<p><strong> <\/strong><\/p>\n<p><strong><\/strong>\u00c0 la sortie de <em>En finir avec Eddy Bellegueule<\/em>, quelques journalistes sceptiques s\u2019\u00e9taient empress\u00e9s de faire une enqu\u00eate <em>in situ<\/em>, pour voir si l\u2019\u00e9crivain n\u2019avait pas construit un enfer fictif. Certains imaginaient qu\u2019il avait d\u00e9lib\u00e9r\u00e9ment noirci son pass\u00e9 pour se vanter d\u2019\u00eatre sorti de l\u00e0. Ils se trompaient, car l\u2019auteur n\u2019en tirait aucune vanit\u00e9. Au contraire, \u00c9douard Louis disait clairement qu\u2019il n\u2019avait jamais organis\u00e9 un d\u00e9part triomphal. Ce monde, c\u2019\u00e9tait le sien. Il n\u2019\u00e9tait pas dispos\u00e9 \u00e0 le quitter, \u00e0 le renier. Pendant longtemps il avait tent\u00e9, de tout son c\u0153ur, d\u2019\u00eatre un Eddy Bellegueule heureux.<\/p>\n<p>\u00c9douard Louis<em> : \u00ab Eddy Bellegueule n\u2019essaie pas de partir mais il fait tout pour rester. Ce sont les individus de son milieu, sa famille &#8211;\u00a0 ma famille &#8211; qui le chassent (&#8230;) Je n\u2019avais pas r\u00eav\u00e9 de partir. J\u2019ai tout fait pour rester.\u00bb <a href=\"#_ftn1\" name=\"_ftnref1\"><span><strong>[1]<\/strong><\/span><\/a><\/em><\/p>\n<p><em> <\/em><\/p>\n<p><em><\/em><em><\/em><strong>\u00ab J\u2019ai fui en me transformant. \u00bb<\/strong><\/p>\n<p><strong> <\/strong><\/p>\n<p><strong><\/strong><strong><\/strong>La seconde partie de <em>En finir avec Eddy Bellegueule<\/em> s\u2019intitule \u201cL\u2019\u00e9chec et la fuite\u201d. Le jeune gar\u00e7on voulait rester parmi les siens, mais ils n\u2019ont pas voulu de lui. Alors il est parti, \u00e0 Amiens puis \u00e0 Paris, \u00e0 l\u2019inverse du h\u00e9ros stendhalien quittant son village natal pour accomplir le destin qui l\u2019attend.<br \/>L\u2019auteur refuse d\u2019invoquer, comme d\u2019autres auteurs avant lui, les ressorts de son intelligence, ou la n\u00e9cessit\u00e9 de faire reconna\u00eetre ses qualit\u00e9s. Il est transfuge de classe, mais d\u2019une autre mani\u00e8re. Il est parti parce qu\u2019il n\u2019avait pas d\u2019autre solution que de fuir en se transformant. Puisque rien n\u2019avait eu lieu comme il l\u2019avait voulu, il lui fallait maintenant \u00ab\u00a0en finir avec Eddy Bellegueule\u00a0\u00bb et tout recommencer.<\/p>\n<p>Le film explorera ces questions : doit-on parler de fuite ou de mise \u00e0 l\u2019\u00e9cart pour comprendre l\u2019arrachement d\u2019un individu \u00e0 son pass\u00e9 ?<br \/>Comment peut se r\u00e9aliser une transformation radicale de soi ?<br \/>Peut-on r\u00e9ellement en finir avec ce que l\u2019on a \u00e9t\u00e9 ?<\/p>\n<p>\u00c9douard Louis<em>\u00a0: \u00ab\u00a0J\u2019avais remarqu\u00e9 qu\u2019\u00e0 peu pr\u00e8s dans tous les grands r\u00e9cits de fuite, dans la litt\u00e9rature\u00a0&#8211; que ce soit chez Bourdieu dans son \u201cEsquisse pour une auto-analyse\u201d, Marguerite Duras qui fuit Saigon, Peter Handke ou James Baldwin, bref dans toute la tradition litt\u00e9raire qui explore le th\u00e8me de l\u2019individu qui quitte son milieu d\u2019enfance, qui s\u2019en d\u00e9tache, chaque fois celui qui fuyait se pr\u00e9sentait comme quelqu\u2019un qui avait toujours voulu fuir. Et l\u2019histoire de la premi\u00e8re partie de leur vie \u00e9tait chaque fois l\u2019histoire d\u2019une lutte contre les circonstances, d\u2019une lutte contre un milieu o\u00f9 ils \u00e9taient n\u00e9s par accident.<br \/><\/em><em><\/em><em>Ces individus toujours d\u00e9j\u00e0 plus ou moins libres dans un monde ali\u00e9n\u00e9 auraient lutt\u00e9 pour devenir autre chose, contre leur milieu, et pour accomplir leur diff\u00e9rence.<br \/><\/em><em>J\u2019ai voulu rompre avec cette longue tradition. \u00bb<\/em><\/p>\n<p><em> <\/em><\/p>\n<p><em><\/em><strong>La venue \u00e0 l\u2019\u00e9criture<\/strong><\/p>\n<p><strong> <\/strong><\/p>\n<p><strong><\/strong>\u00c0 la publication de son premier roman, \u00c9douard Louis a suscit\u00e9 l\u2019int\u00e9r\u00eat et le questionnement, non seulement pour ce que ses livres disaient, mais aussi pour ce qu\u2019ils ne disaient pas. De nombreux lecteurs se sont demand\u00e9: comment est-on pass\u00e9 d\u2019Eddy Bellegueule \u00e0 \u00c9douard Louis ? Comment cet \u00e9cart critique s\u2019est-il construit ? Le journal <em>Lib\u00e9ration<\/em> qualifiait cette m\u00e9tamorphose de \u00ab\u00a0myst\u00e8re\u00a0\u00bb.<\/p>\n<p>Le film propose de d\u00e9faire le plus possible ce myst\u00e8re.<\/p>\n<p>\u00c9douard Louis<em> : \u00ab Je voulais tout changer de moi. Ne plus garder la moindre trace de mon pass\u00e9. Et tr\u00e8s vite, pour moi, cette transformation a voulu dire : \u00e9crire &#8211; comme Eribon, comme Duras, comme tous les mod\u00e8les qui m\u2019avaient insuffl\u00e9 cette envie de transformation. Ne pas seulement vivre mais essayer de r\u00e9fl\u00e9chir sur la vie. \u00bb<br \/><\/em><\/p>\n<p>Quand \u00c9douard Louis affirme que <em>\u00ab\u00a0tr\u00e8s vite cette transformation a voulu dire\u00a0: \u00e9crire\u00a0\u00bb, <\/em>on aimerait en savoir plus. Comprendre comment la rupture d\u2019Eddy Bellegueule avec son village mis\u00e9rable a pu le mener \u00e0 un d\u00e9sir d\u2019\u00e9criture\u00a0\u2013 plut\u00f4t que, par exemple, \u00e0 une volont\u00e9 de revanche sociale qui l\u2019aurait incit\u00e9 \u00e0 s\u2019enrichir et rechercher le contrepied le plus visible de sa condition initiale. Qu\u2019est-ce que l\u2019auteur a pu dire par la litt\u00e9rature et qu\u2019il n\u2019aurait pas pu dire autrement ?<\/p>\n<p>.<br \/><strong>Le langage des classes populaires<\/p>\n<p><\/strong><\/p>\n<p><strong> <\/strong><\/p>\n<p><strong><\/strong><strong><\/strong><em>Histoire de la violence<\/em> reprend sur un autre front le th\u00e8me du transfuge. Cette fois-ci l\u2019histoire met en sc\u00e8ne une s\u00e9rie de personnages aux deux extr\u00e9mit\u00e9s de la fracture sociale\u00a0: un jeune Kabyle fils d\u2019immigr\u00e9 (Reda, l\u2019amant devenu violeur), la s\u0153ur d\u2019Eddy (Clara, d\u00e9couverte dans le premier roman), et le duo d\u2019amis intellectuels Didier et Geoffroy.<br \/>L\u2019\u00e9pisode narr\u00e9, bref et brutal, est aussi d\u00e9vastateur que l\u2019enfance picarde pouvait \u00eatre destructrice \u00e0 petit feu. Dans les deux cas, \u00c9douard Louis cherche \u00e0 <em>\u00e9crire<\/em> la violence\u00a0: avec des mots qui ne l\u2019affadissent pas, mais laissent aussi le champ libre \u00e0 la distance de l\u2019analyse. D\u2019une certaine mani\u00e8re, il s\u2019agit d\u2019incarner dans l\u2019\u00e9criture la position exacte du transfuge\u00a0: celui qui n\u2019oublie pas le langage de la classe populaire dont il vient, mais qui poss\u00e8de aussi une autre langue pour pouvoir en parler.<\/p>\n<p>\u00c9douard Louis a d\u00e9cid\u00e9 d\u2019\u00e9crire pour r\u00e9fl\u00e9chir. Pour transformer l\u2019autobiographie en machine \u00e0 penser.<\/p>\n<p>\u00c9douard Louis<em>\u00a0: \u00ab Dans \u201cHistoire de la violence\u201d, j\u2019ai voulu essayer de pousser plus loin la recherche commenc\u00e9e dans \u201cEn finir avec Eddy Bellegueule\u201d\u00a0: mettre le langage des classes populaires au c\u0153ur de mon \u00e9criture. Quand j\u2019ai commenc\u00e9 \u00e0 lire, \u00e0 d\u00e9couvrir la litt\u00e9rature, j\u2019ai \u00e9t\u00e9 frapp\u00e9 par le fait que je n\u2019y trouvais jamais le langage de mon enfance, le langage des classes les plus d\u00e9poss\u00e9d\u00e9es et populaires. Et m\u00eame, tout se passait comme si faire une litt\u00e9rature l\u00e9gitime signifiait exclure ce langage populaire. M\u00eame les \u00e9crivains qui ont voulu s\u2019en rapprocher, comme Faulkner et C\u00e9line, disaient en dernier lieu : \u00ab\u00a0Mais ce que j\u2019\u00e9cris, ce n\u2019est pas le langage populaire, c\u2019est autre chose\u00a0\u00bb. Comme si, en dernier instance, il fallait toujours exclure ce langage-l\u00e0, qu\u2019il constituait le dehors absolu de la litt\u00e9rature, ce qu\u2019elle exclut pour s\u2019affirmer, exister. \u00bb<\/em><\/p>\n<p><em> <\/em><\/p>\n<p><em><\/em><em><\/em><strong>Une \u00ab litt\u00e9rature sociologique \u00bb<\/strong><\/p>\n<p><strong> <\/strong><\/p>\n<p><strong><\/strong>Ce que le film peut montrer, c\u2019est \u00e0 quelle litt\u00e9rature nous sommes ici conduits. \u00c9crire une <em>Histoire de la violence<\/em> revient \u00e0 la formuler la violence comme expression v\u00e9cue et processus observable. Dans la description de son enfance tourment\u00e9e, comme dans la relation d\u2019un viol, l\u2019auteur rapporte diff\u00e9rents \u00e9pisodes de violence\u00a0&#8211; soci\u00e9tale, sexuelle, familiale, linguistique, etc. Et il montre que ces violences ne sont pas exclusives l\u2019une de l\u2019autre. Elles se r\u00e9pondent, elles forment l\u2019\u00e9pais feuilletage de la violence sociale sous laquelle se r\u00e9v\u00e8le un processus de domination.<\/p>\n<p>\u00c9douard Louis met en sc\u00e8ne ce processus. Il veut utiliser la litt\u00e9rature comme un instrument privil\u00e9gi\u00e9 de r\u00e9flexion. Il se demande ce que pourrait signifier l\u2019id\u00e9e d\u2019une \u00ab\u00a0litt\u00e9rature sociologique\u00a0\u00bb. Il pose la question de la pens\u00e9e au c\u0153ur de l\u2019\u00e9criture.<\/p>\n<p>\u00c9douard Louis<em>\u00a0: \u00ab\u00a0En racontant l&rsquo;enfance d&rsquo;Eddy Bellegueule, en brossant le portrait de son village, des gens qui l&rsquo;entourent, c&rsquo;est l&rsquo;exp\u00e9rience de la domination que j&rsquo;ai d&rsquo;abord voulu montrer. La violence, l&rsquo;humiliation, qui traversent nos vies et nous constituent, qui sont comme les fondations plus ou moins invisibles de nos existence (&#8230;)<br \/><\/em><em>R\u00e9ussir \u00e0 dire cette violence passait par deux choses.<\/em><em><\/em><br \/><em>La premi\u00e8re, c\u2019\u00e9tait \u00e9crire <\/em>contre<em> Jean Genet, qui, dans une sc\u00e8ne du \u201cMiracle de la rose\u201d, se fait cracher dessus parce qu&rsquo;il est homosexuel et m\u00e9tamorphose ces crachats en roses\u00a0&#8211; comme si la litt\u00e9rature \u00e9tait une exp\u00e9rience de l&rsquo;esth\u00e9tisation, comme s&rsquo;il fallait rendre les choses lyriques pour se les r\u00e9approprier, belles, m\u00e9taphoriques.<br \/><\/em><em>La seconde, c\u2019\u00e9tait \u00e9crire <\/em>contre<em> Pasolini, c&rsquo;est-\u00e0-dire contre la mythification, l&rsquo;id\u00e9alisation des classes populaires. Toute son \u0153uvre est travers\u00e9e par une vision des classes populaires comme plus simples, plus authentiques, plus vraies, les bons vivants.<br \/><\/em><em>C&rsquo;est ce double refus, ce parti pris de montrer la violence dans sa crudit\u00e9 qui a peut-\u00eatre produit ce dialogue avec les gens qui ont lu le livre.\u00a0\u00bb<\/em><\/p>\n<p><em> <\/em><\/p>\n<p><em><\/em><em><\/em><strong>L\u2019actualit\u00e9 du d\u00e9bat<\/strong><\/p>\n<p><strong> <\/strong><\/p>\n<p><strong><\/strong><strong><\/strong>La question du transfuge de classe traverse aujourd\u2019hui de nombreuses \u00e9critures. On le voit en France avec la reconnaissance de l\u2019\u0153uvre d\u2019Annie Ernaux, le succ\u00e8s de <em>Retour \u00e0 Reims<\/em> de Didier Eribon, ou encore le livre de Chantal Jaquet, <em>Les transclasses<\/em>, qui tente une synth\u00e8se sur le sujet. On le voit aussi \u00e0 l\u2019\u00e9tranger, par exemple aux Etats-Unis avec Zadie Smith, Toni Morrison, Ta Nehisi Coates\u2026<\/p>\n<p>La question du transfuge n\u2019est pas seulement un sujet d\u2019\u00e9tude \u00e0 part enti\u00e8re (qu\u2019est-ce que le changement de milieu social, que dit-il de la place de la honte dans nos vies\u00a0?). C\u2019est, plus largement, une fa\u00e7on de r\u00e9interroger le th\u00e8me des classes sociales, de la domination, des identit\u00e9s fabriqu\u00e9es, du d\u00e9terminisme social.<\/p>\n<p><a href=\"#_ftnref1\" name=\"_ftn1\"><span>[1]<\/span><\/a> <em>Les propos cit\u00e9s entre guillemets sont extraits d\u2019un entretien in\u00e9dit avec Edouard Louis<\/em><\/p>\n<p><em><strong>\u00a0<\/strong><\/em><\/p>\n<p>&nbsp;<\/p>\n<p>[\/et_pb_toggle][et_pb_toggle title=\u00a0\u00bbIDENTITE OU CHANGEMENT\u00a0\u00bb open_toggle_background_color=\u00a0\u00bbrgba(244,244,244,0.87)\u00a0\u00bb closed_toggle_background_color=\u00a0\u00bbrgba(244,244,244,0.87)\u00a0\u00bb admin_label=\u00a0\u00bbIDENTITE OU CHANGEMENT (texte)\u00a0\u00bb _builder_version=\u00a0\u00bb4.21.0&Prime; title_level=\u00a0\u00bbh3&Prime; title_font=\u00a0\u00bb|600|||||||\u00a0\u00bb global_colors_info=\u00a0\u00bb{}\u00a0\u00bb]<\/p>\n<p><em>(texte de Fran\u00e7ois Caillat, figurant dans le projet intial de\u00a0 film)<\/em><\/p>\n<p>&nbsp;<\/p>\n<p>Choisir \u00c9douard Louis pour parler de la transformation n\u2019est pas fortuit. L\u2019\u00e9crivain incarne mieux que tout autre ce processus, il le porte au-del\u00e0 de lui-m\u00eame. Il n\u2019est pas enferm\u00e9 dans une d\u00e9marche narcissique ou solitaire. Son processus de r\u00e9invention ne se r\u00e9duit pas \u00e0 mouvement personnel.<br \/>Il exprime au contraire une pr\u00e9occupation collective actuelle.<\/p>\n<p>On doit admettre que l\u2019id\u00e9e de transformation appara\u00eet aujourd\u2019hui comme une des clefs de la modernit\u00e9. Il faut entendre cette id\u00e9e au sens de\u00a0: traverser, casser les cat\u00e9gories anciennes et les codes fig\u00e9s, se transporter ailleurs, admettre l\u2019alt\u00e9rit\u00e9 &#8211; sous forme de m\u00e9lange ou de renouveau.<br \/>Comme s\u2019il y avait urgence \u00e0 ne plus jamais rester le m\u00eame.<\/p>\n<p>Le vocabulaire contemporain est travers\u00e9 de tels imp\u00e9ratifs\u00a0: transfuge, transclasse, transgenre\u00a0\u2013 <em>trans<\/em>, pour tout dire.<br \/>De nombreux d\u00e9bats actuels tournent autour de cette question, en France, et plus encore dans les pays anglo-saxons avec les <em>gender studies<\/em>. Cette r\u00e9flexion, qui fa\u00e7onne un champ d\u2019\u00e9tudes in\u00e9dit, est men\u00e9e dans des colloques et rencontres universitaires par des auteurs de grande notori\u00e9t\u00e9 (dont Judith Butler reste la figure tut\u00e9laire). Mais elle sort aussi des c\u00e9nacles savants pour s\u2019exprimer dans des interventions militantes et un activisme tr\u00e8s m\u00e9diatis\u00e9.<\/p>\n<p>La trajectoire d\u2019\u00c9douard Louis s\u2019inscrit dans cet horizon. Sans doute s\u2019y est-il engag\u00e9 malgr\u00e9 lui, et avec douleur, puisqu\u2019il souhaitait au d\u00e9part rester le gar\u00e7on d\u2019Hallencourt aim\u00e9 de ses parents. Mais ensuite, quand la m\u00e9tamorphose s\u2019est av\u00e9r\u00e9e in\u00e9vitable, il l\u2019a accept\u00e9e et poursuivie sans plus jamais s\u2019arr\u00eater.<br \/>Il est pass\u00e9 d\u2019un changement de vie \u00e0 une esth\u00e9tique permanente de la transformation.<br \/><em>Se r\u00e9inventer<\/em> d\u00e9finit d\u00e9sormais son nouvel \u00eatre impermanent.<\/p>\n<p>On n\u2019est pas oblig\u00e9 de partager tous les r\u00e9quisits de cette pens\u00e9e. Mais on doit au moins lui reconna\u00eetre un caract\u00e8re assez radical, sans doute subversif. La m\u00e9tamorphose et le croisement des genres engagent une critique profonde de la notion d\u2019identit\u00e9. Ils ne concernent pas seulement l\u2019individu, ils se prolongent sur le plan collectif et social en d\u00e9sir de m\u00e9tissage, de d\u00e9passement des fronti\u00e8res, d\u2019hybridation des cultures, de d\u00e9territorialisation. Et ce mouvement grandissant est devenu aujourd\u2019hui pour beaucoup un but en soi, un imp\u00e9ratif, le combat prioritaire.<\/p>\n<p>Or on voit bien que l\u2019enjeu n\u2019est pas mince.\u00a0Ce combat, qui aurait pu rester autrefois th\u00e9orique, est devenu tr\u00e8s politique. Dans le camp d\u2019en face, il y a les d\u00e9fenseurs acharn\u00e9s de l\u2019identit\u00e9. On en conna\u00eet en France les militants actifs\u00a0: <em>Identit\u00e9 fran\u00e7aise<\/em> chez des pamphl\u00e9taires comme \u00c9ric Zemmour, identit\u00e9 chr\u00e9tienne dans la mouvance catholique \u201dtradi\u201d, identit\u00e9 civilisationnelle chez les pourfendeurs du <em>Grand remplacement<\/em>\u2026 Tous ces <em>Identitaires<\/em> de la fachosph\u00e8re donnent libre cours \u00e0 leurs fantasmes, profitant des effets d\u00e9l\u00e9t\u00e8res de la mondialisation et des peurs migratoires.<\/p>\n<p>Mais il n\u2019y a pas que de tels extr\u00e9mistes. Nombreux, de toutes religions ou couleurs politiques, sont ceux qui pensent dans ces termes : l\u2019identit\u00e9 retrouv\u00e9e sera le seul rem\u00e8de aux secousses du pr\u00e9sent. Comme s\u2019il \u00e9tait possible de faire cesser les flux. Comme si le monde contemporain pouvait s\u2019arr\u00eater de <em>fuiter<\/em> de tous parts.<\/p>\n<p>On pourrait sans doute poser autrement le d\u00e9bat.<\/p>\n<p>Pour temp\u00e9rer les impr\u00e9cations identitaires, on aimerait r\u00e9fl\u00e9chir \u00e0 des solutions in\u00e9dites, penser le changement sans y voir un danger, connoter autrement l\u2019id\u00e9e de mutation. En v\u00e9rit\u00e9, on devrait admettre que la transformation n\u2019appauvrit pas l\u2019\u00eatre\u00a0\u2013 cet <em>\u00eatre<\/em> mythique invoqu\u00e9 comme un totem menac\u00e9\u00a0\u2013 mais qu\u2019elle peut le d\u00e9cliner, l\u2019inscrire dans le temps, lui donner une plus longue histoire.<\/p>\n<p>Les individus, comme les peuples, n\u2019ont jamais gagn\u00e9 \u00e0 se figer sur leur pr\u00e9sent. L\u2019id\u00e9e de transformation permet de sortir d\u2019une alternative manich\u00e9enne &#8211; rester le m\u00eame ou dispara\u00eetre.<\/p>\n<p><em><strong>\u00a0<\/strong><\/em><\/p>\n<p>&nbsp;<\/p>\n<p>&nbsp;<\/p>\n<p>[\/et_pb_toggle][et_pb_toggle title=\u00a0\u00bbLES TROIS VIES D&rsquo;EDOUARD LOUIS\u00a0\u00bb open_toggle_background_color=\u00a0\u00bbrgba(244,244,244,0.87)\u00a0\u00bb closed_toggle_background_color=\u00a0\u00bbrgba(244,244,244,0.87)\u00a0\u00bb admin_label=\u00a0\u00bbLES TROIS VIES D&rsquo;EDOUARD LOUIS (texte)\u00a0\u00bb _builder_version=\u00a0\u00bb4.16&Prime; title_level=\u00a0\u00bbh3&Prime; title_font=\u00a0\u00bb|600|||||||\u00a0\u00bb global_colors_info=\u00a0\u00bb{}\u00a0\u00bb]<\/p>\n<div class=\"page\" title=\"Page 7\">\n<div class=\"layoutArea\">\n<div class=\"column\">\n<p><span style=\"font-size: 12.000000pt; font-family: 'Verdana'; font-weight: bold;\"><br \/>Hallencourt : une identite\u0301 contrarie\u0301e <\/span><\/p>\n<p><span style=\"font-size: 12.000000pt; font-family: 'Verdana';\">L\u2019enfance d\u2019E\u0301douard Louis a\u0300 Hallencourt est largement relate\u0301e dans son premier roman, <\/span><span style=\"font-size: 12.000000pt; font-family: 'Verdana'; font-style: italic;\">En finir avec Eddy Bellegueule<\/span><span style=\"font-size: 12.000000pt; font-family: 'Verdana';\">, puis e\u0301voque\u0301e par fragments dans ses deux textes suivants, <\/span><span style=\"font-size: 12.000000pt; font-family: 'Verdana'; font-style: italic;\">Histoire de la violence <\/span><span style=\"font-size: 12.000000pt; font-family: 'Verdana';\">et <\/span><span style=\"font-size: 12.000000pt; font-family: 'Verdana'; font-style: italic;\">Qui a tue\u0301 mon pe\u0300re<\/span><span style=\"font-size: 12.000000pt; font-family: 'Verdana';\">. <\/span><\/p>\n<p><span style=\"font-size: 12.000000pt; font-family: 'Verdana';\">L\u2019e\u0301crivain de\u0301crit une communaute\u0301 &#8211; sa famille et ses proches &#8211; ou\u0300 chacun s\u2019efforce de survivre aux difficulte\u0301s de l\u2019existence. Dans ce village picard, la mise\u0300re se de\u0301cline dans le logement, le travail, la nourriture, la sante\u0301&#8230; Chaque facette de la vie quotidienne peut se lire dans le prisme de la violence sociale. Le microcosme d\u2019Hallencourt repre\u0301sente un paradigme des classes populaires oublie\u0301es. <\/span><\/p>\n<p><span style=\"font-size: 12.000000pt; font-family: 'Verdana';\">E\u0301douard Louis n\u2019est pas seulement de\u0301fini par sa naissance prole\u0301taire. Il est aussi, de\u0300s l\u2019origine, le garc\u0327on diffe\u0301rent. A rebours des crite\u0300res de masculinite\u0301 qui servent ici de compensation a\u0300 l\u2019impuissance sociale, il pre\u0301sente un comportement impre\u0301vu. Son corps disconvient au discours ge\u0301ne\u0301ral, on l\u2019accuse d\u2019e\u0302tre <\/span><span style=\"font-size: 12.000000pt; font-family: 'Verdana'; font-style: italic;\">une pe\u0301dale <\/span><span style=\"font-size: 12.000000pt; font-family: 'Verdana';\">et il pressent de\u0301ja\u0300 l\u2019e\u0302tre. Il n\u2019est pas a\u0300 sa place dans ce village ou\u0300 le cours habituel des choses devrait pluto\u0302t le rendre, comme son fre\u0300re ai\u0302ne\u0301 et ses camarades d\u2019e\u0301cole, un adolescent batailleur, buveur, amateur de football et coureur de filles. Un dur. Au contraire, le garc\u0327on se complai\u0302t dans des ste\u0301re\u0301otypes fe\u0301minins, les pas de danse et les manie\u0300res gracieuses. Il n\u2019endosse pas le ro\u0302le qui lui e\u0301tait pre\u0301pare\u0301. <\/span><\/p>\n<p><span style=\"font-size: 12.000000pt; font-family: 'Verdana';\">De\u0300s le de\u0301part, le parcours d\u2019E\u0301douard Louis est ainsi marque\u0301 par la contradiction. Il appartient a\u0300 un monde dont il ne remplit pas les crite\u0300res. Il ne re\u0301ussit pas a\u0300 satisfaire le milieu qui le porte. Il est en porte-a\u0300-faux. Alors il doit se cacher, feindre, se faire passer pour ce qu\u2019on attend de lui. <\/span><\/p>\n<p><span style=\"font-size: 12.000000pt; font-family: 'Verdana';\">La suite de son parcours conservera toujours la trace de cet e\u0301cart. Se dissimuler. Croire seulement a\u0300 ce qu\u2019on montre, l\u2019affirmer. Vivre la ve\u0301rite\u0301 du parai\u0302tre. Dans ce processus ambigu, la notion d\u2019identite\u0301 devient vite sans objet. Qui est E\u0301douard Louis ? <\/span><\/p>\n<p><span style=\"font-size: 12.000000pt; font-family: 'Verdana'; font-weight: bold;\"><br \/>Amiens : la re\u0301invention de soi <\/span><\/p>\n<p><span style=\"font-size: 12.000000pt; font-family: 'Verdana';\">Arrive\u0301 a\u0300 Amiens pour suivre ses e\u0301tudes au lyce\u0301e Madeleine Michelis, le garc\u0327on de\u0301cide d\u2019entreprendre une mue. Il veut se de\u0301barrasser de son passe\u0301 et trouver une nouvelle affirmation de soi. Il va donc se transformer et renai\u0302tre. Mais il n\u2019escompte pas retrouver une nature authentique, une ve\u0301ritable identite\u0301 dont on l\u2019aurait jusqu\u2019alors prive\u0301. Il ne croit pas au<\/span> <span style=\"font-size: 12.000000pt; font-family: 'Verdana';\">mythe d\u2019une destine\u0301e bride\u0301e, il ne se voit pas comme le he\u0301ros stendhalien jetant enfin ses chai\u0302nes (destine\u0301e sociale et pesanteur familiale). Il ignore ce qu\u2019il va devenir, il sait juste qu\u2019il ne veut rien garder de son milieu de de\u0301part. Il doit se re\u0301inventer.<br \/><\/span><span style=\"font-size: 12.000000pt; font-family: 'Verdana';\">Les anne\u0301es a\u0300 Amiens accomplissent ce mouvement de torsion. Ce n\u2019est pas sans surprises. Le garc\u0327on est sans cesse trahi par des comportements issus de son ancien mode de vie. Hallencourt l\u2019a marque\u0301 plus qu\u2019il le croyait. Il de\u0301cide alors de rendre plus syste\u0301matique son processus de transformation.<br \/>Il observe attentivement ses camarades de lyce\u0301e, jeunes bourgeois bohe\u0300mes et cultive\u0301s, et il cherche a\u0300 se comporter comme eux. Il ne veut pas leur ressembler, mais il comprend que c\u2019est l\u2019e\u0301tape ne\u0301cessaire pour faire disparai\u0302tre sa condition sociale originelle. La re\u0301invention de soi exige des mode\u0300les. <\/span><\/p>\n<\/div>\n<\/div>\n<\/div>\n<div class=\"page\" title=\"Page 8\">\n<div class=\"layoutArea\">\n<div class=\"column\">\n<p><span style=\"font-size: 12.000000pt; font-family: 'Verdana';\">Apre\u0300s les lyce\u0301ens, exemples incarne\u0301s d\u2019une vie festive et de\u0301contracte\u0301e, E\u0301douard Louis de\u0301couvre le monde plus se\u0301rieux des e\u0301tudiants de faculte\u0301. Il commence un cursus d\u2019Histoire et s\u2019applique a\u0300 devenir studieux. Il fait biento\u0302t la connaissance de Didier Eribon, professeur de sociologie a\u0300 <\/span><span style=\"font-size: 12.000000pt; font-family: 'Verdana';\">la faculte\u0301 d\u2019Amiens, qui le pousse dans les e\u0301tudes et l\u2019incite a\u0300 pre\u0301parer l\u2019E\u0301cole Normale Supe\u0301rieure. E\u0301douard Louis trouve la\u0300 un nouveau mentor. Didier Eribon a du\u0302, lui aussi, fuir autrefois un milieu familial prole\u0301taire et homophobe, c\u2019est le conseiller ide\u0301al pour une re\u0301invention. <\/span><\/p>\n<p><span style=\"font-size: 12.000000pt; font-family: 'Verdana';\">En quelques anne\u0301es, E\u0301douard Louis parvient a\u0300 conjuguer la transformation profonde de son habitus et l\u2019affirmation ouverte de sa sexualite\u0301. Il devient un jeune homme renouvele\u0301. <\/span><\/p>\n<p><span style=\"font-size: 12.000000pt; font-family: 'Verdana'; font-weight: bold;\"><br \/>Paris : \u00ab Je suis ce que je deviens \u00bb <\/span><\/p>\n<p><span style=\"font-size: 12.000000pt; font-family: 'Verdana';\">E\u0301douard Louis arrive a\u0300 Paris. Il a e\u0301te\u0301 admis a\u0300 l\u2019E\u0301cole Normale Supe\u0301rieure, mais il n\u2019est pas encore de\u0301cide\u0301 a\u0300 devenir un intellectuel. Il aimerait aussi faire du the\u0301a\u0302tre, qu\u2019il a pratique\u0301 depuis toujours en amateur dans son village natal et a\u0300 Amiens. Il re\u0302ve de monter sur les planches avec des partenaires ce\u0301le\u0300bres et fraie dans les milieux qui pourraient le propulser dans une vie d\u2019artiste. <\/span><\/p>\n<p><span style=\"font-size: 12.000000pt; font-family: 'Verdana';\">Pourquoi ne pas devenir acteur ? <\/span><\/p>\n<p><span style=\"font-size: 12.000000pt; font-family: 'Verdana';\">En me\u0302me temps, il fre\u0301quente via l\u2019ENS le milieu intellectuel parisien et fait la connaissance d\u2019e\u0301crivains et penseurs bienveillants (Annie Ernaux, Arlette Farge, Geoffroy de Lagasnerie). Ces auteurs accomplis ou studieux lui indiquent une voie plus sage. <\/span><\/p>\n<p><span style=\"font-size: 12.000000pt; font-family: 'Verdana';\">Pourquoi ne pas devenir e\u0301crivain ? <\/span><\/p>\n<p><span style=\"font-size: 12.000000pt; font-family: 'Verdana';\">Il de\u0301cide d\u2019e\u0301crire un roman, comme un ballon d\u2019essai de son futur. Il prend le sujet de son enfance et le traite avec la distance de celui qui s\u2019en e\u0301chappe\u0301. <\/span><span style=\"font-size: 12.000000pt; font-family: 'Verdana'; font-style: italic;\">En finir avec Eddy Bellegueule<\/span><span style=\"font-size: 12.000000pt; font-family: 'Verdana';\">, aussito\u0302t publie\u0301 par les e\u0301ditions du Seuil, obtient un succe\u0300s conside\u0301rable. Le voila\u0300 devenu romancier ce\u0301le\u0300bre en quelques mois. Il a vingt-et-un ans. <\/span><\/p>\n<\/div>\n<\/div>\n<\/div>\n<div class=\"page\" title=\"Page 9\">\n<div class=\"layoutArea\">\n<div class=\"column\">\n<p><span style=\"font-size: 12.000000pt; font-family: 'Verdana';\">Que serait devenu E\u0301douard Louis si ce premier roman e\u0301tait reste\u0301 confidentiel, voire non publie\u0301 ? Aurait-il mene\u0301 une carrie\u0300re d\u2019enseignant ? Aurait-il pre\u0301fe\u0301re\u0301 l\u2019aventure the\u0301a\u0302trale ? Rien n\u2019est jamais acquis dans cette trajectoire ale\u0301atoire. E\u0301douard Louis n\u2019avait pas pre\u0301vu de faire une carrie\u0300re d\u2019e\u0301crivain. Pas plus que d\u2019inte\u0301grer l\u2019ENS ou de donner des cours dans les universite\u0301s ame\u0301ricaines. Il est le produit de ce qu\u2019il accomplit. Il ne cherche pas a\u0300 de\u0301voiler son e\u0302tre profond, il n\u2019a pas d\u2019intentions au long cours.<br \/>Il est ce qu\u2019il devient. <\/span><\/p>\n<p><span style=\"font-size: 12.000000pt; font-family: 'Verdana';\">Depuis <\/span><span style=\"font-size: 12.000000pt; font-family: 'Verdana'; font-style: italic;\">En finir avec Eddy Bellegueule<\/span><span style=\"font-size: 12.000000pt; font-family: 'Verdana';\">, E\u0301douard Louis a publie\u0301 deux autres romans, accueillis encore avec succe\u0300s, et il en ache\u0300ve un nouveau. Il se maintient dans la voie de l\u2019e\u0301criture qui lui re\u0301ussit bien. Mais tout pourrait changer demain. Chez lui, la mue se n\u2019arre\u0302te jamais.<\/p>\n<p><\/span><\/p>\n<\/div>\n<\/div>\n<\/div>\n<p><em><strong>Texte de Fran\u00e7ois Caillat, figurant dans le projet intial de\u00a0 film.<\/strong><\/em><\/p>\n<p>&nbsp;<\/p>\n<p>&nbsp;<\/p>\n<p>[\/et_pb_toggle][\/et_pb_column][\/et_pb_row][et_pb_row column_structure=\u00a0\u00bb1_4,3_4&Prime; _builder_version=\u00a0\u00bb4.16&Prime; background_size=\u00a0\u00bbinitial\u00a0\u00bb background_position=\u00a0\u00bbtop_left\u00a0\u00bb background_repeat=\u00a0\u00bbrepeat\u00a0\u00bb global_colors_info=\u00a0\u00bb{}\u00a0\u00bb][et_pb_column type=\u00a0\u00bb1_4&Prime; _builder_version=\u00a0\u00bb4.16&Prime; custom_padding=\u00a0\u00bb|||\u00a0\u00bb global_colors_info=\u00a0\u00bb{}\u00a0\u00bb custom_padding__hover=\u00a0\u00bb|||\u00a0\u00bb][\/et_pb_column][et_pb_column type=\u00a0\u00bb3_4&Prime; _builder_version=\u00a0\u00bb4.16&Prime; custom_padding=\u00a0\u00bb|||\u00a0\u00bb global_colors_info=\u00a0\u00bb{}\u00a0\u00bb custom_padding__hover=\u00a0\u00bb|||\u00a0\u00bb][et_pb_divider color=\u00a0\u00bb#ffffff\u00a0\u00bb _builder_version=\u00a0\u00bb4.16&Prime; background_color=\u00a0\u00bbrgba(244,244,244,0.87)\u00a0\u00bb height=\u00a0\u00bb16px\u00a0\u00bb global_colors_info=\u00a0\u00bb{}\u00a0\u00bb][\/et_pb_divider][\/et_pb_column][\/et_pb_row][et_pb_row column_structure=\u00a0\u00bb1_4,3_4&Prime; _builder_version=\u00a0\u00bb4.16&Prime; background_size=\u00a0\u00bbinitial\u00a0\u00bb background_position=\u00a0\u00bbtop_left\u00a0\u00bb background_repeat=\u00a0\u00bbrepeat\u00a0\u00bb global_colors_info=\u00a0\u00bb{}\u00a0\u00bb][et_pb_column type=\u00a0\u00bb1_4&Prime; _builder_version=\u00a0\u00bb4.16&Prime; custom_padding=\u00a0\u00bb|||\u00a0\u00bb global_colors_info=\u00a0\u00bb{}\u00a0\u00bb custom_padding__hover=\u00a0\u00bb|||\u00a0\u00bb][\/et_pb_column][et_pb_column type=\u00a0\u00bb3_4&Prime; _builder_version=\u00a0\u00bb4.16&Prime; custom_padding=\u00a0\u00bb|||\u00a0\u00bb global_colors_info=\u00a0\u00bb{}\u00a0\u00bb custom_padding__hover=\u00a0\u00bb|||\u00a0\u00bb][\/et_pb_column][\/et_pb_row][et_pb_row column_structure=\u00a0\u00bb1_4,3_4&Prime; _builder_version=\u00a0\u00bb4.16&Prime; background_size=\u00a0\u00bbinitial\u00a0\u00bb background_position=\u00a0\u00bbtop_left\u00a0\u00bb background_repeat=\u00a0\u00bbrepeat\u00a0\u00bb global_colors_info=\u00a0\u00bb{}\u00a0\u00bb][et_pb_column type=\u00a0\u00bb1_4&Prime; _builder_version=\u00a0\u00bb4.16&Prime; custom_padding=\u00a0\u00bb|||\u00a0\u00bb global_colors_info=\u00a0\u00bb{}\u00a0\u00bb custom_padding__hover=\u00a0\u00bb|||\u00a0\u00bb][et_pb_blurb _builder_version=\u00a0\u00bb4.16&Prime; _module_preset=\u00a0\u00bbdefault\u00a0\u00bb global_colors_info=\u00a0\u00bb{}\u00a0\u00bb][\/et_pb_blurb][\/et_pb_column][et_pb_column type=\u00a0\u00bb3_4&Prime; _builder_version=\u00a0\u00bb4.16&Prime; custom_padding=\u00a0\u00bb|||\u00a0\u00bb global_colors_info=\u00a0\u00bb{}\u00a0\u00bb custom_padding__hover=\u00a0\u00bb|||\u00a0\u00bb][et_pb_text admin_label=\u00a0\u00bbAutour du film (titre)\u00a0\u00bb module_id=\u00a0\u00bbdepuis\u00a0\u00bb _builder_version=\u00a0\u00bb4.16&Prime; global_colors_info=\u00a0\u00bb{}\u00a0\u00bb]<\/p>\n<h2>Autour du film<\/h2>\n<p>[\/et_pb_text][et_pb_toggle title=\u00a0\u00bbIMAGES DOCUMENTAIRES &#8211; entretien avec Fran\u00e7ois Caillat\u00a0\u00bb open_toggle_background_color=\u00a0\u00bbrgba(244,244,244,0.87)\u00a0\u00bb closed_toggle_background_color=\u00a0\u00bbrgba(244,244,244,0.87)\u00a0\u00bb admin_label=\u00a0\u00bbIMAGES DOCUMENTAIRES, entretien (texte)\u00a0\u00bb _builder_version=\u00a0\u00bb4.21.0&Prime; title_level=\u00a0\u00bbh3&Prime; title_font=\u00a0\u00bb|600|||||||\u00a0\u00bb global_colors_info=\u00a0\u00bb{}\u00a0\u00bb]<\/p>\n<p><strong><span>\u201cAvec Edouard Louis, le partage de la pens\u00e9e\u201d<br \/><\/span><\/strong>Revue Images Documentaires n\u00b0107\/108 <strong><span><br \/><\/span><\/strong><span>Entretien de Catherine Blangonnet avec Fran\u00e7ois Caillat<\/span><\/p>\n<p><span>\u00e0 propos de<em><strong> Edouard Louis, ou la transformation<\/strong><a href=\"#_ftn1\" name=\"_ftnref1\"><strong>[1]<\/strong><\/a><\/em><\/span><\/p>\n<p><strong><span>\u00a0<\/span><\/strong><strong><span><\/span><\/strong><\/p>\n<p><strong><span>Images documentaires<\/span><\/strong><span>\u00a0: Avant d\u2019aborder la question de la parole \u2013 comment filmer la parole, question centrale dans ton film \u2013 peux-tu nous dire comment est n\u00e9 le projet de ce film avec Edouard Louis ?<\/span><\/p>\n<p><strong><span>Fran\u00e7ois Caillat<\/span><\/strong><span>\u00a0: Je connaissais d\u00e9j\u00e0 Edouard Louis, nous avions travaill\u00e9 ensemble sur mon film <em>Foucault contre lui-m\u00eame<a href=\"#_ftn2\" name=\"_ftnref2\"><strong>[2]<\/strong><\/a><\/em>. C\u2019\u00e9tait en 2012 et je cherchais un \u00e9tudiant en philosophie pour r\u00e9fl\u00e9chir avec moi sur ce film, relire Michel Foucault, faire des notes utiles au sc\u00e9nario. On m\u2019avait conseill\u00e9 un jeune normalien d\u2019Ulm qui \u00e9tait dispos\u00e9 \u00e0 cette collaboration. A l\u2019\u00e9poque, ce gar\u00e7on de vingt ans s\u2019appelait Eddy Bellegueule et \u00e9tait inconnu. Nous avons sympathis\u00e9 et travaill\u00e9 plusieurs mois ensemble pour pr\u00e9parer le contenu th\u00e9orique de mon film. Nous avions des discussions r\u00e9guli\u00e8res et menions une confrontation intellectuelle sur le sujet qui nous rassemblait\u00a0: le travail de Foucault et, plus largement, la philosophie &#8211; discipline \u00e0 laquelle j\u2019avais \u00e9t\u00e9 form\u00e9 moi aussi (je l\u2019avais enseign\u00e9e autrefois, avant de devenir cin\u00e9aste). J\u2019ai donc connu Edouard Louis tr\u00e8s t\u00f4t, avant qu\u2019il devienne \u00e9crivain et acqui\u00e8re la notori\u00e9t\u00e9 qui est la sienne aujourd\u2019hui. Ceci explique notre relation tr\u00e8s libre, simple et directe, imperm\u00e9able \u00e0 tout ph\u00e9nom\u00e8ne de mode ou de c\u00e9l\u00e9brit\u00e9.<\/span><\/p>\n<p><span>Le film sur Foucault a \u00e9t\u00e9 diffus\u00e9 sur Arte en 2014, pour le trenti\u00e8me anniversaire de la mort du philosophe. Le premier livre d\u2019Edouard Louis, <em>En finir avec Eddy Bellegueule<\/em><a href=\"#_ftn3\" name=\"_ftnref3\">[3]<\/a>, est sorti au m\u00eame moment, avec le succ\u00e8s que l\u2019on sait. Depuis cette \u00e9poque, Edouard et moi conservions une relation amicale. Plusieurs cin\u00e9astes faisaient des projets de films documentaires sur lui, mais il s\u2019y refusait. Un jour, c\u2019est moi qui m\u2019y suis mis.<\/span><\/p>\n<p><span>Je crois que la trace de cette relation ancienne transpara\u00eet dans ce film. Il s\u2019agit de confiance. La confiance r\u00e9ciproque est fondamentale dans un film documentaire, dans la relation de parole et d\u2019\u00e9coute mutuelles. C\u2019est le septi\u00e8me film que je r\u00e9alise avec des \u00e9crivains ou des intellectuels, c\u2019est la premi\u00e8re fois qu\u2019existe un tel niveau de confiance. Je crois que cela se ressent dans le film, c\u2019est l\u2019une de ses cl\u00e9s.<\/span><\/p>\n<p><strong><span>I.D.<\/span><\/strong><span>\u00a0: Mais dans tes pr\u00e9c\u00e9dents films, il ne s\u2019agissait pas d\u2019auteurs vivants.<\/span><\/p>\n<p><strong><span>FC<\/span><\/strong><span>: Michel Foucault \u00e9tait disparu, oui. Mais j\u2019ai fait par exemple un film dans de bonnes conditions avec Jean-Marie Le Cl\u00e9zio<a href=\"#_ftn4\" name=\"_ftnref4\">[4]<\/a>. Je suis all\u00e9 tourner chez lui. A l\u2019\u00e9poque il habitait en Cor\u00e9e, donc je suis all\u00e9 \u00e0 S\u00e9oul et sur l\u2019\u00eele de Jeju. J\u2019ai tourn\u00e9 aussi au Mexique, o\u00f9 il avait longtemps v\u00e9cu. Bref, ce n\u2019\u00e9tait pas un entretien vite fait chez son \u00e9diteur, c\u2019\u00e9tait un film de rencontre, j\u2019ai pass\u00e9 des semaines avec lui. Mais il n\u2019y a jamais le m\u00eame niveau de r\u00e9ciprocit\u00e9 qu\u2019avec Edouard Louis. Peut-\u00eatre parce qu\u2019il avait une stature trop grande, c\u2019\u00e9tait l\u2019ann\u00e9e de son prix Nobel etc. Peut-\u00eatre aussi que je n\u2019ai pas r\u00e9ussi \u00e0 me mettre au bon niveau par rapport \u00e0 lui, ou qu\u2019il n\u2019a pas voulu se mettre dans un rapport d\u2019\u00e9galit\u00e9 avec moi. Cela se ressent dans le film et je le regrette.<\/span><\/p>\n<p><span>Dans le film que j\u2019ai r\u00e9alis\u00e9 sur Julia Kristeva<a href=\"#_ftn5\" name=\"_ftnref5\">[5]<\/a>, en revanche, il y a d\u00e9j\u00e0 beaucoup plus de r\u00e9ciprocit\u00e9. J\u2019avais \u00e9tal\u00e9 expr\u00e8s le tournage sur une ann\u00e9e enti\u00e8re, afin d\u2019avoir le temps de construire dans la dur\u00e9e une relation d\u2019estime r\u00e9ciproque, puis un rapport amical. Au bout du compte, Julia Kristeva a eu confiance dans le film et a beaucoup donn\u00e9 d\u2019elle-m\u00eame. Ce n\u2019\u00e9tait plus seulement le portrait d\u2019une intellectuelle.<\/span><\/p>\n<p><strong><span>I.D.<\/span><\/strong><span>\u00a0: Avant de tourner avec Edouard Louis, tu avais pr\u00e9par\u00e9 le film avec lui ou tu en avais discut\u00e9\u00a0? Il savait que tu allais l\u2019emmener sur certains lieux\u00a0?<\/span><\/p>\n<p><strong><span>FC.<\/span><\/strong><span>: Nous avons eu quelques discussions pr\u00e9alables, mais nous n\u2019avons pas parl\u00e9 du film lui-m\u00eame. Edouard Louis m\u2019a compl\u00e8tement laiss\u00e9 faire. Il ne connaissait pas le projet et n\u2019a m\u00eame pas lu le texte \u00e9crit pour la production. Il savait juste que je voulais travailler sur le th\u00e8me de la transformation.<\/span><\/p>\n<p><span>Le film est construit sur un retour \u00e0 Amiens. J\u2019ai emmen\u00e9 Edouard dans cette ville parce que c\u2019est l\u2019\u00e9tape principale de sa transformation. Entre son village d\u2019Hallencourt et Paris, il a pass\u00e9 quatre ann\u00e9es \u00e0 Amiens\u00a0: ses ann\u00e9es de lyc\u00e9e puis de facult\u00e9, des ann\u00e9es durant lesquelles il a d\u00e9couvert la litt\u00e9rature, le th\u00e9\u00e2tre, et connu Didier Eribon. A Amiens, le jeune Eddy Bellegueule a fait des rencontres d\u00e9terminantes pour sa transformation. J\u2019ai organis\u00e9 le film sur ces ann\u00e9es-charni\u00e8re, sur cette bascule. D\u2019autant qu\u2019Edouard en avait jusqu\u2019alors peu parl\u00e9 dans ses livres\u00a0: il y avait une sorte de \u201ctrou noir\u201d qu\u2019il m\u2019int\u00e9ressait d\u2019explorer. <\/span><\/p>\n<p><span>Dans mes tournages, de mani\u00e8re g\u00e9n\u00e9rale, j\u2019aime beaucoup improviser. Dans ce film, j\u2019ai utilis\u00e9 la ville d\u2019Amiens comme un cadre fixe dans lequel je pourrais improviser sur l\u2019id\u00e9e de transformation. Je voulais emmener Edouard l\u00e0-bas, mais sans trop pr\u00e9parer.\u00a0J\u2019ai fait un bref rep\u00e9rage de la ville, o\u00f9 je n\u2019\u00e9tais jamais all\u00e9. J\u2019ai not\u00e9 quelques lieux possibles (le lyc\u00e9e, la maison de la culture, etc), et nous sommes partis \u00e0 l\u2019aventure un jour d\u2019\u00e9t\u00e9. Je n\u2019ai pas dit \u00e0 Edouard ce qu\u2019on allait faire, d\u2019ailleurs moi-m\u00eame je ne le savais pas. J\u2019ai utilis\u00e9 simplement le d\u00e9cor d\u2019Amiens et j\u2019ai improvis\u00e9.<\/span><\/p>\n<p><span>J\u2019avais choisi de tourner au steadycam pour faciliter cette improvisation\u00a0: pouvoir circuler plus librement, ne pas \u00eatre tributaire d\u2019une mise en sc\u00e8ne avec des plans fixes, de la lumi\u00e8re et autres dispositifs longs \u00e0 installer. Je voulais \u201dme promener dans le souvenir\u201d avec Edouard. Nous avons fait presque tout le tournage en ext\u00e9rieur. J\u2019aime beaucoup tourner en plein air, les d\u00e9cisions se prennent vite, les choix se concr\u00e9tisent aussit\u00f4t.<\/span><\/p>\n<p><span>Pour autant, c\u2019\u00e9tait quand m\u00eame tr\u00e8s organis\u00e9 dans ma t\u00eate. J\u2019avais l\u2019id\u00e9e d\u2019une \u201cville fant\u00f4me\u201d, je voulais filmer le retour d\u2019Edouard dans une ville qu\u2019il avait oubli\u00e9, rejet\u00e9e, o\u00f9 il n\u2018\u00e9tait jamais revenu. C\u2019\u00e9tait sa ville, et ce n\u2019\u00e9tait plus sa ville. Edouard retournait \u00e0 ses ann\u00e9es Eddy Bellegueule, la ville avait chang\u00e9 autant qu\u2019il s\u2019\u00e9tait lui-m\u00eame transform\u00e9. Il revenait dans un pass\u00e9 fantomatique\u00a0: des lieux d\u00e9sert\u00e9s, un d\u00e9cor flottant, une image floue.<\/span><\/p>\n<p><span>Techniquement, c\u2019\u00e9tait tr\u00e8s compliqu\u00e9 pour le chef-op\u00e9rateur\u00a0: je lui demandais de travailler au steadycam, pour une fluidit\u00e9 d\u2019improvisation\u00a0; mais je voulais aussi une longue focale, afin que l\u2019image du d\u00e9cor soit floue\u00a0: la mise au point \u00e9tait faite seulement sur le visage d\u2019Edouard, tandis que les alentours \u00e9taient incertains comme dans une ville fantomatique. C\u2019\u00e9tait difficile\u00a0: garder le point en longue focale sur un personnage en mouvement rel\u00e8ve de l\u2019exploit\u2026 <\/span><\/p>\n<p><span>Cette exp\u00e9rience technique m\u2019excitait \u00e9videmment beaucoup, je plongeais dans l\u2019inconnu. Comme la plupart de mes conf\u00e8res, je d\u00e9teste refaire ce que je sais d\u00e9j\u00e0 faire. Je n\u2019avais encore jamais utilis\u00e9 de steadycam, ne serait-ce que dans un plan de trois minutes. L\u00e0, tout le tournage d\u2019Amiens se faisait en steadycam, cela paraissait risqu\u00e9, les producteurs pensaient que j\u2019allais au casse-pipe. Je suis revenu tr\u00e8s content. Ce choix technique a rendu possible \u00e0 la fois l\u2019esth\u00e9tique <em>flottante<\/em> du film et une parole tr\u00e8s libre\u00a0: avec Edouard, nous pouvions improviser selon les lieux, la m\u00e9t\u00e9o, notre humeur du jour\u2026<\/span><\/p>\n<p><strong><span>ID. <\/span><\/strong><span>: Ce dispositif fait penser \u00e0 plusieurs films, et notamment \u00e0 <em>S21<\/em> de Rithy Panh. Lorsque, pour les filmer, on fait revenir pour la premi\u00e8re fois les personnes sur les lieux d\u2019un pass\u00e9 qui a pu \u00eatre douloureux, cela fait resurgir une m\u00e9moire tr\u00e8s vive, des souvenirs et une m\u00e9moire du corps aussi.<\/span><\/p>\n<p><strong><span>FC.<\/span><\/strong><span>: C\u2019est ce que j\u2019esp\u00e9rais, et cela a fonctionn\u00e9. Et c\u2019est pourquoi que je n\u2019avais rien pr\u00e9par\u00e9. J\u2019avais juste d\u00e9termin\u00e9 quelques lieux o\u00f9 je savais qu\u2019Edouard \u00e9tait all\u00e9 autrefois, et je l\u2019ai emmen\u00e9 l\u00e0 sans le pr\u00e9venir. La mani\u00e8re de tourner faisait que j\u2019\u00e9tais pr\u00eat \u00e0 filmer ce qu\u2019il pouvait se passer. Quand quelqu\u2019un est surpris, il ne faut pas lui demander d\u2019attendre que la cam\u00e9ra soit install\u00e9e, sinon il va rejouer la surprise et cela n\u2019aura aucun int\u00e9r\u00eat. Donc j\u2019ai film\u00e9 Edouard dans ces moments o\u00f9 il \u00e9tait surpris\u00a0: il a \u00e9t\u00e9 mis, comme l\u2019op\u00e9rateur et moi, en situation d\u2019improvisation. <\/span><\/p>\n<p><span>Ce que je dis ici peut sembler \u00e9vident \u00e0 tout documentariste, c\u2019est banal. Pourtant, il y avait dans ce cas une exigence particuli\u00e8re : j\u2019attendais d\u2019Edouard Louis qu\u2019il produise un discours \u00e0 partir de ces situations qu\u2019il d\u00e9couvrait \u00e0 l\u2019improviste. Un discours\u00a0: une vraie r\u00e9flexion, pas quelques souvenirs ou remarques de circonstance. C\u2019est ce que j\u2019appelle <em>pratiquer la pens\u00e9e en direct<\/em>. Tout le monde n\u2019est pas capable de le faire.<\/span><\/p>\n<p><span>Il y avait aussi l\u2019id\u00e9e de <em>ville fant\u00f4me<\/em> \u00e0 laquelle je tenais. Je l\u2019ai accentu\u00e9e en allant tourner \u00e0 Amiens en plein \u00e9t\u00e9, \u00e0 la fin du mois de juillet, parce que je savais que tout serait ferm\u00e9. Le lyc\u00e9e, le campus de la facult\u00e9, la maison de la culture, tous les lieux \u00e9taient ferm\u00e9s ou d\u00e9sert\u00e9s. Arriv\u00e9 sur le campus, Edouard a fait quelque chose que j\u2019esp\u00e9rais, mais que je ne lui avais pas demand\u00e9 : il est all\u00e9 \u00e0 la fen\u00eatre de la cantine et il a regard\u00e9 \u00e0 l\u2019int\u00e9rieur. Il ne pouvait pas entrer et revoyait les lieux qu\u2019il avait fr\u00e9quent\u00e9s dix ans plus t\u00f4t. Cette sc\u00e8ne \u00e9tait impr\u00e9vue. Pareil au th\u00e9\u00e2tre, je savais qu\u2019il \u00e9tait ferm\u00e9 \u00e0 cause des travaux, mais Edouard l\u2019ignorait. Il est entr\u00e9 sur la sc\u00e8ne vide et il a d\u00e9velopp\u00e9 un discours \u00e0 partir de l\u00e0. Le fant\u00f4me a cr\u00e9\u00e9 une sorte d\u2019appel d\u2019air.<\/span><\/p>\n<p><span>Pour obtenir une parole int\u00e9ressante, c\u2019est-\u00e0-dire qui ne soit pas pr\u00e9par\u00e9e en amont, r\u00e9p\u00e9tition d\u2019un savoir d\u00e9j\u00e0 ma\u00eetris\u00e9, il faut fabriquer ces moments de surprise possible. Or c\u2019est souvent compliqu\u00e9, parce que le cin\u00e9ma est aussi un art de l\u2019organisation.<\/span><\/p>\n<p><strong><span>ID.<\/span><\/strong><span>: Et il dit l\u00e0 des choses qu\u2019il n\u2019a jamais dites ou \u00e9crites ?<\/span><\/p>\n<p><strong><span>FC.<\/span><\/strong><span>: Je ne suis pas venu au tournage avec des questions d\u00e9j\u00e0 pr\u00eates, avec un questionnaire. L\u00e0-dessus aussi, tout est improvis\u00e9. Mais j\u2019ai quand m\u00eame une m\u00e9thode. Voil\u00e0 comment je proc\u00e8de. Je commence \u00e0 parler avec Edouard Louis, je parle beaucoup\u00a0(on ne peut pas garder ce que je dis au montage, sinon il y aurait trois fois le film, je parle quelquefois durant cinq minutes d\u2019affil\u00e9e). Ainsi, et sans qu\u2019il s\u2019en rende compte, je l\u2019entra\u00eene sur le terrain que je souhaite. Jusqu\u2019\u00e0 ce qu\u2019il se mette \u00e0 parler, parfois en me coupant\u00a0: il poursuit, prolonge et va ailleurs. Cela se passe toujours ainsi, c\u2019est infaillible. La discussion surgit parce que l\u2019arc \u00e9tait d\u00e9j\u00e0 tendu \u00e0 l\u2019extr\u00eame.<\/span><\/p>\n<p><span>Mais ce n\u2019est pas fini, \u00e9videment. Pendant qu\u2019Edouard me parle, je r\u00e9fl\u00e9chis\u00a0\u00e0 toute vitesse\u00a0: comment continuer, comment engager d\u00e9j\u00e0 la suite, sans coupure\u00a0? Alors je reprends la parole en m\u2019appuyant sur ce qu\u2019il vient de dire, et ainsi de suite. On ne passe jamais d\u2019une question \u00e0 une autre. C\u2019est une conversation qui continue et s\u2019enrichit elle-m\u00eame. <\/span><\/p>\n<p><span>Tout cela est quand-m\u00eame assez fatiguant\u00a0! Lors du premier tournage, nous avons eu deux jours de conversation quasi-ininterrompue. Edouard est reparti \u00e9puis\u00e9, \u00e7a ne lui \u00e9tait jamais arriv\u00e9. Cette m\u00e9thode, que j\u2019avais d\u00e9j\u00e0 exp\u00e9riment\u00e9 sur d\u2019autres films, a beaucoup d\u2019avantages. On n\u2019y recherche pas la synth\u00e8se ou le r\u00e9sum\u00e9 facile. On n\u2019a pas la pr\u00e9tention de rassembler un contenu, de mettre une pens\u00e9e en fiches, d\u2019encadrer la parole &#8211; comme on le voit h\u00e9las souvent \u00e0 la t\u00e9l\u00e9vision. C\u2019est le contraire du \u201cpr\u00eat-\u00e0-penser\u201d.<\/span><\/p>\n<p><span>A cet \u00e9gard,\u00a0 le projet de ce film \u00e9tait clair. Je voulais absolument \u00e9viter qu\u2019Edouard Louis reproduise ce qu\u2019il fait dans les m\u00e9dias. Edouard est tr\u00e8s efficace \u00e0 la t\u00e9l\u00e9vision, on l\u2019a souvent v\u00e9rifi\u00e9 sur des cha\u00eenes fran\u00e7aises ou \u00e9trang\u00e8res. Mais sur un plateau de t\u00e9l\u00e9vision, l\u2019invit\u00e9 ne parle pas pendant une heure, il a droit \u00e0 une dur\u00e9e d\u00e9finie. Il est donc oblig\u00e9 de calculer sa parole, il se tient dans un rapport d\u2019urgence, d\u2019efficacit\u00e9. Quelqu\u2019un qui vient d\u00e9fendre son livre, par exemple, doit bien calibrer son propos. C\u2019est exactement ce que je voulais \u00e9viter. Je d\u00e9sirais qu\u2019on entende Edouard Louis autrement, comme on ne l\u2019avait jamais entendu. Qu\u2019on l\u2019\u00e9coute en train de parler dans une continuit\u00e9, sans souci du temps qui passe.<\/span><\/p>\n<p><strong><span>ID.<\/span><\/strong><span>: Il y a une grande \u00e9l\u00e9gance, je trouve, dans l\u2019\u00e9criture du film. Par exemple, j\u2019ai beaucoup aim\u00e9 que l\u2019enfance soit tr\u00e8s discr\u00e8tement \u00e9voqu\u00e9e par quelques photos. Il y a une seule photo je crois de la maison d\u2019enfance. La description vient du texte lu en voix off. C\u2019est une mani\u00e8re de monter image et son en contrepoint, qui est \u00e0 la fois \u00e9conomique en termes de moyens et efficace. On ne voit pas la mis\u00e8re \u00e0 l\u2019image, on l\u2019imagine \u00e0 partir de quelques signes. Et c\u2019est bien plus fort.<\/span><\/p>\n<p><strong><span>FC.<\/span><\/strong><span>: Dans le film, il y a trois \u00e9tapes, trois lieux \u00e9voqu\u00e9s. Amiens est l\u2019\u00e9tape principale, la bascule entre Hallencourt et Paris, la transition. Je devais \u00e9voquer l\u2019avant et l\u2019apr\u00e8s d\u2019Amiens, sinon on n\u2019aurait pas compris cette transition. Il fallait parler du d\u00e9but, l\u2019enfance dans ce village picard d\u2019Hallencourt, qui sert de cadre au premier roman <em>En finir avec Eddy Bellegueule<\/em>. A la sortie du livre, en 2014, les journalistes s\u2019\u00e9taient pr\u00e9cipit\u00e9s l\u00e0-bas. Il y avait eu toutes sortes de reportages qui insistaient sur l\u2019extr\u00eame crudit\u00e9 des choses, le naturalisme appuy\u00e9, un c\u00f4t\u00e9 Zola \u00e0 faire pleurer les riches \u2013 toutes choses que je d\u00e9teste. Je n\u2019ai pas voulu aller dans cette voie. Plut\u00f4t que de filmer un village d\u00e9labr\u00e9 et une famille dans la mis\u00e8re, j\u2019ai pr\u00e9f\u00e9r\u00e9 tourner des images de paysages assez beaux. Et sur ces plans de campagne attrayante, j\u2019ai plac\u00e9 la voix off d\u2019Edouard Louis qui parle de son enfance en lisant des extraits de son livre. J\u2019ai pens\u00e9 qu\u2019il sortirait de ce contraste quelque chose d\u2019int\u00e9ressant. C\u2019\u00e9tait aussi une mani\u00e8re de me d\u00e9marquer de toute vis\u00e9e naturaliste et d\u2019\u00e9viter de faire un documentaire sociologique. De m\u00eame que je filmais Amiens comme une ville floue, je montrais le village natal de mani\u00e8re stylis\u00e9e. Je n\u2019ai pas voulu faire un film de d\u00e9nonciation sociale \u00e0 travers des images. Je pense que le discours d\u2019Edouard Louis est assez fort, il y suffit.<\/span><\/p>\n<p><strong><span>ID.<\/span><\/strong><span>: Ce qui est int\u00e9ressant c\u2019est aussi la mani\u00e8re dont tu montres l\u2019ambigu\u00eft\u00e9 de sa relation avec son p\u00e8re. Je ne peux pas m\u2019emp\u00eacher de le comparer avec Annie Ernaux, que je trouve beaucoup plus dure, froide, avec sa famille.<\/span><\/p>\n<p><strong><span>FC.<\/span><\/strong><span>: Il y a une douce ambigu\u00eft\u00e9 chez Edouard Louis. Dans son premier livre, <em>En finir avec Eddy Bellegueule, <\/em>il a fait un tableau s\u00e9v\u00e8re de son village et de sa famille. Et pourtant il y est rest\u00e9 tr\u00e8s attach\u00e9, il a \u00e9crit sur eux depuis quelques ann\u00e9es des textes extr\u00eamement tendres. C\u2019\u00e9tait d\u2019ailleurs l\u2019un de mes objectifs dans ce film\u00a0: pr\u00e9senter quelqu\u2019un plein de douceur, de tendresse, d\u2019empathie \u2013 toutes choses bienveillantes qu\u2019il masque volontiers par son sens de l\u2019humour. Douceur et dr\u00f4lerie\u00a0: voil\u00e0 des qualit\u00e9s qui n\u2019apparaissent pas d\u2019embl\u00e9e dans son image de jeune homme intelligent v\u00e9hicul\u00e9e dans les m\u00e9dias. J\u2019ai eu envie de les montrer dans mon film. <\/span><\/p>\n<p><span>Un film est fait de choix. J\u2019ai privil\u00e9gi\u00e9 cet aspect d\u2019Edouard Louis que j\u2019aime bien. On le consid\u00e8re parfois comme quelqu\u2019un de mordant. Il d\u00e9fend des positions politiques radicales, il participe \u00e0 des mouvements engag\u00e9s. Il a \u00e9crit des adresses publiques bien sonn\u00e9es (\u00e0 Manuel Vals, \u00e0 Chirac et d\u2019autres), il ne d\u00e9daigne pas les libelles. Ses proches amis, Didier Eribon et Geoffroy de Lagasnerie, sont eux aussi plut\u00f4t tranch\u00e9s, parfois clivants. J\u2019ai voulu montrer une autre image d\u2019Edouard Louis parce que je sais qu\u2019il est tout cela, mais aussi le contraire. Il est capable, apr\u00e8s avoir fait un premier livre qui d\u00e9nonce violemment sa famille, d\u2019\u00e9crire un livre sur son p\u00e8re<a href=\"#_ftn6\" name=\"_ftnref6\">[6]<\/a>, puis un livre sur sa m\u00e8re<a href=\"#_ftn7\" name=\"_ftnref7\">[7]<\/a>, pour leur dire qu\u2019il les aime.<\/span><\/p>\n<p><strong><span>ID.<\/span><\/strong><span>: Sa parole est pr\u00e9cise et juste et, si son exp\u00e9rience est particuli\u00e8re, cette auto-analyse qu\u2019il m\u00e8ne dans le film est un mod\u00e8le de lucidit\u00e9 et de p\u00e9n\u00e9tration.<\/span><\/p>\n<p><strong><span>FC.<\/span><\/strong><span>: Ce qui est \u00e9tonnant, chez lui, c\u2019est qu\u2019il r\u00e9fl\u00e9chit toujours \u00e0 partir d\u2019exemples tr\u00e8s simples\u00a0: une rencontre, une sortie avec ses amis, une soir\u00e9e en famille. Il raconte une anecdote et il commence \u00e0 tirer des fils. On ne le voit pas venir. Par exemple il d\u00e9crit comment on mangeait chez lui, \u00e0 Hallencourt. Puis, insensiblement, il parle des repas \u00ab\u00a0chez les bourgeois\u00a0\u00bb &#8211; et ce n\u2019est pas du tout pareil. Dans sa famille, on se tape volontiers sur le ventre quand on a bien mang\u00e9\u00a0: un repas, c\u2019est fait pour se nourrir, on ne se cache pas d\u2019avoir faim, on est content d\u2019y avoir rem\u00e9di\u00e9. Dans un milieu ais\u00e9, en revanche, on ne mange pas seulement pour se nourrir. C\u2019est aussi un rite, une forme de sociabilit\u00e9 autour de la table, une occasion de passer ensemble un moment agr\u00e9able\u00a0: en g\u00e9n\u00e9ral, on n\u2019est pas affam\u00e9 en arrivant au d\u00e9jeuner, on ne se pr\u00e9cipite pas sur les plats\u00a0! Edouard Louis utilise ainsi de nombreuses anecdotes de la vie quotidienne, souvent dr\u00f4lement. Il part d\u2019exemples concrets et parvient \u00e0 en tirer des analyses efficaces.<\/span><\/p>\n<p><strong><span>ID.<\/span><\/strong><span>: Et g\u00e9n\u00e9ralisables. Il s\u2019adresse \u00e0 chacun. Ce film n\u2019est pas un simple portrait.<\/span><\/p>\n<p><strong><span>FC.<\/span><\/strong><span>: Absolument. Edouard Louis cherche \u00e0 d\u00e9velopper une r\u00e9flexion qui d\u00e9passe son propre cas. Il pratique une sorte de \u201cpartage de pens\u00e9e\u201d. A propos de <em>la transformation<\/em> (le th\u00e8me du film), il ne parle pas seulement de <em>sa<\/em> transformation. Il appelle chacun de nous \u00e0 changer. <\/span><\/p>\n<p><span>Je reviens sur la mani\u00e8re de tourner, dont je parlais pr\u00e9c\u00e9demment. Le plus important, dans ma relation film\u00e9e avec Edouard Louis, c\u2019\u00e9tait d\u2019arriver \u00e0 fabriquer du temps r\u00e9el. C\u2019est pourquoi j\u2019ai pratiqu\u00e9 l\u2019improvisation. Rien ne devait \u00eatre pr\u00e9par\u00e9\u00a0: ni de ma part (avec une mise en sc\u00e8ne contraignante, avec des questions), ni de sa part (avec des contenus d\u00e9j\u00e0 connus, un discours pr\u00eat \u00e0 \u00eatre \u00e9nonc\u00e9). Il fallait que tout se joue (se formule, s\u2019entende) <em>ici et maintenant<\/em>. Si on tournait un quart d\u2019heure plus tard, tout aurait \u00e9t\u00e9 diff\u00e9rent.<\/span><\/p>\n<p><strong><span>ID.<\/span><\/strong><span>: Tu n\u2019as jamais demand\u00e9 \u00e0 Edouard Louis de refaire une prise.<\/span><\/p>\n<p><strong><span>FC.<\/span><\/strong><span>: Non, jamais. D\u2019ailleurs, si on l\u2019avait refait, cela aurait engendr\u00e9 d\u2019autres r\u00e9ponses. Ce qui m\u2019int\u00e9resse le plus, dans ce genre de tournage, c\u2019est de voir une activit\u00e9\u00a0: moins la pens\u00e9e elle-m\u00eame que sa formulation en cours devant moi. Si je veux conna\u00eetre avec pr\u00e9cision une pens\u00e9e, je peux acheter un livre, la pens\u00e9e s\u2019y incarne au mieux\u00a0: elle est inscrite, retouch\u00e9e, aboutie. La pens\u00e9e est normalis\u00e9e dans l\u2019\u00e9crit. De fait, on n\u2019a pas besoin d\u2019une m\u00e9diation par l\u2019auteur, son regard ou son corps. Je peux lire et comprendre Aristote sans \u00e9couter l\u2019homme devant moi. En revanche, lorsqu\u2019on filme quelqu\u2019un, ce qui est formidable &#8211; et qu\u2019on n\u2019a jamais dans un livre &#8211; c\u2019est de le voir r\u00e9fl\u00e9chir \u00e0 voix haute, parfois h\u00e9siter, se reprendre. D\u2019une certaine mani\u00e8re, on le voit pr\u00e9parer un livre. Il nous fournit les \u00e9tapes pr\u00e9liminaires, les articulations. Il fait le brouillon de son livre.<\/span><\/p>\n<p><strong><span>ID.<\/span><\/strong><span>: C\u2019est ce que Jean-Louis Comolli a fait avec Carlo Ginsburg pour son film sur <em>L\u2019affaire Sofri<\/em>. Il est all\u00e9 chez lui pendant plus de deux ans pour filmer l\u2019\u00e9laboration progressive du livre.<\/span><\/p>\n<p><strong><span>FC.<\/span><\/strong><span>: Oui, certains se passionnent pour ce processus d\u2019\u00e9laboration de l\u2019oeuvre. Leur obsession sera de retrouver les vingt-sept brouillons d\u2019un texte, d\u2019\u00e9tudier ses plus infimes variations jusqu\u2019\u00e0 l\u2019\u00e9tat final. Ceci se pratique beaucoup avec les romans, les \u0153uvres litt\u00e9raires. Je crois que cela se fait moins avec les \u0153uvres de pens\u00e9e, o\u00f9 l\u2019on consid\u00e8re que seul le texte publi\u00e9 <em>fait preuve.<\/em> Les pr\u00e9alables restent une esquisse, sans grande utilit\u00e9 pour le lecteur (sauf, bien s\u00fbr, en cas de textes particuli\u00e8rement obscurs, ou d\u2019auteurs pratiquant \u00e0 dessein le <em>flottement<\/em> de pens\u00e9e\u00a0!)<\/span><\/p>\n<p><span>Filmer la pens\u00e9e en acte, voil\u00e0 ce qui m\u2019int\u00e9ressait. Je voulais donner la possibilit\u00e9 \u00e0 Edouard Louis de chercher, douter, se reprendre : penser en direct. Et au final, si le spectateur du film le trouve convaincant, efficace, ce n\u2019est pas parce que ses propos sont calibr\u00e9s, bien cadr\u00e9s. C\u2019est parce qu\u2019il est sinc\u00e8re. On sent qu\u2019il est vraiment en train de le penser ce qu\u2019il dit. Je ne l\u2019ai pas mis dans un dispositif de performance, je l\u2019ai mis dans un dispositif d\u2019accompagnement.<\/span><\/p>\n<p><strong><span>ID<\/span><\/strong><span>.\u00a0: Comment l\u2019exp\u00e9rience des pr\u00e9c\u00e9dents films t\u2019a-t-elle servie\u00a0?<\/span><\/p>\n<p><strong><span>FC.<\/span><\/strong><span>: Je peux pratiquer ce genre de tournage parce que je l\u2019ai fait depuis longtemps\u00a0: dans mes documentaires sur des penseurs, mais aussi dans mes autres films\u00a0qui sont des r\u00e9cits, des films romanesques. J\u2019ai toujours pris plaisir \u00e0 entra\u00eener les gens l\u00e0 o\u00f9 j\u2019avais envie\u00a0\u2013 doucement, subrepticement, en menant une conversation dirig\u00e9e. Dans <em>Bienvenue \u00e0 Bataville<a href=\"#_ftn8\" name=\"_ftnref8\"><strong>[8]<\/strong><\/a><\/em>, par exemple, les gens finissaient par me dire des choses qu\u2019ils n\u2019avaient pas du tout pr\u00e9vu de dire. Pareil dans <em>L\u2019Affaire Val\u00e9rie<a href=\"#_ftn9\" name=\"_ftnref9\"><strong>[9]<\/strong><\/a>, <\/em>o\u00f9 j\u2019avais une bonne m\u00e9thode (mais celle-ci en peu de mots) pour faire dire l\u2019indicible. C\u2019est ce qu\u2019on appelle la ma\u00efeutique\u00a0: faire accoucher les gens d\u2019une parole qu\u2019ils poss\u00e8dent d\u00e9j\u00e0 sans le savoir. Plus prosa\u00efquement, c\u2019est de l\u2019anti-t\u00e9l\u00e9vision. Le documentaire t\u00e9l\u00e9vis\u00e9 se d\u00e9ploie dans un registre assez frontal, brutal, il doit produire de l\u2019effet. La ma\u00efeutique est plus lente, sa dynamique avance par touches progressives. J\u2019ai souvent men\u00e9 mes entretiens dans cette direction. <\/span><\/p>\n<p><strong><span>ID.<\/span><\/strong><span>: Tu veux bien parler du montage du film\u00a0?<\/span><\/p>\n<p><strong><span>FC.<\/span><\/strong><span>: Le film s\u2019est fait simplement, \u00e0 la fois au tournage et au montage. Le montage a dur\u00e9 six semaines, ce qui n\u2019est rien du tout &#8211; je m\u2019insurge contre des dur\u00e9es aussi courtes, c\u2019est le temps impos\u00e9 par la t\u00e9l\u00e9vision pour des 52 minutes et je regrette ces d\u00e9lais qui emp\u00eachent les films d\u2019\u00e9clore. Or, bizarrement, celui-ci s\u2019est mont\u00e9 vite. Peut-\u00eatre parce que c\u2019est un film tr\u00e8s unitaire, centr\u00e9 sur son objet, n\u2019en d\u00e9mordant jamais. Je le vois comme un jet, tir\u00e9 d\u2019un seul trait. Je suis content de cette simplicit\u00e9.<\/span><\/p>\n<p><strong><span>ID.<\/span><\/strong><span>: Je ne te crois pas tout \u00e0 fait, parce que j\u2019ai toujours pens\u00e9 que le montage est quelque chose de compliqu\u00e9, de lent et myst\u00e9rieux.<\/span><\/p>\n<p><strong><span>FC.<\/span><\/strong><span>: En g\u00e9n\u00e9ral, oui. Sauf ici\u00a0! Mais il est vrai que j\u2019avais pr\u00e9par\u00e9 le montage. Je connaissais exactement le contenu de mes rushes, j\u2019avais r\u00e9fl\u00e9chi avant de travailler avec le monteur Manu Manzano. Il faut pr\u00e9ciser aussi que c\u2019est un film avec peu de param\u00e8tres, concentr\u00e9 en trois lieux\u00a0: Amiens, le lieu principal ; le village d\u2019Hallencourt, en quelques plans de campagne\u00a0; un studio parisien avec dispositif d\u2019\u00e9crans (enregistrement de textes, extraits d\u2019\u00e9missions t\u00e9l\u00e9, sc\u00e8nes de th\u00e9\u00e2tre\u00a0: le syst\u00e8me m\u00e9diatique). Ces trois lieux portent le personnage de <em>la transformation<\/em>\u00a0: le lyc\u00e9en qu\u2019on retrouve \u00e0 Amiens\u00a0; le gar\u00e7on qu\u2019on entend \u00e0 Hallencourt ; l\u2019homme public d\u2019aujourd\u2019hui, qu\u2019on voit sur sc\u00e8ne ou \u00e0 travers des \u00e9crans.<\/span><\/p>\n<p><strong><span>ID.<\/span><\/strong><span>: Quelle a \u00e9t\u00e9 la r\u00e9ception du film\u00a0?<\/span><\/p>\n<p><strong><span>FC<\/span><\/strong><span>.\u00a0: Je crois que les spectateurs sont surpris de d\u00e9couvrir Edouard Louis sous cet angle. Il y a ceux qui aimaient d\u00e9j\u00e0 l\u2019\u00e9crivain, appr\u00e9ciaient ses ouvrages ou ses interventions publiques. Et il y a ceux qui ne l\u2019aimaient pas, mais sont venus parce qu\u2019on leur avait parl\u00e9 du film, et ils m\u2019ont \u00e9crit\u00a0: <em>Je ne suis pas du tout d\u2019accord avec ce qu\u2019il dit, mais c\u2019est quelqu\u2019un de lumineux<\/em>\u2026 <em>Ce qu\u2019il fait ressentir est magnifique<\/em>. <\/span><\/p>\n<p><span>Dans ce cas-l\u00e0 il y une sorte de respect, impos\u00e9 par le film. J\u2019en suis tr\u00e8s content. C\u2019est l\u2019objectif que je m\u2019\u00e9tais donn\u00e9\u00a0: montrer un gar\u00e7on sensible, touchant. Bien-s\u00fbr il est tr\u00e8s intelligent, mais les gens connaissent d\u00e9j\u00e0 son intelligence, tandis que l\u2019autre aspect semble moins \u00e9vident. Le film qui veut \u00e9clairer cette cette face.<\/span><\/p>\n<p><strong><span>ID.<\/span><\/strong><span>: Qu\u2019est-ce que tu as enlev\u00e9 pour la version courte\u00a0?<\/span><\/p>\n<p><strong><span>FC.<\/span><\/strong><span>: Surtout les morceaux de th\u00e9\u00e2tre. Je trouvais int\u00e9ressant de parler de th\u00e9\u00e2tre parce que c\u2019est encore une autre vie possible d\u2019Edouard Louis. Quand il est arriv\u00e9 \u00e0 Paris pour faire l\u2019ENS, il ne souhaitait pas du tout \u00eatre un intellectuel. Il voulait \u00eatre com\u00e9dien et entrer \u00e0 la Com\u00e9die Fran\u00e7aise. Et maintenant, depuis deux ans, il joue au th\u00e9\u00e2tre. Il \u00e9tait derni\u00e8rement \u00e0 New York dans la pi\u00e8ce de Thomas Ostermeier, <em>Qui a tu\u00e9 mon p\u00e8re. <\/em><\/span><\/p>\n<p><span>Le th\u00e9\u00e2tre pose des questions int\u00e9ressantes sur la transformation, puisqu\u2019en principe, sur sc\u00e8ne, on devient un autre que soi. Mais quel est ce soi\u00a0? Que veut dire l\u2019authenticit\u00e9\u00a0? C\u2019est la grande question du film. Qui est le <em>vrai<\/em> Edouard Louis, si jamais il existe\u00a0? <\/span><\/p>\n<p><span>Edouard Louis th\u00e9orise sur l\u2019inauthenticit\u00e9 des \u00eatres, il dit qu\u2019il n\u2019y a pas d\u2019original, il n\u2019y a pas un vrai <em>moi<\/em> dont il faudrait s\u2019approcher. A chaque fois je suis dans la v\u00e9rit\u00e9, je suis dans le devenir. C\u2019est cela, la transformation : une transformation permanente. Donc le th\u00e9\u00e2tre ajoute cette r\u00e9flexion suppl\u00e9mentaire : qui est-on sur sc\u00e8ne ? C\u2019est une autre voie possible pour parler de transformation, une digression dans le film.<\/span><\/p>\n<p><strong><span>ID.<\/span><\/strong><span>: Il y a deux versions du film.<\/span><\/p>\n<p><strong><span>FC.<\/span><\/strong><span>: Il existe une version de 52 minutes, d\u00e9j\u00e0 diffus\u00e9e sur France 3 Hauts-de-France. Nous voudrions faire une sortie en salles avec la version de 72 minutes, celle qui est pass\u00e9e en mars au festival Cin\u00e9ma du R\u00e9el. <\/span><\/p>\n<p><span>\u00a0<\/span><strong><span>ID.<\/span><\/strong><span>: A propos de la collection des <em>Hommes-livres<\/em>, J\u00e9r\u00f4me Prieur disait que l\u2019entretien ne permet pas de savoir la v\u00e9rit\u00e9, mais de l\u2019entrevoir, de l\u2019entrevoir entre les mots, entre les images<a href=\"#_ftn10\" name=\"_ftnref10\">[10]<\/a>.<\/span><\/p>\n<p><strong><span>FC.<\/span><\/strong><span>: Cela voudrait dire qu\u2019il y a une v\u00e9rit\u00e9 de l\u2019autre\u00a0? Non, je ne crois pas qu\u2019il y ait une v\u00e9rit\u00e9 de l\u2019autre. Il n\u2019y a pas une sorte de tr\u00e9sor secret que le r\u00e9alisateur essayerait de d\u00e9gager. Pour moi, tout se passe au moment du film. La v\u00e9rit\u00e9 qui est dans le film, c\u2019est la v\u00e9rit\u00e9 du film. Ce n\u2019est pas la v\u00e9rit\u00e9 du personnage, c\u2019est la v\u00e9rit\u00e9 du moment. <\/span><\/p>\n<p><span>\u00a0<\/span><\/p>\n<p>&nbsp;<\/p>\n<p><a href=\"#_ftnref1\" name=\"_ftn1\"><span>[1]<\/span><\/a> <em>Edouard Louis, ou la transformation<\/em>. R\u00e9alisation : Fran\u00e7ois Caillat. Production : Tempo films, Acqua alta, Le Fresnoy-Studio national des arts contemporains. 2022, 72 min.<\/p>\n<p><a href=\"#_ftnref2\" name=\"_ftn2\"><span>[2]<\/span><\/a><span> <em>Foucault contre lui-m\u00eame.<\/em> R\u00e9alisation\u00a0: Fran\u00e7ois Caillat. <\/span>Production\u00a0: The Factory, ina, Arte France. <span>2014, 52 min.<\/span><\/p>\n<p><a href=\"#_ftnref3\" name=\"_ftn3\"><span>[3]<\/span><\/a><span> Edouard Louis. <em>En finir avec Eddy Bellegueule.<\/em> Paris, Editions du Seuil, 2014.<\/span><\/p>\n<p><a href=\"#_ftnref4\" name=\"_ftn4\"><span>[4]<\/span><\/a><span> <em>J.M.G. Le Cl\u00e9zio, entre les mondes<\/em>. R\u00e9alisation Fran\u00e7ois Caillat. co-sc\u00e9nariste Antoine de Gaudemar. Production\u00a0: The Factory, ina, France 5. 2008, 52 min.<\/span><\/p>\n<p><a href=\"#_ftnref5\" name=\"_ftn5\"><span>[5]<\/span><\/a><span> <em>Julia Kristeva, \u00e9trange \u00e9trang\u00e8re<\/em>. R\u00e9alisation\u00a0: Fran\u00e7ois Caillat. Production\u00a0: Ina, Arte. 2005, 60 min<\/span><\/p>\n<p><a href=\"#_ftnref6\" name=\"_ftn6\"><span>[6]<\/span><\/a><span> Edouard Louis. <em>Qui a tu\u00e9 mon p\u00e8re\u00a0?<\/em> Paris, Editions du Seuil, 2018,\u00a0 <\/span><\/p>\n<p><a href=\"#_ftnref7\" name=\"_ftn7\"><span>[7]<\/span><\/a><span> Edouard Louis. <em>Combats et m\u00e9tamorphoses d\u2019une femme<\/em>. Paris, Editions du Seuil. 2021<\/span><\/p>\n<p><a href=\"#_ftnref8\" name=\"_ftn8\"><span>[8]<\/span><\/a><span> <em>Bienvenue \u00e0 Bataville. <\/em>R\u00e9alisation\u00a0: Fran\u00e7ois Caillat. Production\u00a0: Unlimited, ina. 2007, 90 min<\/span><\/p>\n<p><a href=\"#_ftnref9\" name=\"_ftn9\"><span>[9]<\/span><\/a><span> <em>L\u2019Affaire Val\u00e9rie. <\/em>R\u00e9alisation\u00a0: Fran\u00e7ois Caillat. Production\u00a0: Archipel 33, ina. 2004, 73 min<\/span><\/p>\n<p><a href=\"#_ftnref10\" name=\"_ftn10\"><span>[10]<\/span><\/a><span> J\u00e9r\u00f4me Prieur. \u00ab\u00a0Entretien\/entrevoir\u00a0\u00bb, in <em>Images en biblioth\u00e8ques<\/em>, 1993.<\/span><\/p>\n<p>[\/et_pb_toggle][et_pb_toggle title=\u00a0\u00bbINTERVIEW pour Le MagduCin\u00e9 \u00a0\u00bb open_toggle_background_color=\u00a0\u00bbrgba(244,244,244,0.87)\u00a0\u00bb closed_toggle_background_color=\u00a0\u00bbrgba(244,244,244,0.87)\u00a0\u00bb admin_label=\u00a0\u00bbINTERVIEW pour Le MagduCin\u00e9 (texte)\u00a0\u00bb _builder_version=\u00a0\u00bb4.21.0&Prime; title_level=\u00a0\u00bbh3&Prime; title_font=\u00a0\u00bb|600|||||||\u00a0\u00bb global_colors_info=\u00a0\u00bb{}\u00a0\u00bb]<\/p>\n<p><strong>Depuis plus de vingt ans Fran\u00e7ois Caillat, philosophe documentariste, filme dans une s\u00e9rie de portraits des grands esprits qui diagnostiquent un certain \u00e9tat du pr\u00e9sent. Avec\u00a0<a href=\"https:\/\/www.lemagducine.fr\/cinema\/critiques-films\/edouard-louis-ou-la-transformation-documentaire-francois-caillat-avis-10063461\/\"><em>Edouard Louis, ou la transformation<\/em><\/a>, il revient sur la trajectoire brillante, profonde et r\u00e9formatrice d\u2019un de nos intellectuels les plus performatifs, invitant le spectateur \u00e0 un programme : d\u00e9sincarc\u00e8re-toi de ton pass\u00e9, transforme-toi toi-m\u00eame.<\/strong><\/p>\n<p><span><em>Le MagduCin\u00e9 : Filmer la parole est toujours un pari p\u00e9rilleux, ce d\u00e9sir vous a-t-il \u00e9t\u00e9 inspir\u00e9 de vos propres ann\u00e9es d\u2019\u00e9tudes de la philosophie, notamment \u00e0 Vincennes ?<br \/>Y a-t-il eu tr\u00e8s t\u00f4t une fascination pour le discours des ma\u00eetres tels Foucault, Deleuze, Lacan ? <br \/>Ou est-ce venu du th\u00e9\u00e2tre ?<\/em><\/span><\/p>\n<p><span>Fran\u00e7ois Caillat : Je n\u2019ai pas fait d\u2019\u00e9cole de cin\u00e9ma ni suivi la moindre formation \u00e0 la r\u00e9alisation, je suis autodidacte et me suis form\u00e9<\/span><span>\u00a0<\/span><span><em>sur le tas<\/em><\/span><span>\u00a0<\/span><span>en tournant mes films. En revanche, j\u2019ai fait des \u00e9tudes de philosophie (j\u2019\u00e9tais \u00e9l\u00e8ve de l\u2019\u00e9cole normale sup\u00e9rieure, \u00e9tudiant \u00e0 Vincennes et Nanterre) et j\u2019ai eu la chance d\u2019\u00e9tudier \u00e0 une \u00e9poque o\u00f9 officiaient de grands esprits comme Gilles Deleuze ou Michel Foucault. De ces ann\u00e9es formatrices (que j\u2019ai un peu prolong\u00e9es en enseignant la philosophie apr\u00e8s avoir pass\u00e9 l\u2019agr\u00e9gation), il m\u2019est rest\u00e9 un certain go\u00fbt pour la r\u00e9flexion, un app\u00e9tit pour le concept. De l\u00e0 est n\u00e9 mon d\u00e9sir de filmer des penseurs \u2013 au sens large : intellectuels, \u00e9crivains, etc. \u2013 dans une s\u00e9rie de portraits et rencontres que j\u2019ai r\u00e9alis\u00e9s depuis vingt ans. Edouard Louis est le sixi\u00e8me personnage de cette s\u00e9rie, dernier venu apr\u00e8s Michel Foucault, Julia Kristeva, Jean-Marie Le Cl\u00e9zio, Peter Sloterdijk, et le trio Malraux-Aragon-Drieu la Rochelle. Cette s\u00e9rie repr\u00e9sente le c\u00f4t\u00e9 un peu c\u00e9r\u00e9bral de mon travail, distinct d\u2019une autre voie bien plus romanesque, que j\u2019ai suivie dans une dizaine de longs-m\u00e9trages documentaires (produits pour le cin\u00e9ma et la t\u00e9l\u00e9vision), construits sur une narration sensible, ayant pour th\u00e8mes le pass\u00e9, la m\u00e9moire, les traces, l\u2019oubli\u2026<\/span><\/p>\n<p><span><em>Quelle est pour vous la n\u00e9cessit\u00e9 aujourd\u2019hui de filmer la r\u00e9flexion d\u2019un \u00e9crivain tel que Edouard Louis ?<\/em><\/span><span><em>\u00a0<\/em><\/span><\/p>\n<p><span>Le travail d\u2019Edouard Louis s\u2019inscrit au c\u0153ur d\u2019une r\u00e9flexion contemporaine sur l\u2019identit\u00e9 et le changement. Il traverse les d\u00e9bats d\u2019aujourd\u2019hui sur la permanence, la conservation, le repli sur soi, ou au contraire l\u2019ouverture aux possibles, aux changements \u2013 c\u2019est-\u00e0-dire \u00e0<\/span><span>\u00a0<\/span><span><em>la transformation<\/em><\/span><span>, qui est le sous-titre du film. La formule qu\u2019Edouard Louis emploie parfois, \u201c<em>Je suis ce que je deviens\u201d<\/em>, balaie d\u2019un grand souffle les sempiternelles id\u00e9es sur la nature humaine et ses codes fig\u00e9s, sur notre pr\u00e9sent qui risquerait de dispara\u00eetre s\u2019il se modifiait. La crainte du devenir, chez Edouard Louis, se retourne en d\u00e9sir de se r\u00e9inventer.<\/span><\/p>\n<p><span><em>\u00c0 l\u2019heure o\u00f9 les cours de Gilles Deleuze sont publi\u00e9s aux \u00c9ditions de Minuit, auriez vous pu vouloir filmer Deleuze ? Y a-t-il selon vous une parent\u00e9 entre la parole d\u2019Edouard Louis dans votre documentaire et celle de Deleuze qui fabriquait de la pens\u00e9e en parlant et s\u2019adressait \u00e0 tout le monde ?<\/em><\/span><span><em>\u00a0<\/em><\/span><\/p>\n<p><span>Je pense, en tout cas j\u2019esp\u00e8re, que chaque penseur veut s\u2019adresser \u00e0<\/span><span>\u00a0<\/span><span><em>tout le monde<\/em><\/span><span>\u00a0! C\u2019est le cas d\u2019Edouard Louis, et il le justifie avec raison en affirmant que sa parole est<\/span><span>\u00a0<\/span><span><em>politique<\/em><\/span><span>\u00a0<\/span><span>(au sens de la cit\u00e9), parce qu\u2019elle vise un espace public, un lectorat multiple, la plus large communaut\u00e9 sociale. C\u2019\u00e9tait bien s\u00fbr le cas de Gilles Deleuze, qui aimait philosopher (il disait \u201cbricoler des concepts\u201d) devant ses \u00e9tudiants de Vincennes, ou en direct devant la cam\u00e9ra de Claire Parnet dans<\/span><span>\u00a0<\/span><span><em>\u201dL\u2019ab\u00e9c\u00e9daire de Gilles Deleuze\u201d,<\/em><\/span><span>\u00a0<\/span><span>le magnifique film d\u2019entretiens improvis\u00e9s qu\u2019elle a tourn\u00e9s avec lui. C\u2019est le cas aussi de Michel Foucault qui pensait en direct, c\u2019est-\u00e0-dire en s\u2019inscrivant dans son \u00e9poque, jour apr\u00e8s jour, quitte \u00e0 modifier sa pens\u00e9e d\u2019un ouvrage \u00e0 l\u2019autre, \u00e0 parfois se renier, \u201c<em>se d\u00e9prendre de soi\u201d<\/em><\/span><span>\u00a0<\/span><span>\u2013 d\u2019o\u00f9 le titre du documentaire que je lui ai consacr\u00e9\u00a0en 2014\u00a0:<\/span><span>\u00a0<\/span><span><em>Foucault contre lui-m\u00eame.<\/em><\/span><span>\u00a0<\/span><span>Dans ce film, je parlais donc d\u00e9j\u00e0 de transformation\u2026<\/span><span>\u00a0<\/span><\/p>\n<p><span><em>Le titre de votre film est<\/em><\/span><span><em>\u00a0<\/em><\/span><span>Edouard Louis ou la transformation<em>, en m\u00eame temps votre documentaire et l\u2019\u0153uvre d\u2019Edouard Louis font r\u00e9fl\u00e9chir aux parcours et m\u00e9tamorphoses multiples d\u2019une vie. Pourquoi avoir choisi le singulier plut\u00f4t que le pluriel ?<\/em><\/span><span><em>\u00a0<\/em><\/span><\/p>\n<p><span>Pour la raison que j\u2019\u00e9voquais ci-dessus, d\u2019une parole publique,<\/span><span>\u00a0<\/span><span><em>politique<\/em><\/span><span>, adress\u00e9e \u00e0 chacun de nous, exprim\u00e9e par-del\u00e0 les cas particuliers. Il s\u2019agit de LA transformation, comme horizon possible et g\u00e9n\u00e9ralisable. Certes le film parle de changements particuliers survenus dans la trajectoire d\u2019Edouard Louis, mais il les cite comme exemples, il cherche \u00e0 en tirer un usage plus large. Il souhaite donner, \u00e0 partir de l\u00e0, un mode d\u2019emploi utile \u00e0 toute transformation. Le sous-titre du film, la transformation au singulier, est important. Il annonce qu\u2019on ne sera pas dans un registre personnel (autobiographie, confessions, etc.), mais dans un film programmatique : Edouard Louis, voil\u00e0 une transformation qui pourrait inciter \u00e0 la v\u00f4tre.<\/span><\/p>\n<p><span><em>Votre d\u00e9marche r\u00e9sonne avec la mai<\/em><\/span><span><em>\u0308<\/em><\/span><span><em>eutique socratique. \u00cates-vous d\u2019accord avec Socrate qu\u2019une vie qui ne s\u2019est pas questionn\u00e9e est une vie sans valeur?<\/em><\/span><span><em>\u00a0<\/em><\/span><\/p>\n<p><span>Je ne sais pas trop ce que serait \u201cune vie sans valeur\u201c : toute vie me semble digne et valeureuse. Faut-il n\u00e9cessairement la questionner ? Oui, si l\u2019on est philosophe comme Socrate, qui r\u00e9ussit \u00e0 faire accoucher son interlocuteur d\u2019un savoir qu\u2019il croyait ignorer (en quoi consiste la ma\u00efeutique) ; pour autant, je ne crois pas que la vie soit d\u00e9pourvue de valeur si un tel questionnement n\u2019advient pas. La r\u00e9flexion et l\u2019analyse sont des outils, des guides pour avancer dans le monde alentour, mais elles doivent \u00eatre elles-m\u00eames inform\u00e9es par la vie, par ses surprises et ses al\u00e9as, pour rester pertinentes. Sinon, on tombe vite dans l\u2019abstraction inutile, rh\u00e9torique ou sophiste.<\/span><span>\u00a0<\/span><\/p>\n<p><span><em>Quel penseur ou artiste accompagne votre travail ?<\/em><\/span><span><em>\u00a0<\/em><\/span><\/p>\n<p><span>J\u2019ai fait un film sur Michel Foucault parce que c\u2019est un penseur que j\u2019admire \u00e9norm\u00e9ment et en qui je me retrouve facilement. Malgr\u00e9 sa complexit\u00e9 et ses variations, il m\u2019a toujours sembl\u00e9 tr\u00e8s familier. C\u2019est donc qu\u2019il m\u2019inspire personnellement, y compris dans la mani\u00e8re d\u2019\u00eatre et de r\u00e9fl\u00e9chir au jour le jour.<\/span><\/p>\n<p><span>Concernant les artistes qui pourraient m\u2019inspirer, je suis \u2013 paradoxalement \u2013 sur le versant oppos\u00e9, attir\u00e9 par des auteurs tr\u00e8s sensibles et peu conceptuels, pratiquant le doute et la confusion volontaire \u2013 par exemple, en litt\u00e9rature, un \u00e9crivain un peu<\/span><span>\u00a0<\/span><span><em>flottant<\/em><\/span><span>\u00a0<\/span><span>comme Patrick Modiano. Ceux-l\u00e0 inspirent sans doute l\u2019autre versant de mon travail, avec mes films que je qualifie de \u201cromanesques\u201d.<\/span><span>\u00a0<\/span><\/p>\n<p><em>Que vous a appris Edouard Louis ?<\/em><\/p>\n<p><span>Je connaissais d\u00e9j\u00e0 sa pens\u00e9e et ses livres, c\u2019est pourquoi j\u2019ai voulu faire un film avec lui. Ce n\u2019\u00e9tait pas une d\u00e9couverte. En revanche, j\u2019ai d\u00e9couvert sa mani\u00e8re de communiquer sa pens\u00e9e \u00e0 autrui. Quand nous avons tourn\u00e9 le film, il s\u2019est montr\u00e9 d\u2019une grande g\u00e9n\u00e9rosit\u00e9, acceptant d\u2019\u00eatre pris en charge par mon projet, de suivre ses improvisations, de partager une grande libert\u00e9. Il \u00e9tait tr\u00e8s disponible, chaleureux, amical. J\u2019ai d\u00e9couvert que l\u2019amiti\u00e9, la simplicit\u00e9 des relations humaines, pouvaient aller de pair avec une grande rigueur de pens\u00e9e \u2013 ce qui n\u2019est pas le cas chez tous les penseurs\u00a0!<\/span><\/p>\n<p><span><em>Quelle est la personne que vous aimeriez filmer ?<\/em><\/span><span><em>\u00a0<\/em><\/span><\/p>\n<p><span>Celui ou celle qui sera le sujet de mon prochain film, sans doute. J\u2019y r\u00e9fl\u00e9chis, mais rien n\u2019est encore d\u00e9cid\u00e9.<\/span><\/p>\n<p><span><em>Vous sentez vous h\u00e9ritier d\u2019un mouvement, d\u2019un \u00e9lan, d\u2019un auteur, ou sans h\u00e9ritage particulier?\u00a0<\/em><\/span><\/p>\n<p><span>Mon h\u00e9ritage est aux confins d\u2019une \u00e9poque. J\u2019ai eu vingt ans dans les ann\u00e9es 1970. J\u2019ai v\u00e9cu cette jeunesse dans une d\u00e9cennie qui conjuguait l\u2019extr\u00eame sensible (lib\u00e9ration des m\u0153urs, nouvelles mani\u00e8res de vivre sa libert\u00e9 au quotidien) et la pens\u00e9e th\u00e9orique \u00e0 son firmament (on parlait de Deleuze et Foucault, la liste est longue des grands penseurs de ces ann\u00e9es). C\u2019est donc un h\u00e9ritage \u00e0 la fois riche et parfois contradictoire : vivre avec son corps, vivre avec sa t\u00eate\u2026 Je retrouve cette dualit\u00e9 dans ma filmographie, je l\u2019ai poursuivie et exp\u00e9riment\u00e9e en tournant \u00e0 la fois des documentaires romanc\u00e9s et des portraits d\u2019intellectuels.<\/span><\/p>\n<p><span><em>Quelle est la question que vous aimeriez que l\u2019on vous pose ?<\/em><\/span><span><em>\u00a0<\/em><\/span><\/p>\n<p><span>Tout \u00e9tait parfait, merci !<br \/><\/span><\/p>\n<p><span>(interview r\u00e9alis\u00e9e en novembre 2023)<\/span><\/p>\n<p>[\/et_pb_toggle][et_pb_toggle title=\u00a0\u00bbD\u00e9bat autour du film, Paris, Centre Pompidou, 16 mars 2022&Prime; open_toggle_background_color=\u00a0\u00bbrgba(244,244,244,0.87)\u00a0\u00bb closed_toggle_background_color=\u00a0\u00bbrgba(244,244,244,0.87)\u00a0\u00bb admin_label=\u00a0\u00bbD\u00e9bat autour du film, Centre Pompidou  (texte)\u00a0\u00bb _builder_version=\u00a0\u00bb4.21.0&Prime; title_level=\u00a0\u00bbh3&Prime; title_font=\u00a0\u00bb|600|||||||\u00a0\u00bb global_colors_info=\u00a0\u00bb{}\u00a0\u00bb]<\/p>\n<p>A l&rsquo;occasion de la pr\u00e9sentation du film en avant-premi\u00e8re au festival Cin\u00e9ma du R\u00e9el :<\/p>\n<p>D\u00e9bat public, pr\u00e9par\u00e9 par <strong>Alice Leroy<\/strong>, avec :<br \/><strong>Fran\u00e7ois Caillat<\/strong>, <strong>Edouard Louis<\/strong> et la philosophe <strong>Sandra Laugier<\/strong>.<br \/>Ecouter ci-dessous le d\u00e9bat (44 minutes)<\/p>\n<p>[\/et_pb_toggle][et_pb_video src=\u00a0\u00bbhttps:\/\/www.youtube.com\/watch?v=PssHhzwPjq8&#038;list=PLcm4HNuh0R9O-H-rSwc-vnXBFNNHzjItW&#038;index=9&Prime; _builder_version=\u00a0\u00bb4.27.4&Prime; _module_preset=\u00a0\u00bbdefault\u00a0\u00bb global_colors_info=\u00a0\u00bb{}\u00a0\u00bb][\/et_pb_video][\/et_pb_column][\/et_pb_row][et_pb_row column_structure=\u00a0\u00bb1_4,3_4&Prime; _builder_version=\u00a0\u00bb4.16&Prime; background_size=\u00a0\u00bbinitial\u00a0\u00bb background_position=\u00a0\u00bbtop_left\u00a0\u00bb background_repeat=\u00a0\u00bbrepeat\u00a0\u00bb global_colors_info=\u00a0\u00bb{}\u00a0\u00bb][et_pb_column type=\u00a0\u00bb1_4&Prime; _builder_version=\u00a0\u00bb4.16&Prime; custom_padding=\u00a0\u00bb|||\u00a0\u00bb global_colors_info=\u00a0\u00bb{}\u00a0\u00bb custom_padding__hover=\u00a0\u00bb|||\u00a0\u00bb][\/et_pb_column][et_pb_column type=\u00a0\u00bb3_4&Prime; _builder_version=\u00a0\u00bb4.16&Prime; custom_padding=\u00a0\u00bb|||\u00a0\u00bb global_colors_info=\u00a0\u00bb{}\u00a0\u00bb custom_padding__hover=\u00a0\u00bb|||\u00a0\u00bb][et_pb_divider color=\u00a0\u00bb#ffffff\u00a0\u00bb _builder_version=\u00a0\u00bb4.16&Prime; background_color=\u00a0\u00bbrgba(244,244,244,0.87)\u00a0\u00bb height=\u00a0\u00bb16px\u00a0\u00bb global_colors_info=\u00a0\u00bb{}\u00a0\u00bb][\/et_pb_divider][\/et_pb_column][\/et_pb_row][et_pb_row column_structure=\u00a0\u00bb1_4,3_4&Prime; module_id=\u00a0\u00bbphotos_esp\u00a0\u00bb _builder_version=\u00a0\u00bb4.16&Prime; global_colors_info=\u00a0\u00bb{}\u00a0\u00bb][et_pb_column type=\u00a0\u00bb1_4&Prime; _builder_version=\u00a0\u00bb4.16&Prime; custom_padding=\u00a0\u00bb|||\u00a0\u00bb global_colors_info=\u00a0\u00bb{}\u00a0\u00bb custom_padding__hover=\u00a0\u00bb|||\u00a0\u00bb][\/et_pb_column][et_pb_column type=\u00a0\u00bb3_4&Prime; _builder_version=\u00a0\u00bb4.16&Prime; custom_padding=\u00a0\u00bb|||\u00a0\u00bb global_colors_info=\u00a0\u00bb{}\u00a0\u00bb custom_padding__hover=\u00a0\u00bb|||\u00a0\u00bb][et_pb_text admin_label=\u00a0\u00bbPhotos\u00a0\u00bb module_id=\u00a0\u00bbphotos\u00a0\u00bb _builder_version=\u00a0\u00bb4.16&Prime; global_colors_info=\u00a0\u00bb{}\u00a0\u00bb]<\/p>\n<h2 class=\"page-title\">Photos<\/h2>\n<p>[\/et_pb_text][et_pb_gallery gallery_ids=\u00a0\u00bb5004,4279,5005,5007,5069,5590,5579,5582,5006,5584,5639,5663,6054,6051,6057,6059,5677,6048,6061,6063,6066&Prime; posts_number=\u00a0\u00bb30&Prime; show_title_and_caption=\u00a0\u00bboff\u00a0\u00bb zoom_icon_color=\u00a0\u00bb#2ea3f2&Prime; _builder_version=\u00a0\u00bb4.27.4&Prime; pagination_font_size_tablet=\u00a0\u00bb51&Prime; pagination_line_height_tablet=\u00a0\u00bb2&Prime; global_colors_info=\u00a0\u00bb{}\u00a0\u00bb][\/et_pb_gallery][\/et_pb_column][\/et_pb_row][et_pb_row column_structure=\u00a0\u00bb1_4,3_4&Prime; _builder_version=\u00a0\u00bb4.16&Prime; background_size=\u00a0\u00bbinitial\u00a0\u00bb background_position=\u00a0\u00bbtop_left\u00a0\u00bb background_repeat=\u00a0\u00bbrepeat\u00a0\u00bb collapsed=\u00a0\u00bbon\u00a0\u00bb global_colors_info=\u00a0\u00bb{}\u00a0\u00bb][et_pb_column type=\u00a0\u00bb1_4&Prime; _builder_version=\u00a0\u00bb4.16&Prime; custom_padding=\u00a0\u00bb|||\u00a0\u00bb global_colors_info=\u00a0\u00bb{}\u00a0\u00bb custom_padding__hover=\u00a0\u00bb|||\u00a0\u00bb][\/et_pb_column][et_pb_column type=\u00a0\u00bb3_4&Prime; _builder_version=\u00a0\u00bb4.16&Prime; custom_padding=\u00a0\u00bb|||\u00a0\u00bb global_colors_info=\u00a0\u00bb{}\u00a0\u00bb custom_padding__hover=\u00a0\u00bb|||\u00a0\u00bb][et_pb_divider color=\u00a0\u00bb#ffffff\u00a0\u00bb _builder_version=\u00a0\u00bb4.16&Prime; background_color=\u00a0\u00bbrgba(244,244,244,0.87)\u00a0\u00bb height=\u00a0\u00bb16px\u00a0\u00bb global_colors_info=\u00a0\u00bb{}\u00a0\u00bb][\/et_pb_divider][et_pb_divider color=\u00a0\u00bb#ffffff\u00a0\u00bb _builder_version=\u00a0\u00bb4.16&Prime; background_color=\u00a0\u00bbrgba(244,244,244,0.87)\u00a0\u00bb height=\u00a0\u00bb16px\u00a0\u00bb global_colors_info=\u00a0\u00bb{}\u00a0\u00bb][\/et_pb_divider][\/et_pb_column][\/et_pb_row][et_pb_row column_structure=\u00a0\u00bb1_4,3_4&Prime; _builder_version=\u00a0\u00bb4.16&Prime; background_size=\u00a0\u00bbinitial\u00a0\u00bb background_position=\u00a0\u00bbtop_left\u00a0\u00bb background_repeat=\u00a0\u00bbrepeat\u00a0\u00bb global_colors_info=\u00a0\u00bb{}\u00a0\u00bb][et_pb_column type=\u00a0\u00bb1_4&Prime; _builder_version=\u00a0\u00bb4.16&Prime; custom_padding=\u00a0\u00bb|||\u00a0\u00bb global_colors_info=\u00a0\u00bb{}\u00a0\u00bb custom_padding__hover=\u00a0\u00bb|||\u00a0\u00bb][\/et_pb_column][et_pb_column type=\u00a0\u00bb3_4&Prime; _builder_version=\u00a0\u00bb4.16&Prime; custom_padding=\u00a0\u00bb|||\u00a0\u00bb global_colors_info=\u00a0\u00bb{}\u00a0\u00bb custom_padding__hover=\u00a0\u00bb|||\u00a0\u00bb][et_pb_text admin_label=\u00a0\u00bbContacts et liens\u00a0\u00bb module_id=\u00a0\u00bbcontact\u00a0\u00bb _builder_version=\u00a0\u00bb4.21.0&Prime; link_text_color=\u00a0\u00bb#919191&Prime; global_colors_info=\u00a0\u00bb{}\u00a0\u00bb]<\/p>\n<h2>Contacts et liens\u00a0: production, diffusion, distribution<\/h2>\n<p><strong>Le film est disponible en streaming sur diff\u00e9rentes plate-formes<\/strong><em><strong><\/strong><\/em><\/p>\n<p><strong><\/strong><\/p>\n<p><strong><\/strong><\/p>\n<p><em><strong>Production<\/strong> :<\/em><strong><br \/><\/strong>Tempo films &#8211; en coproduction avec Acqua alta, DDN, Pictanovo, Le Fresnoy<br \/>Hortense Quitard\/ Emilie Dudognon<strong><br \/><\/strong><a href=\"mailto:tempofilmsprod@gmail.com\">tempofilmsprod@gmail.com<\/a><em><\/em><\/p>\n<p><em><strong>Distribution<\/strong> <\/em><br \/>contacter : Emilie Dudognon<br \/><a href=\"mailto:tempofilmsprod@gmail.com\">tempofilmsprod@gmail.com<\/a><strong><br \/><\/strong><\/p>\n<p><strong><\/strong><\/p>\n<p><strong> <em>Supports disponibles \u00e0 la programmation :<\/em><br \/>PRORES, DCP<\/strong><\/p>\n<p><strong><\/strong><\/p>\n<p>&nbsp;<\/p>\n<p>[\/et_pb_text][\/et_pb_column][\/et_pb_row][et_pb_row column_structure=\u00a0\u00bb1_4,3_4&Prime; _builder_version=\u00a0\u00bb4.16&Prime; background_size=\u00a0\u00bbinitial\u00a0\u00bb background_position=\u00a0\u00bbtop_left\u00a0\u00bb background_repeat=\u00a0\u00bbrepeat\u00a0\u00bb global_colors_info=\u00a0\u00bb{}\u00a0\u00bb][et_pb_column type=\u00a0\u00bb1_4&Prime; _builder_version=\u00a0\u00bb4.16&Prime; custom_padding=\u00a0\u00bb|||\u00a0\u00bb global_colors_info=\u00a0\u00bb{}\u00a0\u00bb custom_padding__hover=\u00a0\u00bb|||\u00a0\u00bb][\/et_pb_column][et_pb_column type=\u00a0\u00bb3_4&Prime; _builder_version=\u00a0\u00bb4.16&Prime; custom_padding=\u00a0\u00bb|||\u00a0\u00bb global_colors_info=\u00a0\u00bb{}\u00a0\u00bb custom_padding__hover=\u00a0\u00bb|||\u00a0\u00bb][et_pb_divider color=\u00a0\u00bb#ffffff\u00a0\u00bb _builder_version=\u00a0\u00bb4.16&Prime; background_color=\u00a0\u00bbrgba(244,244,244,0.87)\u00a0\u00bb height=\u00a0\u00bb16px\u00a0\u00bb global_colors_info=\u00a0\u00bb{}\u00a0\u00bb][\/et_pb_divider][\/et_pb_column][\/et_pb_row][et_pb_row column_structure=\u00a0\u00bb1_4,3_4&Prime; _builder_version=\u00a0\u00bb4.21.0&Prime; background_size=\u00a0\u00bbinitial\u00a0\u00bb background_position=\u00a0\u00bbtop_left\u00a0\u00bb background_repeat=\u00a0\u00bbrepeat\u00a0\u00bb global_colors_info=\u00a0\u00bb{}\u00a0\u00bb][et_pb_column type=\u00a0\u00bb1_4&Prime; _builder_version=\u00a0\u00bb4.16&Prime; custom_padding=\u00a0\u00bb|||\u00a0\u00bb global_colors_info=\u00a0\u00bb{}\u00a0\u00bb custom_padding__hover=\u00a0\u00bb|||\u00a0\u00bb][\/et_pb_column][et_pb_column type=\u00a0\u00bb3_4&Prime; _builder_version=\u00a0\u00bb4.16&Prime; custom_padding=\u00a0\u00bb|||\u00a0\u00bb global_colors_info=\u00a0\u00bb{}\u00a0\u00bb custom_padding__hover=\u00a0\u00bb|||\u00a0\u00bb][et_pb_text admin_label=\u00a0\u00bbDans la presse (titre)\u00a0\u00bb module_id=\u00a0\u00bbpresse\u00a0\u00bb _builder_version=\u00a0\u00bb4.21.0&Prime; global_colors_info=\u00a0\u00bb{}\u00a0\u00bb]<\/p>\n<h2>Dans la presse<\/h2>\n<p>[\/et_pb_text][et_pb_text admin_label=\u00a0\u00bbCritique journal (texte \u00e0 venir)\u00a0\u00bb _builder_version=\u00a0\u00bb4.21.0&Prime; header_2_font=\u00a0\u00bb||on||||||\u00a0\u00bb background_color=\u00a0\u00bbrgba(244,244,244,0.87)\u00a0\u00bb custom_padding=\u00a0\u00bb30px|30px|30px|30px\u00a0\u00bb global_colors_info=\u00a0\u00bb{}\u00a0\u00bb]<\/p>\n<h3>rubrique en cours<\/h3>\n<p>(remplissage en cours)<\/p>\n<p>&nbsp;<\/p>\n<p>&#8230;&#8230;&#8230;&#8230;&#8230;&#8230;&#8230;&#8230;&#8230;&#8230;&#8230;&#8230;&#8230;&#8230;&#8230;&#8230;&#8230;&#8230;&#8230;&#8230;&#8230;&#8230;&#8230;&#8230;&#8230;&#8230;&#8230;&#8230;&#8230;&#8230;&#8230;&#8230;&#8230;&#8230;&#8230;&#8230;&#8230;&#8230;.<strong><\/strong><\/p>\n<p style=\"text-align: center;\"><strong>IL ETAIT UNE FOIS LE CINEMA <br \/><\/strong><strong>Jean-Max Mejean<br \/><\/strong><\/p>\n<p style=\"text-align: justify;\"><strong><\/strong><\/p>\n<p style=\"text-align: justify;\"><strong>Portrait philosophique d\u2019un jeune homme (trop) moderne.<\/strong><\/p>\n<p>&nbsp;<\/p>\n<p><strong>Retour \u00e0 Amiens<\/strong><\/p>\n<p><strong><\/strong>Fran\u00e7ois Caillat, ancien professeur de philosophie devenu documentariste, nous propose un portrait de la r\u00e9v\u00e9lation litt\u00e9raire, exag\u00e9r\u00e9ment m\u00e9diatis\u00e9e, d\u2019un jeune g\u00e9nie au d\u00e9but des ann\u00e9es 2000, Eddy Bellegueule, devenu plus tard Edouard Louis par arr\u00eat\u00e9 de justice. Il faut dire que le jeune homme est s\u00e9duisant et particuli\u00e8rement intelligent. Film\u00e9 souvent de dos parce que la cam\u00e9ra le suit lorsque Fran\u00e7ois Caillat lui a propos\u00e9 sans pr\u00e9paration aucune de le conduire dans la ville d\u2019Amiens, lieu de sa premi\u00e8re transformation. Comme son ma\u00eetre Didier Eribon qui l\u2019a fait avec son<span>\u00a0<\/span><em>Retour \u00e0 Reims<span>\u00a0<\/span><\/em>en 2009, et en \u00e9voquant une certaine Annie Ernaux en son temps, en plus apais\u00e9 envers sa famille, Edouard Louis fait revivre ses souvenirs non d\u2019une mani\u00e8re anecdotique, mais en d\u00e9veloppant le fil de sa pens\u00e9e. Il nous entra\u00eene alors dans une sorte de pens\u00e9e en acte, un \u00e9v\u00e9nement \u00e0 contre-courant du documentaire de t\u00e9l\u00e9vision trop mis en sc\u00e8ne et orient\u00e9. Le r\u00e9alisateur lui propose une sorte de ma\u00efeutique socratique qui lui permet de divulguer la pens\u00e9e dont il est tr\u00e8s fier sur la n\u00e9cessit\u00e9 de la transformation, lui qui a \u00e9chapp\u00e9 au d\u00e9terminisme social et a m\u00eame pu entrer dans le monde cadenass\u00e9 du th\u00e9\u00e2tre, de la litt\u00e9rature et a m\u00eame obtenu de faire changer officiellement son nom, non pour couper court avec son pass\u00e9 mais pour entrer dans un autre monde qui ne le faisait m\u00eame pas r\u00eaver auparavant. \u00ab J\u2019attendais d\u2019Edouard Louis qu\u2019il produise un discours \u00e0 partir de ces situations qu\u2019il d\u00e9couvrait \u00e0 l\u2019improviste, d\u00e9clare Fran\u00e7ois Caillat dans le dossier de presse du film. Un discours : une vraie r\u00e9flexion, pas quelques souvenirs ou remarques de circonstance. C\u2019est ce que j\u2019appelle pratiquer la pens\u00e9e en direct. Tout le monde n\u2019est pas capable de le faire. \u00bb<\/p>\n<p><strong>Un p\u00e9ripat\u00e9ticien sous ma\u00efeutique<\/strong><\/p>\n<p><strong><\/strong>Cette conversation en marche comme les p\u00e9ripat\u00e9ticiens de l\u2019Antiquit\u00e9 nous conduit vers une fine analyse du monde tant Edouard Louis sait manier les mots avec pr\u00e9cision, mais sans snobisme ni aff\u00e9terie. On d\u00e9couvre ainsi un \u00eatre en perp\u00e9tuelle r\u00e9flexion et transformation mais qui n\u2019est jamais ni donneur de le\u00e7on, ni poseur intellectuel, un peu aga\u00e7ant toutefois. Dans un certain sens, la d\u00e9finition sartrienne d\u00e9couverte dans les derni\u00e8res ligne des<span>\u00a0<\/span><em>Mots<span>\u00a0<\/span><\/em>lui correspondrait presque m\u00eame s\u2019il aurait du mal \u00e0 ressembler \u00e0 Albert Camus<span><em>\u00a0<\/em><\/span><em>:<span>\u00a0<\/span><\/em>\u00ab\u00a0Tout un homme, fait de tous les hommes et qui les vaut tous et que vaut n\u2019importe qui.\u00a0\u00bb Et pour ce faire, le documentariste a choisi non pas de mettre en sc\u00e8ne les lieux minables o\u00f9 l\u2019ex-Eddy a pass\u00e9 son enfance (en effet, on ne voit qu\u2019une seule photo de leur maison d\u00e9labr\u00e9e) mais nous propose par moments une vision de beaux paysages, ou des retours vers les mises en sc\u00e8ne cr\u00e9\u00e9es \u00e0 partir des textes \u00e9crits par Edouard Louis \u2013 dont le livre qui l\u2019a r\u00e9v\u00e9l\u00e9,<span>\u00a0<\/span><em>Pour en finir avec Eddy Bellegueule \u2013<span>\u00a0<\/span><\/em>et, bien s\u00fbr, des lectures par l\u2019auteur lui-m\u00eame devant un micro et face \u00e0 une belle mise en abyme.<\/p>\n<p><strong>Profil de m\u00e9daille<\/p>\n<p><\/strong>Au final, un tr\u00e8s beau film qui \u00e9chappe intelligemment \u00e0 toutes les chausse-trapes que le sujet aurait pu placer sous ses pieds et dessine en fait le portrait d\u2019un homme en devenir incessant, avec son profil de m\u00e9daille qui, h\u00e9las, \u00e9voque celui de Macron, mais un Macron aff\u00fbt\u00e9 et sinc\u00e8re qui se faufile entre les mots et se donne \u00e0 voir, non comme un mod\u00e8le, mais comme un survivant du d\u00e9terminisme social et qui a fait son miel des th\u00e8ses de Bourdieu sans en faire \u00ab tout un plat \u00bb\u2026 \u00ab Je crois que les spectateurs sont surpris de d\u00e9couvrir Edouard Louis sous cet angle, se confie Fran\u00e7ois Caillat. Il y a ceux qui aimaient d\u00e9j\u00e0 l\u2019\u00e9crivain, appr\u00e9ciaient ses ouvrages ou ses interventions publiques. Et il y a ceux qui ne l\u2019aimaient pas, mais sont venus parce qu\u2019on leur avait parl\u00e9 du film, et ils m\u2019ont \u00e9crit : Je ne suis pas du tout d\u2019accord avec ce qu\u2019il dit, mais c\u2019est quelqu\u2019un de lumineux\u2026 Ce qu\u2019il fait ressentir est magnifique. Dans ce cas-l\u00e0 il y une sorte de respect, impos\u00e9 par le film. J\u2019en suis tr\u00e8s content. C\u2019est l\u2019objectif que je m\u2019\u00e9tais donn\u00e9 : montrer un gar\u00e7on sensible, touchant. Bien s\u00fbr, il est tr\u00e8s intelligent, mais les gens connaissent d\u00e9j\u00e0 son intelligence, tandis que l\u2019autre aspect semble moins \u00e9vident. Le film qui veut \u00e9clairer cette face. \u00bb<\/p>\n<p style=\"text-align: right;\"><strong>Jean-Max M\u00e9jean<\/strong><\/p>\n<p>&nbsp;<\/p>\n<p>&nbsp;<\/p>\n<p>[\/et_pb_text][\/et_pb_column][\/et_pb_row][et_pb_row column_structure=\u00a0\u00bb1_4,3_4&Prime; _builder_version=\u00a0\u00bb4.16&Prime; background_size=\u00a0\u00bbinitial\u00a0\u00bb background_position=\u00a0\u00bbtop_left\u00a0\u00bb background_repeat=\u00a0\u00bbrepeat\u00a0\u00bb global_colors_info=\u00a0\u00bb{}\u00a0\u00bb][et_pb_column type=\u00a0\u00bb1_4&Prime; _builder_version=\u00a0\u00bb4.16&Prime; custom_padding=\u00a0\u00bb|||\u00a0\u00bb global_colors_info=\u00a0\u00bb{}\u00a0\u00bb custom_padding__hover=\u00a0\u00bb|||\u00a0\u00bb][\/et_pb_column][et_pb_column type=\u00a0\u00bb3_4&Prime; _builder_version=\u00a0\u00bb4.16&Prime; custom_padding=\u00a0\u00bb|||\u00a0\u00bb global_colors_info=\u00a0\u00bb{}\u00a0\u00bb custom_padding__hover=\u00a0\u00bb|||\u00a0\u00bb][et_pb_divider color=\u00a0\u00bb#ffffff\u00a0\u00bb _builder_version=\u00a0\u00bb4.16&Prime; background_color=\u00a0\u00bbrgba(244,244,244,0.87)\u00a0\u00bb height=\u00a0\u00bb16px\u00a0\u00bb global_colors_info=\u00a0\u00bb{}\u00a0\u00bb][\/et_pb_divider][\/et_pb_column][\/et_pb_row][et_pb_row column_structure=\u00a0\u00bb1_4,3_4&Prime; _builder_version=\u00a0\u00bb4.16&Prime; background_size=\u00a0\u00bbinitial\u00a0\u00bb background_position=\u00a0\u00bbtop_left\u00a0\u00bb background_repeat=\u00a0\u00bbrepeat\u00a0\u00bb global_colors_info=\u00a0\u00bb{}\u00a0\u00bb][et_pb_column type=\u00a0\u00bb1_4&Prime; _builder_version=\u00a0\u00bb4.16&Prime; custom_padding=\u00a0\u00bb|||\u00a0\u00bb global_colors_info=\u00a0\u00bb{}\u00a0\u00bb custom_padding__hover=\u00a0\u00bb|||\u00a0\u00bb][\/et_pb_column][et_pb_column type=\u00a0\u00bb3_4&Prime; _builder_version=\u00a0\u00bb4.16&Prime; custom_padding=\u00a0\u00bb|||\u00a0\u00bb global_colors_info=\u00a0\u00bb{}\u00a0\u00bb custom_padding__hover=\u00a0\u00bb|||\u00a0\u00bb][et_pb_text admin_label=\u00a0\u00bbEnglish \/ Espa\u00f1ol (titre)\u00a0\u00bb module_id=\u00a0\u00bbeng-esp\u00a0\u00bb _builder_version=\u00a0\u00bb4.16&Prime; global_colors_info=\u00a0\u00bb{}\u00a0\u00bb]<\/p>\n<h2>English \/ Espa\u00f1ol \/ Italiano<\/h2>\n<p>[\/et_pb_text][et_pb_tabs admin_label=\u00a0\u00bbEnglish \/ Espa\u00f1ol (r\u00e9sum\u00e9s)\u00a0\u00bb _builder_version=\u00a0\u00bb4.27.4&Prime; global_colors_info=\u00a0\u00bb{}\u00a0\u00bb][et_pb_tab title=\u00a0\u00bbENGLISH\u00a0\u00bb _builder_version=\u00a0\u00bb4.27.4&Prime; body_line_height=\u00a0\u00bb1.6em\u00a0\u00bb global_colors_info=\u00a0\u00bb{}\u00a0\u00bb]<\/p>\n<p><em>The metamorphosis of a young boy from a sub-proletarian background in Picardy into a star of French cultural life. \u00c9douard Louis, who in a few years has become the spokesman writer of a generation, encourages each of us to make permanent transformation a new way of life.<\/em><\/p>\n<p>&#8230; &#8230; &#8230;<\/p>\n<div class=\"page\" title=\"Page 1\">\n<div class=\"section\" style=\"background-color: rgb(100.000000%, 100.000000%, 100.000000%);\">\n<div class=\"section\">\n<div class=\"layoutArea\">\n<div class=\"column\">\n<p><strong>The Many Lives of \u00c9douard Louis<\/strong>\u00a0by director Fran\u00e7ois Caillat is a\u00a0compelling portrait of the famous contemporary French writer. The thirty-one-year-old Louis, who blends philosophy and sociology into his autobiographically inspired literature, is one of the leading figures in the French literary scene. In the film, he narrates the story of his challenging childhood, adolescence, and adult life in a\u00a0new social stratum.<\/p>\n<p><span style=\"font-size: 20.000000pt; font-family: 'Munged'; color: rgb(20.000000%, 20.000000%, 20.000000%);\"><br \/><\/span><span style=\"font-size: 20.000000pt; font-family: 'Munged'; color: rgb(20.000000%, 20.000000%, 20.000000%);\"><\/span><span style=\"font-size: 20.000000pt; font-family: 'Munged'; color: rgb(20.000000%, 20.000000%, 20.000000%);\"><\/span><span style=\"font-size: 20.000000pt; font-family: 'Munged'; color: rgb(20.000000%, 20.000000%, 20.000000%);\"><\/span><span style=\"font-size: 20.000000pt; font-family: 'Munged'; color: rgb(20.000000%, 20.000000%, 20.000000%);\"><\/span><\/p>\n<\/div>\n<\/div>\n<\/div>\n<\/div>\n<\/div>\n<p>[\/et_pb_tab][et_pb_tab title=\u00a0\u00bbESPA\u00d1OL\u00a0\u00bb _builder_version=\u00a0\u00bb4.16&Prime; global_colors_info=\u00a0\u00bb{}\u00a0\u00bb]<\/p>\n<p>(texte \u00e0 venir)<\/p>\n<p>[\/et_pb_tab][et_pb_tab title=\u00a0\u00bbITALIANO\u00a0\u00bb _builder_version=\u00a0\u00bb4.16&Prime; _module_preset=\u00a0\u00bbdefault\u00a0\u00bb global_colors_info=\u00a0\u00bb{}\u00a0\u00bb]<\/p>\n<p>(texte \u00e0 venir)<\/p>\n<p>[\/et_pb_tab][\/et_pb_tabs][\/et_pb_column][\/et_pb_row][et_pb_row column_structure=\u00a0\u00bb1_4,3_4&Prime; _builder_version=\u00a0\u00bb4.16&Prime; background_size=\u00a0\u00bbinitial\u00a0\u00bb background_position=\u00a0\u00bbtop_left\u00a0\u00bb background_repeat=\u00a0\u00bbrepeat\u00a0\u00bb global_colors_info=\u00a0\u00bb{}\u00a0\u00bb][et_pb_column type=\u00a0\u00bb1_4&Prime; _builder_version=\u00a0\u00bb4.16&Prime; custom_padding=\u00a0\u00bb|||\u00a0\u00bb global_colors_info=\u00a0\u00bb{}\u00a0\u00bb custom_padding__hover=\u00a0\u00bb|||\u00a0\u00bb][\/et_pb_column][et_pb_column type=\u00a0\u00bb3_4&Prime; _builder_version=\u00a0\u00bb4.16&Prime; custom_padding=\u00a0\u00bb|||\u00a0\u00bb global_colors_info=\u00a0\u00bb{}\u00a0\u00bb custom_padding__hover=\u00a0\u00bb|||\u00a0\u00bb][et_pb_divider color=\u00a0\u00bb#ffffff\u00a0\u00bb _builder_version=\u00a0\u00bb4.16&Prime; background_color=\u00a0\u00bbrgba(244,244,244,0.87)\u00a0\u00bb height=\u00a0\u00bb16px\u00a0\u00bb global_colors_info=\u00a0\u00bb{}\u00a0\u00bb][\/et_pb_divider][\/et_pb_column][\/et_pb_row][\/et_pb_section]<\/p>\n","protected":false},"excerpt":{"rendered":"<p>\u00c9douard Louis, ou la transformation\u00c9douard Louis, ou la transformation synopsisbande-annonce du filmfiche techniqueLa transformationAutour du filmPhotosContacts et liensDans la presseEngl. \/ Esp. \/ Ital.Edouard Louis &#8211; apr\u00e8s Julia Kristeva, Michel Foucault, JMG Le Cl\u00e9zio ou Peter Sloterdijk &#8211; est le nouveau venu dans la s\u00e9rie de films que Fran\u00e7ois Caillat consacre \u00e0 des \u00e9crivains et [&hellip;]<\/p>\n","protected":false},"author":2,"featured_media":0,"parent":34,"menu_order":0,"comment_status":"closed","ping_status":"closed","template":"","meta":{"_et_pb_use_builder":"on","_et_pb_old_content":"","_et_gb_content_width":"","footnotes":""},"class_list":["post-4071","page","type-page","status-publish","hentry"],"_links":{"self":[{"href":"https:\/\/francoiscaillat.com\/index.php\/wp-json\/wp\/v2\/pages\/4071","targetHints":{"allow":["GET"]}}],"collection":[{"href":"https:\/\/francoiscaillat.com\/index.php\/wp-json\/wp\/v2\/pages"}],"about":[{"href":"https:\/\/francoiscaillat.com\/index.php\/wp-json\/wp\/v2\/types\/page"}],"author":[{"embeddable":true,"href":"https:\/\/francoiscaillat.com\/index.php\/wp-json\/wp\/v2\/users\/2"}],"replies":[{"embeddable":true,"href":"https:\/\/francoiscaillat.com\/index.php\/wp-json\/wp\/v2\/comments?post=4071"}],"version-history":[{"count":133,"href":"https:\/\/francoiscaillat.com\/index.php\/wp-json\/wp\/v2\/pages\/4071\/revisions"}],"predecessor-version":[{"id":7514,"href":"https:\/\/francoiscaillat.com\/index.php\/wp-json\/wp\/v2\/pages\/4071\/revisions\/7514"}],"up":[{"embeddable":true,"href":"https:\/\/francoiscaillat.com\/index.php\/wp-json\/wp\/v2\/pages\/34"}],"wp:attachment":[{"href":"https:\/\/francoiscaillat.com\/index.php\/wp-json\/wp\/v2\/media?parent=4071"}],"curies":[{"name":"wp","href":"https:\/\/api.w.org\/{rel}","templated":true}]}}