{"id":17,"date":"2018-03-05T23:03:05","date_gmt":"2018-03-05T22:03:05","guid":{"rendered":"http:\/\/francoiscaillat.com\/?page_id=17"},"modified":"2026-03-14T13:32:21","modified_gmt":"2026-03-14T12:32:21","slug":"actualites","status":"publish","type":"page","link":"https:\/\/francoiscaillat.com\/index.php\/actualites\/","title":{"rendered":"Actualit\u00e9s"},"content":{"rendered":"<p>[et_pb_section fb_built=\u00a0\u00bb1&Prime; _builder_version=\u00a0\u00bb4.16&Prime; background_color=\u00a0\u00bb#000000&Prime; background_image=\u00a0\u00bbhttps:\/\/francoiscaillat.com\/wp-content\/uploads\/2018\/03\/paysage.jpg\u00a0\u00bb global_colors_info=\u00a0\u00bb{}\u00a0\u00bb][et_pb_row column_structure=\u00a0\u00bb2_3,1_3&Prime; module_class=\u00a0\u00bb et_pb_row_fullwidth\u00a0\u00bb _builder_version=\u00a0\u00bb4.16&Prime; width=\u00a0\u00bb89%\u00a0\u00bb width_tablet=\u00a0\u00bb80%\u00a0\u00bb width_phone=\u00a0\u00bb\u00a0\u00bb width_last_edited=\u00a0\u00bbon|desktop\u00a0\u00bb max_width=\u00a0\u00bb89%\u00a0\u00bb max_width_tablet=\u00a0\u00bb80%\u00a0\u00bb max_width_phone=\u00a0\u00bb\u00a0\u00bb max_width_last_edited=\u00a0\u00bbon|desktop\u00a0\u00bb module_alignment=\u00a0\u00bbcenter\u00a0\u00bb make_fullwidth=\u00a0\u00bbon\u00a0\u00bb global_colors_info=\u00a0\u00bb{}\u00a0\u00bb][et_pb_column type=\u00a0\u00bb2_3&Prime; _builder_version=\u00a0\u00bb4.16&Prime; custom_padding=\u00a0\u00bb|||15%\u00a0\u00bb global_colors_info=\u00a0\u00bb{}\u00a0\u00bb custom_padding__hover=\u00a0\u00bb|||\u00a0\u00bb][et_pb_text admin_label=\u00a0\u00bbTitre page\u00a0\u00bb _builder_version=\u00a0\u00bb4.16&Prime; text_font=\u00a0\u00bb|700|||||||\u00a0\u00bb text_text_color=\u00a0\u00bb#4c4c4c\u00a0\u00bb text_font_size=\u00a0\u00bb24px\u00a0\u00bb header_font=\u00a0\u00bbLato|900|||||||\u00a0\u00bb header_font_size=\u00a0\u00bb43px\u00a0\u00bb custom_margin=\u00a0\u00bb80px||60px|\u00a0\u00bb custom_padding=\u00a0\u00bb15px||10px|\u00a0\u00bb filter_sepia=\u00a0\u00bb8%\u00a0\u00bb mix_blend_mode=\u00a0\u00bboverlay\u00a0\u00bb animation_style=\u00a0\u00bbfade\u00a0\u00bb animation_duration=\u00a0\u00bb1200ms\u00a0\u00bb animation_delay=\u00a0\u00bb50ms\u00a0\u00bb text_text_shadow_style=\u00a0\u00bbpreset1&Prime; text_text_shadow_horizontal_length=\u00a0\u00bb0.03em\u00a0\u00bb saved_tabs=\u00a0\u00bball\u00a0\u00bb global_colors_info=\u00a0\u00bb{}\u00a0\u00bb]<\/p>\n<h1><\/h1>\n<h1><strong><br \/>Actualit\u00e9s<\/strong><\/h1>\n<h2><\/h2>\n<p>[\/et_pb_text][\/et_pb_column][et_pb_column type=\u00a0\u00bb1_3&Prime; _builder_version=\u00a0\u00bb4.16&Prime; custom_padding=\u00a0\u00bb|||\u00a0\u00bb global_colors_info=\u00a0\u00bb{}\u00a0\u00bb custom_padding__hover=\u00a0\u00bb|||\u00a0\u00bb][\/et_pb_column][\/et_pb_row][et_pb_row _builder_version=\u00a0\u00bb4.16&Prime; background_size=\u00a0\u00bbinitial\u00a0\u00bb background_position=\u00a0\u00bbtop_left\u00a0\u00bb background_repeat=\u00a0\u00bbrepeat\u00a0\u00bb global_colors_info=\u00a0\u00bb{}\u00a0\u00bb][et_pb_column type=\u00a0\u00bb4_4&Prime; _builder_version=\u00a0\u00bb4.16&Prime; custom_padding=\u00a0\u00bb|||\u00a0\u00bb global_colors_info=\u00a0\u00bb{}\u00a0\u00bb custom_padding__hover=\u00a0\u00bb|||\u00a0\u00bb][\/et_pb_column][\/et_pb_row][et_pb_row _builder_version=\u00a0\u00bb4.16&Prime; background_size=\u00a0\u00bbinitial\u00a0\u00bb background_position=\u00a0\u00bbtop_left\u00a0\u00bb background_repeat=\u00a0\u00bbrepeat\u00a0\u00bb global_colors_info=\u00a0\u00bb{}\u00a0\u00bb][et_pb_column type=\u00a0\u00bb4_4&Prime; _builder_version=\u00a0\u00bb4.16&Prime; custom_padding=\u00a0\u00bb|||\u00a0\u00bb global_colors_info=\u00a0\u00bb{}\u00a0\u00bb custom_padding__hover=\u00a0\u00bb|||\u00a0\u00bb][\/et_pb_column][\/et_pb_row][et_pb_row _builder_version=\u00a0\u00bb4.16&Prime; background_size=\u00a0\u00bbinitial\u00a0\u00bb background_position=\u00a0\u00bbtop_left\u00a0\u00bb background_repeat=\u00a0\u00bbrepeat\u00a0\u00bb global_colors_info=\u00a0\u00bb{}\u00a0\u00bb][et_pb_column type=\u00a0\u00bb4_4&Prime; _builder_version=\u00a0\u00bb4.16&Prime; custom_padding=\u00a0\u00bb|||\u00a0\u00bb global_colors_info=\u00a0\u00bb{}\u00a0\u00bb custom_padding__hover=\u00a0\u00bb|||\u00a0\u00bb][\/et_pb_column][\/et_pb_row][\/et_pb_section][et_pb_section fb_built=\u00a0\u00bb1&Prime; _builder_version=\u00a0\u00bb4.16&Prime; background_color=\u00a0\u00bb#ffffff\u00a0\u00bb custom_margin=\u00a0\u00bb0px|||\u00a0\u00bb custom_padding=\u00a0\u00bb0px|||\u00a0\u00bb global_colors_info=\u00a0\u00bb{}\u00a0\u00bb][et_pb_row _builder_version=\u00a0\u00bb4.16&Prime; background_color=\u00a0\u00bb#ffffff\u00a0\u00bb global_colors_info=\u00a0\u00bb{}\u00a0\u00bb][et_pb_column type=\u00a0\u00bb4_4&Prime; _builder_version=\u00a0\u00bb4.16&Prime; custom_padding=\u00a0\u00bb|||\u00a0\u00bb global_colors_info=\u00a0\u00bb{}\u00a0\u00bb custom_padding__hover=\u00a0\u00bb|||\u00a0\u00bb][et_pb_text admin_label=\u00a0\u00bbActualit\u00e9s (texte)\u00a0\u00bb _builder_version=\u00a0\u00bb4.27.4&Prime; global_colors_info=\u00a0\u00bb{}\u00a0\u00bb]<\/p>\n<p>27 f\u00e9vrier, Paris (MACVAC)<br \/>Projection du film \u201c<strong>Triptyque russe<\/strong>\u201d (2018, 80&prime;) de Fran\u00e7ois Caillat, pr\u00e9c\u00e9d\u00e9 d&rsquo;une rencontre avec le r\u00e9alisateur.<br \/><em><\/em><em>Un parcours de cin\u00e9aste (Festival Sur la route de Jean Rouch), <\/em>organis\u00e9 par <strong>Mina Rad.<br \/><\/strong><strong>PRESENTATION DU FILM<\/strong> : <a href=\"https:\/\/francoiscaillat.com\/index.php\/films-documentaires\/tryptique-russe\/\">cliquer <span style=\"text-decoration: underline;\">ICI<\/span><\/a><br \/><strong>EXTRAITS<\/strong>\u00a0:\u00a0 <a href=\"https:\/\/www.youtube.com\/watch?v=LnlscdI3KMk\"><span style=\"text-decoration: underline;\">cliquer ICI<\/span><\/a><\/p>\n<p>Jusqu&rsquo;au 3 f\u00e9vrier 2026 (Tenk)<br \/>En ligne sur la plate-forme Tenk : \u201c<strong>Trois soldats allemands<\/strong>\u201c, de Fran\u00e7ois Caillat.<br \/>&gt; <strong>BANDE-ANNONCE<\/strong> <strong>du film<\/strong> : cliquer <a href=\"https:\/\/vimeo.com\/1116147322?share=copy\"><span style=\"text-decoration: underline;\"><strong>I<\/strong><\/span><strong>CI<\/strong><\/a><\/p>\n<p>6 d\u00e9cembre 2025, Villerupt (Lorraine)<br \/>Projection en avant-premi\u00e8re, sur les lieux du tournage, du film \u201c <strong>Temps Nouveaux<\/strong>\u201c (op\u00e9ra documentaire, 80&prime;, 2025, in\u00e9dit)<strong>.<\/strong><br \/>En pr\u00e9sence de Fran\u00e7ois Caillat, des chanteurs et de l\u2019\u00e9quipe du film.<br \/><strong>&gt; SYNOPSIS et TEASER du film<\/strong> : cliquer<strong><span style=\"text-decoration: underline;\"><a href=\"https:\/\/francoiscaillat.com\/index.php\/films-documentaires\/temps-nouveaux\/\"> I<\/a><a href=\"https:\/\/francoiscaillat.com\/index.php\/films-documentaires\/temps-nouveaux\/\"><\/a><a href=\"https:\/\/francoiscaillat.com\/index.php\/films-documentaires\/temps-nouveaux\/\"><\/a><\/span><\/strong><\/p>\n<p>26 novembre 2025, Montreuil (cin\u00e9ma M\u00e9li\u00e8s)<br \/>A l\u2019occasion de la 30\u00e8me \u00e9dition des <em>Rencontres du Cin\u00e9ma documentaire<\/em> de P\u00e9riph\u00e9rie, dont le th\u00e8me 2025 est \u201cLa voix des films\u201d :<br \/>Table ronde sur \u00ab La fabrique de la voix off\u201d, anim\u00e9e par Fran\u00e7ois Caillat, avec les cin\u00e9astes <strong>Daniela de Felice <\/strong>et <strong>Louise H\u00e9mont<\/strong>, et l\u2019ing\u00e9nieur du son <strong>Mathieu Parnari\u00e9.<br \/><\/strong>Le texte d\u2019introduction aux Rencontres, \u00e9crit par Fran\u00e7ois Caillat, intitul\u00e9 \u201cLa confr\u00e9rie du off\u201d, \u00a0est publi\u00e9 dans le Catalogue.<\/p>\n<p>21 octobre 2025, Rome<br \/>Pr\u00e9sentation de l\u2019op\u00e9ra documentaire de Fran\u00e7ois Caillat <strong>\u201cTemps nouveaux\u201d<\/strong> (80&prime;, 2025, in\u00e9dit) au festival <strong>ROME FILM FEST.<\/strong><br \/>En pr\u00e9sence du r\u00e9alisateur et d\u2019une partie de l\u2019\u00e9quipe du film : la co-sc\u00e9nariste Cristina Comencini, le librettiste-po\u00e8te Valerio Magrelli, le compositeur Carlo Crivelli et les chanteurs de l\u2019op\u00e9ra.<br \/><strong>&gt; SYNOPSIS et TEASER du film<\/strong> : cliquer<strong><a href=\"https:\/\/francoiscaillat.com\/index.php\/films-documentaires\/temps-nouveaux\/\"> I<\/a><\/strong><a href=\"https:\/\/francoiscaillat.com\/index.php\/films-documentaires\/temps-nouveaux\/\">CI<\/a><\/p>\n<p style=\"text-align: justify;\">11 octobre 2025, Blois<br \/>Aux 28\u00e8mes <em>Rendez-vous de l&rsquo;Histoire <\/em>de Blois, Fran\u00e7ois Caillat pr\u00e9sente son long-m\u00e9trage <strong>\u201c<a href=\"https:\/\/francoiscaillat.com\/index.php\/films-documentaires\/trois-soldats-allemands\/\">Trois soldats allemands<\/a>\u201d <\/strong>(tourn\u00e9 en 2001 et diffus\u00e9 depuis plusieurs fois sur Arte).<br \/>Le r\u00e9alisateur enqu\u00eate sur l&rsquo;exhumation d&rsquo;un cadavre de soldat inconnu dans une propri\u00e9t\u00e9 de sa famille en Lorraine. Surgissent quelques figures tr\u00e8s romanesques, parcourant le tourbillon du si\u00e8cle.<br \/>&gt; <strong>BANDE-ANNONCE<\/strong> <strong>du film<\/strong> : cliquer <a href=\"https:\/\/vimeo.com\/1116147322?share=copy\"><span style=\"text-decoration: underline;\"><strong>I<\/strong><\/span><strong>CI<\/strong><\/a><\/p>\n<p>3 octobre 2025, Nouvelle Aquitaine<br \/>Aux <em>Journ\u00e9es du Patrimoine industriel<\/em>, Fran\u00e7ois Caillat pr\u00e9sente son long-m\u00e9trage \u201c<a href=\"https:\/\/francoiscaillat.com\/index.php\/films-documentaires\/bienvenue-a-bataville\/\"><strong>Bienvenue \u00e0 Bataville<\/strong><\/a>\u201d (sorti en salles en 2008). Ce film, con\u00e7u comme une fable documentaire, raconte l&rsquo;aventure utopique d&rsquo;un industriel autocrate et visionnaire\u00a0: Tomas Bata, l&rsquo;homme qui voulait \u00ab\u00a0chausser l&rsquo;humanit\u00e9\u00a0\u00bb.<br \/>&gt; <strong>BANDE-ANNONCE du film<\/strong> : cliquer <a href=\"https:\/\/vimeo.com\/317207239?fl=pl&amp;fe=ti\"><span style=\"text-decoration: underline;\"><strong>ICI<\/strong><\/span><\/a><\/p>\n<p>Novembre 2024 &gt;mars 2025, Luxembourg-ville<br \/>Montage, mixage, \u00e9talonnage et finitions de \u201c<strong>Temps Nouveaux\u201d<\/strong>, long-m\u00e9trage de Fran\u00e7ois Caillat m\u00ealant com\u00e9die musicale, parties documentaires et fiction.<br \/>D&rsquo;apr\u00e8s un sc\u00e9nario \u00e9crit avec Cristina Comencini.<br \/>Musique originale de Carlo Crivelli, sur un livret de Valerio Magrelli.<br \/><strong>&gt; SYNOPSIS et TEASER du film<\/strong> : cliquer<strong><a href=\"https:\/\/francoiscaillat.com\/index.php\/films-documentaires\/temps-nouveaux\/\"> ICI<\/a><\/strong><\/p>\n<p><strong><\/strong>13 octobre 2024, Blois<br \/>Aux 27\u00e8mes <em>Rendez-vous de l&rsquo;Histoire <\/em>de Blois, Fran\u00e7ois Caillat pr\u00e9sente son film <strong>\u201cBeyrouth, trois visages de la m\u00e9moire\u201d<\/strong>, tourn\u00e9 dans la capitale libanaise en 2001.<br \/>Vingt-trois ans plus tard, le sujet de ce moyen-m\u00e9trage (30&prime;) reste d&rsquo;une actualit\u00e9 tragique, tandis que la ville est bombard\u00e9e par Isra\u00ebl et le Liban de nouveau instrumentalis\u00e9 par les diff\u00e9rentes puisances de la r\u00e9gion.<br \/>La projection sera suivie d&rsquo;un d\u00e9bat avec le r\u00e9alisateur.<\/p>\n<p style=\"text-align: justify;\">1er octobre, Paris<br \/>Projection-d\u00e9bat au\u00a0 cin\u00e9ma Saint-Andr\u00e9-des-Arts du long-m\u00e9trage de Benjamin Delattre <strong>\u201cTahiti, les jours du retour\u201d<\/strong>.<br \/>Le film est pr\u00e9c\u00e9d\u00e9 de deux films courts : \u201dLa clairi\u00e8re\u201d (de Fran\u00e7ois Caillat) et \u201dLa butte\u201d (de Benjamin Delattre), extraits d&rsquo;une s\u00e9rie en cours intitul\u00e9e <strong>\u201cTombeaux\u201d<\/strong>, initi\u00e9e par Tempo films.<br \/>La s\u00e9ance est suivie d&rsquo;un d\u00e9bat avec les r\u00e9alisateurs.<\/p>\n<p style=\"text-align: justify;\">18\/28 septembre 2024, Villerupt (Lorraine)<br \/>Tournage des parties chant\u00e9es de \u201c<strong>Temps Nouveaux\u201d<\/strong>, long-m\u00e9trage de Fran\u00e7ois Caillat m\u00ealant com\u00e9die musicale, parties documentaires et fiction.<br \/>D&rsquo;apr\u00e8s un sc\u00e9nario \u00e9crit avec Cristina Comencini, livret de Valerio Magrelli, musique originale de Carlo Crivelli.<\/p>\n<p>Mi-juin 2024, Villerupt (Lorraine)<br \/>Premiers jours de tournage de \u201c<strong>Temps nouveaux\u201d<\/strong>, nouveau long-m\u00e9trage de Fran\u00e7ois Caillat.<\/p>\n<p style=\"text-align: justify;\">Avril 2024, Nyon (Suisse)<br \/>\u201c<strong>Edouard Louis, ou la transformation<\/strong>\u201d, sorti en salles en novembre 23, poursuit sa tourn\u00e9e dans plusieurs festivals europ\u00e9ens : apr\u00e8s <em>Cin\u00e9ma du R\u00e9el<\/em> (Paris), <em>CPH:DOX<\/em>\u00a0(Copenhague) et <em>Ji-hlava<\/em> (R\u00e9publique tch\u00e8que), le film est pr\u00e9sent\u00e9 les 16 et 20 avril \u00e0 Nyon \u00e0\u00a0<a href=\"https:\/\/clickcinema.ch\/fr\/film\/dossiers\/visions-du-reel-2024\/\"><em><strong>Visions du r\u00e9el. <\/strong><\/em><\/a><br \/>Soir\u00e9e en pr\u00e9sence de Fran\u00e7ois Caillat le 16 avril au Th\u00e9\u00e2tre de Grand-Champ : cliquer <a href=\"https:\/\/clickcinema.ch\/fr\/film\/edouard-louis-ou-la-transformation\/\"><strong>ICI<\/strong><\/a>.<\/p>\n<p>Mars 2024, Rome<br \/>Enregistrement en studio de l&rsquo;op\u00e9ra \u201c<strong>Sainte-Barbe\u201d<\/strong> compos\u00e9 par Carlo Crivelli, destin\u00e9 au prochain long-m\u00e9trage de Fran\u00e7ois Caillat :<strong> Temps nouveaux\u201d<\/strong> (tournage pr\u00e9vu \u00e9t\u00e9 2024).<br \/>Le livret de cet op\u00e9ra court (50 minutes) est l&rsquo;oeuvre du po\u00e8te Valerio Magrelli, d&rsquo;apr\u00e8s un argument de Cristina Comencini et Fran\u00e7ois Caillat.<\/p>\n<p style=\"text-align: justify;\">25 F\u00e9vrier 24<br \/>Sortie en <strong>DVD de \u201cEdouard Louis, ou la transformation\u201d<\/strong>, long-m\u00e9trage sorti en salles en novembre 2023 et distribu\u00e9 par Outplay films.<\/p>\n<p style=\"text-align: justify;\">D\u00e9cembre 23\/ Janvier 24<br \/>Suite de l&rsquo;exploitation de <strong>\u201cEdouard Louis, ou la transformation\u201d <\/strong>\u00e0 Paris et en r\u00e9gions.<br \/>Nombreuses soir\u00e9es avec d\u00e9bats men\u00e9s par Fran\u00e7ois Caillat (Toulouse, Amiens, Ivry, Avignon, etc).<\/p>\n<p style=\"text-align: justify;\">Mercredi 13 d\u00e9cembre 23<br \/>Troisi\u00e8me semaine d&rsquo;exploitation de \u201c<strong>Edouard Louis, ou la transformation<\/strong>\u201d.<br \/>A Paris le film est visible au MK2 Beaubourg et au Saint Andr\u00e9-des-Arts.<\/p>\n<p>Mercredi 6 d\u00e9cembre 23<br \/>Seconde semaine d&rsquo;exploitation de \u201c<strong>Edouard Louis, ou la transformation<\/strong>\u201d.<br \/>A Paris le film est visible au MK2 Beaubourg et au Saint Andr\u00e9-des-Arts.<\/p>\n<p>Novembre 2023<br \/>\u201c<strong>Edouard Louis, ou la transformation<\/strong>\u201d est le nouveau film que Fran\u00e7ois Caillat consacre \u00e0 des intellectuels et \u00e9crivains (apr\u00e8s Julia Kristeva, Michel Foucault, JMG Le Cl\u00e9zio, Peter Sloterdijk, etc.)<br \/>Le film sort en salles le 29 novembre 2023.<br \/>Plusieurs avant-premi\u00e8res sont pr\u00e9vues \u00e0 Paris et en r\u00e9gion.<br \/>Bande annonce : cliquer <span style=\"text-decoration: underline;\"><a href=\"https:\/\/www.youtube.com\/watch?v=MF0dw9B6lko&amp;t=91s\"><strong>ICI<\/strong><\/a><\/span><\/p>\n<p style=\"text-align: justify;\">Octobre 2023, Paris<br \/>Parution de la revue <em>\u201cImages documentaires\u201c <\/em>(n\u00b0110\/111). Un texte de Fran\u00e7ois Caillat est consacr\u00e9 \u00e0 la place du regard dans les conflits militaires :<strong>\u00a0 \u201cL&rsquo;oeil en guerre\u201d <\/strong>.<\/p>\n<p style=\"text-align: justify;\">Septembre 2023, Lorraine (Villerupt)<br \/>Premi\u00e8res images pr\u00e9paratoires du prochain long-m\u00e9trage de Fran\u00e7ois Caillat<strong>, TEMPS NOUVEAUX<\/strong>, m\u00ealant documentaire,\u00a0 fiction et op\u00e9ra.<br \/>Tournage pr\u00e9vu : 2024<\/p>\n<p>Juillet 2023 (annonce)<br \/>Le film de Fran\u00e7ois Caillat \u201c<strong>Edouard Louis, ou la transformation<\/strong>\u201d sortira en salles fin novembre 2023.<br \/>Bande annonce : cliquer <span style=\"text-decoration: underline;\"><a href=\"https:\/\/www.youtube.com\/watch?v=MF0dw9B6lko&amp;t=91s\"><strong>ICI<\/strong><\/a><\/span><\/p>\n<p>Juin 2023, Lorraine (Villerupt)<br \/>Rep\u00e9rages pour le prochain film de Fran\u00e7ois Caillat<strong>, TEMPS NOUVEAUX<\/strong>, long-m\u00e9trage m\u00ealant documentaire, fiction et op\u00e9ra.<br \/>Tournage pr\u00e9vu : 2024<\/p>\n<p>Mai 2023<br \/>La soci\u00e9t\u00e9 <strong>Outplay Films<\/strong> prend en charge la distribution (sortie en salles, ventes, \u00e9dition DVD) du film de Fran\u00e7ois Caillat<strong> \u201cEdouard Louis ou la transformation\u201d<\/strong>.<br \/>Des projections sont organis\u00e9es au march\u00e9 du film du festival de Cannes 2023.<br \/>(voir coordonn\u00e9es sur ce site : Entretiens et portraits de penseurs &gt; Edouard Louis &gt; contacts et liens)<\/p>\n<p>15 mars 2023, Paris<br \/>Sortie de la revue <em>\u201cImages documentaires\u201c <\/em>(n\u00b0109), avec un texte de Fran\u00e7ois Caillat :<strong>\u00a0 \u201cLa voix int\u00e9rieure\u201d <\/strong>.<\/p>\n<p>10 d\u00e9cembre 2022, Paris<br \/>Sortie de la revue <em>\u201cTraviolles\u201d<\/em> (n\u00b02), avec un dossier images-textes sur le film \u201c<strong>Esp\u00e9rance, lettres sur l&rsquo;engagement<\/strong>\u201d (88 minutes, 2017) r\u00e9alis\u00e9 par Fran\u00e7ois Caillat et<strong> Silvia Radelli.<\/strong><\/p>\n<p>5 d\u00e9cembre 2022, Paris (Centre Pompidou<strong>)<br \/><\/strong>Projection du film de Fran\u00e7ois Caillat :<strong> \u201cEdouard Louis, ou la transformation\u201d <\/strong>(75 minutes, 2022)<strong><br \/><\/strong>Soir\u00e9e publique organis\u00e9e par la revue <em>\u201cImages documentaires\u201d,\u00a0 <\/em>dirig\u00e9e par <strong>Catherine Blangonnet<\/strong>. D\u00e9bat entre Fran\u00e7ois Caillat et <a href=\"https:\/\/fr.wikipedia.org\/wiki\/J%C3%A9r%C3%B4me_Prieur\"><strong>J\u00e9r\u00f4me Prieur<\/strong><\/a> (\u00e9crivain, cin\u00e9aste).<\/p>\n<p>19\/20 novembre 2022, Lille (Cit\u00e9philo)<strong><br \/><\/strong>Deux\u00a0 journ\u00e9es consacr\u00e9es au cin\u00e9ma de Fran\u00e7ois Caillat<strong> :<br \/><\/strong>1\/ \u201cPortraits d&rsquo;\u00e9crivains et de penseurs\u201d &#8211; samedi 19, au Th\u00e9\u00e2tre du Nord :<br \/>Projection de \u201c<strong>Edouard Louis, ou la transformation<\/strong>\u201d\u00a0 (75 minutes, 2022), suivie d&rsquo;un d\u00e9bat avec la philosophe <strong>Sandra Laugier<\/strong> et Fran\u00e7ois Caillat ; projection de \u201c<strong>Foucault contre lui-m\u00eame<\/strong>\u201d (60 minutes, 2014).<br \/>2\/ \u201cLe romanesque documentaire\u201d- dimanche 20, \u00e0 l&rsquo;Auditorium du Palais des Beaux-Arts :<br \/>Projections de \u201c<strong>Trois soldats allemands<\/strong>\u201d (75 minutes, 2001) ; \u201c<strong>La quatri\u00e8me g\u00e9n\u00e9ration<\/strong>\u201d (80 minutes, 1997) ; \u201c<strong>Bienvenue \u00e0 Bataville<\/strong>\u201d (90 minutes, 2007). Conversation entre Fran\u00e7ois Caillat et <strong>Jacques Lemi\u00e8re<\/strong>, responsable pour l&rsquo;art du cin\u00e9ma \u00e0 Cit\u00e9philo.<\/p>\n<p>Octobre-d\u00e9cembre 22, Paris<br \/>Sortie de la revue <em>\u201cImages documentaires\u201c <\/em>(n\u00b0107\/108), comportant un entretien avec Fran\u00e7ois Caillat r\u00e9alis\u00e9 par <strong>Catherine Blangonnet <\/strong>: \u201c<strong>Avec Edouard Louis, le partage de la pens\u00e9e\u201d<\/strong>.<\/p>\n<p><strong><\/strong><strong><\/strong><strong><\/strong>1er novembre 2022, Paris (Forum des Images, salle 500)<br \/>Projection du film de Fran\u00e7ois Caillat : \u201c<strong>Edouard Louis, ou la transformation\u201d<\/strong>\u00a0 (75 minutes, 2022)<strong><br \/><\/strong>Soir\u00e9e publique organis\u00e9e par Documentaire sur Grand Ecran. P<strong><\/strong>rojection\u00a0 suivie d&rsquo;une <strong>rencontre avec Edouard Louis.<\/strong><strong><\/strong><em><\/em><\/p>\n<p>20 mai 2022, Paris (scam)<br \/>Projection en avant-premi\u00e8re du film de Fran\u00e7ois Caillat : \u201c<strong>Edouard Louis, ou la transformation\u201d<\/strong>\u00a0 (75 minutes, 2022) \u00e0 la SCAM.<\/p>\n<p>5 au 8 mai 2022, Vancouver (Canada)<br \/>R\u00e9trospective de quatre films de Fran\u00e7ois Caillat au <strong>Festival DOXA, <\/strong>organis\u00e9e par\u00a0 <a href=\"https:\/\/www.scam.fr\/person\/thierry-garrel\/\"><strong>Thierry Garrel<\/strong><\/a> : \u201c<strong>La quatri\u00e8me g\u00e9n\u00e9ration<\/strong>\u201d, \u201c<strong>Triptyque russe<\/strong>\u201d, \u201c<strong>Trois soldats allemands<\/strong>\u201d, \u201c<strong>Une jeunesse amoureuse<\/strong>\u201d. En pr\u00e9sence de l&rsquo;auteur.<br \/>Masterclass crois\u00e9 avec la cin\u00e9aste <a href=\"https:\/\/fr.wikipedia.org\/wiki\/Mariana_Otero\"><strong>Mariana Otero<\/strong><\/a>, qui projette \u00e9galement plusieurs de ses films.<\/p>\n<p>16 mars 2022, Paris (Centre Pompidou)<br \/>Pr\u00e9sentation en avant-premi\u00e8re du film de Fran\u00e7ois Caillat, <strong>\u201c<a href=\"https:\/\/www.youtube.com\/watch?v=z6T36oVjsMU\">Edouard Louis, ou la transformation\u201d<\/a><\/strong> au festival Cin\u00e9ma du R\u00e9el.<br \/>Rencontre, pr\u00e9par\u00e9e par <strong><a href=\"https:\/\/aoc.media\/auteur\/leroy-alice\/\">Alice Leroy<\/a><\/strong><a href=\"https:\/\/aoc.media\/auteur\/leroy-alice\/\">, <\/a>avec <strong><a href=\"https:\/\/fr.wikipedia.org\/wiki\/\u00c9douard_Louis\">Edouard Louis<\/a><\/strong> et la philosophe <a href=\"https:\/\/fr.wikipedia.org\/wiki\/Sandra_Laugier\"><strong>Sandra Laugier<\/strong><\/a><strong><\/strong><\/p>\n<p>20 janvier 2022, Paris<br \/>Pr\u00e9sentation du roman de Fran\u00e7ois Caillat <a href=\"https:\/\/www.decitre.fr\/livres\/la-vraie-vie-de-cecile-g-9782072953583.html\"><strong>\u00ab\u00a0La vraie vie de C\u00e9cile G.\u00a0\u00bb<\/strong><\/a> (\u00e9d. Gallimard) \u00e0 la librairie \u201cEquipages\u00a0\u00bb (Paris 20\u00e8me). Rencontre et signatures.<\/p>\n<p>13\/18 d\u00e9cembre 2021, Le Fresnoy<br \/>Mixage du nouveau film de Fran\u00e7ois Caillat sur (et avec) Edouard Louis au Fresnoy, studio des arts contemporains.<\/p>\n<p>13 novembre 2021, Villerupt<br \/>Signature \u00e0 l&rsquo;H\u00f4tel-de-Ville du roman de Fran\u00e7ois Caillat <a href=\"https:\/\/www.decitre.fr\/livres\/la-vraie-vie-de-cecile-g-9782072953583.html\"><strong>\u00ab\u00a0La vraie vie de C\u00e9cile G.\u00a0\u00bb<\/strong><\/a> (\u00e9d. Gallimard).<br \/><em>Cette signature se situe dans le cadre du \u201cFestival du film italien\u201d, grande manifestation annuelle (40.000 spectateurs) \u00e9tablie depuis plusieurs d\u00e9cennies dans cette ville de Lorraine, peupl\u00e9e en majorit\u00e9 de descendants d&rsquo;Italiens (autrefois mineurs de fer et sid\u00e9rurgistes).<br \/>Fran\u00e7ois Caillat est n\u00e9 et a grandi ici.<br \/><\/em><em>L&rsquo;\u00e9crivaine et cin\u00e9aste<a href=\"https:\/\/fr.wikipedia.org\/wiki\/Cristina_Comencini\"><strong> Cristina Comencini<\/strong> <\/a>(compagne de Fran\u00e7ois Caillat) pr\u00e9sente ce m\u00eame jour, samedi 13 novembre, son dernier long-m\u00e9trage \u201c<strong>Tornare\u201d <\/strong>et re\u00e7oit un prix pour son oeuvre, compos\u00e9e d&rsquo;une dizaine de films.<\/em><\/p>\n<p>9 novembre 2021, Paris<br \/>Signature \u00e0 la librairie Maruani (Paris 13\u00e8me) du roman de Fran\u00e7ois Caillat <a href=\"https:\/\/www.decitre.fr\/livres\/la-vraie-vie-de-cecile-g-9782072953583.html\"><strong>\u00ab\u00a0La vraie vie de C\u00e9cile G.\u00a0\u00bb<\/strong><\/a> (\u00e9ditions Gallimard).<\/p>\n<p>18 septembre 2021, Salina (Sicile)<br \/>Projection du film de Fran\u00e7ois Caillat<strong> \u201cTriptyque russe\u201d<\/strong> (en sa pr\u00e9sence) au <a href=\"https:\/\/palermo.repubblica.it\/societa\/2021\/06\/07\/news\/una_giuria_francese_per_il_festival_di_salina-304649399\/\">festival international de Salina<\/a>.<\/p>\n<p>2 septembre 2021, Paris (\u00e9dition)<br \/><strong><a href=\"https:\/\/www.decitre.fr\/livres\/la-vraie-vie-de-cecile-g-9782072953583.html\">\u00ab\u00a0La <\/a><a href=\"https:\/\/www.decitre.fr\/livres\/la-vraie-vie-de-cecile-g-9782072953583.html\">vra<\/a><a href=\"https:\/\/www.decitre.fr\/livres\/la-vraie-vie-de-cecile-g-9782072953583.html\">ie vie de C\u00e9cile G<\/a><a href=\"https:\/\/www.decitre.fr\/livres\/la-vraie-vie-de-cecile-g-9782072953583.html\">.\u00a0\u00bb<\/a><\/strong><a href=\"https:\/\/www.decitre.fr\/livres\/la-vraie-vie-de-cecile-g-9782072953583.html\"><strong>,<\/strong><\/a> premier roman de Fran\u00e7ois Caillat, sort aux \u00e9ditions Gallimard.<\/p>\n<p>2-5 mai 2021, Paris<br \/>Fin de tournage du nouveau film de Fran\u00e7ois Caillat sur (et avec) <strong>Edouard Louis<\/strong>.<\/p>\n<p>13-14 janvier 2021, Marseille &#8211; (report\u00e9 : covid)<br \/>Projection et d\u00e9bat public avec Fran\u00e7ois Caillat, autour de son film \u00ab\u00a0<strong>L&rsquo;Homme qui \u00e9coute\u00a0\u00bb<\/strong>.<br \/>Rencontre\u00a0 initi\u00e9e par <a href=\"https:\/\/www.prism.cnrs.fr\">PRISM<\/a>, laboratoire interdisciplinaire (CNRS), sur le th\u00e8me sciences\/cr\u00e9ation artistique.<\/p>\n<p>novembre 2020, Paris (dvd)<br \/>Re-\u00e9dition dvd de <strong>\u00ab\u00a0JMG Le Cl\u00e9zio, entre les mondes\u00a0\u00bb,<\/strong> film de Fran\u00e7ois Caillat. Disponible chez <a href=\"https:\/\/store.potemkine.fr\/dvd\/3333297675772-collection-empreintes-jean-marie-gustave-le-clezio-entre-les-mondes\/\">Potemkine<\/a>.<\/p>\n<p>13 novembre 2020, Marseille<br \/><strong>Projection de \u00ab\u00a0La voix des morts\u00a0\u00bb <\/strong>\u00e0 la <a href=\"https:\/\/fr.wikipedia.org\/wiki\/Friche_Belle_de_Mai\">Friche de La Belle de Mai<\/a>, dans le cadre de la 33\u00e8me \u00e9dition des <a href=\"https:\/\/www.instantsvideo.com\/blog\/archives\/category\/accueil\">Instants Vid\u00e9o<\/a>. Ce film exp\u00e9rimental de 26 minutes constitue le troisi\u00e8me volet du long-m\u00e9trage de Fran\u00e7ois Caillat <strong>\u201cTriptyque russe\u201c<\/strong> (2018).<\/p>\n<p>4 novembre 2020, Paris (H\u00f4tel-de-Ville) &#8211; (report\u00e9 : covid)<br \/>Soir\u00e9e d&rsquo;hommage \u00e0 <strong>Yurii Dmitriev<\/strong>, organis\u00e9e par l&rsquo;association Memorial-France et son pr\u00e9sident, l&rsquo;historien Nicolas Werth.<br \/>Yurii Dmitriev a \u00e9t\u00e9 condamn\u00e9 en septembre 2020 \u00e0 treize ans de camp p\u00e9nitentiaire pour son travail m\u00e9moriel sur les victimes de la r\u00e9presssion stalinienne en Car\u00e9lie durant les ann\u00e9es 1930. Il est h\u00e9ros du r\u00e9cent film de Fran\u00e7ois Caillat, <strong>\u201cTriptyque russe\u201d,<\/strong> dont des extraits seront projet\u00e9s lors de cette soir\u00e9e.<br \/><em>Voir le feuilleton juridico-polique de cette affaire, aux rubriques de ce site : Films et essais documentaires &gt; Triptyque russe &gt; Actualit\u00e9 du film.<\/em><\/p>\n<p>1er-3 octobre 2020, Cerb\u00e8re (Pyr\u00e9nn\u00e9es Orientales)<br \/><strong>Projection de \u00ab\u00a0Triptyque russe\u00a0\u00bb <\/strong>(2018), en pr\u00e9sence de de Fran\u00e7ois Caillat, aux Rencontres cin\u00e9matographiques de Cerb\u00e8re-Porbou.<\/p>\n<p>29 septembre 2020, Paris (Varan) &#8211; (report\u00e9 : covid)<br \/>Projection-d\u00e9bat de \u00ab\u00a0<strong>Triptyque russe\u00a0\u00bb<\/strong> (2018), en\u00a0 pr\u00e9sence de Fran\u00e7ois Caillat, aux Ateliers Varan.<\/p>\n<p>4 septembre 2020, Paris.<br \/><strong>Tournage de \u00ab\u00a0Qui a tu\u00e9 mon p\u00e8re\u00a0\u00bb, pi\u00e8ce adapt\u00e9e du texte d&rsquo;<a href=\"https:\/\/fr.wikipedia.org\/wiki\/\u00c9douard_Louis\">Edouard Louis<\/a>.<br \/><\/strong>Spectacle cr\u00e9\u00e9 au Th\u00e9\u00e2tre des Abbesses par le sc\u00e9nographe allemand <strong><a href=\"https:\/\/fr.wikipedia.org\/wiki\/Thomas_Ostermeier\">Thomas Ostermeier<\/a>,<\/strong> avec Edouard Louis dans son propre r\u00f4le.<\/p>\n<p>1er-2 septembre 2020, Amiens<br \/><strong>Tournage d&rsquo;entretiens avec l&rsquo;\u00e9crivain <a href=\"https:\/\/fr.wikipedia.org\/wiki\/\u00c9douard_Louis\">Edouard Louis<\/a>.<br \/><\/strong>Entretiens destin\u00e9s \u00e0 un film documentaire de Fran\u00e7ois Caillat sur Edouard Louis.<\/p>\n<p>22 juillet 2020, Petrozavodsk (Russie)<br \/><strong>Yurii Dmitriev condamn\u00e9 au camp p\u00e9nitentiaire \u00e0 l&rsquo;issue de son proc\u00e8s.<\/strong><br \/>Yurii Dmitriev est le personnage principal du film de Fran\u00e7ois Caillat, <strong>\u00ab\u00a0Triptyque russe\u00a0\u00bb<\/strong>, tourn\u00e9 en Car\u00e9lie russe sur des lieux de repression stalinienne dans les ann\u00e9es 30.<br \/><em>Voir le feuilleton juridico-polique de cette affaire, aux rubriques de ce site : Films et essais documentaires &gt; Triptyque russe &gt; Actualit\u00e9 du film.<\/em><\/p>\n<p><em><\/em>22 au 29 juin 2020, en ligne<strong><\/strong><br \/>Diffusion\u00a0 des films de Fran\u00e7ois Caillat, \u00ab\u00a0<strong>Trois Soldats allemands\u00a0\u00bb<\/strong> (2001) et <strong>\u00ab\u00a0L&rsquo;affaire Val\u00e9rie\u201d<\/strong> (2004), sur le site de Documentaire sur Grand Ecran.<\/p>\n<p><strong><\/strong>7 au 10 mai 2020, Vancouver (Canada) &#8211; <strong>report\u00e9<\/strong> (covid)<br \/><strong>R\u00e9trospective de cinq films de Fran\u00e7ois Caillat<\/strong> (en sa pr\u00e9sence), organis\u00e9e par Thierry Garrel au festival DOXA, avec la projection de \u00ab\u00a0La quatri\u00e8me g\u00e9n\u00e9ration\u00a0\u00bb, \u00ab\u00a0Trois soldats allemands\u00a0\u00bb, \u00ab\u00a0L&rsquo;Affaire Val\u00e9rie\u00a0\u00bb, \u00ab\u00a0Une jeunesse amoureuse\u00a0\u00bb, \u00ab\u00a0Triptyque russe\u00a0\u00bb.<br \/>La manifestation, consacr\u00e9e cette ann\u00e9e au cin\u00e9ma documentaire fran\u00e7ais, comporte aussi une r\u00e9trospective de cinq films de la cin\u00e9aste <a href=\"https:\/\/fr.wikipedia.org\/wiki\/Mariana_Otero\">Mariana Otero<\/a>.<\/p>\n<p>21 avril 2020, Paris &#8211; <strong>report\u00e9 <\/strong>(covid)<br \/>Projection-d\u00e9bat de <strong>\u201cTriptyque russe\u201d<\/strong> en pr\u00e9sence de Fran\u00e7ois Caillat, aux Ateliers Varan.<\/p>\n<p>8 avril 2020, Paris &#8211;<strong> report\u00e9 <\/strong>(covid)<br \/>Projection-d\u00e9bat de <strong>\u201cTriptyque russe\u201d<\/strong> en pr\u00e9sence de Fran\u00e7ois Caillat, dans les cadre des soir\u00e9es \u00ab\u00a0L&rsquo;autre \u00e9cran\u00a0\u00bb, Paris 2\u00e8me.<\/p>\n<p>19\/20 mars 2020 (Berlin) &#8211; <strong>report\u00e9 <\/strong>(covid)<br \/><strong>Tournage de \u201cQui a tu\u00e9 mon p\u00e8re\u201d,<\/strong> d&rsquo;apr\u00e8s le texte d&rsquo;Edouard Louis, spectacle cr\u00e9\u00e9 et mis en sc\u00e8ne par Thomas Ostermeir \u00e0 la Schaub\u00fchne de Berlin. Avec Edouard Louis dans son propre r\u00f4le.<\/p>\n<p>15 mars 2020, Arte<br \/>Rediffusion\u00a0sur la cha\u00eene Arte de <strong>\u201cFoucault contre lui-m\u00eame\u201d<\/strong>, documentaire de Fran\u00e7ois Caillat (52&prime;, 2014).<\/p>\n<p>7 f\u00e9vrier 2020, Paris<br \/><strong>Projection de \u201cTriptyque russe\u201d<\/strong> en pr\u00e9sence de Fran\u00e7ois Caillat<strong>, <\/strong>\u00e0 la scam<strong>. <\/strong>Cette soir\u00e9e est d\u00e9di\u00e9e \u00e0 <a href=\"https:\/\/en.wikipedia.org\/wiki\/Yury_A._Dmitriev\"><strong>Yurii Dmitriev<\/strong><\/a>, personnnage principal du film, emprisonn\u00e9 en Car\u00e9lie.<\/p>\n<p>5 f\u00e9vrier 2020, Paris (Inalco)<br \/><strong>Projection-d\u00e9bat autour du film\u00a0 \u201cTriptyque russe\u201d<\/strong>, organis\u00e9e dans le cadre du cycle \u201cL&rsquo;Inalco fait son cin\u00e9ma\u201d.<br \/>En pr\u00e9sence des historiens <a href=\"https:\/\/fr.wikipedia.org%20\u203a wiki \u203a Nicolas_Werth\"><strong>Nicolas Werth<\/strong><\/a> et <strong><a href=\"https:\/\/www.cercec.fr%20\u203a membre \u203a marc-elie\">Marc Elie<\/a>.<\/strong><\/p>\n<p><strong> <\/strong><\/p>\n<p><strong><\/strong>30 janvier 2020, Paris<br \/><strong>Tournage des r\u00e9p\u00e9titions de \u201cHistoire de la violence\u201d, adaptation du texte d&rsquo;<a href=\"https:\/\/fr.wikipedia.org\/wiki\/\u00c9douard_Louis\">Edouard Louis<\/a> par le metteur en sc\u00e8ne <a href=\"https:\/\/fr.wikipedia.org\/wiki\/Thomas_Ostermeier\">Thomas Ostermeier<\/a> et la Schaub\u00fchne de Berlin.<br \/><\/strong>Th\u00e9\u00e2tre des Abbesses. Spectacle en allemand.<\/p>\n<p>24 janvier 2020, Paris<br \/><strong>Tournage de la pi\u00e8ce \u201cHistoire de la violence\u201d, adapt\u00e9e du texte d&rsquo;<a href=\"https:\/\/fr.wikipedia.org\/wiki\/\u00c9douard_Louis\">Edouard Loui<\/a><\/strong><a href=\"https:\/\/fr.wikipedia.org\/wiki\/\u00c9douard_Louis\"><strong>s<\/strong><\/a><strong>, par la compagnie Anima Motrix &#8211; Laurent Hatat et Emma Gustafsson.<br \/><\/strong>Th\u00e9\u00e2tre de La Ferme du Buisson.<\/p>\n<p>2-8 d\u00e9cembre 2019, Clermont-Ferrand<br \/><strong>Pr\u00e9sentation en comp\u00e9tition, au festival <a href=\"https:\/\/tracesdevies.org\">Traces de vie<\/a>, du film \u201cTriptyque russe\u201d de Fran\u00e7ois Caillat.<\/strong><\/p>\n<p><strong> <\/strong><\/p>\n<p><strong><\/strong>30 novembre 2019, Paris (Montreuil)<br \/><strong>Avant-premi\u00e8re de \u00ab\u00a0Triptyque russe\u00a0\u00bb, film de Fran\u00e7ois Caillat, aux 24\u00e8mes Rencontres du cin\u00e9ma documentaire<\/strong> (cin\u00e9ma M\u00e9li\u00e8s).<\/p>\n<p>27 novembre 2019, Paris (Montreuil)<br \/><strong>D\u00e9bat public r\u00e9unissant Fran\u00e7ois Caillat et les cin\u00e9astes Isabelle R\u00e8bre et Mich\u00e8le Porte, sur le th\u00e8me \u00ab\u00a0Le portrait\u201d.<br \/><\/strong>Le d\u00e9bat se tient dans le cadre des 24\u00e8mes Rencontres du cin\u00e9ma documentaire, dirig\u00e9es par Corinne Bopp, au cin\u00e9ma Le M\u00e9li\u00e8s de Montreuil.<\/p>\n<p>21 au 25 novembre 2019, Pessac<br \/>Au Festival International du Film d&rsquo;Histoire (FIFH), Fran\u00e7ois Caillat pr\u00e9side le Jury Jeune qui attribue le Prix Georges Landier \u00e0 un film de la comp\u00e9tition (prix qui lui a \u00e9t\u00e9 attribu\u00e9 en 2018 pour son film \u201cTriptyque russe\u201d).<\/p>\n<p>26 et 27 juillet 2019, Amiens<br \/><strong>Entretiens\u00a0 film\u00e9s avec l&rsquo;\u00e9crivain <a href=\"https:\/\/fr.wikipedia.org\/wiki\/\u00c9douard_Louis\">Edouard Louis<\/a>.<br \/><\/strong>Pr\u00e9lude \u00e0 un documentaire de Fran\u00e7ois Caillat.<\/p>\n<p>22 au 25 juillet 2019, Rasnov (Roumanie)<br \/><strong>Pr\u00e9sentation, en pr\u00e9sence de Fran\u00e7ois Caillat, de son dernier film \u00ab\u00a0Triptyque russe\u00a0\u00bb, en comp\u00e9tition internationale au \u201cHistories and Film Festival in Rasnov\u201d (FFIR).<\/strong><\/p>\n<p><strong> <\/strong><\/p>\n<p><strong><\/strong>juin 2019, Italie<br \/>Ecriture avec <a href=\"https:\/\/it.wikipedia.org\/wiki\/Cristina_Comencini\">Cristina Comencini,<\/a> co-sc\u00e9nariste du projet, de l&rsquo;argument d&rsquo;un livret d&rsquo;op\u00e9ra qui sera confi\u00e9 au po\u00e8te italien <a href=\"https:\/\/fr.wikipedia.org\/wiki\/Valerio_Magrelli\">Valerio Magrelli<\/a> et compos\u00e9 par Carlo Crivelli.<\/p>\n<p>Mai 2019, TV Globo<br \/><strong>Diffusion du film de Fran\u00e7ois Caillat \u201cFoucault contre lui-m\u00eame\u00a0\u00bb sur la cha\u00eene br\u00e9silienne TV Globo.<\/strong><br \/>(le film en br\u00e9silien est visible sur ce site, \u00e0 la rubrique : Entretiens et portraits de penseurs &gt; Foucault contre lui-m\u00eame &gt; portugais).<\/p>\n<p>7 et 10 mars 2019, Paris<br \/><strong>Tournage des r\u00e9p\u00e9titions de \u00ab\u00a0Qui a tu\u00e9 mon p\u00e8re\u00a0\u00bb, spectacle de <a href=\"https:\/\/fr.wikipedia.org\/wiki\/Stanislas_Nordey\">Stanislas Nordey<\/a> d&rsquo;apr\u00e8s le r\u00e9cit de <a href=\"https:\/\/fr.wikipedia.org\/wiki\/%C3%89douard_Louis\">Edouard Louis<\/a>.<\/strong><strong><br \/><\/strong>Th\u00e9\u00e2tre de la Colline. Avec Stanislas Nordey dans r\u00f4le de Edouard Louis.<strong><\/strong><\/p>\n<p><strong> <\/strong><\/p>\n<p><strong><\/strong>8 et 9 mars 2019, Nancy<br \/><strong>Workshop anim\u00e9 par Fran\u00e7ois Caillat autour de ses fllms \u00ab\u00a0Bienvenue \u00e0 Bataville\u00a0\u00bb et \u00ab\u00a0Foucault contre lui-m\u00eame\u00a0\u00bb.<\/strong><\/p>\n<p><strong> <\/strong><\/p>\n<p><strong><\/strong>22 janvier 2019, Paris (scam)<br \/><strong>Pr\u00e9sentation en avant-premi\u00e8re de \u00ab\u00a0La voix des morts\u00a0\u00bb<\/strong>, <strong>moyen m\u00e9trage de Fran\u00e7ois Caillat<\/strong> (in\u00e9dit).<br \/>La soir\u00e9e r\u00e9unit ce film et celui de <strong>Jean-Christian Riff, \u00ab\u00a0Le paysage r\u00eav\u00e9\u00a0\u00bb<\/strong>, dans une programmation intitul\u00e9e \u00ab\u00a0PAYSAGE et MEMOIRE\u00a0\u00bb. Elle inaugure un cycle de programmations \u00e0 venir, consacr\u00e9es aux paysages porteurs de m\u00e9moires.<\/p>\n<p>23 novembre 2018, Pessac (France)<br \/><strong>Pr\u00e9sentation de \u00ab\u00a0Triptyque russe\u00a0\u00bb, nouveau film de Fran\u00e7ois Caillat, au Festival international du film d&rsquo;Histoire de Pessac (en comp\u00e9tition officielle).<br \/>R\u00e9compens\u00e9 du Prix Bernard Landier (Jury Jeune).<\/strong><\/p>\n<p><strong> <\/strong><\/p>\n<p><strong><\/strong>16 juin 2018, Cagliari (Sardaigne)<br \/><strong>Projection, en pr\u00e9sence de Fran\u00e7ois Caillat, de son film \u00ab\u00a0Foucault contre lui-m\u00eame\u00a0\u00bb.<\/strong><\/p>\n<p><strong> <\/strong><\/p>\n<p><strong><\/strong>10 avril 2018, Quimper :<br \/><strong>Projection suivie d\u2019un d\u00e9bat, en pr\u00e9sence de Fran\u00e7ois Caillat, de son film \u00ab\u00a0<\/strong><strong>L\u2019Affaire Val\u00e9rie\u00a0\u00bb.<\/strong><\/p>\n<p><strong> <\/strong><\/p>\n<p><strong><\/strong>4 avril 2018, Arte<br \/><strong>Rediffusion du film de Fran\u00e7ois Caillat et Silvia Radelli \u00ab\u00a0M\u00e9decins de brousse &#8211; la m\u00e9decine fran\u00e7aise aux temps des colonies\u00a0\u00bb<\/strong> sur la cha\u00efne Arte (case Grand Format).<\/p>\n<p>13 f\u00e9vrier 2018, Paris (Forum des images) :<br \/><strong>Projection du film \u00ab\u00a0Une Jeunesse amoureuse\u00a0\u00bb de Fran\u00e7ois Caillat.<\/strong><\/p>\n<p><strong> <\/strong><\/p>\n<p><strong><\/strong>12 d\u00e9cembre 2017, T\u00e9h\u00e9ran :<br \/><strong>Workshop anim\u00e9 par Fran\u00e7ois Caillat sur le th\u00e8me \u00ab\u00a0Filmer la pens\u00e9e\u00a0\u00bb, avec la projection de ses films \u00ab\u00a0Julia Kristeva, \u00e9trange \u00e9trang\u00e8re\u00a0\u00bb et \u00ab\u00a0Foucault contre lui-m\u00eame\u00a0\u00bb.<\/strong><br \/>Ce workshop a lieu dans le cadre du \u00ab\u00a0Iran International Documentary Film Festival (Cinema Verit\u00e9)\u00a0\u00bb, T\u00e9h\u00e9ran, du 10 au 20 d\u00e9cembre 2017.<\/p>\n<p>24 novembre 2017, Nancy :<strong><br \/><\/strong><strong>Projection suivie d\u2019un d\u00e9bat, en pr\u00e9sence de Fran\u00e7ois Caillat, de son film \u00ab\u00a0Bienvenue \u00e0 Bataville\u00a0\u00bb.<\/strong><\/p>\n<p><strong> <\/strong><\/p>\n<p><strong><\/strong>21 novembre 2017, Paris :<strong><br \/><\/strong><strong>D\u00e9bat public autour du cin\u00e9ma documentaire, organis\u00e9 par Addoc, anim\u00e9 par Fran\u00e7ois Caillat et Thierry Garrel.<br \/><\/strong>Invit\u00e9s :\u00a0St\u00e9phanie Gillard, Jacques Loeuille,\u00a0Ioanis Nuguet, Sabrina Tenfiche, Maxence Voiseux.<\/p>\n<p>7 novembre 2017, Belfort :<br \/><strong>Projection suivie d\u2019un d\u00e9bat, en pr\u00e9sence de Fran\u00e7ois Caillat, de son film \u00ab\u00a0Une Jeunessse amoureuse\u00a0\u00bb.<\/strong><strong><\/strong><\/p>\n<p><strong> <\/strong><\/p>\n<p><strong><\/strong>25 au 27 octobre 2017, Villerupt :<br \/>Au Festival du cin\u00e9ma italien, le\u00a0jury du prix Amilcar, pr\u00e9sid\u00e9 par <a href=\"https:\/\/fr.wikipedia.org\/wiki\/Cristina_Comencini\">Cristina Comencini<\/a>, est compos\u00e9 de Fran\u00e7ois Caillat, Antoine Lassaigne et Jean Portante.<\/p>\n<p>6 octobre 2017, Berlin :<br \/><strong> D\u00e9bat public avec Fran\u00e7ois Caillat, autour de la sortie en langue allemande de son livre \u00ab\u00a0Foucault contre lui-m\u00eame\u00a0\u00bb (ouvrage \u00e9ponyme de son film) aux \u00e9ditions Passagen Verlagen.<br \/><\/strong><strong>Le d\u00e9bat, anim\u00e9 par Peter Engelmann, est suivi d\u2019une projection publique, le 8 novembre 2017, du film \u00ab\u00a0Foucault contre lui-m\u00eame\u00a0\u00bb.<\/strong><\/p>\n<p><strong> <\/strong><\/p>\n<p><strong><\/strong>3 au 19 septembre 2017, Phnom Penh et Cambodge :<br \/><strong>Tournage par Fran\u00e7ois Caillat d\u2019un film court (titre provisoire : \u00ab\u00a0L\u2019Organisation\u00a0\u00bb) pour la s\u00e9rie \u00ab\u00a0Tombeaux\u00a0\u00bb, produite par Tempo Films.<\/strong><br \/><em>Le premier film de cette s\u00e9rie, \u00ab\u00a0La clairi\u00e8re de Sandarmokh\u00a0\u00bb,\u00a0tourn\u00e9 en Russie et co-r\u00e9alis\u00e9 par Fran\u00e7ois Caillat et Paola Termine, est encore in\u00e9dit.<\/em><\/p>\n<p><em> <\/em><\/p>\n<p><em><\/em>18 au 25 ao\u00fbt 2017, T\u00e9h\u00e9ran :<br \/><strong>Workshop anim\u00e9 par Fran\u00e7ois Caillat autour de son travail (\u00ab\u00a0Le cin\u00e9ma documentaire romanesque\u00a0\u00bb), avec la projection de cinq films :\u00a0 \u00ab\u00a0L\u2019Affaire Val\u00e9rie\u00a0\u00bb, \u00ab\u00a0Une Jeunesse amoureuse\u00a0\u00bb, \u00ab\u00a0La quatri\u00e8me g\u00e9n\u00e9ration\u00a0\u00bb, \u00ab\u00a0Trois soldats allemands\u00a0\u00bb, \u00ab\u00a0Esp\u00e9rance, lettres sur l\u2019engagement\u00a0\u00bb.<br \/><\/strong>Ce workshop est organis\u00e9 par \u201cManzoumeh Kherad, Cultural and Art Institute\u201d.<\/p>\n<p>13 mai 2017, Bucarest :<strong><br \/>Projection suivie d\u2019un d\u00e9bat, en pr\u00e9sence de Fran\u00e7ois Caillat, de son film \u00ab\u00a0Aragon, Malraux, Drieu la Rochelle \u2013 d\u2019une guerre \u00e0 l\u2019autre\u00a0\u00bb.<\/strong><\/p>\n<p><strong> <\/strong><\/p>\n<p><strong><\/strong>17 f\u00e9vrier 2017, Paris :<strong><br \/>Pr\u00e9sentation publique \u00e0 la Scam du film \u00ab\u00a0Lettres sur l\u2019engagement\u00a0\u00bb (version longue), co-r\u00e9alis\u00e9 par Fran\u00e7ois Caillat et Silvia Radelli.<\/strong><\/p>\n<p>[\/et_pb_text][\/et_pb_column][\/et_pb_row][\/et_pb_section]<\/p>\n","protected":false},"excerpt":{"rendered":"<p>Actualit\u00e9s 27 f\u00e9vrier, Paris (MACVAC)Projection du film \u201cTriptyque russe\u201d (2018, 80&prime;) de Fran\u00e7ois Caillat, pr\u00e9c\u00e9d\u00e9 d&rsquo;une rencontre avec le r\u00e9alisateur.Un parcours de cin\u00e9aste (Festival Sur la route de Jean Rouch), organis\u00e9 par Mina Rad.PRESENTATION DU FILM : cliquer ICIEXTRAITS\u00a0:\u00a0 cliquer ICI Jusqu&rsquo;au 3 f\u00e9vrier 2026 (Tenk)En ligne sur la plate-forme Tenk : \u201cTrois soldats allemands\u201c, [&hellip;]<\/p>\n","protected":false},"author":1,"featured_media":0,"parent":0,"menu_order":0,"comment_status":"closed","ping_status":"closed","template":"","meta":{"_et_pb_use_builder":"on","_et_pb_old_content":"","_et_gb_content_width":"","footnotes":""},"class_list":["post-17","page","type-page","status-publish","hentry"],"_links":{"self":[{"href":"https:\/\/francoiscaillat.com\/index.php\/wp-json\/wp\/v2\/pages\/17","targetHints":{"allow":["GET"]}}],"collection":[{"href":"https:\/\/francoiscaillat.com\/index.php\/wp-json\/wp\/v2\/pages"}],"about":[{"href":"https:\/\/francoiscaillat.com\/index.php\/wp-json\/wp\/v2\/types\/page"}],"author":[{"embeddable":true,"href":"https:\/\/francoiscaillat.com\/index.php\/wp-json\/wp\/v2\/users\/1"}],"replies":[{"embeddable":true,"href":"https:\/\/francoiscaillat.com\/index.php\/wp-json\/wp\/v2\/comments?post=17"}],"version-history":[{"count":121,"href":"https:\/\/francoiscaillat.com\/index.php\/wp-json\/wp\/v2\/pages\/17\/revisions"}],"predecessor-version":[{"id":7666,"href":"https:\/\/francoiscaillat.com\/index.php\/wp-json\/wp\/v2\/pages\/17\/revisions\/7666"}],"wp:attachment":[{"href":"https:\/\/francoiscaillat.com\/index.php\/wp-json\/wp\/v2\/media?parent=17"}],"curies":[{"name":"wp","href":"https:\/\/api.w.org\/{rel}","templated":true}]}}